{"id":5467,"date":"2023-05-24T17:44:53","date_gmt":"2023-05-24T15:44:53","guid":{"rendered":"https:\/\/www.personasyciudad.es\/avis-legal\/"},"modified":"2025-05-07T11:57:46","modified_gmt":"2025-05-07T09:57:46","slug":"avis-legal","status":"publish","type":"page","link":"https:\/\/www.personasyciudad.es\/ca-es\/avis-legal\/","title":{"rendered":"Av\u00eds legal"},"content":{"rendered":"\t\t<div data-elementor-type=\"wp-page\" data-elementor-id=\"5467\" class=\"elementor elementor-5467 elementor-3358\" data-elementor-post-type=\"page\">\n\t\t\t\t\t\t<section class=\"elementor-section elementor-top-section elementor-element elementor-element-344f460 elementor-section-full_width elementor-section-stretched elementor-section-height-default elementor-section-height-default\" data-id=\"344f460\" data-element_type=\"section\" data-settings=\"{&quot;stretch_section&quot;:&quot;section-stretched&quot;}\">\n\t\t\t\t\t\t<div class=\"elementor-container elementor-column-gap-no\">\n\t\t\t\t\t<div class=\"elementor-column elementor-col-100 elementor-top-column elementor-element elementor-element-2b96944\" data-id=\"2b96944\" data-element_type=\"column\">\n\t\t\t<div class=\"elementor-widget-wrap elementor-element-populated\">\n\t\t\t\t\t\t<div class=\"elementor-element elementor-element-38d2b5f diapo_ancho_100 elementor--h-position-center elementor--v-position-middle elementor-arrows-position-inside elementor-pagination-position-inside elementor-widget elementor-widget-slides\" data-id=\"38d2b5f\" data-element_type=\"widget\" data-settings=\"{&quot;transition&quot;:&quot;fade&quot;,&quot;transition_speed&quot;:700,&quot;navigation&quot;:&quot;both&quot;,&quot;infinite&quot;:&quot;yes&quot;}\" data-widget_type=\"slides.default\">\n\t\t\t\t<div class=\"elementor-widget-container\">\n\t\t\t\t\t\t\t<div class=\"elementor-swiper\">\n\t\t\t\t\t<div class=\"elementor-slides-wrapper elementor-main-swiper swiper\" role=\"region\" aria-roledescription=\"carousel\" aria-label=\"Slides\" dir=\"ltr\" data-animation=\"\">\n\t\t\t\t<div class=\"swiper-wrapper elementor-slides\">\n\t\t\t\t\t\t\t\t\t\t<div class=\"elementor-repeater-item-360c008 swiper-slide\" role=\"group\" aria-roledescription=\"slide\"><div class=\"swiper-slide-bg\" role=\"img\"><\/div><div class=\"elementor-background-overlay\"><\/div><div class=\"swiper-slide-inner\" ><div class=\"swiper-slide-contents\"><div class=\"elementor-slide-heading\">AV\u00cdS LEGAL<\/div><\/div><\/div><\/div>\t\t\t\t<\/div>\n\t\t\t\t\t\t\t<\/div>\n\t\t\t\t<\/div>\n\t\t\t\t\t\t<\/div>\n\t\t\t\t<\/div>\n\t\t\t\t<div class=\"elementor-element elementor-element-7e3609a elementor-widget elementor-widget-spacer\" data-id=\"7e3609a\" data-element_type=\"widget\" data-widget_type=\"spacer.default\">\n\t\t\t\t<div class=\"elementor-widget-container\">\n\t\t\t<style>\/*! elementor - v3.23.0 - 05-08-2024 *\/\n.elementor-column .elementor-spacer-inner{height:var(--spacer-size)}.e-con{--container-widget-width:100%}.e-con-inner>.elementor-widget-spacer,.e-con>.elementor-widget-spacer{width:var(--container-widget-width,var(--spacer-size));--align-self:var(--container-widget-align-self,initial);--flex-shrink:0}.e-con-inner>.elementor-widget-spacer>.elementor-widget-container,.e-con>.elementor-widget-spacer>.elementor-widget-container{height:100%;width:100%}.e-con-inner>.elementor-widget-spacer>.elementor-widget-container>.elementor-spacer,.e-con>.elementor-widget-spacer>.elementor-widget-container>.elementor-spacer{height:100%}.e-con-inner>.elementor-widget-spacer>.elementor-widget-container>.elementor-spacer>.elementor-spacer-inner,.e-con>.elementor-widget-spacer>.elementor-widget-container>.elementor-spacer>.elementor-spacer-inner{height:var(--container-widget-height,var(--spacer-size))}.e-con-inner>.elementor-widget-spacer.elementor-widget-empty,.e-con>.elementor-widget-spacer.elementor-widget-empty{position:relative;min-height:22px;min-width:22px}.e-con-inner>.elementor-widget-spacer.elementor-widget-empty .elementor-widget-empty-icon,.e-con>.elementor-widget-spacer.elementor-widget-empty .elementor-widget-empty-icon{position:absolute;top:0;bottom:0;left:0;right:0;margin:auto;padding:0;width:22px;height:22px}<\/style>\t\t<div class=\"elementor-spacer\">\n\t\t\t<div class=\"elementor-spacer-inner\"><\/div>\n\t\t<\/div>\n\t\t\t\t<\/div>\n\t\t\t\t<\/div>\n\t\t\t\t\t<\/div>\n\t\t<\/div>\n\t\t\t\t\t<\/div>\n\t\t<\/section>\n\t\t\t\t<section class=\"elementor-section elementor-top-section elementor-element elementor-element-6dd97387 elementor-section-boxed elementor-section-height-default elementor-section-height-default\" data-id=\"6dd97387\" data-element_type=\"section\">\n\t\t\t\t\t\t<div class=\"elementor-container elementor-column-gap-default\">\n\t\t\t\t\t<div class=\"elementor-column elementor-col-100 elementor-top-column elementor-element elementor-element-5c5b21af\" data-id=\"5c5b21af\" data-element_type=\"column\">\n\t\t\t<div class=\"elementor-widget-wrap elementor-element-populated\">\n\t\t\t\t\t\t<div class=\"elementor-element elementor-element-14a8af30 elementor-widget elementor-widget-text-editor\" data-id=\"14a8af30\" data-element_type=\"widget\" data-widget_type=\"text-editor.default\">\n\t\t\t\t<div class=\"elementor-widget-container\">\n\t\t\t<style>\/*! elementor - v3.23.0 - 05-08-2024 *\/\n.elementor-widget-text-editor.elementor-drop-cap-view-stacked .elementor-drop-cap{background-color:#69727d;color:#fff}.elementor-widget-text-editor.elementor-drop-cap-view-framed .elementor-drop-cap{color:#69727d;border:3px solid;background-color:transparent}.elementor-widget-text-editor:not(.elementor-drop-cap-view-default) .elementor-drop-cap{margin-top:8px}.elementor-widget-text-editor:not(.elementor-drop-cap-view-default) .elementor-drop-cap-letter{width:1em;height:1em}.elementor-widget-text-editor .elementor-drop-cap{float:left;text-align:center;line-height:1;font-size:50px}.elementor-widget-text-editor .elementor-drop-cap-letter{display:inline-block}<\/style>\t\t\t\t<p>Si us plau, llegiu tots els apartats del present Av\u00eds Legal abans d&#8217;utilitzar aquest lloc web. Les condicions seg\u00fcents s\u00f3n vinculants per a qualsevol usuari del mateix.<br>En compliment amb el deure informaci\u00f3 disposat a la Llei 34\/2002 de Serveis de la Societat de la Informaci\u00f3 i el Comer\u00e7 Electr\u00f2nic (LSSI-CE) d&#8217;11 de juliol, es faciliten a continuaci\u00f3 les dades d&#8217;informaci\u00f3 general seg\u00fcents d&#8217;aquest lloc web.<br>La ra\u00f3 d&#8217;aquest text \u00e9s explicar-vos de manera detallada les funcionalitats d&#8217;aquesta web i aportar-vos aquella informaci\u00f3 relacionada amb el titular de la web i la finalitat dels continguts inclosos en aquesta web. <\/p><h2>DADES IDENTIFICACI\u00d3<\/h2><p>Aquest Av\u00eds Legal regula l&#8217;\u00fas del servei del lloc web https:\/\/www.personasyciudad.es\/ informant-lo en compliment de la Llei 34\/2002, d&#8217;11 de juliol, de Serveis de la Societat de la Informaci\u00f3 i de Comer\u00e7 Electr\u00f2nic, dels extrems seg\u00fcents:<br><strong>Nom de l&#8217;empresa:<\/strong> PERSONAS Y CIUDAD, SAU<br><strong>Adre\u00e7a:<\/strong> C\/Clara de Campoamor 5, 03550, Sant Joan d\u2019Alacant, Alicante<br><strong>Correu Electr\u00f2nic:<\/strong> dpo@personasyciudad.es<br><strong>CIF:<\/strong> A53531323<br><strong>Dades Registrals:<\/strong>INSCRITA AL REGISTRE MERCANTIL ALACANT: Tom 2503, Foli 200, Secc, 8, Full A-68359, Inscripci\u00f3 1.<\/p><h2>\u00daS DEL LLOC WEB I OBLIGACIONS DELS USUARIS.<\/h2><p>L&#8217;usuari es compromet a utilitzar el lloc web, el contingut i els serveis, sense contravenir la legislaci\u00f3 vigent, els usos generalment acceptats i l&#8217;ordre p\u00fablic. Queda prohibit l&#8217;\u00fas del lloc web amb fins il\u00b7l\u00edcits o lesius contra PERSONES I CIUTAT, SAU o un tercer, que, de qualsevol manera, puguin causar perjudici o impedir el normal \u00fas del lloc web. <br>PERSONAS Y CIUDAD, SAU garanteix que els continguts i serveis que ofereix el portal respecten el principi de dignitat de la persona, de protecci\u00f3 de la joventut i la inf\u00e0ncia, de no discriminaci\u00f3 per motius de ra\u00e7a, sexe, religi\u00f3, opini\u00f3, nacionalitat, discapacitat o qualsevol altre aspecte personal i social.<br>Aquestes Condicions Generals d&#8217;\u00das del lloc web no confereixen a l&#8217;usuari cap altre dret d&#8217;\u00fas, alteraci\u00f3, explotaci\u00f3, reproducci\u00f3, distribuci\u00f3 o comunicaci\u00f3 p\u00fablica dels continguts del lloc web diferents dels aqu\u00ed previstos expressament.<br>Els continguts (informaci\u00f3, arxius de so i\/o imatge, fotografies, dissenys, etc.) recollits al portal, s\u00f3n propietat de PERSONES I CIUTAT, SAU o aquesta es troba degudament autoritzada per a la seva difusi\u00f3 pels seus leg\u00edtims titulars.<br>PERSONAS Y CIUDAD, SAU es compromet a no fer publicitat enganyosa i per tant, queda prohibit:<br>\u2022 L&#8217;\u00fas per a tot tipus de finalitats comercials o publicit\u00e0ries, diferents de les estrictament permeses.<br>\u2022 La seva reproducci\u00f3, publicaci\u00f3, distribuci\u00f3 o modificaci\u00f3, total o parcial llevat que es compti amb lautoritzaci\u00f3 pr\u00e8via i per escrit dels seus leg\u00edtims titulars o resulti legalment perm\u00e8s.<br>\u2022 Qualsevol vulneraci\u00f3 dels drets de PERSONAS Y CIUDAD, SAU o dels seus leg\u00edtims titulars sobre aquests.<\/p><h2>PROPIETAT INTEL\u00b7LECTUAL I INDUSTRIAL<\/h2><p>L&#8217;usuari reconeix i accepta que tots els drets de propietat industrial i intel\u00b7lectual sobre els continguts i\/o qualssevol altres elements inserits al lloc web pertanyen a PERSONAS Y CIUDAD, SAU o aquesta es troba degudament autoritzada per a la seva difusi\u00f3 al present website.<br>En cas que un usuari o un tercer considerin que s&#8217;ha produ\u00eft una violaci\u00f3 dels seus leg\u00edtims drets de propietat intel\u00b7lectual per la introducci\u00f3 d&#8217;un determinat contingut al website, haur\u00e0 de notificar aquesta circumst\u00e0ncia a PERSONAS Y CIUDAD, SAU indicant:<br>\u2022 Dades del titular dels drets presumptament infringits, o indicar la representaci\u00f3 amb qu\u00e8 actua en cas que la reclamaci\u00f3 la presenti un tercer diferent de l&#8217;interessat.<br>\u2022 Assenyalar els continguts protegits pels drets de propietat intel\u00b7lectual i la seva ubicaci\u00f3 al web, l&#8217;acreditaci\u00f3 dels drets de propietat intel\u00b7lectual assenyalats i declaraci\u00f3 expressa en qu\u00e8 l&#8217;interessat es responsabilitza de la veracitat de les informacions facilitades a la notificaci\u00f3.<\/p><h2>ENLLA\u00c7OS<\/h2><p>Aquest lloc web proporciona enlla\u00e7os a altres llocs web propis i continguts que s\u00f3n propietat de tercers.<br>L&#8217;\u00fanic objecte dels enlla\u00e7os \u00e9s proporcionar a l&#8217;usuari la possibilitat d&#8217;accedir-hi. PERSONAS Y CIUDAD, SAU no es responsabilitza en cap cas dels resultats que puguin derivar-se a lusuari per lacc\u00e9s a aquests enlla\u00e7os.<br>L&#8217;usuari que es proposi establir qualsevol dispositiu t\u00e8cnic d&#8217;enlla\u00e7 des del lloc web al portal haur\u00e0 d&#8217;obtenir l&#8217;autoritzaci\u00f3 pr\u00e8via i escrita de PERSONAS Y CIUDAD, SAU. L&#8217;establiment de l&#8217;enlla\u00e7 no implica en cap cas l&#8217;exist\u00e8ncia de relacions entre PERSONAS Y CIUDAD, SAU i el propietari del lloc on s&#8217;estableixi l&#8217;enlla\u00e7, ni l&#8217;acceptaci\u00f3 o l&#8217;aprovaci\u00f3 per part de PERSONAS Y CIUDAD, SAU dels seus continguts o serveis.<br>El lloc web on s&#8217;estableixi l&#8217;enlla\u00e7 no contindr\u00e0 cap marca, denominaci\u00f3, logotip, esl\u00f2gan o altres signes distintius pertanyents a PERSONAS Y CIUDAD, SAU, llevat dels expressament autoritzats.  <\/p><h2>MODIFICACI\u00d3 UNILATERAL I DURADA<\/h2><p>PERSONAS Y CIUDAD, SAU es reserva el dret de modificar, en qualsevol moment i sense necessitat de previ av\u00eds, la presentaci\u00f3 i configuraci\u00f3 del lloc web aix\u00ed com el present Av\u00eds Legal.<\/p><h2>EXCLUSI\u00d3 DE GARANTIES I RESPONSABILITAT<\/h2><p>PERSONAS Y CIUDAD, SAU no atorga cap garantia ni es fa responsable, en cap cas, dels danys i perjudicis de qualsevol naturalesa que poguessin comportar a causa de:<br>\u2022 La manca disponibilitat, manteniment i efectiu funcionament del Web i\/o dels seus serveis o continguts.<br>\u2022 L&#8217;exist\u00e8ncia de virus, programes maliciosos o lesius als continguts.<br>\u2022 L&#8217;\u00fas il\u00b7l\u00edcit, negligent, fraudulent, contrari a aquestes condicions, a la bona fe, als usos generalment acceptats oa l&#8217;ordre p\u00fablic, del lloc web, els seus serveis o continguts, per part dels usuaris.<\/p><h2>TRACTAMENT DE DADES PERSONALS<\/h2><p>PERSONAS Y CIUDAD, SAU tal com recull a la seva \u201cPOL\u00cdTICA DE PRIVACITAT\u201d que pot consultar en aquest lloc web, ha adoptat els nivells de seguretat adequats a les dades que tracta i gestiona, incorporant tots els mitjans i mesures t\u00e8cniques al seu abast per garantir la seva confidencialitat, evitar el seu mal \u00fas, p\u00e8rdua, alteraci\u00f3, acc\u00e9s no autoritzat i robatori.<\/p><h2>LEGISLACI\u00d3 APLICABLE I JURISDICCI\u00d3<\/h2><p>Per a la resoluci\u00f3 de totes les controv\u00e8rsies o q\u00fcestions relacionades amb el present lloc web o de les activitats que s&#8217;hi desenvolupin, ser\u00e0 aplicable la legislaci\u00f3 espanyola, a la qual se sotmeten expressament les parts, sent competents per a la resoluci\u00f3 de tots els conflictes derivats o relacionats amb el seu \u00fas, els jutjats i tribunals del domicili del demandant que s&#8217;identifiqui com a consumidor, en cas contrari els jutjats<\/p><h2>CONTACTE<\/h2><p>En cas que qualsevol usuari tingu\u00e9s algun dubte sobre aquest av\u00eds legal o qualsevol comentari sobre aquest pot adre\u00e7ar-se a dpo@personasyciudad.es o enviar una comunicaci\u00f3 escrita a l&#8217;adre\u00e7a que consta a la cap\u00e7alera.<\/p>\t\t\t\t\t\t<\/div>\n\t\t\t\t<\/div>\n\t\t\t\t<div class=\"elementor-element elementor-element-c4cdf1c elementor-hidden-desktop elementor-hidden-tablet elementor-hidden-mobile elementor-widget elementor-widget-text-editor\" data-id=\"c4cdf1c\" data-element_type=\"widget\" data-widget_type=\"text-editor.default\">\n\t\t\t\t<div class=\"elementor-widget-container\">\n\t\t\t\t\t\t\t<h2>1. CONDICIONS GENERALS D&#8217;\u00daS DEL WEB: www.personasyciudad.es<\/h2><ol><li>La utilitzaci\u00f3 d&#8217;aquest espai Web est\u00e0 subjecta a l&#8217;acceptaci\u00f3 plena per part de l&#8217;Usuari d&#8217;aquestes Condicions Generals d&#8217;\u00das, o b\u00e9 d&#8217;aquelles que estiguin vigents en cada moment en qu\u00e8 l&#8217;usuari hi accedeixi.<\/li><li>Nom\u00e9s es permet l&#8217;acc\u00e9s a aquest lloc, aix\u00ed com el seu \u00fas amb fins l\u00edcits, ajustant-se en tot moment el seu \u00fas a les presents Condicions Generals, la llei aplicable en cada moment, aix\u00ed com la moral, bons costums i ordre p\u00fablic. ser constitutives de delicte. <\/li><li>L&#8217;empresa es reserva el dret unilateral de modificar en qualsevol moment les presents Condicions Generals d&#8217;\u00das aix\u00ed com qualsevol altra condici\u00f3 general o particular de la seva p\u00e0gina Web. Tamb\u00e9 es reserva el dret a modificar en qualsevol moment la presentaci\u00f3, configuraci\u00f3 i localitzaci\u00f3 del Lloc Web, aix\u00ed com els continguts i les condicions requerides per utilitzar-los. <\/li><li>L&#8217;Usuari reconeix que l&#8217;acc\u00e9s a aquest lloc es realitza sota el seu consentiment lliure i \u00e9s responsabilitat exclusiva seva.<\/li><li>Personas y Ciudad, S.A.U. es reserva el dret de posar en coneixement de l&#8217;Autoritat competent qualsevol altre \u00fas que pugui atemptar contra els seus interessos o drets o que puguin ser constitutius de delicte.<\/li><li>Personas y Ciudad, S.A.U. es reserva el dret a posar fi a aquest servei web en qualsevol moment sense cap altre requisit que l&#8217;av\u00eds en les presents condicions amb 15 dies d&#8217;antelaci\u00f3.<\/li><\/ol><p> <\/p><h2>&#8211; 2. CL\u00c0USULA D&#8217;EXCLUSI\u00d3 DE RESPONSABILITAT<\/h2><ol><li>Personas y Ciudad, S.A.U. no pot garantir la disponibilitat permanent del servei que ofereix aquest lloc, ni es fa responsable de qualssevol danys i perjudicis produ\u00efts o que puguin produir-se en el futur, ni dels defectes t\u00e8cnics, sigui quina sigui la seva naturalesa, que es derivin de l&#8217;\u00fas de la informaci\u00f3 continguda al web aquest lloc.<\/li><li>En cas que, per un atac inform\u00e0tic, es produ\u00efssin errors en la informaci\u00f3 facilitada, Personas y Ciudad, S.A.U. no es fa responsable d&#8217;aquests errors, aix\u00ed com dels danys causats per l&#8217;\u00fas de la informaci\u00f3 derivada d&#8217;aquests errors.<\/li><li>El contingut d&#8217;aquesta web \u00e9s merament informatiu, i no es fa responsable en cap moment sobre els possibles errors produ\u00efts en la presentaci\u00f3. Si voleu informaci\u00f3 m\u00e9s detallada, podeu posar-vos en contacte a trav\u00e9s de l&#8217;adre\u00e7a de correu gestion@personasyciudad.es. <\/li><li>Personas y Ciudad, S.A.U. no es fa responsable de la disponibilitat i\/o veracitat de les Web els links de les quals apareixen al seu lloc<\/li><\/ol><p> <\/p><h2>&#8211; 3. R\u00c8GIM DE PROPIETAT INDUSTRIAL I INTEL\u00b7LECTUAL<\/h2><ol><li>La propietat industrial i intel\u00b7lectual de tots els logos, emblemes, o qualsevol element incorporat al disseny d&#8217;aquest lloc pertany en exclusiva a Personas y Ciudad, S.A.U. L&#8217;usuari reconeix i accepta aquests drets. Els elements d&#8217;aquesta Web sobre els quals Personas y Ciudad, S.A.U. no t\u00e9 drets de propietat intel\u00b7lectual o industrial s\u00f3n usats amb el corresponent perm\u00eds. <\/li><li>Queda prohibida la reproducci\u00f3 de tot o part del contingut de www.personasyciudad.es aix\u00ed com la seva transmissi\u00f3 o registrat per cap sistema de recuperaci\u00f3 dinformaci\u00f3, en cap forma ni en cap mitj\u00e0, llevat que es compti amb lautoritzaci\u00f3 pr\u00e8via, per escrit, de Persones i Ciutat, S.A.U.<\/li><li>No \u00e9s perm\u00e8s eludir el copyright sobre els drets de Personas y Ciudad, S.A.U., aix\u00ed com eludir o tractar d&#8217;eludir els sistemes que hi hagi o hi pugui haver de protecci\u00f3 dels continguts. Es permet el dret de cita sempre que s&#8217;indiqui la font de qu\u00e8 prov\u00e9. <\/li><li>Qualsevol violaci\u00f3 dels drets de propietat intel\u00b7lectual o industrial d&#8217;aquest portal o els elements de Personas y Ciudad, S.A.U., ser\u00e0 objecte de les mesures legals oportunes per aconseguir-ne la protecci\u00f3.<\/li><\/ol><p> <\/p><h2>&#8211; 4. LEGISLACI\u00d3 APLICABLE<\/h2><ol><li>Personas y Ciudad, S.A.U., informa que aquest lloc web est\u00e0 allotjat a Espanya, pa\u00eds on ofereix els seus serveis, i per aix\u00f2 l&#8217;\u00fanica legislaci\u00f3 aplicable per resoldre qualsevol conflicte respecte a la interpretaci\u00f3 d&#8217;aquestes condicions, \u00e9s la legislaci\u00f3 espanyola, aix\u00ed com els Tractats Internacionals que hagi subscrit Espanya.<\/li><li>Mitjan\u00e7ant l&#8217;acceptaci\u00f3 de les presents Condicions Generals, l&#8217;usuari se sotmet a la jurisdicci\u00f3 dels Tribunals de la ciutat d&#8217;Alacant per resoldre qualsevol controv\u00e8rsia relacionada amb l&#8217;apartat anterior.<\/li><\/ol><p> <\/p><h2>&#8211; COM POSAR-SE EN CONTACTE<\/h2><p>Si voleu aclarir qualsevol aspecte sobre les condicions d&#8217;\u00fas descrites, podeu adre\u00e7ar-vos a les seg\u00fcents adreces:<\/p><p>gestion@personasyciudad.es si ho fa a trav\u00e9s de correu electr\u00f2nic o b\u00e9 per escrit a Personas y Ciudad, S.A.U., C\/Clara de Campoamor 5, 03550, Sant Joan d\u2019Alacant, Alacant.<\/p><p><strong>DADES IDENTIFICATIVES DEL PRESTADOR DE SERVEIS<\/strong><\/p><p>Personas y Ciudad, S.A.U.<\/p><p>CIF: A53531323<\/p><p>Domicili Social:<br>C\/Clara de Campoamor 5, 03550, Sant Joan d\u2019Alacant, Alacant.<\/p><p>Tel. +34 965-93.96.25<\/p><p>gestion@personasyciudad.es<\/p><p>INSCRITA EN EL REGISTRO MERCANTIL ALICANTE: Tomo 2503, Folio 200, Secc, 8, Hoja A-68359, Inscripci\u00f3n 1.<\/p><p> <\/p><h2>&#8211; POL\u00cdTICA DE PRIVACITAT<\/h2><p>Les dades que ens facilita seran incorporades a un fitxer amb la finalitat de mantenir les relacions comercials amb Ud., el responsable de les quals \u00e9s Persones i Ciutat, S.A.U. casos de cessi\u00f3 de dades a altres institucions p\u00fabliques o per a l&#8217;exercici dels drets en mat\u00e8ria de Protecci\u00f3 de Dades (acc\u00e9s, rectificaci\u00f3, oposici\u00f3 i cancel\u00b7laci\u00f3), ens ha d&#8217;enviar una carta, adjuntant fotoc\u00f2pia del DNI, a la seg\u00fcent adre\u00e7a: Persones i Ciutat, S.A.U., Assumpte LOPD, C\/Clara de Campoamor 5, 035 <\/p>\t\t\t\t\t\t<\/div>\n\t\t\t\t<\/div>\n\t\t\t\t\t<\/div>\n\t\t<\/div>\n\t\t\t\t\t<\/div>\n\t\t<\/section>\n\t\t\t\t<section class=\"elementor-section elementor-top-section elementor-element elementor-element-4f1e945 elementor-section-boxed elementor-section-height-default elementor-section-height-default\" data-id=\"4f1e945\" data-element_type=\"section\">\n\t\t\t\t\t\t<div class=\"elementor-container elementor-column-gap-default\">\n\t\t\t\t\t<div class=\"elementor-column elementor-col-100 elementor-top-column elementor-element elementor-element-a1609b9\" data-id=\"a1609b9\" data-element_type=\"column\">\n\t\t\t<div class=\"elementor-widget-wrap elementor-element-populated\">\n\t\t\t\t\t\t<div class=\"elementor-element elementor-element-596a216 elementor-widget elementor-widget-spacer\" data-id=\"596a216\" data-element_type=\"widget\" data-widget_type=\"spacer.default\">\n\t\t\t\t<div class=\"elementor-widget-container\">\n\t\t\t\t\t<div class=\"elementor-spacer\">\n\t\t\t<div class=\"elementor-spacer-inner\"><\/div>\n\t\t<\/div>\n\t\t\t\t<\/div>\n\t\t\t\t<\/div>\n\t\t\t\t\t<\/div>\n\t\t<\/div>\n\t\t\t\t\t<\/div>\n\t\t<\/section>\n\t\t\t\t<\/div>\n\t\t","protected":false},"excerpt":{"rendered":"<p>AV\u00cdS LEGAL Si us plau, llegiu tots els apartats del present Av\u00eds Legal abans d&#8217;utilitzar aquest lloc web. Les condicions seg\u00fcents s\u00f3n vinculants per a qualsevol usuari del mateix.En compliment amb el deure informaci\u00f3 disposat a la Llei 34\/2002 de Serveis de la Societat de la Informaci\u00f3 i el Comer\u00e7 Electr\u00f2nic (LSSI-CE) d&#8217;11 de juliol, [&hellip;]<\/p>\n","protected":false},"author":3,"featured_media":0,"parent":0,"menu_order":0,"comment_status":"closed","ping_status":"closed","template":"","meta":{"footnotes":""},"class_list":["post-5467","page","type-page","status-publish","hentry"],"yoast_head":"<!-- This site is optimized with the Yoast SEO plugin v27.4 - https:\/\/yoast.com\/product\/yoast-seo-wordpress\/ -->\n<title>Av\u00eds legal - Personas y Ciudad<\/title>\n<meta name=\"robots\" content=\"noindex, follow\" \/>\n<meta property=\"og:locale\" content=\"ca_ES\" \/>\n<meta property=\"og:type\" content=\"article\" \/>\n<meta property=\"og:title\" content=\"Av\u00eds legal - Personas y Ciudad\" \/>\n<meta property=\"og:description\" content=\"AV\u00cdS LEGAL Si us plau, llegiu tots els apartats del present Av\u00eds Legal abans d&#8217;utilitzar aquest lloc web. Les condicions seg\u00fcents s\u00f3n vinculants per a qualsevol usuari del mateix.En compliment amb el deure informaci\u00f3 disposat a la Llei 34\/2002 de Serveis de la Societat de la Informaci\u00f3 i el Comer\u00e7 Electr\u00f2nic (LSSI-CE) d&#8217;11 de juliol, [&hellip;]\" \/>\n<meta property=\"og:url\" content=\"https:\/\/www.personasyciudad.es\/ca-es\/avis-legal\/\" \/>\n<meta property=\"og:site_name\" content=\"Personas y Ciudad\" \/>\n<meta property=\"article:modified_time\" content=\"2025-05-07T09:57:46+00:00\" \/>\n<meta name=\"twitter:card\" content=\"summary_large_image\" \/>\n<meta name=\"twitter:label1\" content=\"Est. reading time\" \/>\n\t<meta name=\"twitter:data1\" content=\"10 minutes\" \/>\n<script type=\"application\/ld+json\" class=\"yoast-schema-graph\">{\"@context\":\"https:\\\/\\\/schema.org\",\"@graph\":[{\"@type\":\"WebPage\",\"@id\":\"https:\\\/\\\/www.personasyciudad.es\\\/ca-es\\\/avis-legal\\\/\",\"url\":\"https:\\\/\\\/www.personasyciudad.es\\\/ca-es\\\/avis-legal\\\/\",\"name\":\"Av\u00eds legal - Personas y Ciudad\",\"isPartOf\":{\"@id\":\"https:\\\/\\\/www.personasyciudad.es\\\/#website\"},\"datePublished\":\"2023-05-24T15:44:53+00:00\",\"dateModified\":\"2025-05-07T09:57:46+00:00\",\"breadcrumb\":{\"@id\":\"https:\\\/\\\/www.personasyciudad.es\\\/ca-es\\\/avis-legal\\\/#breadcrumb\"},\"inLanguage\":\"ca-ES\",\"potentialAction\":[{\"@type\":\"ReadAction\",\"target\":[\"https:\\\/\\\/www.personasyciudad.es\\\/ca-es\\\/avis-legal\\\/\"]}]},{\"@type\":\"BreadcrumbList\",\"@id\":\"https:\\\/\\\/www.personasyciudad.es\\\/ca-es\\\/avis-legal\\\/#breadcrumb\",\"itemListElement\":[{\"@type\":\"ListItem\",\"position\":1,\"name\":\"Portada\",\"item\":\"https:\\\/\\\/www.personasyciudad.es\\\/\"},{\"@type\":\"ListItem\",\"position\":2,\"name\":\"Av\u00eds legal\"}]},{\"@type\":\"WebSite\",\"@id\":\"https:\\\/\\\/www.personasyciudad.es\\\/#website\",\"url\":\"https:\\\/\\\/www.personasyciudad.es\\\/\",\"name\":\"Personas y Ciudad\",\"description\":\"Actividades del Ayuntamiento de Sant Joan d\u2019Alacant\",\"publisher\":{\"@id\":\"https:\\\/\\\/www.personasyciudad.es\\\/#organization\"},\"potentialAction\":[{\"@type\":\"SearchAction\",\"target\":{\"@type\":\"EntryPoint\",\"urlTemplate\":\"https:\\\/\\\/www.personasyciudad.es\\\/?s={search_term_string}\"},\"query-input\":{\"@type\":\"PropertyValueSpecification\",\"valueRequired\":true,\"valueName\":\"search_term_string\"}}],\"inLanguage\":\"ca-ES\"},{\"@type\":\"Organization\",\"@id\":\"https:\\\/\\\/www.personasyciudad.es\\\/#organization\",\"name\":\"personas y ciudad\",\"url\":\"https:\\\/\\\/www.personasyciudad.es\\\/\",\"logo\":{\"@type\":\"ImageObject\",\"inLanguage\":\"ca-ES\",\"@id\":\"https:\\\/\\\/www.personasyciudad.es\\\/#\\\/schema\\\/logo\\\/image\\\/\",\"url\":\"https:\\\/\\\/www.personasyciudad.es\\\/wp-content\\\/uploads\\\/2023\\\/04\\\/logo_positivo.png\",\"contentUrl\":\"https:\\\/\\\/www.personasyciudad.es\\\/wp-content\\\/uploads\\\/2023\\\/04\\\/logo_positivo.png\",\"width\":500,\"height\":510,\"caption\":\"personas y ciudad\"},\"image\":{\"@id\":\"https:\\\/\\\/www.personasyciudad.es\\\/#\\\/schema\\\/logo\\\/image\\\/\"}}]}<\/script>\n<!-- \/ Yoast SEO plugin. -->","yoast_head_json":{"title":"Av\u00eds legal - Personas y Ciudad","robots":{"index":"noindex","follow":"follow"},"og_locale":"ca_ES","og_type":"article","og_title":"Av\u00eds legal - Personas y Ciudad","og_description":"AV\u00cdS LEGAL Si us plau, llegiu tots els apartats del present Av\u00eds Legal abans d&#8217;utilitzar aquest lloc web. Les condicions seg\u00fcents s\u00f3n vinculants per a qualsevol usuari del mateix.En compliment amb el deure informaci\u00f3 disposat a la Llei 34\/2002 de Serveis de la Societat de la Informaci\u00f3 i el Comer\u00e7 Electr\u00f2nic (LSSI-CE) d&#8217;11 de juliol, [&hellip;]","og_url":"https:\/\/www.personasyciudad.es\/ca-es\/avis-legal\/","og_site_name":"Personas y Ciudad","article_modified_time":"2025-05-07T09:57:46+00:00","twitter_card":"summary_large_image","twitter_misc":{"Est. reading time":"10 minutes"},"schema":{"@context":"https:\/\/schema.org","@graph":[{"@type":"WebPage","@id":"https:\/\/www.personasyciudad.es\/ca-es\/avis-legal\/","url":"https:\/\/www.personasyciudad.es\/ca-es\/avis-legal\/","name":"Av\u00eds legal - Personas y Ciudad","isPartOf":{"@id":"https:\/\/www.personasyciudad.es\/#website"},"datePublished":"2023-05-24T15:44:53+00:00","dateModified":"2025-05-07T09:57:46+00:00","breadcrumb":{"@id":"https:\/\/www.personasyciudad.es\/ca-es\/avis-legal\/#breadcrumb"},"inLanguage":"ca-ES","potentialAction":[{"@type":"ReadAction","target":["https:\/\/www.personasyciudad.es\/ca-es\/avis-legal\/"]}]},{"@type":"BreadcrumbList","@id":"https:\/\/www.personasyciudad.es\/ca-es\/avis-legal\/#breadcrumb","itemListElement":[{"@type":"ListItem","position":1,"name":"Portada","item":"https:\/\/www.personasyciudad.es\/"},{"@type":"ListItem","position":2,"name":"Av\u00eds legal"}]},{"@type":"WebSite","@id":"https:\/\/www.personasyciudad.es\/#website","url":"https:\/\/www.personasyciudad.es\/","name":"Personas y Ciudad","description":"Actividades del Ayuntamiento de Sant Joan d\u2019Alacant","publisher":{"@id":"https:\/\/www.personasyciudad.es\/#organization"},"potentialAction":[{"@type":"SearchAction","target":{"@type":"EntryPoint","urlTemplate":"https:\/\/www.personasyciudad.es\/?s={search_term_string}"},"query-input":{"@type":"PropertyValueSpecification","valueRequired":true,"valueName":"search_term_string"}}],"inLanguage":"ca-ES"},{"@type":"Organization","@id":"https:\/\/www.personasyciudad.es\/#organization","name":"personas y ciudad","url":"https:\/\/www.personasyciudad.es\/","logo":{"@type":"ImageObject","inLanguage":"ca-ES","@id":"https:\/\/www.personasyciudad.es\/#\/schema\/logo\/image\/","url":"https:\/\/www.personasyciudad.es\/wp-content\/uploads\/2023\/04\/logo_positivo.png","contentUrl":"https:\/\/www.personasyciudad.es\/wp-content\/uploads\/2023\/04\/logo_positivo.png","width":500,"height":510,"caption":"personas y ciudad"},"image":{"@id":"https:\/\/www.personasyciudad.es\/#\/schema\/logo\/image\/"}}]}},"_links":{"self":[{"href":"https:\/\/www.personasyciudad.es\/ca-es\/wp-json\/wp\/v2\/pages\/5467","targetHints":{"allow":["GET"]}}],"collection":[{"href":"https:\/\/www.personasyciudad.es\/ca-es\/wp-json\/wp\/v2\/pages"}],"about":[{"href":"https:\/\/www.personasyciudad.es\/ca-es\/wp-json\/wp\/v2\/types\/page"}],"author":[{"embeddable":true,"href":"https:\/\/www.personasyciudad.es\/ca-es\/wp-json\/wp\/v2\/users\/3"}],"replies":[{"embeddable":true,"href":"https:\/\/www.personasyciudad.es\/ca-es\/wp-json\/wp\/v2\/comments?post=5467"}],"version-history":[{"count":1,"href":"https:\/\/www.personasyciudad.es\/ca-es\/wp-json\/wp\/v2\/pages\/5467\/revisions"}],"predecessor-version":[{"id":5469,"href":"https:\/\/www.personasyciudad.es\/ca-es\/wp-json\/wp\/v2\/pages\/5467\/revisions\/5469"}],"wp:attachment":[{"href":"https:\/\/www.personasyciudad.es\/ca-es\/wp-json\/wp\/v2\/media?parent=5467"}],"curies":[{"name":"wp","href":"https:\/\/api.w.org\/{rel}","templated":true}]}}