{"id":5470,"date":"2023-05-10T11:57:39","date_gmt":"2023-05-10T09:57:39","guid":{"rendered":"https:\/\/www.personasyciudad.es\/ajuda-a-la-modificacio-o-substitucio-delements-constructius-de-lenvolupant-termica-afe-evt\/"},"modified":"2025-05-28T11:01:41","modified_gmt":"2025-05-28T09:01:41","slug":"ajuda-a-la-modificacio-o-substitucio-delements-constructius-de-lenvolupant-termica-afe-evt","status":"publish","type":"page","link":"https:\/\/www.personasyciudad.es\/ca-es\/ajuda-a-la-modificacio-o-substitucio-delements-constructius-de-lenvolupant-termica-afe-evt\/","title":{"rendered":"Ajuda a la modificaci\u00f3 o substituci\u00f3 d&#8217;elements constructius de l&#8217;envolupant t\u00e8rmica (AFE-EVT)"},"content":{"rendered":"\t\t<div data-elementor-type=\"wp-page\" data-elementor-id=\"5470\" class=\"elementor elementor-5470 elementor-2495\" data-elementor-post-type=\"page\">\n\t\t\t\t\t\t<section class=\"elementor-section elementor-top-section elementor-element elementor-element-e1d0194 elementor-section-full_width elementor-section-stretched animated-slow elementor-section-height-default elementor-section-height-default elementor-invisible\" data-id=\"e1d0194\" data-element_type=\"section\" data-settings=\"{&quot;stretch_section&quot;:&quot;section-stretched&quot;,&quot;animation&quot;:&quot;fadeInUp&quot;}\">\n\t\t\t\t\t\t<div class=\"elementor-container elementor-column-gap-no\">\n\t\t\t\t\t<div class=\"elementor-column elementor-col-100 elementor-top-column elementor-element elementor-element-fd49ff6\" data-id=\"fd49ff6\" data-element_type=\"column\">\n\t\t\t<div class=\"elementor-widget-wrap elementor-element-populated\">\n\t\t\t\t\t\t<div class=\"elementor-element elementor-element-3d3a53a elementor--h-position-center elementor--v-position-middle elementor-arrows-position-inside elementor-pagination-position-inside elementor-widget elementor-widget-slides\" data-id=\"3d3a53a\" data-element_type=\"widget\" data-settings=\"{&quot;transition&quot;:&quot;fade&quot;,&quot;transition_speed&quot;:700,&quot;navigation&quot;:&quot;both&quot;,&quot;infinite&quot;:&quot;yes&quot;}\" data-widget_type=\"slides.default\">\n\t\t\t\t<div class=\"elementor-widget-container\">\n\t\t\t\t\t\t\t<div class=\"elementor-swiper\">\n\t\t\t\t\t<div class=\"elementor-slides-wrapper elementor-main-swiper swiper\" role=\"region\" aria-roledescription=\"carousel\" aria-label=\"Slides\" dir=\"ltr\" data-animation=\"\">\n\t\t\t\t<div class=\"swiper-wrapper elementor-slides\">\n\t\t\t\t\t\t\t\t\t\t<div class=\"elementor-repeater-item-4623e18 swiper-slide\" role=\"group\" aria-roledescription=\"slide\"><div class=\"swiper-slide-bg\" role=\"img\"><\/div><div class=\"elementor-background-overlay\"><\/div><div class=\"swiper-slide-inner\" ><div class=\"swiper-slide-contents\"><div class=\"elementor-slide-heading\">AJUDES D'EFICI\u00c8NCIA ENERG\u00c8TICA D'HABITATGE (AFE-VIV)<\/div><\/div><\/div><\/div><div class=\"elementor-repeater-item-7cad373 swiper-slide\" role=\"group\" aria-roledescription=\"slide\"><div class=\"swiper-slide-bg\" role=\"img\"><\/div><div class=\"elementor-background-overlay\"><\/div><div class=\"swiper-slide-inner\" ><div class=\"swiper-slide-contents\"><div class=\"elementor-slide-heading\">AJUDES D'EFICI\u00c8NCIA ENERG\u00c8TICA D'HABITATGE (AFE-VIV)<\/div><\/div><\/div><\/div>\t\t\t\t<\/div>\n\t\t\t\t\t\t\t\t\t\t\t\t\t\t\t<div class=\"elementor-swiper-button elementor-swiper-button-prev\" role=\"button\" tabindex=\"0\" aria-label=\"Previous slide\">\n\t\t\t\t\t\t\t<i aria-hidden=\"true\" class=\"eicon-chevron-left\"><\/i>\t\t\t\t\t\t<\/div>\n\t\t\t\t\t\t<div class=\"elementor-swiper-button elementor-swiper-button-next\" role=\"button\" tabindex=\"0\" aria-label=\"Next slide\">\n\t\t\t\t\t\t\t<i aria-hidden=\"true\" class=\"eicon-chevron-right\"><\/i>\t\t\t\t\t\t<\/div>\n\t\t\t\t\t\t\t\t\t\t\t\t\t\t\t\t<div class=\"swiper-pagination\"><\/div>\n\t\t\t\t\t\t\t\t\t\t\t\t<\/div>\n\t\t\t\t<\/div>\n\t\t\t\t\t\t<\/div>\n\t\t\t\t<\/div>\n\t\t\t\t<div class=\"elementor-element elementor-element-732d505 elementor-widget elementor-widget-spacer\" data-id=\"732d505\" data-element_type=\"widget\" data-widget_type=\"spacer.default\">\n\t\t\t\t<div class=\"elementor-widget-container\">\n\t\t\t<style>\/*! elementor - v3.23.0 - 05-08-2024 *\/\n.elementor-column .elementor-spacer-inner{height:var(--spacer-size)}.e-con{--container-widget-width:100%}.e-con-inner>.elementor-widget-spacer,.e-con>.elementor-widget-spacer{width:var(--container-widget-width,var(--spacer-size));--align-self:var(--container-widget-align-self,initial);--flex-shrink:0}.e-con-inner>.elementor-widget-spacer>.elementor-widget-container,.e-con>.elementor-widget-spacer>.elementor-widget-container{height:100%;width:100%}.e-con-inner>.elementor-widget-spacer>.elementor-widget-container>.elementor-spacer,.e-con>.elementor-widget-spacer>.elementor-widget-container>.elementor-spacer{height:100%}.e-con-inner>.elementor-widget-spacer>.elementor-widget-container>.elementor-spacer>.elementor-spacer-inner,.e-con>.elementor-widget-spacer>.elementor-widget-container>.elementor-spacer>.elementor-spacer-inner{height:var(--container-widget-height,var(--spacer-size))}.e-con-inner>.elementor-widget-spacer.elementor-widget-empty,.e-con>.elementor-widget-spacer.elementor-widget-empty{position:relative;min-height:22px;min-width:22px}.e-con-inner>.elementor-widget-spacer.elementor-widget-empty .elementor-widget-empty-icon,.e-con>.elementor-widget-spacer.elementor-widget-empty .elementor-widget-empty-icon{position:absolute;top:0;bottom:0;left:0;right:0;margin:auto;padding:0;width:22px;height:22px}<\/style>\t\t<div class=\"elementor-spacer\">\n\t\t\t<div class=\"elementor-spacer-inner\"><\/div>\n\t\t<\/div>\n\t\t\t\t<\/div>\n\t\t\t\t<\/div>\n\t\t\t\t\t<\/div>\n\t\t<\/div>\n\t\t\t\t\t<\/div>\n\t\t<\/section>\n\t\t\t\t<section class=\"elementor-section elementor-top-section elementor-element elementor-element-8cb2591 animated-slow elementor-section-boxed elementor-section-height-default elementor-section-height-default elementor-invisible\" data-id=\"8cb2591\" data-element_type=\"section\" data-settings=\"{&quot;animation&quot;:&quot;fadeInUp&quot;}\">\n\t\t\t\t\t\t<div class=\"elementor-container elementor-column-gap-default\">\n\t\t\t\t\t<div class=\"elementor-column elementor-col-100 elementor-top-column elementor-element elementor-element-736dd24\" data-id=\"736dd24\" data-element_type=\"column\">\n\t\t\t<div class=\"elementor-widget-wrap elementor-element-populated\">\n\t\t\t\t\t\t<div class=\"elementor-element elementor-element-5965962 elementor-widget elementor-widget-heading\" data-id=\"5965962\" data-element_type=\"widget\" data-widget_type=\"heading.default\">\n\t\t\t\t<div class=\"elementor-widget-container\">\n\t\t\t<style>\/*! elementor - v3.23.0 - 05-08-2024 *\/\n.elementor-heading-title{padding:0;margin:0;line-height:1}.elementor-widget-heading .elementor-heading-title[class*=elementor-size-]>a{color:inherit;font-size:inherit;line-height:inherit}.elementor-widget-heading .elementor-heading-title.elementor-size-small{font-size:15px}.elementor-widget-heading .elementor-heading-title.elementor-size-medium{font-size:19px}.elementor-widget-heading .elementor-heading-title.elementor-size-large{font-size:29px}.elementor-widget-heading .elementor-heading-title.elementor-size-xl{font-size:39px}.elementor-widget-heading .elementor-heading-title.elementor-size-xxl{font-size:59px}<\/style><h2 class=\"elementor-heading-title elementor-size-xl\"><b>Destinataris de lajuda<\/b><\/h2>\t\t<\/div>\n\t\t\t\t<\/div>\n\t\t\t\t<div class=\"elementor-element elementor-element-fee1b10 elementor-widget elementor-widget-html\" data-id=\"fee1b10\" data-element_type=\"widget\" id=\"principal\" data-widget_type=\"html.default\">\n\t\t\t\t<div class=\"elementor-widget-container\">\n\t\t\t<ul>\r\n    <li>Les persones Propiet\u00e0ries, Usufructu\u00e0ries o Arrendat\u00e0ries d'habitatges, b\u00e9 siguin persones f\u00edsiques o b\u00e9 tinguin personalitat jur\u00eddica de naturalesa privada o p\u00fablica.<\/li>\r\n    <li>Les administracions p\u00fabliques i els organismes i altres entitats de dret p\u00fablic, aix\u00ed com les empreses p\u00fabliques i societats mercantils participades, \u00edntegrament o majorit\u00e0riament, per les administracions p\u00fabliques propiet\u00e0ries dels immobles.<\/li>\r\n    \r\n<\/ul>\t\t<\/div>\n\t\t\t\t<\/div>\n\t\t\t\t<div class=\"elementor-element elementor-element-ae5b4e0 elementor-widget elementor-widget-spacer\" data-id=\"ae5b4e0\" data-element_type=\"widget\" data-widget_type=\"spacer.default\">\n\t\t\t\t<div class=\"elementor-widget-container\">\n\t\t\t\t\t<div class=\"elementor-spacer\">\n\t\t\t<div class=\"elementor-spacer-inner\"><\/div>\n\t\t<\/div>\n\t\t\t\t<\/div>\n\t\t\t\t<\/div>\n\t\t\t\t\t<\/div>\n\t\t<\/div>\n\t\t\t\t\t<\/div>\n\t\t<\/section>\n\t\t\t\t<section class=\"elementor-section elementor-top-section elementor-element elementor-element-1f65152 animated-slow elementor-section-boxed elementor-section-height-default elementor-section-height-default elementor-invisible\" data-id=\"1f65152\" data-element_type=\"section\" data-settings=\"{&quot;animation&quot;:&quot;fadeInUp&quot;}\">\n\t\t\t\t\t\t<div class=\"elementor-container elementor-column-gap-default\">\n\t\t\t\t\t<div class=\"elementor-column elementor-col-100 elementor-top-column elementor-element elementor-element-8049cad\" data-id=\"8049cad\" data-element_type=\"column\">\n\t\t\t<div class=\"elementor-widget-wrap elementor-element-populated\">\n\t\t\t\t\t\t<div class=\"elementor-element elementor-element-c812fef elementor-widget elementor-widget-heading\" data-id=\"c812fef\" data-element_type=\"widget\" data-widget_type=\"heading.default\">\n\t\t\t\t<div class=\"elementor-widget-container\">\n\t\t\t<h2 class=\"elementor-heading-title elementor-size-xl\"><b>Condicions a complir<\/b><\/h2>\t\t<\/div>\n\t\t\t\t<\/div>\n\t\t\t\t<div class=\"elementor-element elementor-element-836e14a elementor-widget elementor-widget-text-editor\" data-id=\"836e14a\" data-element_type=\"widget\" data-widget_type=\"text-editor.default\">\n\t\t\t\t<div class=\"elementor-widget-container\">\n\t\t\t<style>\/*! elementor - v3.23.0 - 05-08-2024 *\/\n.elementor-widget-text-editor.elementor-drop-cap-view-stacked .elementor-drop-cap{background-color:#69727d;color:#fff}.elementor-widget-text-editor.elementor-drop-cap-view-framed .elementor-drop-cap{color:#69727d;border:3px solid;background-color:transparent}.elementor-widget-text-editor:not(.elementor-drop-cap-view-default) .elementor-drop-cap{margin-top:8px}.elementor-widget-text-editor:not(.elementor-drop-cap-view-default) .elementor-drop-cap-letter{width:1em;height:1em}.elementor-widget-text-editor .elementor-drop-cap{float:left;text-align:center;line-height:1;font-size:50px}.elementor-widget-text-editor .elementor-drop-cap-letter{display:inline-block}<\/style>\t\t\t\t<p style=\"text-align: left;\" align=\"justify\">Els <b>requisits dels habitatges<\/b> han de ser els seg\u00fcents:<\/p>\n\t\t\t\t\t\t<\/div>\n\t\t\t\t<\/div>\n\t\t\t\t<div class=\"elementor-element elementor-element-804bf8d elementor-widget elementor-widget-html\" data-id=\"804bf8d\" data-element_type=\"widget\" id=\"principal\" data-widget_type=\"html.default\">\n\t\t\t\t<div class=\"elementor-widget-container\">\n\t\t\t<ul>\r\n    <li>L'habitatge ha de ser un domicili habitual i permanent dels seus ocupants. <\/li>\r\n    <li>El termini no pot excedir <b>els 12 mesos comptats des de la concessi\u00f3 de lajuda.<\/b><\/li>\r\n    <li>Poden acollir-se obres en curs i sense comen\u00e7ar, o les ja executades si la data de finalitzaci\u00f3 fos posterior al 11-04-2022.<\/li>\r\n<\/ul>\t\t<\/div>\n\t\t\t\t<\/div>\n\t\t\t\t<div class=\"elementor-element elementor-element-42de7e0 elementor-widget elementor-widget-text-editor\" data-id=\"42de7e0\" data-element_type=\"widget\" data-widget_type=\"text-editor.default\">\n\t\t\t\t<div class=\"elementor-widget-container\">\n\t\t\t\t\t\t\t<p style=\"text-align: left;\" align=\"justify\">Es consideren <b>actuacions subvencionables<\/b> almenys un dels criteris seg\u00fcents:<\/p>\n\t\t\t\t\t\t<\/div>\n\t\t\t\t<\/div>\n\t\t\t\t<div class=\"elementor-element elementor-element-dec3dfb elementor-widget elementor-widget-html\" data-id=\"dec3dfb\" data-element_type=\"widget\" id=\"principal\" data-widget_type=\"html.default\">\n\t\t\t\t<div class=\"elementor-widget-container\">\n\t\t\t<ul>\r\n    <li>Lactuaci\u00f3 ha de consistir en una modificaci\u00f3 o substituci\u00f3 delements constructius de lenvolupant t\u00e8rmica.<\/li>\r\n    <li>La finalitat de l'actuaci\u00f3 ha de ser per adequar-ne les caracter\u00edstiques als valors l\u00edmit de transmit\u00e0ncia t\u00e8rmica i de permeabilitat a l'aire quan sigui procedent, establerts a les taules 3.1.1.a-HE1 i 3.1.3.a-HE1, del Document B\u00e0sic DB HE d'Estalvi d'energia del Codi T\u00e8cnic de l'Edificaci\u00f3.<\/li>\r\n<\/ul>\t\t<\/div>\n\t\t\t\t<\/div>\n\t\t\t\t<div class=\"elementor-element elementor-element-83d79ff elementor-widget elementor-widget-spacer\" data-id=\"83d79ff\" data-element_type=\"widget\" data-widget_type=\"spacer.default\">\n\t\t\t\t<div class=\"elementor-widget-container\">\n\t\t\t\t\t<div class=\"elementor-spacer\">\n\t\t\t<div class=\"elementor-spacer-inner\"><\/div>\n\t\t<\/div>\n\t\t\t\t<\/div>\n\t\t\t\t<\/div>\n\t\t\t\t\t<\/div>\n\t\t<\/div>\n\t\t\t\t\t<\/div>\n\t\t<\/section>\n\t\t\t\t<section class=\"elementor-section elementor-top-section elementor-element elementor-element-0530572 animated-slow elementor-section-boxed elementor-section-height-default elementor-section-height-default elementor-invisible\" data-id=\"0530572\" data-element_type=\"section\" data-settings=\"{&quot;animation&quot;:&quot;fadeInUp&quot;,&quot;background_background&quot;:&quot;classic&quot;}\">\n\t\t\t\t\t\t\t<div class=\"elementor-background-overlay\"><\/div>\n\t\t\t\t\t\t\t<div class=\"elementor-container elementor-column-gap-default\">\n\t\t\t\t\t<div class=\"elementor-column elementor-col-100 elementor-top-column elementor-element elementor-element-5a594ca\" data-id=\"5a594ca\" data-element_type=\"column\">\n\t\t\t<div class=\"elementor-widget-wrap elementor-element-populated\">\n\t\t\t\t\t\t<section class=\"elementor-section elementor-inner-section elementor-element elementor-element-067a815 elementor-section-boxed elementor-section-height-default elementor-section-height-default\" data-id=\"067a815\" data-element_type=\"section\">\n\t\t\t\t\t\t<div class=\"elementor-container elementor-column-gap-default\">\n\t\t\t\t\t<div class=\"elementor-column elementor-col-50 elementor-inner-column elementor-element elementor-element-69363c4\" data-id=\"69363c4\" data-element_type=\"column\">\n\t\t\t<div class=\"elementor-widget-wrap elementor-element-populated\">\n\t\t\t\t\t\t<div class=\"elementor-element elementor-element-12667f9 elementor-widget elementor-widget-heading\" data-id=\"12667f9\" data-element_type=\"widget\" data-widget_type=\"heading.default\">\n\t\t\t\t<div class=\"elementor-widget-container\">\n\t\t\t<h2 class=\"elementor-heading-title elementor-size-xl\"><b>Quantia de les ajudes<\/b><\/h2>\t\t<\/div>\n\t\t\t\t<\/div>\n\t\t\t\t<div class=\"elementor-element elementor-element-61c34f8 elementor-widget elementor-widget-html\" data-id=\"61c34f8\" data-element_type=\"widget\" id=\"contraste\" data-widget_type=\"html.default\">\n\t\t\t\t<div class=\"elementor-widget-container\">\n\t\t\t<ul style=\"color:white;\">\r\n    <li>Ser\u00e0 del <b>40% del cost de l'actuaci\u00f3<\/b> . <\/li>\r\n    <li>Tindr\u00e0 un <b>l\u00edmit de 3.000 \u20ac<\/b> .<\/li>\r\n    <li>Per poder sol \u00b7 licitar aquests ajudes el cost de lactuaci\u00f3 ha de <b>ser igual o superior a 1.000 \u20ac per habitatge<\/b> . <\/li>\r\n    <li>L'import de l'ajuda total estar\u00e0, en qualsevol cas, limitat per l'import m\u00e0xim que resulti de l'aplicaci\u00f3 de la normativa d'ajudes d'Estat, que sigui aplicable a la tipologia d'actuaci\u00f3 i al tipus de beneficiari.<\/li>\r\n<\/ul>\t\t<\/div>\n\t\t\t\t<\/div>\n\t\t\t\t\t<\/div>\n\t\t<\/div>\n\t\t\t\t<div class=\"elementor-column elementor-col-50 elementor-inner-column elementor-element elementor-element-adea707\" data-id=\"adea707\" data-element_type=\"column\">\n\t\t\t<div class=\"elementor-widget-wrap elementor-element-populated\">\n\t\t\t\t\t\t<div class=\"elementor-element elementor-element-d19a030 elementor-widget elementor-widget-heading\" data-id=\"d19a030\" data-element_type=\"widget\" data-widget_type=\"heading.default\">\n\t\t\t\t<div class=\"elementor-widget-container\">\n\t\t\t<h2 class=\"elementor-heading-title elementor-size-xl\"><b>Compatibilitat d'ajudes<\/b><\/h2>\t\t<\/div>\n\t\t\t\t<\/div>\n\t\t\t\t<div class=\"elementor-element elementor-element-076a205 elementor-widget elementor-widget-html\" data-id=\"076a205\" data-element_type=\"widget\" id=\"contraste\" data-widget_type=\"html.default\">\n\t\t\t\t<div class=\"elementor-widget-container\">\n\t\t\t<ul style=\"color:white;\">\r\n    <li>Els habitatges unifamiliars poden sol\u00b7licitar els ajudes de rehabilitaci\u00f3 d'edificis (AFE-EDIF) o els de millora de l'efici\u00e8ncia energ\u00e8tica d'habitatges (AFE-VIV), per\u00f2 <b>no tots dos<\/b> , i han de complir els requisits corresponents al tipus d'ajuda sol\u00b7licitat.<\/li>\r\n    <li>Quan s'hagin sol\u00b7licitat altres ajudes procedents de fons europeus per al mateix edifici o habitatge, s'haur\u00e0 de justificar, tant a la sol\u00b7licitud de l'ajuda com al procediment de verificaci\u00f3, mitjan\u00e7ant declaraci\u00f3 responsable, que no se subvenciona el mateix cost.<\/li>\r\n<\/ul>\t\t<\/div>\n\t\t\t\t<\/div>\n\t\t\t\t\t<\/div>\n\t\t<\/div>\n\t\t\t\t\t<\/div>\n\t\t<\/section>\n\t\t\t\t\t<\/div>\n\t\t<\/div>\n\t\t\t\t\t<\/div>\n\t\t<\/section>\n\t\t\t\t<section class=\"elementor-section elementor-top-section elementor-element elementor-element-da24078 animated-slow elementor-section-boxed elementor-section-height-default elementor-section-height-default elementor-invisible\" data-id=\"da24078\" data-element_type=\"section\" data-settings=\"{&quot;animation&quot;:&quot;fadeInUp&quot;}\">\n\t\t\t\t\t\t<div class=\"elementor-container elementor-column-gap-default\">\n\t\t\t\t\t<div class=\"elementor-column elementor-col-100 elementor-top-column elementor-element elementor-element-0cf4281\" data-id=\"0cf4281\" data-element_type=\"column\">\n\t\t\t<div class=\"elementor-widget-wrap elementor-element-populated\">\n\t\t\t\t\t\t<div class=\"elementor-element elementor-element-7171ab1 elementor-widget elementor-widget-spacer\" data-id=\"7171ab1\" data-element_type=\"widget\" data-widget_type=\"spacer.default\">\n\t\t\t\t<div class=\"elementor-widget-container\">\n\t\t\t\t\t<div class=\"elementor-spacer\">\n\t\t\t<div class=\"elementor-spacer-inner\"><\/div>\n\t\t<\/div>\n\t\t\t\t<\/div>\n\t\t\t\t<\/div>\n\t\t\t\t<div class=\"elementor-element elementor-element-76ea1a8 elementor-widget elementor-widget-heading\" data-id=\"76ea1a8\" data-element_type=\"widget\" data-widget_type=\"heading.default\">\n\t\t\t\t<div class=\"elementor-widget-container\">\n\t\t\t<h2 class=\"elementor-heading-title elementor-size-xl\"><b>Documentaci\u00f3 a aportar<\/b><\/h2>\t\t<\/div>\n\t\t\t\t<\/div>\n\t\t\t\t<div class=\"elementor-element elementor-element-7c234b1 elementor-widget elementor-widget-text-editor\" data-id=\"7c234b1\" data-element_type=\"widget\" data-widget_type=\"text-editor.default\">\n\t\t\t\t<div class=\"elementor-widget-container\">\n\t\t\t\t\t\t\t<p style=\"text-align: left;\" align=\"justify\">La documentaci\u00f3 que cal presentar \u00e9s l&#8217;establerta a la base vintena Cap\u00edtol II T\u00edtol III<\/p>\n\t\t\t\t\t\t<\/div>\n\t\t\t\t<\/div>\n\t\t\t\t<div class=\"elementor-element elementor-element-c933888 elementor-widget elementor-widget-text-editor\" data-id=\"c933888\" data-element_type=\"widget\" data-widget_type=\"text-editor.default\">\n\t\t\t\t<div class=\"elementor-widget-container\">\n\t\t\t\t\t\t\t<ol type=\"a\"><li>Formulari normalitzat de sol\u00b7licitud d&#8217;ajudes.<\/li><li>Mem\u00f2ria justificativa (el model \u00e9s a les plantilles de la web a dalt indicada).<\/li><li>Sol\u00b7licitud autoritzaci\u00f3 urban\u00edstica o declaraci\u00f3 responsable municipal.<\/li><li>Contracte o oferta actuacions i altres despeses (honoraris).<\/li><li>Tres ofertes de prove\u00efdors diferents, en els casos de contractacions que superin les quanties del contracte menor (40.000\u20ac pels contractes d&#8217;obres).<\/li><li>Certificat defici\u00e8ncia energ\u00e8tica existent en el seu estat actual <u>registrat<\/u> i el nou certificat obtingut considerant realitzar les actuacions previstes.<\/li><li>Fotos a color de les zones a rehabilitar, aix\u00ed com de la fa\u00e7ana principal.<\/li><li>Informe davaluaci\u00f3 de ledifici <u>registrat<\/u> (IEEV.CV) en el cas que es tracti dhabitatges independents unifamiliars sense divisi\u00f3 horitzontal.<\/li><li>En obres ja iniciades, el certificat de linici de les obres, en el cas de ser preceptiu.<\/li><li>Model normalitzat de domiciliaci\u00f3 banc\u00e0ria, i realitzar el tr\u00e0mit automatitzat d&#8217;alta\/modificaci\u00f3\/baixa de les dades personals i banc\u00e0ries, al seg\u00fcent <a style=\"color: #006024;\" href=\"https:\/\/www.gva.es\/es\/inicio\/procedimientos?id_proc=22648\" target=\"_blank\">enlla\u00e7<\/a> .<\/li><li>Declaraci\u00f3 del t\u00e8cnic competent manifestant-ne la compet\u00e8ncia, en cas que sigui necessari.<\/li><li>Declaracions responsables subscrites pel beneficiari (estan tots els models a la plantilla a dalt indicada).<\/li><\/ol>\t\t\t\t\t\t<\/div>\n\t\t\t\t<\/div>\n\t\t\t\t<div class=\"elementor-element elementor-element-bd50bb7 elementor-widget elementor-widget-spacer\" data-id=\"bd50bb7\" data-element_type=\"widget\" data-widget_type=\"spacer.default\">\n\t\t\t\t<div class=\"elementor-widget-container\">\n\t\t\t\t\t<div class=\"elementor-spacer\">\n\t\t\t<div class=\"elementor-spacer-inner\"><\/div>\n\t\t<\/div>\n\t\t\t\t<\/div>\n\t\t\t\t<\/div>\n\t\t\t\t\t<\/div>\n\t\t<\/div>\n\t\t\t\t\t<\/div>\n\t\t<\/section>\n\t\t\t\t<\/div>\n\t\t","protected":false},"excerpt":{"rendered":"<p>AJUDES D&#8217;EFICI\u00c8NCIA ENERG\u00c8TICA D&#8217;HABITATGE (AFE-VIV)AJUDES D&#8217;EFICI\u00c8NCIA ENERG\u00c8TICA D&#8217;HABITATGE (AFE-VIV) Destinataris de lajuda Les persones Propiet\u00e0ries, Usufructu\u00e0ries o Arrendat\u00e0ries d&#8217;habitatges, b\u00e9 siguin persones f\u00edsiques o b\u00e9 tinguin personalitat jur\u00eddica de naturalesa privada o p\u00fablica. Les administracions p\u00fabliques i els organismes i altres entitats de dret p\u00fablic, aix\u00ed com les empreses p\u00fabliques i societats mercantils participades, \u00edntegrament [&hellip;]<\/p>\n","protected":false},"author":3,"featured_media":0,"parent":0,"menu_order":0,"comment_status":"closed","ping_status":"closed","template":"","meta":{"footnotes":""},"class_list":["post-5470","page","type-page","status-publish","hentry"],"yoast_head":"<!-- This site is optimized with the Yoast SEO plugin v27.4 - https:\/\/yoast.com\/product\/yoast-seo-wordpress\/ -->\n<title>\u25b7 Ajuda de l&#039;Envoltant T\u00e8rmica GVA | Persones i Ciutat<\/title>\n<meta name=\"description\" content=\"Accedeix a les ajudes per a la modificaci\u00f3 d&#039;elements constructius de l&#039;Envolvent T\u00e8rmica. Informa&#039;t sobre les ajudes a la Comunitat Valenciana.\" \/>\n<meta name=\"robots\" content=\"index, follow, max-snippet:-1, max-image-preview:large, max-video-preview:-1\" \/>\n<link rel=\"canonical\" href=\"https:\/\/www.personasyciudad.es\/ayuda-envolvente-termica-vivienda-2023\/\" \/>\n<meta property=\"og:locale\" content=\"ca_ES\" \/>\n<meta property=\"og:type\" content=\"article\" \/>\n<meta property=\"og:title\" content=\"\u25b7 Ajuda de l&#039;Envoltant T\u00e8rmica GVA | Persones i Ciutat\" \/>\n<meta property=\"og:description\" content=\"Accedeix a les ajudes per a la modificaci\u00f3 d&#039;elements constructius de l&#039;Envolvent T\u00e8rmica. Informa&#039;t sobre les ajudes a la Comunitat Valenciana.\" \/>\n<meta property=\"og:url\" content=\"https:\/\/www.personasyciudad.es\/ayuda-envolvente-termica-vivienda-2023\/\" \/>\n<meta property=\"og:site_name\" content=\"Personas y Ciudad\" \/>\n<meta property=\"article:modified_time\" content=\"2025-05-28T09:01:41+00:00\" \/>\n<meta name=\"twitter:card\" content=\"summary_large_image\" \/>\n<meta name=\"twitter:label1\" content=\"Est. reading time\" \/>\n\t<meta name=\"twitter:data1\" content=\"3 minutes\" \/>\n<script type=\"application\/ld+json\" class=\"yoast-schema-graph\">{\"@context\":\"https:\\\/\\\/schema.org\",\"@graph\":[{\"@type\":\"WebPage\",\"@id\":\"https:\\\/\\\/www.personasyciudad.es\\\/ayuda-envolvente-termica-vivienda-2023\\\/\",\"url\":\"https:\\\/\\\/www.personasyciudad.es\\\/ayuda-envolvente-termica-vivienda-2023\\\/\",\"name\":\"\u25b7 Ajuda de l'Envoltant T\u00e8rmica GVA | Persones i Ciutat\",\"isPartOf\":{\"@id\":\"https:\\\/\\\/www.personasyciudad.es\\\/#website\"},\"datePublished\":\"2023-05-10T09:57:39+00:00\",\"dateModified\":\"2025-05-28T09:01:41+00:00\",\"description\":\"Accedeix a les ajudes per a la modificaci\u00f3 d'elements constructius de l'Envolvent T\u00e8rmica. Informa't sobre les ajudes a la Comunitat Valenciana.\",\"breadcrumb\":{\"@id\":\"https:\\\/\\\/www.personasyciudad.es\\\/ayuda-envolvente-termica-vivienda-2023\\\/#breadcrumb\"},\"inLanguage\":\"ca-ES\",\"potentialAction\":[{\"@type\":\"ReadAction\",\"target\":[\"https:\\\/\\\/www.personasyciudad.es\\\/ayuda-envolvente-termica-vivienda-2023\\\/\"]}]},{\"@type\":\"BreadcrumbList\",\"@id\":\"https:\\\/\\\/www.personasyciudad.es\\\/ayuda-envolvente-termica-vivienda-2023\\\/#breadcrumb\",\"itemListElement\":[{\"@type\":\"ListItem\",\"position\":1,\"name\":\"Portada\",\"item\":\"https:\\\/\\\/www.personasyciudad.es\\\/\"},{\"@type\":\"ListItem\",\"position\":2,\"name\":\"Ajuda a la modificaci\u00f3 o substituci\u00f3 d&#8217;elements constructius de l&#8217;envolupant t\u00e8rmica (AFE-EVT)\"}]},{\"@type\":\"WebSite\",\"@id\":\"https:\\\/\\\/www.personasyciudad.es\\\/#website\",\"url\":\"https:\\\/\\\/www.personasyciudad.es\\\/\",\"name\":\"Personas y Ciudad\",\"description\":\"Actividades del Ayuntamiento de Sant Joan d\u2019Alacant\",\"publisher\":{\"@id\":\"https:\\\/\\\/www.personasyciudad.es\\\/#organization\"},\"potentialAction\":[{\"@type\":\"SearchAction\",\"target\":{\"@type\":\"EntryPoint\",\"urlTemplate\":\"https:\\\/\\\/www.personasyciudad.es\\\/?s={search_term_string}\"},\"query-input\":{\"@type\":\"PropertyValueSpecification\",\"valueRequired\":true,\"valueName\":\"search_term_string\"}}],\"inLanguage\":\"ca-ES\"},{\"@type\":\"Organization\",\"@id\":\"https:\\\/\\\/www.personasyciudad.es\\\/#organization\",\"name\":\"personas y ciudad\",\"url\":\"https:\\\/\\\/www.personasyciudad.es\\\/\",\"logo\":{\"@type\":\"ImageObject\",\"inLanguage\":\"ca-ES\",\"@id\":\"https:\\\/\\\/www.personasyciudad.es\\\/#\\\/schema\\\/logo\\\/image\\\/\",\"url\":\"https:\\\/\\\/www.personasyciudad.es\\\/wp-content\\\/uploads\\\/2023\\\/04\\\/logo_positivo.png\",\"contentUrl\":\"https:\\\/\\\/www.personasyciudad.es\\\/wp-content\\\/uploads\\\/2023\\\/04\\\/logo_positivo.png\",\"width\":500,\"height\":510,\"caption\":\"personas y ciudad\"},\"image\":{\"@id\":\"https:\\\/\\\/www.personasyciudad.es\\\/#\\\/schema\\\/logo\\\/image\\\/\"}}]}<\/script>\n<!-- \/ Yoast SEO plugin. -->","yoast_head_json":{"title":"\u25b7 Ajuda de l'Envoltant T\u00e8rmica GVA | Persones i Ciutat","description":"Accedeix a les ajudes per a la modificaci\u00f3 d'elements constructius de l'Envolvent T\u00e8rmica. Informa't sobre les ajudes a la Comunitat Valenciana.","robots":{"index":"index","follow":"follow","max-snippet":"max-snippet:-1","max-image-preview":"max-image-preview:large","max-video-preview":"max-video-preview:-1"},"canonical":"https:\/\/www.personasyciudad.es\/ayuda-envolvente-termica-vivienda-2023\/","og_locale":"ca_ES","og_type":"article","og_title":"\u25b7 Ajuda de l'Envoltant T\u00e8rmica GVA | Persones i Ciutat","og_description":"Accedeix a les ajudes per a la modificaci\u00f3 d'elements constructius de l'Envolvent T\u00e8rmica. Informa't sobre les ajudes a la Comunitat Valenciana.","og_url":"https:\/\/www.personasyciudad.es\/ayuda-envolvente-termica-vivienda-2023\/","og_site_name":"Personas y Ciudad","article_modified_time":"2025-05-28T09:01:41+00:00","twitter_card":"summary_large_image","twitter_misc":{"Est. reading time":"3 minutes"},"schema":{"@context":"https:\/\/schema.org","@graph":[{"@type":"WebPage","@id":"https:\/\/www.personasyciudad.es\/ayuda-envolvente-termica-vivienda-2023\/","url":"https:\/\/www.personasyciudad.es\/ayuda-envolvente-termica-vivienda-2023\/","name":"\u25b7 Ajuda de l'Envoltant T\u00e8rmica GVA | Persones i Ciutat","isPartOf":{"@id":"https:\/\/www.personasyciudad.es\/#website"},"datePublished":"2023-05-10T09:57:39+00:00","dateModified":"2025-05-28T09:01:41+00:00","description":"Accedeix a les ajudes per a la modificaci\u00f3 d'elements constructius de l'Envolvent T\u00e8rmica. Informa't sobre les ajudes a la Comunitat Valenciana.","breadcrumb":{"@id":"https:\/\/www.personasyciudad.es\/ayuda-envolvente-termica-vivienda-2023\/#breadcrumb"},"inLanguage":"ca-ES","potentialAction":[{"@type":"ReadAction","target":["https:\/\/www.personasyciudad.es\/ayuda-envolvente-termica-vivienda-2023\/"]}]},{"@type":"BreadcrumbList","@id":"https:\/\/www.personasyciudad.es\/ayuda-envolvente-termica-vivienda-2023\/#breadcrumb","itemListElement":[{"@type":"ListItem","position":1,"name":"Portada","item":"https:\/\/www.personasyciudad.es\/"},{"@type":"ListItem","position":2,"name":"Ajuda a la modificaci\u00f3 o substituci\u00f3 d&#8217;elements constructius de l&#8217;envolupant t\u00e8rmica (AFE-EVT)"}]},{"@type":"WebSite","@id":"https:\/\/www.personasyciudad.es\/#website","url":"https:\/\/www.personasyciudad.es\/","name":"Personas y Ciudad","description":"Actividades del Ayuntamiento de Sant Joan d\u2019Alacant","publisher":{"@id":"https:\/\/www.personasyciudad.es\/#organization"},"potentialAction":[{"@type":"SearchAction","target":{"@type":"EntryPoint","urlTemplate":"https:\/\/www.personasyciudad.es\/?s={search_term_string}"},"query-input":{"@type":"PropertyValueSpecification","valueRequired":true,"valueName":"search_term_string"}}],"inLanguage":"ca-ES"},{"@type":"Organization","@id":"https:\/\/www.personasyciudad.es\/#organization","name":"personas y ciudad","url":"https:\/\/www.personasyciudad.es\/","logo":{"@type":"ImageObject","inLanguage":"ca-ES","@id":"https:\/\/www.personasyciudad.es\/#\/schema\/logo\/image\/","url":"https:\/\/www.personasyciudad.es\/wp-content\/uploads\/2023\/04\/logo_positivo.png","contentUrl":"https:\/\/www.personasyciudad.es\/wp-content\/uploads\/2023\/04\/logo_positivo.png","width":500,"height":510,"caption":"personas y ciudad"},"image":{"@id":"https:\/\/www.personasyciudad.es\/#\/schema\/logo\/image\/"}}]}},"_links":{"self":[{"href":"https:\/\/www.personasyciudad.es\/ca-es\/wp-json\/wp\/v2\/pages\/5470","targetHints":{"allow":["GET"]}}],"collection":[{"href":"https:\/\/www.personasyciudad.es\/ca-es\/wp-json\/wp\/v2\/pages"}],"about":[{"href":"https:\/\/www.personasyciudad.es\/ca-es\/wp-json\/wp\/v2\/types\/page"}],"author":[{"embeddable":true,"href":"https:\/\/www.personasyciudad.es\/ca-es\/wp-json\/wp\/v2\/users\/3"}],"replies":[{"embeddable":true,"href":"https:\/\/www.personasyciudad.es\/ca-es\/wp-json\/wp\/v2\/comments?post=5470"}],"version-history":[{"count":9,"href":"https:\/\/www.personasyciudad.es\/ca-es\/wp-json\/wp\/v2\/pages\/5470\/revisions"}],"predecessor-version":[{"id":5915,"href":"https:\/\/www.personasyciudad.es\/ca-es\/wp-json\/wp\/v2\/pages\/5470\/revisions\/5915"}],"wp:attachment":[{"href":"https:\/\/www.personasyciudad.es\/ca-es\/wp-json\/wp\/v2\/media?parent=5470"}],"curies":[{"name":"wp","href":"https:\/\/api.w.org\/{rel}","templated":true}]}}