{"id":5517,"date":"2023-04-26T08:26:48","date_gmt":"2023-04-26T06:26:48","guid":{"rendered":"https:\/\/www.personasyciudad.es\/neteja\/"},"modified":"2025-05-22T12:10:12","modified_gmt":"2025-05-22T10:10:12","slug":"neteja","status":"publish","type":"page","link":"https:\/\/www.personasyciudad.es\/ca-es\/neteja\/","title":{"rendered":"Neteja"},"content":{"rendered":"\t\t<div data-elementor-type=\"wp-page\" data-elementor-id=\"5517\" class=\"elementor elementor-5517 elementor-1049\" data-elementor-post-type=\"page\">\n\t\t\t\t\t\t<section class=\"elementor-section elementor-top-section elementor-element elementor-element-e1d0194 elementor-section-full_width elementor-section-stretched animated-slow elementor-section-height-default elementor-section-height-default elementor-invisible\" data-id=\"e1d0194\" data-element_type=\"section\" data-settings=\"{&quot;stretch_section&quot;:&quot;section-stretched&quot;,&quot;animation&quot;:&quot;fadeInUp&quot;}\">\n\t\t\t\t\t\t<div class=\"elementor-container elementor-column-gap-no\">\n\t\t\t\t\t<div class=\"elementor-column elementor-col-100 elementor-top-column elementor-element elementor-element-fd49ff6\" data-id=\"fd49ff6\" data-element_type=\"column\">\n\t\t\t<div class=\"elementor-widget-wrap elementor-element-populated\">\n\t\t\t\t\t\t<div class=\"elementor-element elementor-element-3d3a53a elementor--h-position-center elementor--v-position-middle elementor-arrows-position-inside elementor-pagination-position-inside elementor-widget elementor-widget-slides\" data-id=\"3d3a53a\" data-element_type=\"widget\" data-settings=\"{&quot;transition&quot;:&quot;fade&quot;,&quot;transition_speed&quot;:700,&quot;navigation&quot;:&quot;both&quot;,&quot;infinite&quot;:&quot;yes&quot;}\" data-widget_type=\"slides.default\">\n\t\t\t\t<div class=\"elementor-widget-container\">\n\t\t\t\t\t\t\t<div class=\"elementor-swiper\">\n\t\t\t\t\t<div class=\"elementor-slides-wrapper elementor-main-swiper swiper\" role=\"region\" aria-roledescription=\"carousel\" aria-label=\"Slides\" dir=\"ltr\" data-animation=\"\">\n\t\t\t\t<div class=\"swiper-wrapper elementor-slides\">\n\t\t\t\t\t\t\t\t\t\t<div class=\"elementor-repeater-item-4623e18 swiper-slide\" role=\"group\" aria-roledescription=\"slide\"><div class=\"swiper-slide-bg\" role=\"img\"><\/div><div class=\"elementor-background-overlay\"><\/div><div class=\"swiper-slide-inner\" ><div class=\"swiper-slide-contents\"><div class=\"elementor-slide-heading\">NETEJA<\/div><\/div><\/div><\/div><div class=\"elementor-repeater-item-7cad373 swiper-slide\" role=\"group\" aria-roledescription=\"slide\"><div class=\"swiper-slide-bg\" role=\"img\"><\/div><div class=\"elementor-background-overlay\"><\/div><div class=\"swiper-slide-inner\" ><div class=\"swiper-slide-contents\"><div class=\"elementor-slide-heading\">NETEJA<\/div><\/div><\/div><\/div>\t\t\t\t<\/div>\n\t\t\t\t\t\t\t\t\t\t\t\t\t\t\t<div class=\"elementor-swiper-button elementor-swiper-button-prev\" role=\"button\" tabindex=\"0\" aria-label=\"Previous slide\">\n\t\t\t\t\t\t\t<i aria-hidden=\"true\" class=\"eicon-chevron-left\"><\/i>\t\t\t\t\t\t<\/div>\n\t\t\t\t\t\t<div class=\"elementor-swiper-button elementor-swiper-button-next\" role=\"button\" tabindex=\"0\" aria-label=\"Next slide\">\n\t\t\t\t\t\t\t<i aria-hidden=\"true\" class=\"eicon-chevron-right\"><\/i>\t\t\t\t\t\t<\/div>\n\t\t\t\t\t\t\t\t\t\t\t\t\t\t\t\t<div class=\"swiper-pagination\"><\/div>\n\t\t\t\t\t\t\t\t\t\t\t\t<\/div>\n\t\t\t\t<\/div>\n\t\t\t\t\t\t<\/div>\n\t\t\t\t<\/div>\n\t\t\t\t<div class=\"elementor-element elementor-element-732d505 elementor-widget elementor-widget-spacer\" data-id=\"732d505\" data-element_type=\"widget\" data-widget_type=\"spacer.default\">\n\t\t\t\t<div class=\"elementor-widget-container\">\n\t\t\t<style>\/*! elementor - v3.23.0 - 05-08-2024 *\/\n.elementor-column .elementor-spacer-inner{height:var(--spacer-size)}.e-con{--container-widget-width:100%}.e-con-inner>.elementor-widget-spacer,.e-con>.elementor-widget-spacer{width:var(--container-widget-width,var(--spacer-size));--align-self:var(--container-widget-align-self,initial);--flex-shrink:0}.e-con-inner>.elementor-widget-spacer>.elementor-widget-container,.e-con>.elementor-widget-spacer>.elementor-widget-container{height:100%;width:100%}.e-con-inner>.elementor-widget-spacer>.elementor-widget-container>.elementor-spacer,.e-con>.elementor-widget-spacer>.elementor-widget-container>.elementor-spacer{height:100%}.e-con-inner>.elementor-widget-spacer>.elementor-widget-container>.elementor-spacer>.elementor-spacer-inner,.e-con>.elementor-widget-spacer>.elementor-widget-container>.elementor-spacer>.elementor-spacer-inner{height:var(--container-widget-height,var(--spacer-size))}.e-con-inner>.elementor-widget-spacer.elementor-widget-empty,.e-con>.elementor-widget-spacer.elementor-widget-empty{position:relative;min-height:22px;min-width:22px}.e-con-inner>.elementor-widget-spacer.elementor-widget-empty .elementor-widget-empty-icon,.e-con>.elementor-widget-spacer.elementor-widget-empty .elementor-widget-empty-icon{position:absolute;top:0;bottom:0;left:0;right:0;margin:auto;padding:0;width:22px;height:22px}<\/style>\t\t<div class=\"elementor-spacer\">\n\t\t\t<div class=\"elementor-spacer-inner\"><\/div>\n\t\t<\/div>\n\t\t\t\t<\/div>\n\t\t\t\t<\/div>\n\t\t\t\t\t<\/div>\n\t\t<\/div>\n\t\t\t\t\t<\/div>\n\t\t<\/section>\n\t\t\t\t<section class=\"elementor-section elementor-top-section elementor-element elementor-element-8cb2591 animated-slow elementor-section-boxed elementor-section-height-default elementor-section-height-default elementor-invisible\" data-id=\"8cb2591\" data-element_type=\"section\" data-settings=\"{&quot;animation&quot;:&quot;fadeInUp&quot;}\">\n\t\t\t\t\t\t<div class=\"elementor-container elementor-column-gap-default\">\n\t\t\t\t\t<div class=\"elementor-column elementor-col-100 elementor-top-column elementor-element elementor-element-736dd24\" data-id=\"736dd24\" data-element_type=\"column\">\n\t\t\t<div class=\"elementor-widget-wrap elementor-element-populated\">\n\t\t\t\t\t\t<section class=\"elementor-section elementor-inner-section elementor-element elementor-element-81f3140 elementor-section-boxed elementor-section-height-default elementor-section-height-default\" data-id=\"81f3140\" data-element_type=\"section\">\n\t\t\t\t\t\t<div class=\"elementor-container elementor-column-gap-default\">\n\t\t\t\t\t<div class=\"elementor-column elementor-col-50 elementor-inner-column elementor-element elementor-element-0cd2ec7\" data-id=\"0cd2ec7\" data-element_type=\"column\">\n\t\t\t<div class=\"elementor-widget-wrap elementor-element-populated\">\n\t\t\t\t\t\t<div class=\"elementor-element elementor-element-5965962 elementor-widget elementor-widget-heading\" data-id=\"5965962\" data-element_type=\"widget\" data-widget_type=\"heading.default\">\n\t\t\t\t<div class=\"elementor-widget-container\">\n\t\t\t<style>\/*! elementor - v3.23.0 - 05-08-2024 *\/\n.elementor-heading-title{padding:0;margin:0;line-height:1}.elementor-widget-heading .elementor-heading-title[class*=elementor-size-]>a{color:inherit;font-size:inherit;line-height:inherit}.elementor-widget-heading .elementor-heading-title.elementor-size-small{font-size:15px}.elementor-widget-heading .elementor-heading-title.elementor-size-medium{font-size:19px}.elementor-widget-heading .elementor-heading-title.elementor-size-large{font-size:29px}.elementor-widget-heading .elementor-heading-title.elementor-size-xl{font-size:39px}.elementor-widget-heading .elementor-heading-title.elementor-size-xxl{font-size:59px}<\/style><h2 class=\"elementor-heading-title elementor-size-xl\"><b>Servei de Neteja i Manteniment d'Edificis P\u00fablics<\/b><\/h2>\t\t<\/div>\n\t\t\t\t<\/div>\n\t\t\t\t<div class=\"elementor-element elementor-element-c4a47ad elementor-widget elementor-widget-spacer\" data-id=\"c4a47ad\" data-element_type=\"widget\" data-widget_type=\"spacer.default\">\n\t\t\t\t<div class=\"elementor-widget-container\">\n\t\t\t\t\t<div class=\"elementor-spacer\">\n\t\t\t<div class=\"elementor-spacer-inner\"><\/div>\n\t\t<\/div>\n\t\t\t\t<\/div>\n\t\t\t\t<\/div>\n\t\t\t\t<div class=\"elementor-element elementor-element-d9b5e21 elementor-widget elementor-widget-text-editor\" data-id=\"d9b5e21\" data-element_type=\"widget\" data-widget_type=\"text-editor.default\">\n\t\t\t\t<div class=\"elementor-widget-container\">\n\t\t\t<style>\/*! elementor - v3.23.0 - 05-08-2024 *\/\n.elementor-widget-text-editor.elementor-drop-cap-view-stacked .elementor-drop-cap{background-color:#69727d;color:#fff}.elementor-widget-text-editor.elementor-drop-cap-view-framed .elementor-drop-cap{color:#69727d;border:3px solid;background-color:transparent}.elementor-widget-text-editor:not(.elementor-drop-cap-view-default) .elementor-drop-cap{margin-top:8px}.elementor-widget-text-editor:not(.elementor-drop-cap-view-default) .elementor-drop-cap-letter{width:1em;height:1em}.elementor-widget-text-editor .elementor-drop-cap{float:left;text-align:center;line-height:1;font-size:50px}.elementor-widget-text-editor .elementor-drop-cap-letter{display:inline-block}<\/style>\t\t\t\t<p><strong>PERSONAS Y CIUDAD, S.A.U.<\/strong> presta lactivitat de neteja i manteniment dedificis p\u00fablics i depend\u00e8ncies municipals de lExcmo. Ajuntament de Sant Joan d&#8217;Alacant, des del 01 de setembre del 2.016. <\/p>\n<p>A causa de les caracter\u00edstiques de la neteja dels edificis encomanats, especialment la neteja dels Col\u00b7legis P\u00fablics del municipi \u00e9s primordial donar un servei de qualitat; per aix\u00f2 utilitzem tots els recursos disponibles, a nivell de:<\/p>\n\t\t\t\t\t\t<\/div>\n\t\t\t\t<\/div>\n\t\t\t\t<div class=\"elementor-element elementor-element-93df7db elementor-widget elementor-widget-html\" data-id=\"93df7db\" data-element_type=\"widget\" id=\"principal\" data-widget_type=\"html.default\">\n\t\t\t\t<div class=\"elementor-widget-container\">\n\t\t\t<ul>\r\n    <li><b>Personal:<\/b> la nostra empresa, actualment, compta amb una plantilla fixa de 22 treballadors, tots ells amb un alt grau de professionalitat i experi\u00e8ncia en el sector.<\/li>\r\n    <li><b>Material:<\/b> l'empresa contracta els millors productes per assegurar un resultat \u00f2ptim, utilitzant la maquin\u00e0ria corresponent a cada centre, i fent una supervisi\u00f3 cont\u00ednua de les tasques realitzades.<\/li>\r\n<\/ul>\t\t<\/div>\n\t\t\t\t<\/div>\n\t\t\t\t\t<\/div>\n\t\t<\/div>\n\t\t\t\t<div class=\"elementor-column elementor-col-50 elementor-inner-column elementor-element elementor-element-23eca55\" data-id=\"23eca55\" data-element_type=\"column\">\n\t\t\t<div class=\"elementor-widget-wrap elementor-element-populated\">\n\t\t\t\t\t\t<div class=\"elementor-element elementor-element-951876b elementor-widget elementor-widget-image\" data-id=\"951876b\" data-element_type=\"widget\" data-widget_type=\"image.default\">\n\t\t\t\t<div class=\"elementor-widget-container\">\n\t\t\t<style>\/*! elementor - v3.23.0 - 05-08-2024 *\/\n.elementor-widget-image{text-align:center}.elementor-widget-image a{display:inline-block}.elementor-widget-image a img[src$=\".svg\"]{width:48px}.elementor-widget-image img{vertical-align:middle;display:inline-block}<\/style>\t\t\t\t\t\t\t\t\t\t<img decoding=\"async\" src=\"https:\/\/www.personasyciudad.es\/wp-content\/uploads\/elementor\/thumbs\/Limpieza-q5v0ettj87uu5ffnptia5lj0wea22ltcfxlybb0dio.png\" title=\"Limpieza\" alt=\"Limpieza\" loading=\"lazy\" \/>\t\t\t\t\t\t\t\t\t\t\t\t\t<\/div>\n\t\t\t\t<\/div>\n\t\t\t\t\t<\/div>\n\t\t<\/div>\n\t\t\t\t\t<\/div>\n\t\t<\/section>\n\t\t\t\t\t<\/div>\n\t\t<\/div>\n\t\t\t\t\t<\/div>\n\t\t<\/section>\n\t\t\t\t<section class=\"elementor-section elementor-top-section elementor-element elementor-element-06c259f elementor-section-boxed elementor-section-height-default elementor-section-height-default\" data-id=\"06c259f\" data-element_type=\"section\">\n\t\t\t\t\t\t<div class=\"elementor-container elementor-column-gap-default\">\n\t\t\t\t\t<div class=\"elementor-column elementor-col-100 elementor-top-column elementor-element elementor-element-9b621b6\" data-id=\"9b621b6\" data-element_type=\"column\">\n\t\t\t<div class=\"elementor-widget-wrap elementor-element-populated\">\n\t\t\t\t\t\t<div class=\"elementor-element elementor-element-61abccd elementor-widget elementor-widget-spacer\" data-id=\"61abccd\" data-element_type=\"widget\" data-widget_type=\"spacer.default\">\n\t\t\t\t<div class=\"elementor-widget-container\">\n\t\t\t\t\t<div class=\"elementor-spacer\">\n\t\t\t<div class=\"elementor-spacer-inner\"><\/div>\n\t\t<\/div>\n\t\t\t\t<\/div>\n\t\t\t\t<\/div>\n\t\t\t\t\t<\/div>\n\t\t<\/div>\n\t\t\t\t\t<\/div>\n\t\t<\/section>\n\t\t\t\t<section class=\"elementor-section elementor-top-section elementor-element elementor-element-050b150 animated-slow elementor-section-boxed elementor-section-height-default elementor-section-height-default elementor-invisible\" data-id=\"050b150\" data-element_type=\"section\" data-settings=\"{&quot;background_background&quot;:&quot;classic&quot;,&quot;animation&quot;:&quot;fadeInUp&quot;}\">\n\t\t\t\t\t\t\t<div class=\"elementor-background-overlay\"><\/div>\n\t\t\t\t\t\t\t<div class=\"elementor-container elementor-column-gap-default\">\n\t\t\t\t\t<div class=\"elementor-column elementor-col-100 elementor-top-column elementor-element elementor-element-191c7b2\" data-id=\"191c7b2\" data-element_type=\"column\">\n\t\t\t<div class=\"elementor-widget-wrap elementor-element-populated\">\n\t\t\t\t\t\t<div class=\"elementor-element elementor-element-48d381d elementor-widget elementor-widget-text-editor\" data-id=\"48d381d\" data-element_type=\"widget\" data-widget_type=\"text-editor.default\">\n\t\t\t\t<div class=\"elementor-widget-container\">\n\t\t\t\t\t\t\t<p style=\"text-align: left;\">Actualment, PERSONAS Y CIUDAD, S.A.U. realitza la neteja a les seg\u00fcents instal\u00b7lacions del municipi de Sant Joan d\u00b4Alacant:<\/p>\n\t\t\t\t\t\t<\/div>\n\t\t\t\t<\/div>\n\t\t\t\t<section class=\"elementor-section elementor-inner-section elementor-element elementor-element-815eca9 elementor-section-boxed elementor-section-height-default elementor-section-height-default\" data-id=\"815eca9\" data-element_type=\"section\">\n\t\t\t\t\t\t<div class=\"elementor-container elementor-column-gap-default\">\n\t\t\t\t\t<div class=\"elementor-column elementor-col-33 elementor-inner-column elementor-element elementor-element-806a96d\" data-id=\"806a96d\" data-element_type=\"column\">\n\t\t\t<div class=\"elementor-widget-wrap elementor-element-populated\">\n\t\t\t\t\t\t<div class=\"elementor-element elementor-element-aa02010 elementor-icon-list--layout-traditional elementor-list-item-link-full_width elementor-widget elementor-widget-icon-list\" data-id=\"aa02010\" data-element_type=\"widget\" data-widget_type=\"icon-list.default\">\n\t\t\t\t<div class=\"elementor-widget-container\">\n\t\t\t<link rel=\"stylesheet\" href=\"https:\/\/www.personasyciudad.es\/wp-content\/plugins\/elementor\/assets\/css\/widget-icon-list.min.css\">\t\t<ul class=\"elementor-icon-list-items\">\n\t\t\t\t\t\t\t<li class=\"elementor-icon-list-item\">\n\t\t\t\t\t\t\t\t\t\t\t<span class=\"elementor-icon-list-icon\">\n\t\t\t\t\t\t\t<i aria-hidden=\"true\" class=\"fas fa-dot-circle\"><\/i>\t\t\t\t\t\t<\/span>\n\t\t\t\t\t\t\t\t\t\t<span class=\"elementor-icon-list-text\">Oficines Municipals<\/span>\n\t\t\t\t\t\t\t\t\t<\/li>\n\t\t\t\t\t\t\t\t<li class=\"elementor-icon-list-item\">\n\t\t\t\t\t\t\t\t\t\t\t<span class=\"elementor-icon-list-icon\">\n\t\t\t\t\t\t\t<i aria-hidden=\"true\" class=\"fas fa-dot-circle\"><\/i>\t\t\t\t\t\t<\/span>\n\t\t\t\t\t\t\t\t\t\t<span class=\"elementor-icon-list-text\">Institut Lloixa<\/span>\n\t\t\t\t\t\t\t\t\t<\/li>\n\t\t\t\t\t\t\t\t<li class=\"elementor-icon-list-item\">\n\t\t\t\t\t\t\t\t\t\t\t<span class=\"elementor-icon-list-icon\">\n\t\t\t\t\t\t\t<i aria-hidden=\"true\" class=\"fas fa-dot-circle\"><\/i>\t\t\t\t\t\t<\/span>\n\t\t\t\t\t\t\t\t\t\t<span class=\"elementor-icon-list-text\">Centre de majors<\/span>\n\t\t\t\t\t\t\t\t\t<\/li>\n\t\t\t\t\t\t\t\t<li class=\"elementor-icon-list-item\">\n\t\t\t\t\t\t\t\t\t\t\t<span class=\"elementor-icon-list-icon\">\n\t\t\t\t\t\t\t<i aria-hidden=\"true\" class=\"fas fa-dot-circle\"><\/i>\t\t\t\t\t\t<\/span>\n\t\t\t\t\t\t\t\t\t\t<span class=\"elementor-icon-list-text\">CEIP Rajoletes Grande<\/span>\n\t\t\t\t\t\t\t\t\t<\/li>\n\t\t\t\t\t\t\t\t<li class=\"elementor-icon-list-item\">\n\t\t\t\t\t\t\t\t\t\t\t<span class=\"elementor-icon-list-icon\">\n\t\t\t\t\t\t\t<i aria-hidden=\"true\" class=\"fas fa-dot-circle\"><\/i>\t\t\t\t\t\t<\/span>\n\t\t\t\t\t\t\t\t\t\t<span class=\"elementor-icon-list-text\">CEIP Cristo de la Paz<\/span>\n\t\t\t\t\t\t\t\t\t<\/li>\n\t\t\t\t\t\t\t\t<li class=\"elementor-icon-list-item\">\n\t\t\t\t\t\t\t\t\t\t\t<span class=\"elementor-icon-list-icon\">\n\t\t\t\t\t\t\t<i aria-hidden=\"true\" class=\"fas fa-dot-circle\"><\/i>\t\t\t\t\t\t<\/span>\n\t\t\t\t\t\t\t\t\t\t<span class=\"elementor-icon-list-text\">Casa Consistorial<\/span>\n\t\t\t\t\t\t\t\t\t<\/li>\n\t\t\t\t\t\t\t\t<li class=\"elementor-icon-list-item\">\n\t\t\t\t\t\t\t\t\t\t\t<span class=\"elementor-icon-list-icon\">\n\t\t\t\t\t\t\t<i aria-hidden=\"true\" class=\"fas fa-dot-circle\"><\/i>\t\t\t\t\t\t<\/span>\n\t\t\t\t\t\t\t\t\t\t<span class=\"elementor-icon-list-text\">Cementeri<\/span>\n\t\t\t\t\t\t\t\t\t<\/li>\n\t\t\t\t\t\t\t\t<li class=\"elementor-icon-list-item\">\n\t\t\t\t\t\t\t\t\t\t\t<span class=\"elementor-icon-list-icon\">\n\t\t\t\t\t\t\t<i aria-hidden=\"true\" class=\"fas fa-dot-circle\"><\/i>\t\t\t\t\t\t<\/span>\n\t\t\t\t\t\t\t\t\t\t<span class=\"elementor-icon-list-text\">Casa de la Setmana Santa<\/span>\n\t\t\t\t\t\t\t\t\t<\/li>\n\t\t\t\t\t\t<\/ul>\n\t\t\t\t<\/div>\n\t\t\t\t<\/div>\n\t\t\t\t\t<\/div>\n\t\t<\/div>\n\t\t\t\t<div class=\"elementor-column elementor-col-33 elementor-inner-column elementor-element elementor-element-ad7ea3a\" data-id=\"ad7ea3a\" data-element_type=\"column\">\n\t\t\t<div class=\"elementor-widget-wrap elementor-element-populated\">\n\t\t\t\t\t\t<div class=\"elementor-element elementor-element-104327f elementor-icon-list--layout-traditional elementor-list-item-link-full_width elementor-widget elementor-widget-icon-list\" data-id=\"104327f\" data-element_type=\"widget\" data-widget_type=\"icon-list.default\">\n\t\t\t\t<div class=\"elementor-widget-container\">\n\t\t\t\t\t<ul class=\"elementor-icon-list-items\">\n\t\t\t\t\t\t\t<li class=\"elementor-icon-list-item\">\n\t\t\t\t\t\t\t\t\t\t\t<span class=\"elementor-icon-list-icon\">\n\t\t\t\t\t\t\t<i aria-hidden=\"true\" class=\"fas fa-dot-circle\"><\/i>\t\t\t\t\t\t<\/span>\n\t\t\t\t\t\t\t\t\t\t<span class=\"elementor-icon-list-text\">Brigada Obres<\/span>\n\t\t\t\t\t\t\t\t\t<\/li>\n\t\t\t\t\t\t\t\t<li class=\"elementor-icon-list-item\">\n\t\t\t\t\t\t\t\t\t\t\t<span class=\"elementor-icon-list-icon\">\n\t\t\t\t\t\t\t<i aria-hidden=\"true\" class=\"fas fa-dot-circle\"><\/i>\t\t\t\t\t\t<\/span>\n\t\t\t\t\t\t\t\t\t\t<span class=\"elementor-icon-list-text\">Jutjats<\/span>\n\t\t\t\t\t\t\t\t\t<\/li>\n\t\t\t\t\t\t\t\t<li class=\"elementor-icon-list-item\">\n\t\t\t\t\t\t\t\t\t\t\t<span class=\"elementor-icon-list-icon\">\n\t\t\t\t\t\t\t<i aria-hidden=\"true\" class=\"fas fa-dot-circle\"><\/i>\t\t\t\t\t\t<\/span>\n\t\t\t\t\t\t\t\t\t\t<span class=\"elementor-icon-list-text\">Casa Cultura<\/span>\n\t\t\t\t\t\t\t\t\t<\/li>\n\t\t\t\t\t\t\t\t<li class=\"elementor-icon-list-item\">\n\t\t\t\t\t\t\t\t\t\t\t<span class=\"elementor-icon-list-icon\">\n\t\t\t\t\t\t\t<i aria-hidden=\"true\" class=\"fas fa-dot-circle\"><\/i>\t\t\t\t\t\t<\/span>\n\t\t\t\t\t\t\t\t\t\t<span class=\"elementor-icon-list-text\">CEIP Rajoletes Peque\u00f1o<\/span>\n\t\t\t\t\t\t\t\t\t<\/li>\n\t\t\t\t\t\t\t\t<li class=\"elementor-icon-list-item\">\n\t\t\t\t\t\t\t\t\t\t\t<span class=\"elementor-icon-list-icon\">\n\t\t\t\t\t\t\t<i aria-hidden=\"true\" class=\"fas fa-dot-circle\"><\/i>\t\t\t\t\t\t<\/span>\n\t\t\t\t\t\t\t\t\t\t<span class=\"elementor-icon-list-text\">CEIP Lo Romero<\/span>\n\t\t\t\t\t\t\t\t\t<\/li>\n\t\t\t\t\t\t\t\t<li class=\"elementor-icon-list-item\">\n\t\t\t\t\t\t\t\t\t\t\t<span class=\"elementor-icon-list-icon\">\n\t\t\t\t\t\t\t<i aria-hidden=\"true\" class=\"fas fa-dot-circle\"><\/i>\t\t\t\t\t\t<\/span>\n\t\t\t\t\t\t\t\t\t\t<span class=\"elementor-icon-list-text\">Lavabos Parc Municipal<\/span>\n\t\t\t\t\t\t\t\t\t<\/li>\n\t\t\t\t\t\t\t\t<li class=\"elementor-icon-list-item\">\n\t\t\t\t\t\t\t\t\t\t\t<span class=\"elementor-icon-list-icon\">\n\t\t\t\t\t\t\t<i aria-hidden=\"true\" class=\"fas fa-dot-circle\"><\/i>\t\t\t\t\t\t<\/span>\n\t\t\t\t\t\t\t\t\t\t<span class=\"elementor-icon-list-text\">Mercat Municipal<\/span>\n\t\t\t\t\t\t\t\t\t<\/li>\n\t\t\t\t\t\t\t\t<li class=\"elementor-icon-list-item\">\n\t\t\t\t\t\t\t\t\t\t\t<span class=\"elementor-icon-list-icon\">\n\t\t\t\t\t\t\t<i aria-hidden=\"true\" class=\"fas fa-dot-circle\"><\/i>\t\t\t\t\t\t<\/span>\n\t\t\t\t\t\t\t\t\t\t<span class=\"elementor-icon-list-text\">Torre Ansaldo<\/span>\n\t\t\t\t\t\t\t\t\t<\/li>\n\t\t\t\t\t\t<\/ul>\n\t\t\t\t<\/div>\n\t\t\t\t<\/div>\n\t\t\t\t\t<\/div>\n\t\t<\/div>\n\t\t\t\t<div class=\"elementor-column elementor-col-33 elementor-inner-column elementor-element elementor-element-afe6a0a\" data-id=\"afe6a0a\" data-element_type=\"column\">\n\t\t\t<div class=\"elementor-widget-wrap elementor-element-populated\">\n\t\t\t\t\t\t<div class=\"elementor-element elementor-element-eacc0d8 elementor-icon-list--layout-traditional elementor-list-item-link-full_width elementor-widget elementor-widget-icon-list\" data-id=\"eacc0d8\" data-element_type=\"widget\" data-widget_type=\"icon-list.default\">\n\t\t\t\t<div class=\"elementor-widget-container\">\n\t\t\t\t\t<ul class=\"elementor-icon-list-items\">\n\t\t\t\t\t\t\t<li class=\"elementor-icon-list-item\">\n\t\t\t\t\t\t\t\t\t\t\t<span class=\"elementor-icon-list-icon\">\n\t\t\t\t\t\t\t<i aria-hidden=\"true\" class=\"fas fa-dot-circle\"><\/i>\t\t\t\t\t\t<\/span>\n\t\t\t\t\t\t\t\t\t\t<span class=\"elementor-icon-list-text\">Policia Municipal<\/span>\n\t\t\t\t\t\t\t\t\t<\/li>\n\t\t\t\t\t\t\t\t<li class=\"elementor-icon-list-item\">\n\t\t\t\t\t\t\t\t\t\t\t<span class=\"elementor-icon-list-icon\">\n\t\t\t\t\t\t\t<i aria-hidden=\"true\" class=\"fas fa-dot-circle\"><\/i>\t\t\t\t\t\t<\/span>\n\t\t\t\t\t\t\t\t\t\t<span class=\"elementor-icon-list-text\">Casa Rellotge<\/span>\n\t\t\t\t\t\t\t\t\t<\/li>\n\t\t\t\t\t\t\t\t<li class=\"elementor-icon-list-item\">\n\t\t\t\t\t\t\t\t\t\t\t<span class=\"elementor-icon-list-icon\">\n\t\t\t\t\t\t\t<i aria-hidden=\"true\" class=\"fas fa-dot-circle\"><\/i>\t\t\t\t\t\t<\/span>\n\t\t\t\t\t\t\t\t\t\t<span class=\"elementor-icon-list-text\">Arxiu - Biblioteca<\/span>\n\t\t\t\t\t\t\t\t\t<\/li>\n\t\t\t\t\t\t\t\t<li class=\"elementor-icon-list-item\">\n\t\t\t\t\t\t\t\t\t\t\t<span class=\"elementor-icon-list-icon\">\n\t\t\t\t\t\t\t<i aria-hidden=\"true\" class=\"fas fa-dot-circle\"><\/i>\t\t\t\t\t\t<\/span>\n\t\t\t\t\t\t\t\t\t\t<span class=\"elementor-icon-list-text\">CEIP L'Ordana<\/span>\n\t\t\t\t\t\t\t\t\t<\/li>\n\t\t\t\t\t\t\t\t<li class=\"elementor-icon-list-item\">\n\t\t\t\t\t\t\t\t\t\t\t<span class=\"elementor-icon-list-icon\">\n\t\t\t\t\t\t\t<i aria-hidden=\"true\" class=\"fas fa-dot-circle\"><\/i>\t\t\t\t\t\t<\/span>\n\t\t\t\t\t\t\t\t\t\t<span class=\"elementor-icon-list-text\">Casal d'Associacions<\/span>\n\t\t\t\t\t\t\t\t\t<\/li>\n\t\t\t\t\t\t\t\t<li class=\"elementor-icon-list-item\">\n\t\t\t\t\t\t\t\t\t\t\t<span class=\"elementor-icon-list-icon\">\n\t\t\t\t\t\t\t<i aria-hidden=\"true\" class=\"fas fa-dot-circle\"><\/i>\t\t\t\t\t\t<\/span>\n\t\t\t\t\t\t\t\t\t\t<span class=\"elementor-icon-list-text\">Lavabos L'Ordana<\/span>\n\t\t\t\t\t\t\t\t\t<\/li>\n\t\t\t\t\t\t\t\t<li class=\"elementor-icon-list-item\">\n\t\t\t\t\t\t\t\t\t\t\t<span class=\"elementor-icon-list-icon\">\n\t\t\t\t\t\t\t<i aria-hidden=\"true\" class=\"fas fa-dot-circle\"><\/i>\t\t\t\t\t\t<\/span>\n\t\t\t\t\t\t\t\t\t\t<span class=\"elementor-icon-list-text\">Poliesportiu<\/span>\n\t\t\t\t\t\t\t\t\t<\/li>\n\t\t\t\t\t\t\t\t<li class=\"elementor-icon-list-item\">\n\t\t\t\t\t\t\t\t\t\t\t<span class=\"elementor-icon-list-icon\">\n\t\t\t\t\t\t\t<i aria-hidden=\"true\" class=\"fas fa-dot-circle\"><\/i>\t\t\t\t\t\t<\/span>\n\t\t\t\t\t\t\t\t\t\t<span class=\"elementor-icon-list-text\">Cristalls, altres serveis<\/span>\n\t\t\t\t\t\t\t\t\t<\/li>\n\t\t\t\t\t\t<\/ul>\n\t\t\t\t<\/div>\n\t\t\t\t<\/div>\n\t\t\t\t\t<\/div>\n\t\t<\/div>\n\t\t\t\t\t<\/div>\n\t\t<\/section>\n\t\t\t\t\t<\/div>\n\t\t<\/div>\n\t\t\t\t\t<\/div>\n\t\t<\/section>\n\t\t\t\t<section class=\"elementor-section elementor-top-section elementor-element elementor-element-b041dfa animated-slow elementor-section-boxed elementor-section-height-default elementor-section-height-default elementor-invisible\" data-id=\"b041dfa\" data-element_type=\"section\" data-settings=\"{&quot;animation&quot;:&quot;fadeInUp&quot;}\">\n\t\t\t\t\t\t<div class=\"elementor-container elementor-column-gap-default\">\n\t\t\t\t\t<div class=\"elementor-column elementor-col-100 elementor-top-column elementor-element elementor-element-f899445\" data-id=\"f899445\" data-element_type=\"column\">\n\t\t\t<div class=\"elementor-widget-wrap elementor-element-populated\">\n\t\t\t\t\t\t<div class=\"elementor-element elementor-element-d51cb02 elementor-invisible elementor-widget elementor-widget-text-editor\" data-id=\"d51cb02\" data-element_type=\"widget\" data-settings=\"{&quot;_animation&quot;:&quot;fadeInUp&quot;}\" data-widget_type=\"text-editor.default\">\n\t\t\t\t<div class=\"elementor-widget-container\">\n\t\t\t\t\t\t\t<p>L&#8217;objectiu de la mercantil <strong>PERSONAS Y CIUDAD, S.A.U.<\/strong>, no \u00e9s nom\u00e9s que usuaris i ciutadans gaudeixin d&#8217;espais amb un \u00f2ptim grau de neteja, ia un cost competitiu, sin\u00f3 fer-ho de manera responsable, <strong>utilitzant productes i t\u00e8cniques respectuoses amb el medi ambient<\/strong> i sobretot fomentant la <strong>integraci\u00f3 laboral de persones de col\u00b7lectius vulnerables <\/strong>als serveis que prestem.<\/p>\n<p>El nostre servei de neteja compta amb un sistema de prevenci\u00f3 de riscos laborals supervisat per la mercantil CUALTIS, S.L.U.<\/p>\n<p>A fi de cobrir possibles eventualitats al servei, l&#8217;empresa compta amb una borsa d&#8217;ocupaci\u00f3. Qualsevol persona interessada a treballar amb nosaltres, pot enviar el seu curr\u00edculum a trav\u00e9s del mail <a style=\"color: #006024;\" href=\"mailto:rrhh@personasyciudad.es\">rrhh@personasyciudad.es<\/a> <\/p>\n\t\t\t\t\t\t<\/div>\n\t\t\t\t<\/div>\n\t\t\t\t<div class=\"elementor-element elementor-element-ae5b4e0 elementor-widget elementor-widget-spacer\" data-id=\"ae5b4e0\" data-element_type=\"widget\" data-widget_type=\"spacer.default\">\n\t\t\t\t<div class=\"elementor-widget-container\">\n\t\t\t\t\t<div class=\"elementor-spacer\">\n\t\t\t<div class=\"elementor-spacer-inner\"><\/div>\n\t\t<\/div>\n\t\t\t\t<\/div>\n\t\t\t\t<\/div>\n\t\t\t\t\t<\/div>\n\t\t<\/div>\n\t\t\t\t\t<\/div>\n\t\t<\/section>\n\t\t\t\t<section class=\"elementor-section elementor-top-section elementor-element elementor-element-d241a52 animated-slow elementor-section-boxed elementor-section-height-default elementor-section-height-default elementor-invisible\" data-id=\"d241a52\" data-element_type=\"section\" data-settings=\"{&quot;animation&quot;:&quot;fadeInUp&quot;}\">\n\t\t\t\t\t\t<div class=\"elementor-container elementor-column-gap-default\">\n\t\t\t\t\t<div class=\"elementor-column elementor-col-100 elementor-top-column elementor-element elementor-element-ece92e5\" data-id=\"ece92e5\" data-element_type=\"column\">\n\t\t\t<div class=\"elementor-widget-wrap elementor-element-populated\">\n\t\t\t\t\t\t<div class=\"elementor-element elementor-element-d3d8efd elementor-widget elementor-widget-heading\" data-id=\"d3d8efd\" data-element_type=\"widget\" data-widget_type=\"heading.default\">\n\t\t\t\t<div class=\"elementor-widget-container\">\n\t\t\t<h2 class=\"elementor-heading-title elementor-size-default\"><b>Espais amb els nostres serveis de neteja<\/b><\/h2>\t\t<\/div>\n\t\t\t\t<\/div>\n\t\t\t\t<div class=\"elementor-element elementor-element-25b22fe elementor-arrows-position-inside elementor-pagination-position-outside elementor-widget elementor-widget-image-carousel\" data-id=\"25b22fe\" data-element_type=\"widget\" data-settings=\"{&quot;slides_to_show&quot;:&quot;3&quot;,&quot;slides_to_scroll&quot;:&quot;1&quot;,&quot;navigation&quot;:&quot;both&quot;,&quot;autoplay&quot;:&quot;yes&quot;,&quot;pause_on_hover&quot;:&quot;yes&quot;,&quot;pause_on_interaction&quot;:&quot;yes&quot;,&quot;autoplay_speed&quot;:5000,&quot;infinite&quot;:&quot;yes&quot;,&quot;speed&quot;:500}\" data-widget_type=\"image-carousel.default\">\n\t\t\t\t<div class=\"elementor-widget-container\">\n\t\t\t<style>\/*! elementor - v3.23.0 - 05-08-2024 *\/\n.elementor-widget-image-carousel .swiper,.elementor-widget-image-carousel .swiper-container{position:static}.elementor-widget-image-carousel .swiper-container .swiper-slide figure,.elementor-widget-image-carousel .swiper .swiper-slide figure{line-height:inherit}.elementor-widget-image-carousel .swiper-slide{text-align:center}.elementor-image-carousel-wrapper:not(.swiper-container-initialized):not(.swiper-initialized) .swiper-slide{max-width:calc(100% \/ var(--e-image-carousel-slides-to-show, 3))}<\/style>\t\t<div class=\"elementor-image-carousel-wrapper swiper\" dir=\"ltr\">\n\t\t\t<div class=\"elementor-image-carousel swiper-wrapper\" aria-live=\"off\">\n\t\t\t\t\t\t\t\t<div class=\"swiper-slide\" role=\"group\" aria-roledescription=\"slide\" aria-label=\"1 of 23\"><a data-elementor-open-lightbox=\"yes\" data-elementor-lightbox-slideshow=\"25b22fe\" data-elementor-lightbox-title=\"J23-Personas-Ciudad-073\" data-e-action-hash=\"#elementor-action%3Aaction%3Dlightbox%26settings%3DeyJpZCI6NTI2OSwidXJsIjoiaHR0cHM6XC9cL3d3dy5wZXJzb25hc3ljaXVkYWQuZXNcL3dwLWNvbnRlbnRcL3VwbG9hZHNcLzIwMjNcLzA1XC9KMjMtUGVyc29uYXMtQ2l1ZGFkLTA3My5qcGciLCJzbGlkZXNob3ciOiIyNWIyMmZlIn0%3D\" href=\"https:\/\/www.personasyciudad.es\/wp-content\/uploads\/2023\/05\/J23-Personas-Ciudad-073.jpg\"><figure class=\"swiper-slide-inner\"><img decoding=\"async\" class=\"swiper-slide-image\" src=\"https:\/\/www.personasyciudad.es\/wp-content\/uploads\/2023\/05\/J23-Personas-Ciudad-073-1024x683.jpg\" alt=\"J23-Personas-Ciudad-073\" \/><\/figure><\/a><\/div><div class=\"swiper-slide\" role=\"group\" aria-roledescription=\"slide\" aria-label=\"2 of 23\"><a data-elementor-open-lightbox=\"yes\" data-elementor-lightbox-slideshow=\"25b22fe\" data-elementor-lightbox-title=\"J23-Personas-Ciudad-085\" data-e-action-hash=\"#elementor-action%3Aaction%3Dlightbox%26settings%3DeyJpZCI6NTI3MCwidXJsIjoiaHR0cHM6XC9cL3d3dy5wZXJzb25hc3ljaXVkYWQuZXNcL3dwLWNvbnRlbnRcL3VwbG9hZHNcLzIwMjNcLzA1XC9KMjMtUGVyc29uYXMtQ2l1ZGFkLTA4NS5qcGciLCJzbGlkZXNob3ciOiIyNWIyMmZlIn0%3D\" href=\"https:\/\/www.personasyciudad.es\/wp-content\/uploads\/2023\/05\/J23-Personas-Ciudad-085.jpg\"><figure class=\"swiper-slide-inner\"><img decoding=\"async\" class=\"swiper-slide-image\" src=\"https:\/\/www.personasyciudad.es\/wp-content\/uploads\/2023\/05\/J23-Personas-Ciudad-085-1024x683.jpg\" alt=\"J23-Personas-Ciudad-085\" \/><\/figure><\/a><\/div><div class=\"swiper-slide\" role=\"group\" aria-roledescription=\"slide\" aria-label=\"3 of 23\"><a data-elementor-open-lightbox=\"yes\" data-elementor-lightbox-slideshow=\"25b22fe\" data-elementor-lightbox-title=\"J23-Personas-Ciudad-089\" data-e-action-hash=\"#elementor-action%3Aaction%3Dlightbox%26settings%3DeyJpZCI6NTI3MSwidXJsIjoiaHR0cHM6XC9cL3d3dy5wZXJzb25hc3ljaXVkYWQuZXNcL3dwLWNvbnRlbnRcL3VwbG9hZHNcLzIwMjNcLzA1XC9KMjMtUGVyc29uYXMtQ2l1ZGFkLTA4OS5qcGciLCJzbGlkZXNob3ciOiIyNWIyMmZlIn0%3D\" href=\"https:\/\/www.personasyciudad.es\/wp-content\/uploads\/2023\/05\/J23-Personas-Ciudad-089.jpg\"><figure class=\"swiper-slide-inner\"><img decoding=\"async\" class=\"swiper-slide-image\" src=\"https:\/\/www.personasyciudad.es\/wp-content\/uploads\/2023\/05\/J23-Personas-Ciudad-089-1024x682.jpg\" alt=\"J23-Personas-Ciudad-089\" \/><\/figure><\/a><\/div><div class=\"swiper-slide\" role=\"group\" aria-roledescription=\"slide\" aria-label=\"4 of 23\"><a data-elementor-open-lightbox=\"yes\" data-elementor-lightbox-slideshow=\"25b22fe\" data-elementor-lightbox-title=\"J23-Personas-Ciudad-096\" data-e-action-hash=\"#elementor-action%3Aaction%3Dlightbox%26settings%3DeyJpZCI6NTI3MiwidXJsIjoiaHR0cHM6XC9cL3d3dy5wZXJzb25hc3ljaXVkYWQuZXNcL3dwLWNvbnRlbnRcL3VwbG9hZHNcLzIwMjNcLzA1XC9KMjMtUGVyc29uYXMtQ2l1ZGFkLTA5Ni5qcGciLCJzbGlkZXNob3ciOiIyNWIyMmZlIn0%3D\" href=\"https:\/\/www.personasyciudad.es\/wp-content\/uploads\/2023\/05\/J23-Personas-Ciudad-096.jpg\"><figure class=\"swiper-slide-inner\"><img decoding=\"async\" class=\"swiper-slide-image\" src=\"https:\/\/www.personasyciudad.es\/wp-content\/uploads\/2023\/05\/J23-Personas-Ciudad-096-1024x683.jpg\" alt=\"J23-Personas-Ciudad-096\" \/><\/figure><\/a><\/div><div class=\"swiper-slide\" role=\"group\" aria-roledescription=\"slide\" aria-label=\"5 of 23\"><a data-elementor-open-lightbox=\"yes\" data-elementor-lightbox-slideshow=\"25b22fe\" data-elementor-lightbox-title=\"J23-Personas-Ciudad-109\" data-e-action-hash=\"#elementor-action%3Aaction%3Dlightbox%26settings%3DeyJpZCI6NTI3MywidXJsIjoiaHR0cHM6XC9cL3d3dy5wZXJzb25hc3ljaXVkYWQuZXNcL3dwLWNvbnRlbnRcL3VwbG9hZHNcLzIwMjNcLzA1XC9KMjMtUGVyc29uYXMtQ2l1ZGFkLTEwOS5qcGciLCJzbGlkZXNob3ciOiIyNWIyMmZlIn0%3D\" href=\"https:\/\/www.personasyciudad.es\/wp-content\/uploads\/2023\/05\/J23-Personas-Ciudad-109.jpg\"><figure class=\"swiper-slide-inner\"><img decoding=\"async\" class=\"swiper-slide-image\" src=\"https:\/\/www.personasyciudad.es\/wp-content\/uploads\/2023\/05\/J23-Personas-Ciudad-109-1024x683.jpg\" alt=\"J23-Personas-Ciudad-109\" \/><\/figure><\/a><\/div><div class=\"swiper-slide\" role=\"group\" aria-roledescription=\"slide\" aria-label=\"6 of 23\"><a data-elementor-open-lightbox=\"yes\" data-elementor-lightbox-slideshow=\"25b22fe\" data-elementor-lightbox-title=\"J23-Personas-Ciudad-116\" data-e-action-hash=\"#elementor-action%3Aaction%3Dlightbox%26settings%3DeyJpZCI6NTI3NCwidXJsIjoiaHR0cHM6XC9cL3d3dy5wZXJzb25hc3ljaXVkYWQuZXNcL3dwLWNvbnRlbnRcL3VwbG9hZHNcLzIwMjNcLzA1XC9KMjMtUGVyc29uYXMtQ2l1ZGFkLTExNi5qcGciLCJzbGlkZXNob3ciOiIyNWIyMmZlIn0%3D\" href=\"https:\/\/www.personasyciudad.es\/wp-content\/uploads\/2023\/05\/J23-Personas-Ciudad-116.jpg\"><figure class=\"swiper-slide-inner\"><img decoding=\"async\" class=\"swiper-slide-image\" src=\"https:\/\/www.personasyciudad.es\/wp-content\/uploads\/2023\/05\/J23-Personas-Ciudad-116-1024x683.jpg\" alt=\"J23-Personas-Ciudad-116\" \/><\/figure><\/a><\/div><div class=\"swiper-slide\" role=\"group\" aria-roledescription=\"slide\" aria-label=\"7 of 23\"><a data-elementor-open-lightbox=\"yes\" data-elementor-lightbox-slideshow=\"25b22fe\" data-elementor-lightbox-title=\"J23-Personas-Ciudad-126\" data-e-action-hash=\"#elementor-action%3Aaction%3Dlightbox%26settings%3DeyJpZCI6NTI3NSwidXJsIjoiaHR0cHM6XC9cL3d3dy5wZXJzb25hc3ljaXVkYWQuZXNcL3dwLWNvbnRlbnRcL3VwbG9hZHNcLzIwMjNcLzA1XC9KMjMtUGVyc29uYXMtQ2l1ZGFkLTEyNi5qcGciLCJzbGlkZXNob3ciOiIyNWIyMmZlIn0%3D\" href=\"https:\/\/www.personasyciudad.es\/wp-content\/uploads\/2023\/05\/J23-Personas-Ciudad-126.jpg\"><figure class=\"swiper-slide-inner\"><img decoding=\"async\" class=\"swiper-slide-image\" src=\"https:\/\/www.personasyciudad.es\/wp-content\/uploads\/2023\/05\/J23-Personas-Ciudad-126-1024x683.jpg\" alt=\"J23-Personas-Ciudad-126\" \/><\/figure><\/a><\/div><div class=\"swiper-slide\" role=\"group\" aria-roledescription=\"slide\" aria-label=\"8 of 23\"><a data-elementor-open-lightbox=\"yes\" data-elementor-lightbox-slideshow=\"25b22fe\" data-elementor-lightbox-title=\"J23-Personas-Ciudad-131\" data-e-action-hash=\"#elementor-action%3Aaction%3Dlightbox%26settings%3DeyJpZCI6NTI3NiwidXJsIjoiaHR0cHM6XC9cL3d3dy5wZXJzb25hc3ljaXVkYWQuZXNcL3dwLWNvbnRlbnRcL3VwbG9hZHNcLzIwMjNcLzA1XC9KMjMtUGVyc29uYXMtQ2l1ZGFkLTEzMS5qcGciLCJzbGlkZXNob3ciOiIyNWIyMmZlIn0%3D\" href=\"https:\/\/www.personasyciudad.es\/wp-content\/uploads\/2023\/05\/J23-Personas-Ciudad-131.jpg\"><figure class=\"swiper-slide-inner\"><img decoding=\"async\" class=\"swiper-slide-image\" src=\"https:\/\/www.personasyciudad.es\/wp-content\/uploads\/2023\/05\/J23-Personas-Ciudad-131-1024x683.jpg\" alt=\"J23-Personas-Ciudad-131\" \/><\/figure><\/a><\/div><div class=\"swiper-slide\" role=\"group\" aria-roledescription=\"slide\" aria-label=\"9 of 23\"><a data-elementor-open-lightbox=\"yes\" data-elementor-lightbox-slideshow=\"25b22fe\" data-elementor-lightbox-title=\"J23-Personas-Ciudad-138\" data-e-action-hash=\"#elementor-action%3Aaction%3Dlightbox%26settings%3DeyJpZCI6NTI3NywidXJsIjoiaHR0cHM6XC9cL3d3dy5wZXJzb25hc3ljaXVkYWQuZXNcL3dwLWNvbnRlbnRcL3VwbG9hZHNcLzIwMjNcLzA1XC9KMjMtUGVyc29uYXMtQ2l1ZGFkLTEzOC5qcGciLCJzbGlkZXNob3ciOiIyNWIyMmZlIn0%3D\" href=\"https:\/\/www.personasyciudad.es\/wp-content\/uploads\/2023\/05\/J23-Personas-Ciudad-138.jpg\"><figure class=\"swiper-slide-inner\"><img decoding=\"async\" class=\"swiper-slide-image\" src=\"https:\/\/www.personasyciudad.es\/wp-content\/uploads\/2023\/05\/J23-Personas-Ciudad-138-1024x683.jpg\" alt=\"J23-Personas-Ciudad-138\" \/><\/figure><\/a><\/div><div class=\"swiper-slide\" role=\"group\" aria-roledescription=\"slide\" aria-label=\"10 of 23\"><a data-elementor-open-lightbox=\"yes\" data-elementor-lightbox-slideshow=\"25b22fe\" data-elementor-lightbox-title=\"J23-Personas-Ciudad-146\" data-e-action-hash=\"#elementor-action%3Aaction%3Dlightbox%26settings%3DeyJpZCI6NTI3OCwidXJsIjoiaHR0cHM6XC9cL3d3dy5wZXJzb25hc3ljaXVkYWQuZXNcL3dwLWNvbnRlbnRcL3VwbG9hZHNcLzIwMjNcLzA1XC9KMjMtUGVyc29uYXMtQ2l1ZGFkLTE0Ni5qcGciLCJzbGlkZXNob3ciOiIyNWIyMmZlIn0%3D\" href=\"https:\/\/www.personasyciudad.es\/wp-content\/uploads\/2023\/05\/J23-Personas-Ciudad-146.jpg\"><figure class=\"swiper-slide-inner\"><img decoding=\"async\" class=\"swiper-slide-image\" src=\"https:\/\/www.personasyciudad.es\/wp-content\/uploads\/2023\/05\/J23-Personas-Ciudad-146-1024x682.jpg\" alt=\"J23-Personas-Ciudad-146\" \/><\/figure><\/a><\/div><div class=\"swiper-slide\" role=\"group\" aria-roledescription=\"slide\" aria-label=\"11 of 23\"><a data-elementor-open-lightbox=\"yes\" data-elementor-lightbox-slideshow=\"25b22fe\" data-elementor-lightbox-title=\"J23-Personas-Ciudad-149\" data-e-action-hash=\"#elementor-action%3Aaction%3Dlightbox%26settings%3DeyJpZCI6NTI3OSwidXJsIjoiaHR0cHM6XC9cL3d3dy5wZXJzb25hc3ljaXVkYWQuZXNcL3dwLWNvbnRlbnRcL3VwbG9hZHNcLzIwMjNcLzA1XC9KMjMtUGVyc29uYXMtQ2l1ZGFkLTE0OS5qcGciLCJzbGlkZXNob3ciOiIyNWIyMmZlIn0%3D\" href=\"https:\/\/www.personasyciudad.es\/wp-content\/uploads\/2023\/05\/J23-Personas-Ciudad-149.jpg\"><figure class=\"swiper-slide-inner\"><img decoding=\"async\" class=\"swiper-slide-image\" src=\"https:\/\/www.personasyciudad.es\/wp-content\/uploads\/2023\/05\/J23-Personas-Ciudad-149-1024x683.jpg\" alt=\"J23-Personas-Ciudad-149\" \/><\/figure><\/a><\/div><div class=\"swiper-slide\" role=\"group\" aria-roledescription=\"slide\" aria-label=\"12 of 23\"><a data-elementor-open-lightbox=\"yes\" data-elementor-lightbox-slideshow=\"25b22fe\" data-elementor-lightbox-title=\"J23-Personas-Ciudad-001\" data-e-action-hash=\"#elementor-action%3Aaction%3Dlightbox%26settings%3DeyJpZCI6NTI4MCwidXJsIjoiaHR0cHM6XC9cL3d3dy5wZXJzb25hc3ljaXVkYWQuZXNcL3dwLWNvbnRlbnRcL3VwbG9hZHNcLzIwMjNcLzA1XC9KMjMtUGVyc29uYXMtQ2l1ZGFkLTAwMS5qcGciLCJzbGlkZXNob3ciOiIyNWIyMmZlIn0%3D\" href=\"https:\/\/www.personasyciudad.es\/wp-content\/uploads\/2023\/05\/J23-Personas-Ciudad-001.jpg\"><figure class=\"swiper-slide-inner\"><img decoding=\"async\" class=\"swiper-slide-image\" src=\"https:\/\/www.personasyciudad.es\/wp-content\/uploads\/2023\/05\/J23-Personas-Ciudad-001-1024x683.jpg\" alt=\"J23-Personas-Ciudad-001\" \/><\/figure><\/a><\/div><div class=\"swiper-slide\" role=\"group\" aria-roledescription=\"slide\" aria-label=\"13 of 23\"><a data-elementor-open-lightbox=\"yes\" data-elementor-lightbox-slideshow=\"25b22fe\" data-elementor-lightbox-title=\"J23-Personas-Ciudad-004\" data-e-action-hash=\"#elementor-action%3Aaction%3Dlightbox%26settings%3DeyJpZCI6NTI4MSwidXJsIjoiaHR0cHM6XC9cL3d3dy5wZXJzb25hc3ljaXVkYWQuZXNcL3dwLWNvbnRlbnRcL3VwbG9hZHNcLzIwMjNcLzA1XC9KMjMtUGVyc29uYXMtQ2l1ZGFkLTAwNC5qcGciLCJzbGlkZXNob3ciOiIyNWIyMmZlIn0%3D\" href=\"https:\/\/www.personasyciudad.es\/wp-content\/uploads\/2023\/05\/J23-Personas-Ciudad-004.jpg\"><figure class=\"swiper-slide-inner\"><img decoding=\"async\" class=\"swiper-slide-image\" src=\"https:\/\/www.personasyciudad.es\/wp-content\/uploads\/2023\/05\/J23-Personas-Ciudad-004-1024x683.jpg\" alt=\"J23-Personas-Ciudad-004\" \/><\/figure><\/a><\/div><div class=\"swiper-slide\" role=\"group\" aria-roledescription=\"slide\" aria-label=\"14 of 23\"><a data-elementor-open-lightbox=\"yes\" data-elementor-lightbox-slideshow=\"25b22fe\" data-elementor-lightbox-title=\"J23-Personas-Ciudad-006\" data-e-action-hash=\"#elementor-action%3Aaction%3Dlightbox%26settings%3DeyJpZCI6NTI4MiwidXJsIjoiaHR0cHM6XC9cL3d3dy5wZXJzb25hc3ljaXVkYWQuZXNcL3dwLWNvbnRlbnRcL3VwbG9hZHNcLzIwMjNcLzA1XC9KMjMtUGVyc29uYXMtQ2l1ZGFkLTAwNi5qcGciLCJzbGlkZXNob3ciOiIyNWIyMmZlIn0%3D\" href=\"https:\/\/www.personasyciudad.es\/wp-content\/uploads\/2023\/05\/J23-Personas-Ciudad-006.jpg\"><figure class=\"swiper-slide-inner\"><img decoding=\"async\" class=\"swiper-slide-image\" src=\"https:\/\/www.personasyciudad.es\/wp-content\/uploads\/2023\/05\/J23-Personas-Ciudad-006-1024x683.jpg\" alt=\"J23-Personas-Ciudad-006\" \/><\/figure><\/a><\/div><div class=\"swiper-slide\" role=\"group\" aria-roledescription=\"slide\" aria-label=\"15 of 23\"><a data-elementor-open-lightbox=\"yes\" data-elementor-lightbox-slideshow=\"25b22fe\" data-elementor-lightbox-title=\"J23-Personas-Ciudad-019\" data-e-action-hash=\"#elementor-action%3Aaction%3Dlightbox%26settings%3DeyJpZCI6NTI4MywidXJsIjoiaHR0cHM6XC9cL3d3dy5wZXJzb25hc3ljaXVkYWQuZXNcL3dwLWNvbnRlbnRcL3VwbG9hZHNcLzIwMjNcLzA1XC9KMjMtUGVyc29uYXMtQ2l1ZGFkLTAxOS5qcGciLCJzbGlkZXNob3ciOiIyNWIyMmZlIn0%3D\" href=\"https:\/\/www.personasyciudad.es\/wp-content\/uploads\/2023\/05\/J23-Personas-Ciudad-019.jpg\"><figure class=\"swiper-slide-inner\"><img decoding=\"async\" class=\"swiper-slide-image\" src=\"https:\/\/www.personasyciudad.es\/wp-content\/uploads\/2023\/05\/J23-Personas-Ciudad-019-1024x683.jpg\" alt=\"J23-Personas-Ciudad-019\" \/><\/figure><\/a><\/div><div class=\"swiper-slide\" role=\"group\" aria-roledescription=\"slide\" aria-label=\"16 of 23\"><a data-elementor-open-lightbox=\"yes\" data-elementor-lightbox-slideshow=\"25b22fe\" data-elementor-lightbox-title=\"J23-Personas-Ciudad-021\" data-e-action-hash=\"#elementor-action%3Aaction%3Dlightbox%26settings%3DeyJpZCI6NTI4NCwidXJsIjoiaHR0cHM6XC9cL3d3dy5wZXJzb25hc3ljaXVkYWQuZXNcL3dwLWNvbnRlbnRcL3VwbG9hZHNcLzIwMjNcLzA1XC9KMjMtUGVyc29uYXMtQ2l1ZGFkLTAyMS5qcGciLCJzbGlkZXNob3ciOiIyNWIyMmZlIn0%3D\" href=\"https:\/\/www.personasyciudad.es\/wp-content\/uploads\/2023\/05\/J23-Personas-Ciudad-021.jpg\"><figure class=\"swiper-slide-inner\"><img decoding=\"async\" class=\"swiper-slide-image\" src=\"https:\/\/www.personasyciudad.es\/wp-content\/uploads\/2023\/05\/J23-Personas-Ciudad-021-1024x683.jpg\" alt=\"J23-Personas-Ciudad-021\" \/><\/figure><\/a><\/div><div class=\"swiper-slide\" role=\"group\" aria-roledescription=\"slide\" aria-label=\"17 of 23\"><a data-elementor-open-lightbox=\"yes\" data-elementor-lightbox-slideshow=\"25b22fe\" data-elementor-lightbox-title=\"J23-Personas-Ciudad-024\" data-e-action-hash=\"#elementor-action%3Aaction%3Dlightbox%26settings%3DeyJpZCI6NTI4NSwidXJsIjoiaHR0cHM6XC9cL3d3dy5wZXJzb25hc3ljaXVkYWQuZXNcL3dwLWNvbnRlbnRcL3VwbG9hZHNcLzIwMjNcLzA1XC9KMjMtUGVyc29uYXMtQ2l1ZGFkLTAyNC5qcGciLCJzbGlkZXNob3ciOiIyNWIyMmZlIn0%3D\" href=\"https:\/\/www.personasyciudad.es\/wp-content\/uploads\/2023\/05\/J23-Personas-Ciudad-024.jpg\"><figure class=\"swiper-slide-inner\"><img decoding=\"async\" class=\"swiper-slide-image\" src=\"https:\/\/www.personasyciudad.es\/wp-content\/uploads\/2023\/05\/J23-Personas-Ciudad-024-1024x683.jpg\" alt=\"J23-Personas-Ciudad-024\" \/><\/figure><\/a><\/div><div class=\"swiper-slide\" role=\"group\" aria-roledescription=\"slide\" aria-label=\"18 of 23\"><a data-elementor-open-lightbox=\"yes\" data-elementor-lightbox-slideshow=\"25b22fe\" data-elementor-lightbox-title=\"J23-Personas-Ciudad-032\" data-e-action-hash=\"#elementor-action%3Aaction%3Dlightbox%26settings%3DeyJpZCI6NTI4NiwidXJsIjoiaHR0cHM6XC9cL3d3dy5wZXJzb25hc3ljaXVkYWQuZXNcL3dwLWNvbnRlbnRcL3VwbG9hZHNcLzIwMjNcLzA1XC9KMjMtUGVyc29uYXMtQ2l1ZGFkLTAzMi5qcGciLCJzbGlkZXNob3ciOiIyNWIyMmZlIn0%3D\" href=\"https:\/\/www.personasyciudad.es\/wp-content\/uploads\/2023\/05\/J23-Personas-Ciudad-032.jpg\"><figure class=\"swiper-slide-inner\"><img decoding=\"async\" class=\"swiper-slide-image\" src=\"https:\/\/www.personasyciudad.es\/wp-content\/uploads\/2023\/05\/J23-Personas-Ciudad-032-1024x683.jpg\" alt=\"J23-Personas-Ciudad-032\" \/><\/figure><\/a><\/div><div class=\"swiper-slide\" role=\"group\" aria-roledescription=\"slide\" aria-label=\"19 of 23\"><a data-elementor-open-lightbox=\"yes\" data-elementor-lightbox-slideshow=\"25b22fe\" data-elementor-lightbox-title=\"J23-Personas-Ciudad-034\" data-e-action-hash=\"#elementor-action%3Aaction%3Dlightbox%26settings%3DeyJpZCI6NTI4NywidXJsIjoiaHR0cHM6XC9cL3d3dy5wZXJzb25hc3ljaXVkYWQuZXNcL3dwLWNvbnRlbnRcL3VwbG9hZHNcLzIwMjNcLzA1XC9KMjMtUGVyc29uYXMtQ2l1ZGFkLTAzNC5qcGciLCJzbGlkZXNob3ciOiIyNWIyMmZlIn0%3D\" href=\"https:\/\/www.personasyciudad.es\/wp-content\/uploads\/2023\/05\/J23-Personas-Ciudad-034.jpg\"><figure class=\"swiper-slide-inner\"><img decoding=\"async\" class=\"swiper-slide-image\" src=\"https:\/\/www.personasyciudad.es\/wp-content\/uploads\/2023\/05\/J23-Personas-Ciudad-034-1024x682.jpg\" alt=\"J23-Personas-Ciudad-034\" \/><\/figure><\/a><\/div><div class=\"swiper-slide\" role=\"group\" aria-roledescription=\"slide\" aria-label=\"20 of 23\"><a data-elementor-open-lightbox=\"yes\" data-elementor-lightbox-slideshow=\"25b22fe\" data-elementor-lightbox-title=\"J23-Personas-Ciudad-040\" data-e-action-hash=\"#elementor-action%3Aaction%3Dlightbox%26settings%3DeyJpZCI6NTI4OCwidXJsIjoiaHR0cHM6XC9cL3d3dy5wZXJzb25hc3ljaXVkYWQuZXNcL3dwLWNvbnRlbnRcL3VwbG9hZHNcLzIwMjNcLzA1XC9KMjMtUGVyc29uYXMtQ2l1ZGFkLTA0MC5qcGciLCJzbGlkZXNob3ciOiIyNWIyMmZlIn0%3D\" href=\"https:\/\/www.personasyciudad.es\/wp-content\/uploads\/2023\/05\/J23-Personas-Ciudad-040.jpg\"><figure class=\"swiper-slide-inner\"><img decoding=\"async\" class=\"swiper-slide-image\" src=\"https:\/\/www.personasyciudad.es\/wp-content\/uploads\/2023\/05\/J23-Personas-Ciudad-040-1024x683.jpg\" alt=\"J23-Personas-Ciudad-040\" \/><\/figure><\/a><\/div><div class=\"swiper-slide\" role=\"group\" aria-roledescription=\"slide\" aria-label=\"21 of 23\"><a data-elementor-open-lightbox=\"yes\" data-elementor-lightbox-slideshow=\"25b22fe\" data-elementor-lightbox-title=\"J23-Personas-Ciudad-051\" data-e-action-hash=\"#elementor-action%3Aaction%3Dlightbox%26settings%3DeyJpZCI6NTI4OSwidXJsIjoiaHR0cHM6XC9cL3d3dy5wZXJzb25hc3ljaXVkYWQuZXNcL3dwLWNvbnRlbnRcL3VwbG9hZHNcLzIwMjNcLzA1XC9KMjMtUGVyc29uYXMtQ2l1ZGFkLTA1MS5qcGciLCJzbGlkZXNob3ciOiIyNWIyMmZlIn0%3D\" href=\"https:\/\/www.personasyciudad.es\/wp-content\/uploads\/2023\/05\/J23-Personas-Ciudad-051.jpg\"><figure class=\"swiper-slide-inner\"><img decoding=\"async\" class=\"swiper-slide-image\" src=\"https:\/\/www.personasyciudad.es\/wp-content\/uploads\/2023\/05\/J23-Personas-Ciudad-051-1024x683.jpg\" alt=\"J23-Personas-Ciudad-051\" \/><\/figure><\/a><\/div><div class=\"swiper-slide\" role=\"group\" aria-roledescription=\"slide\" aria-label=\"22 of 23\"><a data-elementor-open-lightbox=\"yes\" data-elementor-lightbox-slideshow=\"25b22fe\" data-elementor-lightbox-title=\"J23-Personas-Ciudad-062\" data-e-action-hash=\"#elementor-action%3Aaction%3Dlightbox%26settings%3DeyJpZCI6NTI5MSwidXJsIjoiaHR0cHM6XC9cL3d3dy5wZXJzb25hc3ljaXVkYWQuZXNcL3dwLWNvbnRlbnRcL3VwbG9hZHNcLzIwMjNcLzA1XC9KMjMtUGVyc29uYXMtQ2l1ZGFkLTA2Mi5qcGciLCJzbGlkZXNob3ciOiIyNWIyMmZlIn0%3D\" href=\"https:\/\/www.personasyciudad.es\/wp-content\/uploads\/2023\/05\/J23-Personas-Ciudad-062.jpg\"><figure class=\"swiper-slide-inner\"><img decoding=\"async\" class=\"swiper-slide-image\" src=\"https:\/\/www.personasyciudad.es\/wp-content\/uploads\/2023\/05\/J23-Personas-Ciudad-062-1024x683.jpg\" alt=\"J23-Personas-Ciudad-062\" \/><\/figure><\/a><\/div><div class=\"swiper-slide\" role=\"group\" aria-roledescription=\"slide\" aria-label=\"23 of 23\"><a data-elementor-open-lightbox=\"yes\" data-elementor-lightbox-slideshow=\"25b22fe\" data-elementor-lightbox-title=\"J23-Personas-Ciudad-085\" data-e-action-hash=\"#elementor-action%3Aaction%3Dlightbox%26settings%3DeyJpZCI6NTI5MiwidXJsIjoiaHR0cHM6XC9cL3d3dy5wZXJzb25hc3ljaXVkYWQuZXNcL3dwLWNvbnRlbnRcL3VwbG9hZHNcLzIwMjNcLzA1XC9KMjMtUGVyc29uYXMtQ2l1ZGFkLTA4NS0xLmpwZyIsInNsaWRlc2hvdyI6IjI1YjIyZmUifQ%3D%3D\" href=\"https:\/\/www.personasyciudad.es\/wp-content\/uploads\/2023\/05\/J23-Personas-Ciudad-085-1.jpg\"><figure class=\"swiper-slide-inner\"><img decoding=\"async\" class=\"swiper-slide-image\" src=\"https:\/\/www.personasyciudad.es\/wp-content\/uploads\/2023\/05\/J23-Personas-Ciudad-085-1-1024x683.jpg\" alt=\"J23-Personas-Ciudad-085\" \/><\/figure><\/a><\/div>\t\t\t<\/div>\n\t\t\t\t\t\t\t\t\t\t\t\t<div class=\"elementor-swiper-button elementor-swiper-button-prev\" role=\"button\" tabindex=\"0\">\n\t\t\t\t\t\t<i aria-hidden=\"true\" class=\"eicon-chevron-left\"><\/i>\t\t\t\t\t<\/div>\n\t\t\t\t\t<div class=\"elementor-swiper-button elementor-swiper-button-next\" role=\"button\" tabindex=\"0\">\n\t\t\t\t\t\t<i aria-hidden=\"true\" class=\"eicon-chevron-right\"><\/i>\t\t\t\t\t<\/div>\n\t\t\t\t\n\t\t\t\t\t\t\t\t\t<div class=\"swiper-pagination\"><\/div>\n\t\t\t\t\t\t\t\t\t<\/div>\n\t\t\t\t<\/div>\n\t\t\t\t<\/div>\n\t\t\t\t<div class=\"elementor-element elementor-element-1ce738a elementor-widget elementor-widget-image\" data-id=\"1ce738a\" data-element_type=\"widget\" data-widget_type=\"image.default\">\n\t\t\t\t<div class=\"elementor-widget-container\">\n\t\t\t\t\t\t\t\t\t\t\t\t\t<img fetchpriority=\"high\" decoding=\"async\" width=\"940\" height=\"529\" src=\"https:\/\/www.personasyciudad.es\/wp-content\/uploads\/2023\/05\/J23-Personas-Ciudad-175-1024x576.jpg\" class=\"attachment-large size-large wp-image-5308\" alt=\"\" srcset=\"https:\/\/www.personasyciudad.es\/wp-content\/uploads\/2023\/05\/J23-Personas-Ciudad-175-1024x576.jpg 1024w, https:\/\/www.personasyciudad.es\/wp-content\/uploads\/2023\/05\/J23-Personas-Ciudad-175-300x169.jpg 300w, https:\/\/www.personasyciudad.es\/wp-content\/uploads\/2023\/05\/J23-Personas-Ciudad-175-768x432.jpg 768w, https:\/\/www.personasyciudad.es\/wp-content\/uploads\/2023\/05\/J23-Personas-Ciudad-175-1536x864.jpg 1536w, https:\/\/www.personasyciudad.es\/wp-content\/uploads\/2023\/05\/J23-Personas-Ciudad-175.jpg 1920w\" sizes=\"(max-width: 940px) 100vw, 940px\" \/>\t\t\t\t\t\t\t\t\t\t\t\t\t<\/div>\n\t\t\t\t<\/div>\n\t\t\t\t\t<\/div>\n\t\t<\/div>\n\t\t\t\t\t<\/div>\n\t\t<\/section>\n\t\t\t\t<\/div>\n\t\t","protected":false},"excerpt":{"rendered":"<p>NETEJANETEJA Servei de Neteja i Manteniment d&#8217;Edificis P\u00fablics PERSONAS Y CIUDAD, S.A.U. presta lactivitat de neteja i manteniment dedificis p\u00fablics i depend\u00e8ncies municipals de lExcmo. Ajuntament de Sant Joan d&#8217;Alacant, des del 01 de setembre del 2.016. A causa de les caracter\u00edstiques de la neteja dels edificis encomanats, especialment la neteja dels Col\u00b7legis P\u00fablics del [&hellip;]<\/p>\n","protected":false},"author":3,"featured_media":0,"parent":0,"menu_order":0,"comment_status":"closed","ping_status":"closed","template":"","meta":{"footnotes":""},"class_list":["post-5517","page","type-page","status-publish","hentry"],"yoast_head":"<!-- This site is optimized with the Yoast SEO plugin v27.4 - https:\/\/yoast.com\/product\/yoast-seo-wordpress\/ -->\n<title>\u25b7 Serveis de Neteja | Personas y Ciudad | Alacant<\/title>\n<meta name=\"description\" content=\"Confia en els nostres serveis de neteja municipal. Mantenim impecables els edificis i les depend\u00e8ncies p\u00fabliques per un municipi millor. Descobriu m\u00e9s aqu\u00ed!\" \/>\n<meta name=\"robots\" content=\"index, follow, max-snippet:-1, max-image-preview:large, max-video-preview:-1\" \/>\n<link rel=\"canonical\" href=\"https:\/\/www.personasyciudad.es\/empresa-limpieza\/\" \/>\n<meta property=\"og:locale\" content=\"ca_ES\" \/>\n<meta property=\"og:type\" content=\"article\" \/>\n<meta property=\"og:title\" content=\"\u25b7 Serveis de Neteja | Personas y Ciudad | Alacant\" \/>\n<meta property=\"og:description\" content=\"Confia en els nostres serveis de neteja municipal. Mantenim impecables els edificis i les depend\u00e8ncies p\u00fabliques per un municipi millor. Descobriu m\u00e9s aqu\u00ed!\" \/>\n<meta property=\"og:url\" content=\"https:\/\/www.personasyciudad.es\/empresa-limpieza\/\" \/>\n<meta property=\"og:site_name\" content=\"Personas y Ciudad\" \/>\n<meta property=\"article:modified_time\" content=\"2025-05-22T10:10:12+00:00\" \/>\n<meta property=\"og:image\" content=\"https:\/\/www.personasyciudad.es\/wp-content\/uploads\/elementor\/thumbs\/Limpieza-q5v0ettj87uu5ffnptia5lj0wea22ltcfxlybb0dio.png\" \/>\n<meta name=\"twitter:card\" content=\"summary_large_image\" \/>\n<meta name=\"twitter:label1\" content=\"Est. reading time\" \/>\n\t<meta name=\"twitter:data1\" content=\"2 minutes\" \/>\n<script type=\"application\/ld+json\" class=\"yoast-schema-graph\">{\"@context\":\"https:\\\/\\\/schema.org\",\"@graph\":[{\"@type\":\"WebPage\",\"@id\":\"https:\\\/\\\/www.personasyciudad.es\\\/empresa-limpieza\\\/\",\"url\":\"https:\\\/\\\/www.personasyciudad.es\\\/empresa-limpieza\\\/\",\"name\":\"\u25b7 Serveis de Neteja | Personas y Ciudad | Alacant\",\"isPartOf\":{\"@id\":\"https:\\\/\\\/www.personasyciudad.es\\\/#website\"},\"primaryImageOfPage\":{\"@id\":\"https:\\\/\\\/www.personasyciudad.es\\\/empresa-limpieza\\\/#primaryimage\"},\"image\":{\"@id\":\"https:\\\/\\\/www.personasyciudad.es\\\/empresa-limpieza\\\/#primaryimage\"},\"thumbnailUrl\":\"https:\\\/\\\/www.personasyciudad.es\\\/wp-content\\\/uploads\\\/elementor\\\/thumbs\\\/Limpieza-q5v0ettj87uu5ffnptia5lj0wea22ltcfxlybb0dio.png\",\"datePublished\":\"2023-04-26T06:26:48+00:00\",\"dateModified\":\"2025-05-22T10:10:12+00:00\",\"description\":\"Confia en els nostres serveis de neteja municipal. Mantenim impecables els edificis i les depend\u00e8ncies p\u00fabliques per un municipi millor. Descobriu m\u00e9s aqu\u00ed!\",\"breadcrumb\":{\"@id\":\"https:\\\/\\\/www.personasyciudad.es\\\/empresa-limpieza\\\/#breadcrumb\"},\"inLanguage\":\"ca-ES\",\"potentialAction\":[{\"@type\":\"ReadAction\",\"target\":[\"https:\\\/\\\/www.personasyciudad.es\\\/empresa-limpieza\\\/\"]}]},{\"@type\":\"ImageObject\",\"inLanguage\":\"ca-ES\",\"@id\":\"https:\\\/\\\/www.personasyciudad.es\\\/empresa-limpieza\\\/#primaryimage\",\"url\":\"https:\\\/\\\/www.personasyciudad.es\\\/wp-content\\\/uploads\\\/elementor\\\/thumbs\\\/Limpieza-q5v0ettj87uu5ffnptia5lj0wea22ltcfxlybb0dio.png\",\"contentUrl\":\"https:\\\/\\\/www.personasyciudad.es\\\/wp-content\\\/uploads\\\/elementor\\\/thumbs\\\/Limpieza-q5v0ettj87uu5ffnptia5lj0wea22ltcfxlybb0dio.png\"},{\"@type\":\"BreadcrumbList\",\"@id\":\"https:\\\/\\\/www.personasyciudad.es\\\/empresa-limpieza\\\/#breadcrumb\",\"itemListElement\":[{\"@type\":\"ListItem\",\"position\":1,\"name\":\"Portada\",\"item\":\"https:\\\/\\\/www.personasyciudad.es\\\/\"},{\"@type\":\"ListItem\",\"position\":2,\"name\":\"Neteja\"}]},{\"@type\":\"WebSite\",\"@id\":\"https:\\\/\\\/www.personasyciudad.es\\\/#website\",\"url\":\"https:\\\/\\\/www.personasyciudad.es\\\/\",\"name\":\"Personas y Ciudad\",\"description\":\"Actividades del Ayuntamiento de Sant Joan d\u2019Alacant\",\"publisher\":{\"@id\":\"https:\\\/\\\/www.personasyciudad.es\\\/#organization\"},\"potentialAction\":[{\"@type\":\"SearchAction\",\"target\":{\"@type\":\"EntryPoint\",\"urlTemplate\":\"https:\\\/\\\/www.personasyciudad.es\\\/?s={search_term_string}\"},\"query-input\":{\"@type\":\"PropertyValueSpecification\",\"valueRequired\":true,\"valueName\":\"search_term_string\"}}],\"inLanguage\":\"ca-ES\"},{\"@type\":\"Organization\",\"@id\":\"https:\\\/\\\/www.personasyciudad.es\\\/#organization\",\"name\":\"personas y ciudad\",\"url\":\"https:\\\/\\\/www.personasyciudad.es\\\/\",\"logo\":{\"@type\":\"ImageObject\",\"inLanguage\":\"ca-ES\",\"@id\":\"https:\\\/\\\/www.personasyciudad.es\\\/#\\\/schema\\\/logo\\\/image\\\/\",\"url\":\"https:\\\/\\\/www.personasyciudad.es\\\/wp-content\\\/uploads\\\/2023\\\/04\\\/logo_positivo.png\",\"contentUrl\":\"https:\\\/\\\/www.personasyciudad.es\\\/wp-content\\\/uploads\\\/2023\\\/04\\\/logo_positivo.png\",\"width\":500,\"height\":510,\"caption\":\"personas y ciudad\"},\"image\":{\"@id\":\"https:\\\/\\\/www.personasyciudad.es\\\/#\\\/schema\\\/logo\\\/image\\\/\"}}]}<\/script>\n<!-- \/ Yoast SEO plugin. -->","yoast_head_json":{"title":"\u25b7 Serveis de Neteja | Personas y Ciudad | Alacant","description":"Confia en els nostres serveis de neteja municipal. Mantenim impecables els edificis i les depend\u00e8ncies p\u00fabliques per un municipi millor. Descobriu m\u00e9s aqu\u00ed!","robots":{"index":"index","follow":"follow","max-snippet":"max-snippet:-1","max-image-preview":"max-image-preview:large","max-video-preview":"max-video-preview:-1"},"canonical":"https:\/\/www.personasyciudad.es\/empresa-limpieza\/","og_locale":"ca_ES","og_type":"article","og_title":"\u25b7 Serveis de Neteja | Personas y Ciudad | Alacant","og_description":"Confia en els nostres serveis de neteja municipal. Mantenim impecables els edificis i les depend\u00e8ncies p\u00fabliques per un municipi millor. Descobriu m\u00e9s aqu\u00ed!","og_url":"https:\/\/www.personasyciudad.es\/empresa-limpieza\/","og_site_name":"Personas y Ciudad","article_modified_time":"2025-05-22T10:10:12+00:00","og_image":[{"url":"https:\/\/www.personasyciudad.es\/wp-content\/uploads\/elementor\/thumbs\/Limpieza-q5v0ettj87uu5ffnptia5lj0wea22ltcfxlybb0dio.png","type":"","width":"","height":""}],"twitter_card":"summary_large_image","twitter_misc":{"Est. reading time":"2 minutes"},"schema":{"@context":"https:\/\/schema.org","@graph":[{"@type":"WebPage","@id":"https:\/\/www.personasyciudad.es\/empresa-limpieza\/","url":"https:\/\/www.personasyciudad.es\/empresa-limpieza\/","name":"\u25b7 Serveis de Neteja | Personas y Ciudad | Alacant","isPartOf":{"@id":"https:\/\/www.personasyciudad.es\/#website"},"primaryImageOfPage":{"@id":"https:\/\/www.personasyciudad.es\/empresa-limpieza\/#primaryimage"},"image":{"@id":"https:\/\/www.personasyciudad.es\/empresa-limpieza\/#primaryimage"},"thumbnailUrl":"https:\/\/www.personasyciudad.es\/wp-content\/uploads\/elementor\/thumbs\/Limpieza-q5v0ettj87uu5ffnptia5lj0wea22ltcfxlybb0dio.png","datePublished":"2023-04-26T06:26:48+00:00","dateModified":"2025-05-22T10:10:12+00:00","description":"Confia en els nostres serveis de neteja municipal. Mantenim impecables els edificis i les depend\u00e8ncies p\u00fabliques per un municipi millor. Descobriu m\u00e9s aqu\u00ed!","breadcrumb":{"@id":"https:\/\/www.personasyciudad.es\/empresa-limpieza\/#breadcrumb"},"inLanguage":"ca-ES","potentialAction":[{"@type":"ReadAction","target":["https:\/\/www.personasyciudad.es\/empresa-limpieza\/"]}]},{"@type":"ImageObject","inLanguage":"ca-ES","@id":"https:\/\/www.personasyciudad.es\/empresa-limpieza\/#primaryimage","url":"https:\/\/www.personasyciudad.es\/wp-content\/uploads\/elementor\/thumbs\/Limpieza-q5v0ettj87uu5ffnptia5lj0wea22ltcfxlybb0dio.png","contentUrl":"https:\/\/www.personasyciudad.es\/wp-content\/uploads\/elementor\/thumbs\/Limpieza-q5v0ettj87uu5ffnptia5lj0wea22ltcfxlybb0dio.png"},{"@type":"BreadcrumbList","@id":"https:\/\/www.personasyciudad.es\/empresa-limpieza\/#breadcrumb","itemListElement":[{"@type":"ListItem","position":1,"name":"Portada","item":"https:\/\/www.personasyciudad.es\/"},{"@type":"ListItem","position":2,"name":"Neteja"}]},{"@type":"WebSite","@id":"https:\/\/www.personasyciudad.es\/#website","url":"https:\/\/www.personasyciudad.es\/","name":"Personas y Ciudad","description":"Actividades del Ayuntamiento de Sant Joan d\u2019Alacant","publisher":{"@id":"https:\/\/www.personasyciudad.es\/#organization"},"potentialAction":[{"@type":"SearchAction","target":{"@type":"EntryPoint","urlTemplate":"https:\/\/www.personasyciudad.es\/?s={search_term_string}"},"query-input":{"@type":"PropertyValueSpecification","valueRequired":true,"valueName":"search_term_string"}}],"inLanguage":"ca-ES"},{"@type":"Organization","@id":"https:\/\/www.personasyciudad.es\/#organization","name":"personas y ciudad","url":"https:\/\/www.personasyciudad.es\/","logo":{"@type":"ImageObject","inLanguage":"ca-ES","@id":"https:\/\/www.personasyciudad.es\/#\/schema\/logo\/image\/","url":"https:\/\/www.personasyciudad.es\/wp-content\/uploads\/2023\/04\/logo_positivo.png","contentUrl":"https:\/\/www.personasyciudad.es\/wp-content\/uploads\/2023\/04\/logo_positivo.png","width":500,"height":510,"caption":"personas y ciudad"},"image":{"@id":"https:\/\/www.personasyciudad.es\/#\/schema\/logo\/image\/"}}]}},"_links":{"self":[{"href":"https:\/\/www.personasyciudad.es\/ca-es\/wp-json\/wp\/v2\/pages\/5517","targetHints":{"allow":["GET"]}}],"collection":[{"href":"https:\/\/www.personasyciudad.es\/ca-es\/wp-json\/wp\/v2\/pages"}],"about":[{"href":"https:\/\/www.personasyciudad.es\/ca-es\/wp-json\/wp\/v2\/types\/page"}],"author":[{"embeddable":true,"href":"https:\/\/www.personasyciudad.es\/ca-es\/wp-json\/wp\/v2\/users\/3"}],"replies":[{"embeddable":true,"href":"https:\/\/www.personasyciudad.es\/ca-es\/wp-json\/wp\/v2\/comments?post=5517"}],"version-history":[{"count":3,"href":"https:\/\/www.personasyciudad.es\/ca-es\/wp-json\/wp\/v2\/pages\/5517\/revisions"}],"predecessor-version":[{"id":5875,"href":"https:\/\/www.personasyciudad.es\/ca-es\/wp-json\/wp\/v2\/pages\/5517\/revisions\/5875"}],"wp:attachment":[{"href":"https:\/\/www.personasyciudad.es\/ca-es\/wp-json\/wp\/v2\/media?parent=5517"}],"curies":[{"name":"wp","href":"https:\/\/api.w.org\/{rel}","templated":true}]}}