{"id":5520,"date":"2023-04-28T15:09:34","date_gmt":"2023-04-28T13:09:34","guid":{"rendered":"https:\/\/www.personasyciudad.es\/noticies\/"},"modified":"2025-06-05T14:22:07","modified_gmt":"2025-06-05T12:22:07","slug":"noticies","status":"publish","type":"page","link":"https:\/\/www.personasyciudad.es\/ca-es\/noticies\/","title":{"rendered":"Not\u00edcies"},"content":{"rendered":"\t\t<div data-elementor-type=\"wp-page\" data-elementor-id=\"5520\" class=\"elementor elementor-5520 elementor-1617\" data-elementor-post-type=\"page\">\n\t\t\t\t\t\t<section class=\"elementor-section elementor-top-section elementor-element elementor-element-148bc1b elementor-section-full_width elementor-section-stretched animated-slow elementor-section-height-default elementor-section-height-default elementor-invisible\" data-id=\"148bc1b\" data-element_type=\"section\" data-settings=\"{&quot;stretch_section&quot;:&quot;section-stretched&quot;,&quot;animation&quot;:&quot;fadeInUp&quot;}\">\n\t\t\t\t\t\t<div class=\"elementor-container elementor-column-gap-no\">\n\t\t\t\t\t<div class=\"elementor-column elementor-col-100 elementor-top-column elementor-element elementor-element-08e6cb8\" data-id=\"08e6cb8\" data-element_type=\"column\">\n\t\t\t<div class=\"elementor-widget-wrap elementor-element-populated\">\n\t\t\t\t\t\t<div class=\"elementor-element elementor-element-2b268ef elementor--h-position-center elementor--v-position-middle elementor-arrows-position-inside elementor-pagination-position-inside elementor-widget elementor-widget-slides\" data-id=\"2b268ef\" data-element_type=\"widget\" data-settings=\"{&quot;transition&quot;:&quot;fade&quot;,&quot;transition_speed&quot;:700,&quot;navigation&quot;:&quot;both&quot;,&quot;infinite&quot;:&quot;yes&quot;}\" data-widget_type=\"slides.default\">\n\t\t\t\t<div class=\"elementor-widget-container\">\n\t\t\t\t\t\t\t<div class=\"elementor-swiper\">\n\t\t\t\t\t<div class=\"elementor-slides-wrapper elementor-main-swiper swiper\" role=\"region\" aria-roledescription=\"carousel\" aria-label=\"Diapositivas\" dir=\"ltr\" data-animation=\"\">\n\t\t\t\t<div class=\"swiper-wrapper elementor-slides\">\n\t\t\t\t\t\t\t\t\t\t<div class=\"elementor-repeater-item-4623e18 swiper-slide\" role=\"group\" aria-roledescription=\"slide\"><div class=\"swiper-slide-bg\" role=\"img\"><\/div><div class=\"elementor-background-overlay\"><\/div><div class=\"swiper-slide-inner\" ><div class=\"swiper-slide-contents\"><div class=\"elementor-slide-heading\">NOT\u00cdCIES<\/div><\/div><\/div><\/div><div class=\"elementor-repeater-item-3aa88be swiper-slide\" role=\"group\" aria-roledescription=\"slide\"><div class=\"swiper-slide-bg\" role=\"img\"><\/div><div class=\"elementor-background-overlay\"><\/div><div class=\"swiper-slide-inner\" ><div class=\"swiper-slide-contents\"><div class=\"elementor-slide-heading\">NOT\u00cdCIES<\/div><\/div><\/div><\/div>\t\t\t\t<\/div>\n\t\t\t\t\t\t\t\t\t\t\t\t\t\t\t<div class=\"elementor-swiper-button elementor-swiper-button-prev\" role=\"button\" tabindex=\"0\" aria-label=\"Previous slide\">\n\t\t\t\t\t\t\t<i aria-hidden=\"true\" class=\"eicon-chevron-left\"><\/i>\t\t\t\t\t\t<\/div>\n\t\t\t\t\t\t<div class=\"elementor-swiper-button elementor-swiper-button-next\" role=\"button\" tabindex=\"0\" aria-label=\"Next slide\">\n\t\t\t\t\t\t\t<i aria-hidden=\"true\" class=\"eicon-chevron-right\"><\/i>\t\t\t\t\t\t<\/div>\n\t\t\t\t\t\t\t\t\t\t\t\t\t\t\t\t<div class=\"swiper-pagination\"><\/div>\n\t\t\t\t\t\t\t\t\t\t\t\t<\/div>\n\t\t\t\t<\/div>\n\t\t\t\t\t\t<\/div>\n\t\t\t\t<\/div>\n\t\t\t\t<div class=\"elementor-element elementor-element-c888b45 elementor-widget elementor-widget-spacer\" data-id=\"c888b45\" data-element_type=\"widget\" data-widget_type=\"spacer.default\">\n\t\t\t\t<div class=\"elementor-widget-container\">\n\t\t\t<style>\/*! elementor - v3.23.0 - 05-08-2024 *\/\n.elementor-column .elementor-spacer-inner{height:var(--spacer-size)}.e-con{--container-widget-width:100%}.e-con-inner>.elementor-widget-spacer,.e-con>.elementor-widget-spacer{width:var(--container-widget-width,var(--spacer-size));--align-self:var(--container-widget-align-self,initial);--flex-shrink:0}.e-con-inner>.elementor-widget-spacer>.elementor-widget-container,.e-con>.elementor-widget-spacer>.elementor-widget-container{height:100%;width:100%}.e-con-inner>.elementor-widget-spacer>.elementor-widget-container>.elementor-spacer,.e-con>.elementor-widget-spacer>.elementor-widget-container>.elementor-spacer{height:100%}.e-con-inner>.elementor-widget-spacer>.elementor-widget-container>.elementor-spacer>.elementor-spacer-inner,.e-con>.elementor-widget-spacer>.elementor-widget-container>.elementor-spacer>.elementor-spacer-inner{height:var(--container-widget-height,var(--spacer-size))}.e-con-inner>.elementor-widget-spacer.elementor-widget-empty,.e-con>.elementor-widget-spacer.elementor-widget-empty{position:relative;min-height:22px;min-width:22px}.e-con-inner>.elementor-widget-spacer.elementor-widget-empty .elementor-widget-empty-icon,.e-con>.elementor-widget-spacer.elementor-widget-empty .elementor-widget-empty-icon{position:absolute;top:0;bottom:0;left:0;right:0;margin:auto;padding:0;width:22px;height:22px}<\/style>\t\t<div class=\"elementor-spacer\">\n\t\t\t<div class=\"elementor-spacer-inner\"><\/div>\n\t\t<\/div>\n\t\t\t\t<\/div>\n\t\t\t\t<\/div>\n\t\t\t\t\t<\/div>\n\t\t<\/div>\n\t\t\t\t\t<\/div>\n\t\t<\/section>\n\t\t\t\t<section class=\"elementor-section elementor-top-section elementor-element elementor-element-6a72191 animated-slow elementor-section-boxed elementor-section-height-default elementor-section-height-default elementor-invisible\" data-id=\"6a72191\" data-element_type=\"section\" data-settings=\"{&quot;animation&quot;:&quot;fadeInUp&quot;}\">\n\t\t\t\t\t\t<div class=\"elementor-container elementor-column-gap-default\">\n\t\t\t\t\t<div class=\"elementor-column elementor-col-100 elementor-top-column elementor-element elementor-element-e9d1c53\" data-id=\"e9d1c53\" data-element_type=\"column\">\n\t\t\t<div class=\"elementor-widget-wrap elementor-element-populated\">\n\t\t\t\t\t\t<div class=\"elementor-element elementor-element-97260d0 elementor-widget elementor-widget-ce-posts-grid\" data-id=\"97260d0\" data-element_type=\"widget\" data-widget_type=\"ce-posts-grid.default\">\n\t\t\t\t<div class=\"elementor-widget-container\">\n\t\t\t\t\t<div class=\"ce-posts-grid ce-post-style-adair\" data-columns=\"3\" data-layout=\"masonry\">\n\n\t\t\t\t\t\t\t\t\t                        \n<article id=\"ce-post-item-6696\" data-speed=\"1000\" class=\"ce-post-item ce-animation ce-animation--bottom-t-top ce-animation-manual post-6696 post type-post status-publish format-standard has-post-thumbnail hentry category-noticies\" data-delay=\"0\" >\n\t\n    <div class=\"media-wrapper\">\n\t\n                \n        <div class=\"entry-media\">\n        \n            <div class=\"post-thumbnail\">\n                \n                <img fetchpriority=\"high\" decoding=\"async\" width=\"300\" height=\"200\" src=\"https:\/\/www.personasyciudad.es\/wp-content\/uploads\/2026\/03\/foto-portada-1-300x200.jpg\" class=\"attachment-medium size-medium wp-post-image\" alt=\"\" srcset=\"https:\/\/www.personasyciudad.es\/wp-content\/uploads\/2026\/03\/foto-portada-1-300x200.jpg 300w, https:\/\/www.personasyciudad.es\/wp-content\/uploads\/2026\/03\/foto-portada-1-1024x683.jpg 1024w, https:\/\/www.personasyciudad.es\/wp-content\/uploads\/2026\/03\/foto-portada-1-768x512.jpg 768w, https:\/\/www.personasyciudad.es\/wp-content\/uploads\/2026\/03\/foto-portada-1-355x235.jpg 355w, https:\/\/www.personasyciudad.es\/wp-content\/uploads\/2026\/03\/foto-portada-1.jpg 1500w\" sizes=\"(max-width: 300px) 100vw, 300px\" \/>                <a href=\"https:\/\/www.personasyciudad.es\/ca-es\/personas-y-ciudad-i-lajuntament-presenten-les-obres-de-rehabilitacio-de-millora-deficiencia-energetica-en-els-edificis-del-programa-de-barris-errp-3\/\" class=\"image-link\"><\/a>\n            \n            <\/div><!-- .post-thumbnail --> \n\n        <\/div><!-- .entry-media --> \n\n        \n\t<\/div>\n\t\n\t<div class=\"entry-wrapper\">\n\n\t\t<div class=\"entry-wrapper-content\">\n\t\n\t\t\t\t<header class=\"entry-header\">\n\t\t\t\t\t\n\t\t\t\t\t<h2 class=\"entry-title\"><a href=\"https:\/\/www.personasyciudad.es\/ca-es\/personas-y-ciudad-i-lajuntament-presenten-les-obres-de-rehabilitacio-de-millora-deficiencia-energetica-en-els-edificis-del-programa-de-barris-errp-3\/\" rel=\"bookmark\">Es firma l&#8217;acta de recepci\u00f3 dels edificis Ni\u00e7a A i B despr\u00e9s de la seua rehabilitaci\u00f3 energ\u00e8tica (ERRP Niza\u2013Navarregui)<\/a><\/h2>\t\t\t\t\t\t\n                    <div class=\"entry-meta\">\n\n                        <div class=\"entry-meta-single entry-meta-author\">\n                        <a href=\"https:\/\/www.personasyciudad.es\/ca-es\/author\/pycsa\/\">PYCSA<\/a>                        <\/div><!-- .entry-meta-single -->\n\n                        <div class=\"entry-meta-single entry-meta-date\">\n                            <i class=\"feather feather-clock\"><\/i>Mar 25, 2026                        <\/div><!-- .entry-meta-single -->\n                    <\/div><!-- .entry-meta -->\n\n\t\t\t\t<\/header><!-- .entry-header -->\n\n\t\t\t<div class=\"entry-content\">\n                La rehabilitaci\u00f3 energ\u00e8tica de Ni\u00e7a\u2013*Navarregui millora l&#8217;efici\u00e8ncia de 63 vivendes i beneficia a m\u00e9s de 180 residents. Sant Joan d&#8217;Alacant, 12 de mar\u00e7 de 2026. [&hellip;]            <\/div>\n\n            <div class=\"entry-footer\">\n                <div class=\"ce-share-buttons\"><span class=\"pre\">Share on:<\/span><a href=\"https:\/\/twitter.com\/intent\/tweet?text=Es%20firma%20l&#8217;acta%20de%20recepci\u00f3%20dels%20edificis%20Ni\u00e7a%20A%20i%20B%20despr\u00e9s%20de%20la%20seua%20rehabilitaci\u00f3%20energ\u00e8tica%20(ERRP%20Niza\u2013Navarregui)&amp;url=https%3A%2F%2Fwww.personasyciudad.es%2Fca-es%2Fpersonas-y-ciudad-i-lajuntament-presenten-les-obres-de-rehabilitacio-de-millora-deficiencia-energetica-en-els-edificis-del-programa-de-barris-errp-3%2F\" title=\"Social Share twitter\" target=\"_blank\"><i class=\"cl-icon-twitter\"><\/i><\/a><a href=\"https:\/\/www.facebook.com\/sharer\/sharer.php?u=https%3A%2F%2Fwww.personasyciudad.es%2Fca-es%2Fpersonas-y-ciudad-i-lajuntament-presenten-les-obres-de-rehabilitacio-de-millora-deficiencia-energetica-en-els-edificis-del-programa-de-barris-errp-3%2F\" title=\"Social Share facebook\" target=\"_blank\"><i class=\"cl-icon-facebook-f\"><\/i><\/a><a href=\"https:\/\/pinterest.com\/pin\/create\/button\/?url=https%3A%2F%2Fwww.personasyciudad.es%2Fca-es%2Fpersonas-y-ciudad-i-lajuntament-presenten-les-obres-de-rehabilitacio-de-millora-deficiencia-energetica-en-els-edificis-del-programa-de-barris-errp-3%2F&amp;media=https:\/\/www.personasyciudad.es\/wp-content\/uploads\/2026\/03\/foto-portada-1.jpg&amp;description=Es%20firma%20l&#8217;acta%20de%20recepci\u00f3%20dels%20edificis%20Ni\u00e7a%20A%20i%20B%20despr\u00e9s%20de%20la%20seua%20rehabilitaci\u00f3%20energ\u00e8tica%20(ERRP%20Niza\u2013Navarregui)\" title=\"Social Share pinterest\" target=\"_blank\"><i class=\"cl-icon-pinterest\"><\/i><\/a><\/div>                                    <a href=\"https:\/\/www.personasyciudad.es\/ca-es\/personas-y-ciudad-i-lajuntament-presenten-les-obres-de-rehabilitacio-de-millora-deficiencia-energetica-en-els-edificis-del-programa-de-barris-errp-3\/\" class=\"entry-readmore\">Continue Reading<\/a>\n                            <\/div>\n\t\t\t\n\t\t\t\n\t\t<\/div><!-- .entry-wrapper-content -->\n\n\t<\/div><!-- .entry-wrapper -->\n\t\n<\/article><!-- #post-## -->\n                    \t\t\t\t\t\t                        \n<article id=\"ce-post-item-6598\" data-speed=\"1000\" class=\"ce-post-item ce-animation ce-animation--bottom-t-top ce-animation-manual post-6598 post type-post status-publish format-standard has-post-thumbnail hentry category-noticies\" data-delay=\"0\" >\n\t\n    <div class=\"media-wrapper\">\n\t\n                \n        <div class=\"entry-media\">\n        \n            <div class=\"post-thumbnail\">\n                \n                <img decoding=\"async\" width=\"300\" height=\"200\" src=\"https:\/\/www.personasyciudad.es\/wp-content\/uploads\/2025\/12\/todos-300x200.jpeg\" class=\"attachment-medium size-medium wp-post-image\" alt=\"\" srcset=\"https:\/\/www.personasyciudad.es\/wp-content\/uploads\/2025\/12\/todos-300x200.jpeg 300w, https:\/\/www.personasyciudad.es\/wp-content\/uploads\/2025\/12\/todos-1024x683.jpeg 1024w, https:\/\/www.personasyciudad.es\/wp-content\/uploads\/2025\/12\/todos-768x512.jpeg 768w, https:\/\/www.personasyciudad.es\/wp-content\/uploads\/2025\/12\/todos-355x235.jpeg 355w, https:\/\/www.personasyciudad.es\/wp-content\/uploads\/2025\/12\/todos.jpeg 1500w\" sizes=\"(max-width: 300px) 100vw, 300px\" \/>                <a href=\"https:\/\/www.personasyciudad.es\/ca-es\/personas-y-ciudad-acudix-a-la-iii-trobada-internacional-sobre-vivenda-protegida-social-i-assequible\/\" class=\"image-link\"><\/a>\n            \n            <\/div><!-- .post-thumbnail --> \n\n        <\/div><!-- .entry-media --> \n\n        \n\t<\/div>\n\t\n\t<div class=\"entry-wrapper\">\n\n\t\t<div class=\"entry-wrapper-content\">\n\t\n\t\t\t\t<header class=\"entry-header\">\n\t\t\t\t\t\n\t\t\t\t\t<h2 class=\"entry-title\"><a href=\"https:\/\/www.personasyciudad.es\/ca-es\/personas-y-ciudad-acudix-a-la-iii-trobada-internacional-sobre-vivenda-protegida-social-i-assequible\/\" rel=\"bookmark\">Personas y Ciudad acudix a la III Trobada Internacional sobre Vivenda Protegida, Social i Assequible<\/a><\/h2>\t\t\t\t\t\t\n                    <div class=\"entry-meta\">\n\n                        <div class=\"entry-meta-single entry-meta-author\">\n                        <a href=\"https:\/\/www.personasyciudad.es\/ca-es\/author\/pycsa\/\">PYCSA<\/a>                        <\/div><!-- .entry-meta-single -->\n\n                        <div class=\"entry-meta-single entry-meta-date\">\n                            <i class=\"feather feather-clock\"><\/i>Dec 5, 2025                        <\/div><!-- .entry-meta-single -->\n                    <\/div><!-- .entry-meta -->\n\n\t\t\t\t<\/header><!-- .entry-header -->\n\n\t\t\t<div class=\"entry-content\">\n                Sant Joan d&#8217;Alacant, 20 de novembre de 2025. Rosa Cussac Crespo, gerent de l&#8217;empresa municipal Persones i Ciutat, ha participat en les sessions de la [&hellip;]            <\/div>\n\n            <div class=\"entry-footer\">\n                <div class=\"ce-share-buttons\"><span class=\"pre\">Share on:<\/span><a href=\"https:\/\/twitter.com\/intent\/tweet?text=Personas%20y%20Ciudad%20acudix%20a%20la%20III%20Trobada%20Internacional%20sobre%20Vivenda%20Protegida,%20Social%20i%20Assequible&amp;url=https%3A%2F%2Fwww.personasyciudad.es%2Fca-es%2Fpersonas-y-ciudad-acudix-a-la-iii-trobada-internacional-sobre-vivenda-protegida-social-i-assequible%2F\" title=\"Social Share twitter\" target=\"_blank\"><i class=\"cl-icon-twitter\"><\/i><\/a><a href=\"https:\/\/www.facebook.com\/sharer\/sharer.php?u=https%3A%2F%2Fwww.personasyciudad.es%2Fca-es%2Fpersonas-y-ciudad-acudix-a-la-iii-trobada-internacional-sobre-vivenda-protegida-social-i-assequible%2F\" title=\"Social Share facebook\" target=\"_blank\"><i class=\"cl-icon-facebook-f\"><\/i><\/a><a href=\"https:\/\/pinterest.com\/pin\/create\/button\/?url=https%3A%2F%2Fwww.personasyciudad.es%2Fca-es%2Fpersonas-y-ciudad-acudix-a-la-iii-trobada-internacional-sobre-vivenda-protegida-social-i-assequible%2F&amp;media=https:\/\/www.personasyciudad.es\/wp-content\/uploads\/2025\/12\/todos.jpeg&amp;description=Personas%20y%20Ciudad%20acudix%20a%20la%20III%20Trobada%20Internacional%20sobre%20Vivenda%20Protegida,%20Social%20i%20Assequible\" title=\"Social Share pinterest\" target=\"_blank\"><i class=\"cl-icon-pinterest\"><\/i><\/a><\/div>                                    <a href=\"https:\/\/www.personasyciudad.es\/ca-es\/personas-y-ciudad-acudix-a-la-iii-trobada-internacional-sobre-vivenda-protegida-social-i-assequible\/\" class=\"entry-readmore\">Continue Reading<\/a>\n                            <\/div>\n\t\t\t\n\t\t\t\n\t\t<\/div><!-- .entry-wrapper-content -->\n\n\t<\/div><!-- .entry-wrapper -->\n\t\n<\/article><!-- #post-## -->\n                    \t\t\t\t\t\t                        \n<article id=\"ce-post-item-6512\" data-speed=\"1000\" class=\"ce-post-item ce-animation ce-animation--bottom-t-top ce-animation-manual post-6512 post type-post status-publish format-standard has-post-thumbnail hentry category-noticies\" data-delay=\"0\" >\n\t\n    <div class=\"media-wrapper\">\n\t\n                \n        <div class=\"entry-media\">\n        \n            <div class=\"post-thumbnail\">\n                \n                <img decoding=\"async\" width=\"300\" height=\"200\" src=\"https:\/\/www.personasyciudad.es\/wp-content\/uploads\/2025\/11\/1024x768-1-69172a52259f6-1-1-300x200.png\" class=\"attachment-medium size-medium wp-post-image\" alt=\"\" srcset=\"https:\/\/www.personasyciudad.es\/wp-content\/uploads\/2025\/11\/1024x768-1-69172a52259f6-1-1-300x200.png 300w, https:\/\/www.personasyciudad.es\/wp-content\/uploads\/2025\/11\/1024x768-1-69172a52259f6-1-1-1024x683.png 1024w, https:\/\/www.personasyciudad.es\/wp-content\/uploads\/2025\/11\/1024x768-1-69172a52259f6-1-1-768x512.png 768w, https:\/\/www.personasyciudad.es\/wp-content\/uploads\/2025\/11\/1024x768-1-69172a52259f6-1-1-355x235.png 355w, https:\/\/www.personasyciudad.es\/wp-content\/uploads\/2025\/11\/1024x768-1-69172a52259f6-1-1.png 1500w\" sizes=\"(max-width: 300px) 100vw, 300px\" \/>                <a href=\"https:\/\/www.personasyciudad.es\/ca-es\/personas-y-ciudad-i-lajuntament-presenten-les-obres-de-rehabilitacio-de-millora-deficiencia-energetica-en-els-edificis-del-programa-de-barris-errp-2\/\" class=\"image-link\"><\/a>\n            \n            <\/div><!-- .post-thumbnail --> \n\n        <\/div><!-- .entry-media --> \n\n        \n\t<\/div>\n\t\n\t<div class=\"entry-wrapper\">\n\n\t\t<div class=\"entry-wrapper-content\">\n\t\n\t\t\t\t<header class=\"entry-header\">\n\t\t\t\t\t\n\t\t\t\t\t<h2 class=\"entry-title\"><a href=\"https:\/\/www.personasyciudad.es\/ca-es\/personas-y-ciudad-i-lajuntament-presenten-les-obres-de-rehabilitacio-de-millora-deficiencia-energetica-en-els-edificis-del-programa-de-barris-errp-2\/\" rel=\"bookmark\">Personas y Ciudad acudix a la III Trobada Internacional sobre Vivenda Protegida, Social i Assequible<\/a><\/h2>\t\t\t\t\t\t\n                    <div class=\"entry-meta\">\n\n                        <div class=\"entry-meta-single entry-meta-author\">\n                        <a href=\"https:\/\/www.personasyciudad.es\/ca-es\/author\/pycsa\/\">PYCSA<\/a>                        <\/div><!-- .entry-meta-single -->\n\n                        <div class=\"entry-meta-single entry-meta-date\">\n                            <i class=\"feather feather-clock\"><\/i>Nov 20, 2025                        <\/div><!-- .entry-meta-single -->\n                    <\/div><!-- .entry-meta -->\n\n\t\t\t\t<\/header><!-- .entry-header -->\n\n\t\t\t<div class=\"entry-content\">\n                Sant Joan d&#8217;Alacant, 20 de novembre de 2025. Rosa Cussac Crespo, gerent de l&#8217;empresa municipal Persones i Ciutat, ha participat en les sessions de la [&hellip;]            <\/div>\n\n            <div class=\"entry-footer\">\n                <div class=\"ce-share-buttons\"><span class=\"pre\">Share on:<\/span><a href=\"https:\/\/twitter.com\/intent\/tweet?text=Personas%20y%20Ciudad%20acudix%20a%20la%20III%20Trobada%20Internacional%20sobre%20Vivenda%20Protegida,%20Social%20i%20Assequible&amp;url=https%3A%2F%2Fwww.personasyciudad.es%2Fca-es%2Fpersonas-y-ciudad-i-lajuntament-presenten-les-obres-de-rehabilitacio-de-millora-deficiencia-energetica-en-els-edificis-del-programa-de-barris-errp-2%2F\" title=\"Social Share twitter\" target=\"_blank\"><i class=\"cl-icon-twitter\"><\/i><\/a><a href=\"https:\/\/www.facebook.com\/sharer\/sharer.php?u=https%3A%2F%2Fwww.personasyciudad.es%2Fca-es%2Fpersonas-y-ciudad-i-lajuntament-presenten-les-obres-de-rehabilitacio-de-millora-deficiencia-energetica-en-els-edificis-del-programa-de-barris-errp-2%2F\" title=\"Social Share facebook\" target=\"_blank\"><i class=\"cl-icon-facebook-f\"><\/i><\/a><a href=\"https:\/\/pinterest.com\/pin\/create\/button\/?url=https%3A%2F%2Fwww.personasyciudad.es%2Fca-es%2Fpersonas-y-ciudad-i-lajuntament-presenten-les-obres-de-rehabilitacio-de-millora-deficiencia-energetica-en-els-edificis-del-programa-de-barris-errp-2%2F&amp;media=https:\/\/www.personasyciudad.es\/wp-content\/uploads\/2025\/11\/1024x768-1-69172a52259f6-1-1.png&amp;description=Personas%20y%20Ciudad%20acudix%20a%20la%20III%20Trobada%20Internacional%20sobre%20Vivenda%20Protegida,%20Social%20i%20Assequible\" title=\"Social Share pinterest\" target=\"_blank\"><i class=\"cl-icon-pinterest\"><\/i><\/a><\/div>                                    <a href=\"https:\/\/www.personasyciudad.es\/ca-es\/personas-y-ciudad-i-lajuntament-presenten-les-obres-de-rehabilitacio-de-millora-deficiencia-energetica-en-els-edificis-del-programa-de-barris-errp-2\/\" class=\"entry-readmore\">Continue Reading<\/a>\n                            <\/div>\n\t\t\t\n\t\t\t\n\t\t<\/div><!-- .entry-wrapper-content -->\n\n\t<\/div><!-- .entry-wrapper -->\n\t\n<\/article><!-- #post-## -->\n                    \t\t\t\t\t\t                        \n<article id=\"ce-post-item-6402\" data-speed=\"1000\" class=\"ce-post-item ce-animation ce-animation--bottom-t-top ce-animation-manual post-6402 post type-post status-publish format-standard has-post-thumbnail hentry category-noticies\" data-delay=\"0\" >\n\t\n    <div class=\"media-wrapper\">\n\t\n                \n        <div class=\"entry-media\">\n        \n            <div class=\"post-thumbnail\">\n                \n                <img loading=\"lazy\" decoding=\"async\" width=\"300\" height=\"252\" src=\"https:\/\/www.personasyciudad.es\/wp-content\/uploads\/2025\/10\/IMG_9112-300x252.jpeg\" class=\"attachment-medium size-medium wp-post-image\" alt=\"\" srcset=\"https:\/\/www.personasyciudad.es\/wp-content\/uploads\/2025\/10\/IMG_9112-300x252.jpeg 300w, https:\/\/www.personasyciudad.es\/wp-content\/uploads\/2025\/10\/IMG_9112-1024x859.jpeg 1024w, https:\/\/www.personasyciudad.es\/wp-content\/uploads\/2025\/10\/IMG_9112-768x644.jpeg 768w, https:\/\/www.personasyciudad.es\/wp-content\/uploads\/2025\/10\/IMG_9112-1536x1289.jpeg 1536w, https:\/\/www.personasyciudad.es\/wp-content\/uploads\/2025\/10\/IMG_9112-2048x1718.jpeg 2048w\" sizes=\"(max-width: 300px) 100vw, 300px\" \/>                <a href=\"https:\/\/www.personasyciudad.es\/ca-es\/personas-y-ciudad-i-lajuntament-presenten-les-obres-de-rehabilitacio-de-millora-deficiencia-energetica-en-els-edificis-del-programa-de-barris-errp\/\" class=\"image-link\"><\/a>\n            \n            <\/div><!-- .post-thumbnail --> \n\n        <\/div><!-- .entry-media --> \n\n        \n\t<\/div>\n\t\n\t<div class=\"entry-wrapper\">\n\n\t\t<div class=\"entry-wrapper-content\">\n\t\n\t\t\t\t<header class=\"entry-header\">\n\t\t\t\t\t\n\t\t\t\t\t<h2 class=\"entry-title\"><a href=\"https:\/\/www.personasyciudad.es\/ca-es\/personas-y-ciudad-i-lajuntament-presenten-les-obres-de-rehabilitacio-de-millora-deficiencia-energetica-en-els-edificis-del-programa-de-barris-errp\/\" rel=\"bookmark\">Persones i Ciutat s&#8217;unix al minut de silenci per les v\u00edctimes de la DANA<\/a><\/h2>\t\t\t\t\t\t\n                    <div class=\"entry-meta\">\n\n                        <div class=\"entry-meta-single entry-meta-author\">\n                        <a href=\"https:\/\/www.personasyciudad.es\/ca-es\/author\/pycsa\/\">PYCSA<\/a>                        <\/div><!-- .entry-meta-single -->\n\n                        <div class=\"entry-meta-single entry-meta-date\">\n                            <i class=\"feather feather-clock\"><\/i>Oct 29, 2025                        <\/div><!-- .entry-meta-single -->\n                    <\/div><!-- .entry-meta -->\n\n\t\t\t\t<\/header><!-- .entry-header -->\n\n\t\t\t<div class=\"entry-content\">\n                Sant Joan d&#8217;Alacant, 29 d&#8217;octubre de 2025. L&#8217;empresa Personas y Ciudad ha participat este dimecres en el minut de silenci convocat per l&#8217;Ajuntament de Sant [&hellip;]            <\/div>\n\n            <div class=\"entry-footer\">\n                <div class=\"ce-share-buttons\"><span class=\"pre\">Share on:<\/span><a href=\"https:\/\/twitter.com\/intent\/tweet?text=Persones%20i%20Ciutat%20s&#8217;unix%20al%20minut%20de%20silenci%20per%20les%20v\u00edctimes%20de%20la%20DANA&amp;url=https%3A%2F%2Fwww.personasyciudad.es%2Fca-es%2Fpersonas-y-ciudad-i-lajuntament-presenten-les-obres-de-rehabilitacio-de-millora-deficiencia-energetica-en-els-edificis-del-programa-de-barris-errp%2F\" title=\"Social Share twitter\" target=\"_blank\"><i class=\"cl-icon-twitter\"><\/i><\/a><a href=\"https:\/\/www.facebook.com\/sharer\/sharer.php?u=https%3A%2F%2Fwww.personasyciudad.es%2Fca-es%2Fpersonas-y-ciudad-i-lajuntament-presenten-les-obres-de-rehabilitacio-de-millora-deficiencia-energetica-en-els-edificis-del-programa-de-barris-errp%2F\" title=\"Social Share facebook\" target=\"_blank\"><i class=\"cl-icon-facebook-f\"><\/i><\/a><a href=\"https:\/\/pinterest.com\/pin\/create\/button\/?url=https%3A%2F%2Fwww.personasyciudad.es%2Fca-es%2Fpersonas-y-ciudad-i-lajuntament-presenten-les-obres-de-rehabilitacio-de-millora-deficiencia-energetica-en-els-edificis-del-programa-de-barris-errp%2F&amp;media=https:\/\/www.personasyciudad.es\/wp-content\/uploads\/2025\/10\/IMG_9112-scaled-e1761743296577.jpeg&amp;description=Persones%20i%20Ciutat%20s&#8217;unix%20al%20minut%20de%20silenci%20per%20les%20v\u00edctimes%20de%20la%20DANA\" title=\"Social Share pinterest\" target=\"_blank\"><i class=\"cl-icon-pinterest\"><\/i><\/a><\/div>                                    <a href=\"https:\/\/www.personasyciudad.es\/ca-es\/personas-y-ciudad-i-lajuntament-presenten-les-obres-de-rehabilitacio-de-millora-deficiencia-energetica-en-els-edificis-del-programa-de-barris-errp\/\" class=\"entry-readmore\">Continue Reading<\/a>\n                            <\/div>\n\t\t\t\n\t\t\t\n\t\t<\/div><!-- .entry-wrapper-content -->\n\n\t<\/div><!-- .entry-wrapper -->\n\t\n<\/article><!-- #post-## -->\n                    \t\t\t\t\t\t                        \n<article id=\"ce-post-item-5905\" data-speed=\"1000\" class=\"ce-post-item ce-animation ce-animation--bottom-t-top ce-animation-manual post-5905 post type-post status-publish format-standard has-post-thumbnail hentry category-noticies\" data-delay=\"0\" >\n\t\n    <div class=\"media-wrapper\">\n\t\n                \n        <div class=\"entry-media\">\n        \n            <div class=\"post-thumbnail\">\n                \n                <img loading=\"lazy\" decoding=\"async\" width=\"300\" height=\"203\" src=\"https:\/\/www.personasyciudad.es\/wp-content\/uploads\/2025\/05\/WhatsApp-Image-2025-05-05-at-17.15.31-8-300x203.jpeg\" class=\"attachment-medium size-medium wp-post-image\" alt=\"\" srcset=\"https:\/\/www.personasyciudad.es\/wp-content\/uploads\/2025\/05\/WhatsApp-Image-2025-05-05-at-17.15.31-8-300x203.jpeg 300w, https:\/\/www.personasyciudad.es\/wp-content\/uploads\/2025\/05\/WhatsApp-Image-2025-05-05-at-17.15.31-8-1024x693.jpeg 1024w, https:\/\/www.personasyciudad.es\/wp-content\/uploads\/2025\/05\/WhatsApp-Image-2025-05-05-at-17.15.31-8-768x520.jpeg 768w, https:\/\/www.personasyciudad.es\/wp-content\/uploads\/2025\/05\/WhatsApp-Image-2025-05-05-at-17.15.31-8-400x270.jpeg 400w, https:\/\/www.personasyciudad.es\/wp-content\/uploads\/2025\/05\/WhatsApp-Image-2025-05-05-at-17.15.31-8-500x340.jpeg 500w, https:\/\/www.personasyciudad.es\/wp-content\/uploads\/2025\/05\/WhatsApp-Image-2025-05-05-at-17.15.31-8.jpeg 1500w\" sizes=\"(max-width: 300px) 100vw, 300px\" \/>                <a href=\"https:\/\/www.personasyciudad.es\/ca-es\/personas-y-ciudad-y-el-ayuntamiento-presentan-las-obras-de-rehabilitacion-de-mejora-de-eficiencia-energetica-en-los-edificios-del-programa-de-barrios-errp\/\" class=\"image-link\"><\/a>\n            \n            <\/div><!-- .post-thumbnail --> \n\n        <\/div><!-- .entry-media --> \n\n        \n\t<\/div>\n\t\n\t<div class=\"entry-wrapper\">\n\n\t\t<div class=\"entry-wrapper-content\">\n\t\n\t\t\t\t<header class=\"entry-header\">\n\t\t\t\t\t\n\t\t\t\t\t<h2 class=\"entry-title\"><a href=\"https:\/\/www.personasyciudad.es\/ca-es\/personas-y-ciudad-y-el-ayuntamiento-presentan-las-obras-de-rehabilitacion-de-mejora-de-eficiencia-energetica-en-los-edificios-del-programa-de-barrios-errp\/\" rel=\"bookmark\">Personas y Ciudad i l&#8217;ajuntament presenten les obres de Rehabilitaci\u00f3 de millora d&#8217;Efici\u00e8ncia Energ\u00e8tica en els Edificis del Programa de Barris (ERRP).<\/a><\/h2>\t\t\t\t\t\t\n                    <div class=\"entry-meta\">\n\n                        <div class=\"entry-meta-single entry-meta-author\">\n                        <a href=\"https:\/\/www.personasyciudad.es\/ca-es\/author\/pycsa\/\">PYCSA<\/a>                        <\/div><!-- .entry-meta-single -->\n\n                        <div class=\"entry-meta-single entry-meta-date\">\n                            <i class=\"feather feather-clock\"><\/i>May 6, 2025                        <\/div><!-- .entry-meta-single -->\n                    <\/div><!-- .entry-meta -->\n\n\t\t\t\t<\/header><!-- .entry-header -->\n\n\t\t\t<div class=\"entry-content\">\n                Es dona llum verda a l&#8217;inici de les obres de reurbanitzaci\u00f3 amb la firma de l&#8217;acta de replanteig d&#8217;obres. Sant Joan d&#8217;Alacant, 5 de maig [&hellip;]            <\/div>\n\n            <div class=\"entry-footer\">\n                <div class=\"ce-share-buttons\"><span class=\"pre\">Share on:<\/span><a href=\"https:\/\/twitter.com\/intent\/tweet?text=Personas%20y%20Ciudad%20i%20l&#8217;ajuntament%20presenten%20les%20obres%20de%20Rehabilitaci\u00f3%20de%20millora%20d&#8217;Efici\u00e8ncia%20Energ\u00e8tica%20en%20els%20Edificis%20del%20Programa%20de%20Barris%20(ERRP).&amp;url=https%3A%2F%2Fwww.personasyciudad.es%2Fca-es%2Fpersonas-y-ciudad-y-el-ayuntamiento-presentan-las-obras-de-rehabilitacion-de-mejora-de-eficiencia-energetica-en-los-edificios-del-programa-de-barrios-errp%2F\" title=\"Social Share twitter\" target=\"_blank\"><i class=\"cl-icon-twitter\"><\/i><\/a><a href=\"https:\/\/www.facebook.com\/sharer\/sharer.php?u=https%3A%2F%2Fwww.personasyciudad.es%2Fca-es%2Fpersonas-y-ciudad-y-el-ayuntamiento-presentan-las-obras-de-rehabilitacion-de-mejora-de-eficiencia-energetica-en-los-edificios-del-programa-de-barrios-errp%2F\" title=\"Social Share facebook\" target=\"_blank\"><i class=\"cl-icon-facebook-f\"><\/i><\/a><a href=\"https:\/\/pinterest.com\/pin\/create\/button\/?url=https%3A%2F%2Fwww.personasyciudad.es%2Fca-es%2Fpersonas-y-ciudad-y-el-ayuntamiento-presentan-las-obras-de-rehabilitacion-de-mejora-de-eficiencia-energetica-en-los-edificios-del-programa-de-barrios-errp%2F&amp;media=https:\/\/www.personasyciudad.es\/wp-content\/uploads\/2025\/05\/WhatsApp-Image-2025-05-05-at-17.15.31-8.jpeg&amp;description=Personas%20y%20Ciudad%20i%20l&#8217;ajuntament%20presenten%20les%20obres%20de%20Rehabilitaci\u00f3%20de%20millora%20d&#8217;Efici\u00e8ncia%20Energ\u00e8tica%20en%20els%20Edificis%20del%20Programa%20de%20Barris%20(ERRP).\" title=\"Social Share pinterest\" target=\"_blank\"><i class=\"cl-icon-pinterest\"><\/i><\/a><\/div>                                    <a href=\"https:\/\/www.personasyciudad.es\/ca-es\/personas-y-ciudad-y-el-ayuntamiento-presentan-las-obras-de-rehabilitacion-de-mejora-de-eficiencia-energetica-en-los-edificios-del-programa-de-barrios-errp\/\" class=\"entry-readmore\">Continue Reading<\/a>\n                            <\/div>\n\t\t\t\n\t\t\t\n\t\t<\/div><!-- .entry-wrapper-content -->\n\n\t<\/div><!-- .entry-wrapper -->\n\t\n<\/article><!-- #post-## -->\n                    \t\t\t\t\t\t                        \n<article id=\"ce-post-item-6057\" data-speed=\"1000\" class=\"ce-post-item ce-animation ce-animation--bottom-t-top ce-animation-manual post-6057 post type-post status-publish format-standard has-post-thumbnail hentry category-noticies\" data-delay=\"0\" >\n\t\n    <div class=\"media-wrapper\">\n\t\n                \n        <div class=\"entry-media\">\n        \n            <div class=\"post-thumbnail\">\n                \n                <img loading=\"lazy\" decoding=\"async\" width=\"300\" height=\"169\" src=\"https:\/\/www.personasyciudad.es\/wp-content\/uploads\/2025\/03\/TARTA-100ANOS-300x169.jpg\" class=\"attachment-medium size-medium wp-post-image\" alt=\"\" srcset=\"https:\/\/www.personasyciudad.es\/wp-content\/uploads\/2025\/03\/TARTA-100ANOS-300x169.jpg 300w, https:\/\/www.personasyciudad.es\/wp-content\/uploads\/2025\/03\/TARTA-100ANOS-1024x576.jpg 1024w, https:\/\/www.personasyciudad.es\/wp-content\/uploads\/2025\/03\/TARTA-100ANOS-768x432.jpg 768w, https:\/\/www.personasyciudad.es\/wp-content\/uploads\/2025\/03\/TARTA-100ANOS.jpg 1500w\" sizes=\"(max-width: 300px) 100vw, 300px\" \/>                <a href=\"https:\/\/www.personasyciudad.es\/ca-es\/clara-samuel-eyene-complix-100-anys\/\" class=\"image-link\"><\/a>\n            \n            <\/div><!-- .post-thumbnail --> \n\n        <\/div><!-- .entry-media --> \n\n        \n\t<\/div>\n\t\n\t<div class=\"entry-wrapper\">\n\n\t\t<div class=\"entry-wrapper-content\">\n\t\n\t\t\t\t<header class=\"entry-header\">\n\t\t\t\t\t\n\t\t\t\t\t<h2 class=\"entry-title\"><a href=\"https:\/\/www.personasyciudad.es\/ca-es\/clara-samuel-eyene-complix-100-anys\/\" rel=\"bookmark\">Clara Samuel Eyene complix 100 anys<\/a><\/h2>\t\t\t\t\t\t\n                    <div class=\"entry-meta\">\n\n                        <div class=\"entry-meta-single entry-meta-author\">\n                        <a href=\"https:\/\/www.personasyciudad.es\/ca-es\/author\/pycsa\/\">PYCSA<\/a>                        <\/div><!-- .entry-meta-single -->\n\n                        <div class=\"entry-meta-single entry-meta-date\">\n                            <i class=\"feather feather-clock\"><\/i>Mar 11, 2025                        <\/div><!-- .entry-meta-single -->\n                    <\/div><!-- .entry-meta -->\n\n\t\t\t\t<\/header><!-- .entry-header -->\n\n\t\t\t<div class=\"entry-content\">\n                Sant Joan d&#8217;Alacant. 7 de mar\u00e7 de 2025. Clara Samuel Eyene celebra un segle de vida al costat del seu equip d&#8217;ajuda a domicili. La [&hellip;]            <\/div>\n\n            <div class=\"entry-footer\">\n                <div class=\"ce-share-buttons\"><span class=\"pre\">Share on:<\/span><a href=\"https:\/\/twitter.com\/intent\/tweet?text=Clara%20Samuel%20Eyene%20complix%20100%20anys&amp;url=https%3A%2F%2Fwww.personasyciudad.es%2Fca-es%2Fclara-samuel-eyene-complix-100-anys%2F\" title=\"Social Share twitter\" target=\"_blank\"><i class=\"cl-icon-twitter\"><\/i><\/a><a href=\"https:\/\/www.facebook.com\/sharer\/sharer.php?u=https%3A%2F%2Fwww.personasyciudad.es%2Fca-es%2Fclara-samuel-eyene-complix-100-anys%2F\" title=\"Social Share facebook\" target=\"_blank\"><i class=\"cl-icon-facebook-f\"><\/i><\/a><a href=\"https:\/\/pinterest.com\/pin\/create\/button\/?url=https%3A%2F%2Fwww.personasyciudad.es%2Fca-es%2Fclara-samuel-eyene-complix-100-anys%2F&amp;media=https:\/\/www.personasyciudad.es\/wp-content\/uploads\/2025\/03\/TARTA-100ANOS.jpg&amp;description=Clara%20Samuel%20Eyene%20complix%20100%20anys\" title=\"Social Share pinterest\" target=\"_blank\"><i class=\"cl-icon-pinterest\"><\/i><\/a><\/div>                                    <a href=\"https:\/\/www.personasyciudad.es\/ca-es\/clara-samuel-eyene-complix-100-anys\/\" class=\"entry-readmore\">Continue Reading<\/a>\n                            <\/div>\n\t\t\t\n\t\t\t\n\t\t<\/div><!-- .entry-wrapper-content -->\n\n\t<\/div><!-- .entry-wrapper -->\n\t\n<\/article><!-- #post-## -->\n                                                    \t\t\t\n\t\t<\/div>\n\t\t\t\t<\/div>\n\t\t\t\t<\/div>\n\t\t\t\t\t<\/div>\n\t\t<\/div>\n\t\t\t\t\t<\/div>\n\t\t<\/section>\n\t\t\t\t<\/div>\n\t\t","protected":false},"excerpt":{"rendered":"<p>NOT\u00cdCIESNOT\u00cdCIES Personas y Ciudad y el ayuntamiento presentan las obras de Rehabilitaci\u00f3n de mejora de Eficiencia Energ\u00e9tica en los Edificios del Programa de Barrios (ERRP) [&hellip;]<\/p>\n","protected":false},"author":3,"featured_media":0,"parent":0,"menu_order":0,"comment_status":"closed","ping_status":"closed","template":"","meta":{"footnotes":""},"class_list":["post-5520","page","type-page","status-publish","hentry"],"yoast_head":"<!-- This site is optimized with the Yoast SEO plugin v27.4 - https:\/\/yoast.com\/product\/yoast-seo-wordpress\/ -->\n<title>\u25b7 Blog de Not\u00edcies de Sant Joan, Alacant | Personas y Ciudad<\/title>\n<meta name=\"description\" content=\"Estigues informat sobre el municipi de Sant Joan a Alacant. Not\u00edcies locals, ocupaci\u00f3, ajudes i urbanisme. Explora el nostre bloc per estar al dia.\" \/>\n<meta name=\"robots\" content=\"index, follow, max-snippet:-1, max-image-preview:large, max-video-preview:-1\" \/>\n<link rel=\"canonical\" href=\"https:\/\/www.personasyciudad.es\/blog-noticias-san-juan-alicante\/\" \/>\n<meta property=\"og:locale\" content=\"ca_ES\" \/>\n<meta property=\"og:type\" content=\"article\" \/>\n<meta property=\"og:title\" content=\"\u25b7 Blog de Not\u00edcies de Sant Joan, Alacant | Personas y Ciudad\" \/>\n<meta property=\"og:description\" content=\"Estigues informat sobre el municipi de Sant Joan a Alacant. Not\u00edcies locals, ocupaci\u00f3, ajudes i urbanisme. Explora el nostre bloc per estar al dia.\" \/>\n<meta property=\"og:url\" content=\"https:\/\/www.personasyciudad.es\/blog-noticias-san-juan-alicante\/\" \/>\n<meta property=\"og:site_name\" content=\"Personas y Ciudad\" \/>\n<meta property=\"article:modified_time\" content=\"2025-06-05T12:22:07+00:00\" \/>\n<meta property=\"og:image\" content=\"https:\/\/www.personasyciudad.es\/wp-content\/uploads\/2025\/05\/WhatsApp-Image-2025-05-05-at-17.15.31-8-300x203.jpeg\" \/>\n<meta name=\"twitter:card\" content=\"summary_large_image\" \/>\n<meta name=\"twitter:label1\" content=\"Est. reading time\" \/>\n\t<meta name=\"twitter:data1\" content=\"5 minutes\" \/>\n<script type=\"application\/ld+json\" class=\"yoast-schema-graph\">{\"@context\":\"https:\\\/\\\/schema.org\",\"@graph\":[{\"@type\":\"WebPage\",\"@id\":\"https:\\\/\\\/www.personasyciudad.es\\\/blog-noticias-san-juan-alicante\\\/\",\"url\":\"https:\\\/\\\/www.personasyciudad.es\\\/blog-noticias-san-juan-alicante\\\/\",\"name\":\"\u25b7 Blog de Not\u00edcies de Sant Joan, Alacant | Personas y Ciudad\",\"isPartOf\":{\"@id\":\"https:\\\/\\\/www.personasyciudad.es\\\/#website\"},\"primaryImageOfPage\":{\"@id\":\"https:\\\/\\\/www.personasyciudad.es\\\/blog-noticias-san-juan-alicante\\\/#primaryimage\"},\"image\":{\"@id\":\"https:\\\/\\\/www.personasyciudad.es\\\/blog-noticias-san-juan-alicante\\\/#primaryimage\"},\"thumbnailUrl\":\"https:\\\/\\\/www.personasyciudad.es\\\/wp-content\\\/uploads\\\/2025\\\/05\\\/WhatsApp-Image-2025-05-05-at-17.15.31-8-300x203.jpeg\",\"datePublished\":\"2023-04-28T13:09:34+00:00\",\"dateModified\":\"2025-06-05T12:22:07+00:00\",\"description\":\"Estigues informat sobre el municipi de Sant Joan a Alacant. Not\u00edcies locals, ocupaci\u00f3, ajudes i urbanisme. Explora el nostre bloc per estar al dia.\",\"breadcrumb\":{\"@id\":\"https:\\\/\\\/www.personasyciudad.es\\\/blog-noticias-san-juan-alicante\\\/#breadcrumb\"},\"inLanguage\":\"ca-ES\",\"potentialAction\":[{\"@type\":\"ReadAction\",\"target\":[\"https:\\\/\\\/www.personasyciudad.es\\\/blog-noticias-san-juan-alicante\\\/\"]}]},{\"@type\":\"ImageObject\",\"inLanguage\":\"ca-ES\",\"@id\":\"https:\\\/\\\/www.personasyciudad.es\\\/blog-noticias-san-juan-alicante\\\/#primaryimage\",\"url\":\"https:\\\/\\\/www.personasyciudad.es\\\/wp-content\\\/uploads\\\/2025\\\/05\\\/WhatsApp-Image-2025-05-05-at-17.15.31-8-300x203.jpeg\",\"contentUrl\":\"https:\\\/\\\/www.personasyciudad.es\\\/wp-content\\\/uploads\\\/2025\\\/05\\\/WhatsApp-Image-2025-05-05-at-17.15.31-8-300x203.jpeg\"},{\"@type\":\"BreadcrumbList\",\"@id\":\"https:\\\/\\\/www.personasyciudad.es\\\/blog-noticias-san-juan-alicante\\\/#breadcrumb\",\"itemListElement\":[{\"@type\":\"ListItem\",\"position\":1,\"name\":\"Portada\",\"item\":\"https:\\\/\\\/www.personasyciudad.es\\\/\"},{\"@type\":\"ListItem\",\"position\":2,\"name\":\"Not\u00edcies\"}]},{\"@type\":\"WebSite\",\"@id\":\"https:\\\/\\\/www.personasyciudad.es\\\/#website\",\"url\":\"https:\\\/\\\/www.personasyciudad.es\\\/\",\"name\":\"Personas y Ciudad\",\"description\":\"Actividades del Ayuntamiento de Sant Joan d\u2019Alacant\",\"publisher\":{\"@id\":\"https:\\\/\\\/www.personasyciudad.es\\\/#organization\"},\"potentialAction\":[{\"@type\":\"SearchAction\",\"target\":{\"@type\":\"EntryPoint\",\"urlTemplate\":\"https:\\\/\\\/www.personasyciudad.es\\\/?s={search_term_string}\"},\"query-input\":{\"@type\":\"PropertyValueSpecification\",\"valueRequired\":true,\"valueName\":\"search_term_string\"}}],\"inLanguage\":\"ca-ES\"},{\"@type\":\"Organization\",\"@id\":\"https:\\\/\\\/www.personasyciudad.es\\\/#organization\",\"name\":\"personas y ciudad\",\"url\":\"https:\\\/\\\/www.personasyciudad.es\\\/\",\"logo\":{\"@type\":\"ImageObject\",\"inLanguage\":\"ca-ES\",\"@id\":\"https:\\\/\\\/www.personasyciudad.es\\\/#\\\/schema\\\/logo\\\/image\\\/\",\"url\":\"https:\\\/\\\/www.personasyciudad.es\\\/wp-content\\\/uploads\\\/2023\\\/04\\\/logo_positivo.png\",\"contentUrl\":\"https:\\\/\\\/www.personasyciudad.es\\\/wp-content\\\/uploads\\\/2023\\\/04\\\/logo_positivo.png\",\"width\":500,\"height\":510,\"caption\":\"personas y ciudad\"},\"image\":{\"@id\":\"https:\\\/\\\/www.personasyciudad.es\\\/#\\\/schema\\\/logo\\\/image\\\/\"}}]}<\/script>\n<!-- \/ Yoast SEO plugin. -->","yoast_head_json":{"title":"\u25b7 Blog de Not\u00edcies de Sant Joan, Alacant | Personas y Ciudad","description":"Estigues informat sobre el municipi de Sant Joan a Alacant. Not\u00edcies locals, ocupaci\u00f3, ajudes i urbanisme. Explora el nostre bloc per estar al dia.","robots":{"index":"index","follow":"follow","max-snippet":"max-snippet:-1","max-image-preview":"max-image-preview:large","max-video-preview":"max-video-preview:-1"},"canonical":"https:\/\/www.personasyciudad.es\/blog-noticias-san-juan-alicante\/","og_locale":"ca_ES","og_type":"article","og_title":"\u25b7 Blog de Not\u00edcies de Sant Joan, Alacant | Personas y Ciudad","og_description":"Estigues informat sobre el municipi de Sant Joan a Alacant. Not\u00edcies locals, ocupaci\u00f3, ajudes i urbanisme. Explora el nostre bloc per estar al dia.","og_url":"https:\/\/www.personasyciudad.es\/blog-noticias-san-juan-alicante\/","og_site_name":"Personas y Ciudad","article_modified_time":"2025-06-05T12:22:07+00:00","og_image":[{"url":"https:\/\/www.personasyciudad.es\/wp-content\/uploads\/2025\/05\/WhatsApp-Image-2025-05-05-at-17.15.31-8-300x203.jpeg","type":"","width":"","height":""}],"twitter_card":"summary_large_image","twitter_misc":{"Est. reading time":"5 minutes"},"schema":{"@context":"https:\/\/schema.org","@graph":[{"@type":"WebPage","@id":"https:\/\/www.personasyciudad.es\/blog-noticias-san-juan-alicante\/","url":"https:\/\/www.personasyciudad.es\/blog-noticias-san-juan-alicante\/","name":"\u25b7 Blog de Not\u00edcies de Sant Joan, Alacant | Personas y Ciudad","isPartOf":{"@id":"https:\/\/www.personasyciudad.es\/#website"},"primaryImageOfPage":{"@id":"https:\/\/www.personasyciudad.es\/blog-noticias-san-juan-alicante\/#primaryimage"},"image":{"@id":"https:\/\/www.personasyciudad.es\/blog-noticias-san-juan-alicante\/#primaryimage"},"thumbnailUrl":"https:\/\/www.personasyciudad.es\/wp-content\/uploads\/2025\/05\/WhatsApp-Image-2025-05-05-at-17.15.31-8-300x203.jpeg","datePublished":"2023-04-28T13:09:34+00:00","dateModified":"2025-06-05T12:22:07+00:00","description":"Estigues informat sobre el municipi de Sant Joan a Alacant. Not\u00edcies locals, ocupaci\u00f3, ajudes i urbanisme. Explora el nostre bloc per estar al dia.","breadcrumb":{"@id":"https:\/\/www.personasyciudad.es\/blog-noticias-san-juan-alicante\/#breadcrumb"},"inLanguage":"ca-ES","potentialAction":[{"@type":"ReadAction","target":["https:\/\/www.personasyciudad.es\/blog-noticias-san-juan-alicante\/"]}]},{"@type":"ImageObject","inLanguage":"ca-ES","@id":"https:\/\/www.personasyciudad.es\/blog-noticias-san-juan-alicante\/#primaryimage","url":"https:\/\/www.personasyciudad.es\/wp-content\/uploads\/2025\/05\/WhatsApp-Image-2025-05-05-at-17.15.31-8-300x203.jpeg","contentUrl":"https:\/\/www.personasyciudad.es\/wp-content\/uploads\/2025\/05\/WhatsApp-Image-2025-05-05-at-17.15.31-8-300x203.jpeg"},{"@type":"BreadcrumbList","@id":"https:\/\/www.personasyciudad.es\/blog-noticias-san-juan-alicante\/#breadcrumb","itemListElement":[{"@type":"ListItem","position":1,"name":"Portada","item":"https:\/\/www.personasyciudad.es\/"},{"@type":"ListItem","position":2,"name":"Not\u00edcies"}]},{"@type":"WebSite","@id":"https:\/\/www.personasyciudad.es\/#website","url":"https:\/\/www.personasyciudad.es\/","name":"Personas y Ciudad","description":"Actividades del Ayuntamiento de Sant Joan d\u2019Alacant","publisher":{"@id":"https:\/\/www.personasyciudad.es\/#organization"},"potentialAction":[{"@type":"SearchAction","target":{"@type":"EntryPoint","urlTemplate":"https:\/\/www.personasyciudad.es\/?s={search_term_string}"},"query-input":{"@type":"PropertyValueSpecification","valueRequired":true,"valueName":"search_term_string"}}],"inLanguage":"ca-ES"},{"@type":"Organization","@id":"https:\/\/www.personasyciudad.es\/#organization","name":"personas y ciudad","url":"https:\/\/www.personasyciudad.es\/","logo":{"@type":"ImageObject","inLanguage":"ca-ES","@id":"https:\/\/www.personasyciudad.es\/#\/schema\/logo\/image\/","url":"https:\/\/www.personasyciudad.es\/wp-content\/uploads\/2023\/04\/logo_positivo.png","contentUrl":"https:\/\/www.personasyciudad.es\/wp-content\/uploads\/2023\/04\/logo_positivo.png","width":500,"height":510,"caption":"personas y ciudad"},"image":{"@id":"https:\/\/www.personasyciudad.es\/#\/schema\/logo\/image\/"}}]}},"_links":{"self":[{"href":"https:\/\/www.personasyciudad.es\/ca-es\/wp-json\/wp\/v2\/pages\/5520","targetHints":{"allow":["GET"]}}],"collection":[{"href":"https:\/\/www.personasyciudad.es\/ca-es\/wp-json\/wp\/v2\/pages"}],"about":[{"href":"https:\/\/www.personasyciudad.es\/ca-es\/wp-json\/wp\/v2\/types\/page"}],"author":[{"embeddable":true,"href":"https:\/\/www.personasyciudad.es\/ca-es\/wp-json\/wp\/v2\/users\/3"}],"replies":[{"embeddable":true,"href":"https:\/\/www.personasyciudad.es\/ca-es\/wp-json\/wp\/v2\/comments?post=5520"}],"version-history":[{"count":16,"href":"https:\/\/www.personasyciudad.es\/ca-es\/wp-json\/wp\/v2\/pages\/5520\/revisions"}],"predecessor-version":[{"id":6014,"href":"https:\/\/www.personasyciudad.es\/ca-es\/wp-json\/wp\/v2\/pages\/5520\/revisions\/6014"}],"wp:attachment":[{"href":"https:\/\/www.personasyciudad.es\/ca-es\/wp-json\/wp\/v2\/media?parent=5520"}],"curies":[{"name":"wp","href":"https:\/\/api.w.org\/{rel}","templated":true}]}}