{"id":5539,"date":"2023-04-21T08:44:23","date_gmt":"2023-04-21T06:44:23","guid":{"rendered":"https:\/\/www.personasyciudad.es\/ajudes-implantacio-ieev-cv-2023\/"},"modified":"2025-09-25T14:57:13","modified_gmt":"2025-09-25T12:57:13","slug":"ajudes-implantacio-ieev-cv-2025","status":"publish","type":"page","link":"https:\/\/www.personasyciudad.es\/ca-es\/habitatge\/ajudes-rehabilitacio-xaloc\/ajudes-implantacio-ieev-cv-2025\/","title":{"rendered":"Ajudes Implantaci\u00f3 IEEV.CV 2025"},"content":{"rendered":"\t\t<div data-elementor-type=\"wp-page\" data-elementor-id=\"5539\" class=\"elementor elementor-5539 elementor-832\" data-elementor-post-type=\"page\">\n\t\t\t\t\t\t<section class=\"elementor-section elementor-top-section elementor-element elementor-element-e1d0194 elementor-section-full_width elementor-section-stretched animated-slow elementor-section-height-default elementor-section-height-default elementor-invisible\" data-id=\"e1d0194\" data-element_type=\"section\" data-settings=\"{&quot;stretch_section&quot;:&quot;section-stretched&quot;,&quot;animation&quot;:&quot;fadeInUp&quot;}\">\n\t\t\t\t\t\t<div class=\"elementor-container elementor-column-gap-no\">\n\t\t\t\t\t<div class=\"elementor-column elementor-col-100 elementor-top-column elementor-element elementor-element-fd49ff6\" data-id=\"fd49ff6\" data-element_type=\"column\">\n\t\t\t<div class=\"elementor-widget-wrap elementor-element-populated\">\n\t\t\t\t\t\t<div class=\"elementor-element elementor-element-3d3a53a elementor--h-position-center elementor--v-position-middle elementor-arrows-position-inside elementor-pagination-position-inside elementor-widget elementor-widget-slides\" data-id=\"3d3a53a\" data-element_type=\"widget\" data-settings=\"{&quot;transition&quot;:&quot;fade&quot;,&quot;transition_speed&quot;:700,&quot;navigation&quot;:&quot;both&quot;,&quot;infinite&quot;:&quot;yes&quot;}\" data-widget_type=\"slides.default\">\n\t\t\t\t<div class=\"elementor-widget-container\">\n\t\t\t\t\t\t\t<div class=\"elementor-swiper\">\n\t\t\t\t\t<div class=\"elementor-slides-wrapper elementor-main-swiper swiper\" role=\"region\" aria-roledescription=\"carousel\" aria-label=\"Diapositivas\" dir=\"ltr\" data-animation=\"\">\n\t\t\t\t<div class=\"swiper-wrapper elementor-slides\">\n\t\t\t\t\t\t\t\t\t\t<div class=\"elementor-repeater-item-4623e18 swiper-slide\" role=\"group\" aria-roledescription=\"slide\"><div class=\"swiper-slide-bg\" role=\"img\"><\/div><div class=\"elementor-background-overlay\"><\/div><div class=\"swiper-slide-inner\" ><div class=\"swiper-slide-contents\"><div class=\"elementor-slide-heading\">AJUDES IMPLANTACI\u00d3 IEEV.CV 2025<\/div><\/div><\/div><\/div><div class=\"elementor-repeater-item-7cad373 swiper-slide\" role=\"group\" aria-roledescription=\"slide\"><div class=\"swiper-slide-bg\" role=\"img\"><\/div><div class=\"elementor-background-overlay\"><\/div><div class=\"swiper-slide-inner\" ><div class=\"swiper-slide-contents\"><div class=\"elementor-slide-heading\">AJUDES IMPLANTACI\u00d3 IEEV.CV 2025<\/div><\/div><\/div><\/div>\t\t\t\t<\/div>\n\t\t\t\t\t\t\t\t\t\t\t\t\t\t\t<div class=\"elementor-swiper-button elementor-swiper-button-prev\" role=\"button\" tabindex=\"0\" aria-label=\"Previous slide\">\n\t\t\t\t\t\t\t<i aria-hidden=\"true\" class=\"eicon-chevron-left\"><\/i>\t\t\t\t\t\t<\/div>\n\t\t\t\t\t\t<div class=\"elementor-swiper-button elementor-swiper-button-next\" role=\"button\" tabindex=\"0\" aria-label=\"Next slide\">\n\t\t\t\t\t\t\t<i aria-hidden=\"true\" class=\"eicon-chevron-right\"><\/i>\t\t\t\t\t\t<\/div>\n\t\t\t\t\t\t\t\t\t\t\t\t\t\t\t\t<div class=\"swiper-pagination\"><\/div>\n\t\t\t\t\t\t\t\t\t\t\t\t<\/div>\n\t\t\t\t<\/div>\n\t\t\t\t\t\t<\/div>\n\t\t\t\t<\/div>\n\t\t\t\t<div class=\"elementor-element elementor-element-732d505 elementor-widget elementor-widget-spacer\" data-id=\"732d505\" data-element_type=\"widget\" data-widget_type=\"spacer.default\">\n\t\t\t\t<div class=\"elementor-widget-container\">\n\t\t\t<style>\/*! elementor - v3.23.0 - 05-08-2024 *\/\n.elementor-column .elementor-spacer-inner{height:var(--spacer-size)}.e-con{--container-widget-width:100%}.e-con-inner>.elementor-widget-spacer,.e-con>.elementor-widget-spacer{width:var(--container-widget-width,var(--spacer-size));--align-self:var(--container-widget-align-self,initial);--flex-shrink:0}.e-con-inner>.elementor-widget-spacer>.elementor-widget-container,.e-con>.elementor-widget-spacer>.elementor-widget-container{height:100%;width:100%}.e-con-inner>.elementor-widget-spacer>.elementor-widget-container>.elementor-spacer,.e-con>.elementor-widget-spacer>.elementor-widget-container>.elementor-spacer{height:100%}.e-con-inner>.elementor-widget-spacer>.elementor-widget-container>.elementor-spacer>.elementor-spacer-inner,.e-con>.elementor-widget-spacer>.elementor-widget-container>.elementor-spacer>.elementor-spacer-inner{height:var(--container-widget-height,var(--spacer-size))}.e-con-inner>.elementor-widget-spacer.elementor-widget-empty,.e-con>.elementor-widget-spacer.elementor-widget-empty{position:relative;min-height:22px;min-width:22px}.e-con-inner>.elementor-widget-spacer.elementor-widget-empty .elementor-widget-empty-icon,.e-con>.elementor-widget-spacer.elementor-widget-empty .elementor-widget-empty-icon{position:absolute;top:0;bottom:0;left:0;right:0;margin:auto;padding:0;width:22px;height:22px}<\/style>\t\t<div class=\"elementor-spacer\">\n\t\t\t<div class=\"elementor-spacer-inner\"><\/div>\n\t\t<\/div>\n\t\t\t\t<\/div>\n\t\t\t\t<\/div>\n\t\t\t\t\t<\/div>\n\t\t<\/div>\n\t\t\t\t\t<\/div>\n\t\t<\/section>\n\t\t\t\t<section class=\"elementor-section elementor-top-section elementor-element elementor-element-12bd9ca animated-slow elementor-section-boxed elementor-section-height-default elementor-section-height-default elementor-invisible\" data-id=\"12bd9ca\" data-element_type=\"section\" data-settings=\"{&quot;animation&quot;:&quot;fadeInUp&quot;}\">\n\t\t\t\t\t\t<div class=\"elementor-container elementor-column-gap-default\">\n\t\t\t\t\t<div class=\"elementor-column elementor-col-100 elementor-top-column elementor-element elementor-element-1598cc8\" data-id=\"1598cc8\" data-element_type=\"column\">\n\t\t\t<div class=\"elementor-widget-wrap elementor-element-populated\">\n\t\t\t\t\t\t<div class=\"elementor-element elementor-element-d9b5e21 elementor-widget elementor-widget-text-editor\" data-id=\"d9b5e21\" data-element_type=\"widget\" data-widget_type=\"text-editor.default\">\n\t\t\t\t<div class=\"elementor-widget-container\">\n\t\t\t<style>\/*! elementor - v3.23.0 - 05-08-2024 *\/\n.elementor-widget-text-editor.elementor-drop-cap-view-stacked .elementor-drop-cap{background-color:#69727d;color:#fff}.elementor-widget-text-editor.elementor-drop-cap-view-framed .elementor-drop-cap{color:#69727d;border:3px solid;background-color:transparent}.elementor-widget-text-editor:not(.elementor-drop-cap-view-default) .elementor-drop-cap{margin-top:8px}.elementor-widget-text-editor:not(.elementor-drop-cap-view-default) .elementor-drop-cap-letter{width:1em;height:1em}.elementor-widget-text-editor .elementor-drop-cap{float:left;text-align:center;line-height:1;font-size:50px}.elementor-widget-text-editor .elementor-drop-cap-letter{display:inline-block}<\/style>\t\t\t\t<p class=\"western\" align=\"justify\">Els edificis dhabitatges de m\u00e9s de 50 anys han de passar una revisi\u00f3. La realitzaci\u00f3 de l&#8217;Informe d&#8217;Avaluaci\u00f3 d&#8217;Edificis d&#8217;Habitatges et permetr\u00e0 anticipar-te als possibles problemes i millorar-ne les prestacions. <\/p>\n\t\t\t\t\t\t<\/div>\n\t\t\t\t<\/div>\n\t\t\t\t\t<\/div>\n\t\t<\/div>\n\t\t\t\t\t<\/div>\n\t\t<\/section>\n\t\t\t\t<section class=\"elementor-section elementor-top-section elementor-element elementor-element-719a33e animated-slow elementor-section-boxed elementor-section-height-default elementor-section-height-default elementor-invisible\" data-id=\"719a33e\" data-element_type=\"section\" data-settings=\"{&quot;animation&quot;:&quot;fadeInUp&quot;}\">\n\t\t\t\t\t\t<div class=\"elementor-container elementor-column-gap-default\">\n\t\t\t\t\t<div class=\"elementor-column elementor-col-100 elementor-top-column elementor-element elementor-element-f2ecead\" data-id=\"f2ecead\" data-element_type=\"column\">\n\t\t\t<div class=\"elementor-widget-wrap elementor-element-populated\">\n\t\t\t\t\t\t<div class=\"elementor-element elementor-element-38f03cf elementor-widget elementor-widget-spacer\" data-id=\"38f03cf\" data-element_type=\"widget\" data-widget_type=\"spacer.default\">\n\t\t\t\t<div class=\"elementor-widget-container\">\n\t\t\t\t\t<div class=\"elementor-spacer\">\n\t\t\t<div class=\"elementor-spacer-inner\"><\/div>\n\t\t<\/div>\n\t\t\t\t<\/div>\n\t\t\t\t<\/div>\n\t\t\t\t<section class=\"elementor-section elementor-inner-section elementor-element elementor-element-ab16961 elementor-section-boxed elementor-section-height-default elementor-section-height-default\" data-id=\"ab16961\" data-element_type=\"section\">\n\t\t\t\t\t\t<div class=\"elementor-container elementor-column-gap-default\">\n\t\t\t\t\t<div class=\"elementor-column elementor-col-50 elementor-inner-column elementor-element elementor-element-04c9b12\" data-id=\"04c9b12\" data-element_type=\"column\">\n\t\t\t<div class=\"elementor-widget-wrap elementor-element-populated\">\n\t\t\t\t\t\t<div class=\"elementor-element elementor-element-756b82c elementor-widget elementor-widget-image\" data-id=\"756b82c\" data-element_type=\"widget\" data-widget_type=\"image.default\">\n\t\t\t\t<div class=\"elementor-widget-container\">\n\t\t\t<style>\/*! elementor - v3.23.0 - 05-08-2024 *\/\n.elementor-widget-image{text-align:center}.elementor-widget-image a{display:inline-block}.elementor-widget-image a img[src$=\".svg\"]{width:48px}.elementor-widget-image img{vertical-align:middle;display:inline-block}<\/style>\t\t\t\t\t\t\t\t\t\t<img fetchpriority=\"high\" decoding=\"async\" width=\"940\" height=\"847\" src=\"https:\/\/www.personasyciudad.es\/wp-content\/uploads\/2023\/04\/IEEV-CV_Smol-1024x923.jpeg\" class=\"attachment-large size-large wp-image-5206\" alt=\"\" srcset=\"https:\/\/www.personasyciudad.es\/wp-content\/uploads\/2023\/04\/IEEV-CV_Smol-1024x923.jpeg 1024w, https:\/\/www.personasyciudad.es\/wp-content\/uploads\/2023\/04\/IEEV-CV_Smol-300x271.jpeg 300w, https:\/\/www.personasyciudad.es\/wp-content\/uploads\/2023\/04\/IEEV-CV_Smol-768x692.jpeg 768w, https:\/\/www.personasyciudad.es\/wp-content\/uploads\/2023\/04\/IEEV-CV_Smol.jpeg 1200w\" sizes=\"(max-width: 940px) 100vw, 940px\" \/>\t\t\t\t\t\t\t\t\t\t\t\t\t<\/div>\n\t\t\t\t<\/div>\n\t\t\t\t\t<\/div>\n\t\t<\/div>\n\t\t\t\t<div class=\"elementor-column elementor-col-50 elementor-inner-column elementor-element elementor-element-e937912\" data-id=\"e937912\" data-element_type=\"column\">\n\t\t\t<div class=\"elementor-widget-wrap elementor-element-populated\">\n\t\t\t\t\t\t<div class=\"elementor-element elementor-element-f6f3c06 elementor-widget elementor-widget-heading\" data-id=\"f6f3c06\" data-element_type=\"widget\" data-widget_type=\"heading.default\">\n\t\t\t\t<div class=\"elementor-widget-container\">\n\t\t\t<style>\/*! elementor - v3.23.0 - 05-08-2024 *\/\n.elementor-heading-title{padding:0;margin:0;line-height:1}.elementor-widget-heading .elementor-heading-title[class*=elementor-size-]>a{color:inherit;font-size:inherit;line-height:inherit}.elementor-widget-heading .elementor-heading-title.elementor-size-small{font-size:15px}.elementor-widget-heading .elementor-heading-title.elementor-size-medium{font-size:19px}.elementor-widget-heading .elementor-heading-title.elementor-size-large{font-size:29px}.elementor-widget-heading .elementor-heading-title.elementor-size-xl{font-size:39px}.elementor-widget-heading .elementor-heading-title.elementor-size-xxl{font-size:59px}<\/style><h2 class=\"elementor-heading-title elementor-size-xl\"><b>Qu\u00e8 \u00e9s l'IEEV.CV?<\/b><\/h2>\t\t<\/div>\n\t\t\t\t<\/div>\n\t\t\t\t<div class=\"elementor-element elementor-element-69440b9 elementor-widget elementor-widget-html\" data-id=\"69440b9\" data-element_type=\"widget\" id=\"principal\" data-widget_type=\"html.default\">\n\t\t\t\t<div class=\"elementor-widget-container\">\n\t\t\t<ul>\r\n    <li>\u00c9s un document t\u00e8cnic que avalua l'estat de conservaci\u00f3 d'un edifici, condicions d'accessibilitat i efici\u00e8ncia energ\u00e8tica.<\/li>\r\n    <li>Tot edifici d'habitatges de <b>m\u00e9s de 50 anys<\/b> ha de fer l'IEEV.CV i <b>renovar-lo cada 10 anys.<\/b> <\/li>\r\n    <li>A m\u00e9s, ho ha de tenir si vols demanar una ajuda p\u00fablica per rehabilitar-ho.<\/li>\r\n<\/ul>\t\t<\/div>\n\t\t\t\t<\/div>\n\t\t\t\t<div class=\"elementor-element elementor-element-c6f61ac elementor-widget elementor-widget-spacer\" data-id=\"c6f61ac\" data-element_type=\"widget\" data-widget_type=\"spacer.default\">\n\t\t\t\t<div class=\"elementor-widget-container\">\n\t\t\t\t\t<div class=\"elementor-spacer\">\n\t\t\t<div class=\"elementor-spacer-inner\"><\/div>\n\t\t<\/div>\n\t\t\t\t<\/div>\n\t\t\t\t<\/div>\n\t\t\t\t<div class=\"elementor-element elementor-element-5965962 elementor-widget elementor-widget-heading\" data-id=\"5965962\" data-element_type=\"widget\" data-widget_type=\"heading.default\">\n\t\t\t\t<div class=\"elementor-widget-container\">\n\t\t\t<h2 class=\"elementor-heading-title elementor-size-xl\"><b>Qui fa l'IEEV.CV?<\/b><\/h2>\t\t<\/div>\n\t\t\t\t<\/div>\n\t\t\t\t<div class=\"elementor-element elementor-element-3804f0d elementor-widget elementor-widget-text-editor\" data-id=\"3804f0d\" data-element_type=\"widget\" data-widget_type=\"text-editor.default\">\n\t\t\t\t<div class=\"elementor-widget-container\">\n\t\t\t\t\t\t\t<p class=\"western\" align=\"justify\">La comunitat de persones propiet\u00e0ries o persones propiet\u00e0ries \u00faniques han de fer c\u00e0rrec de la redacci\u00f3 de l&#8217;IEEV.CV a professionals de l&#8217;arquitectura, de l&#8217;arquitectura t\u00e8cnica, o de l&#8217;enginyeria de l&#8217;edificaci\u00f3.<\/p>\n<p class=\"western\" align=\"justify\">Es podr\u00e0 autoritzar el t\u00e8cnic redactor de l&#8217;IEE a que tramiti la sol\u00b7licitud telem\u00e0tica en nom seu, cas en qu\u00e8 s&#8217;haur\u00e0 d&#8217;aportar l&#8217;impr\u00e8s de sol\u00b7licitud signat per la part benefici\u00e0ria, sol\u00b7licitant de l&#8217;ajuda, on consti l&#8217;autoritzaci\u00f3 esmentada. <\/p>\n\t\t\t\t\t\t<\/div>\n\t\t\t\t<\/div>\n\t\t\t\t\t<\/div>\n\t\t<\/div>\n\t\t\t\t\t<\/div>\n\t\t<\/section>\n\t\t\t\t\t<\/div>\n\t\t<\/div>\n\t\t\t\t\t<\/div>\n\t\t<\/section>\n\t\t\t\t<section class=\"elementor-section elementor-top-section elementor-element elementor-element-ef98f8c animated-slow elementor-section-boxed elementor-section-height-default elementor-section-height-default elementor-invisible\" data-id=\"ef98f8c\" data-element_type=\"section\" data-settings=\"{&quot;animation&quot;:&quot;fadeInUp&quot;}\">\n\t\t\t\t\t\t<div class=\"elementor-container elementor-column-gap-default\">\n\t\t\t\t\t<div class=\"elementor-column elementor-col-100 elementor-top-column elementor-element elementor-element-5a622a3\" data-id=\"5a622a3\" data-element_type=\"column\">\n\t\t\t<div class=\"elementor-widget-wrap elementor-element-populated\">\n\t\t\t\t\t\t<div class=\"elementor-element elementor-element-9d5f227 elementor-widget elementor-widget-spacer\" data-id=\"9d5f227\" data-element_type=\"widget\" data-widget_type=\"spacer.default\">\n\t\t\t\t<div class=\"elementor-widget-container\">\n\t\t\t\t\t<div class=\"elementor-spacer\">\n\t\t\t<div class=\"elementor-spacer-inner\"><\/div>\n\t\t<\/div>\n\t\t\t\t<\/div>\n\t\t\t\t<\/div>\n\t\t\t\t\t<\/div>\n\t\t<\/div>\n\t\t\t\t\t<\/div>\n\t\t<\/section>\n\t\t\t\t<section class=\"elementor-section elementor-top-section elementor-element elementor-element-6b2cdbe animated-slow elementor-section-boxed elementor-section-height-default elementor-section-height-default elementor-invisible\" data-id=\"6b2cdbe\" data-element_type=\"section\" data-settings=\"{&quot;animation&quot;:&quot;fadeInUp&quot;,&quot;background_background&quot;:&quot;classic&quot;}\">\n\t\t\t\t\t\t\t<div class=\"elementor-background-overlay\"><\/div>\n\t\t\t\t\t\t\t<div class=\"elementor-container elementor-column-gap-default\">\n\t\t\t\t\t<div class=\"elementor-column elementor-col-100 elementor-top-column elementor-element elementor-element-a923065\" data-id=\"a923065\" data-element_type=\"column\">\n\t\t\t<div class=\"elementor-widget-wrap elementor-element-populated\">\n\t\t\t\t\t\t<section class=\"elementor-section elementor-inner-section elementor-element elementor-element-03b938a elementor-section-boxed elementor-section-height-default elementor-section-height-default\" data-id=\"03b938a\" data-element_type=\"section\">\n\t\t\t\t\t\t<div class=\"elementor-container elementor-column-gap-default\">\n\t\t\t\t\t<div class=\"elementor-column elementor-col-50 elementor-inner-column elementor-element elementor-element-562fa85\" data-id=\"562fa85\" data-element_type=\"column\">\n\t\t\t<div class=\"elementor-widget-wrap elementor-element-populated\">\n\t\t\t\t\t\t<div class=\"elementor-element elementor-element-cd7a2c9 elementor-widget elementor-widget-heading\" data-id=\"cd7a2c9\" data-element_type=\"widget\" data-widget_type=\"heading.default\">\n\t\t\t\t<div class=\"elementor-widget-container\">\n\t\t\t<h2 class=\"elementor-heading-title elementor-size-xl\"><b>Quin \u00e9s l'import dels honoraris del t\u00e8cnic que hi intervingui?<\/b><\/h2>\t\t<\/div>\n\t\t\t\t<\/div>\n\t\t\t\t<div class=\"elementor-element elementor-element-13d1a03 elementor-widget elementor-widget-text-editor\" data-id=\"13d1a03\" data-element_type=\"widget\" data-widget_type=\"text-editor.default\">\n\t\t\t\t<div class=\"elementor-widget-container\">\n\t\t\t\t\t\t\t<p class=\"western\" align=\"justify\">Els honoraris s\u00f3n lliures, per la qual cosa cal assolir un acord entre les parts.<\/p>\n\t\t\t\t\t\t<\/div>\n\t\t\t\t<\/div>\n\t\t\t\t<div class=\"elementor-element elementor-element-ae5b4e0 elementor-widget elementor-widget-spacer\" data-id=\"ae5b4e0\" data-element_type=\"widget\" data-widget_type=\"spacer.default\">\n\t\t\t\t<div class=\"elementor-widget-container\">\n\t\t\t\t\t<div class=\"elementor-spacer\">\n\t\t\t<div class=\"elementor-spacer-inner\"><\/div>\n\t\t<\/div>\n\t\t\t\t<\/div>\n\t\t\t\t<\/div>\n\t\t\t\t<div class=\"elementor-element elementor-element-0ce3616 elementor-widget elementor-widget-heading\" data-id=\"0ce3616\" data-element_type=\"widget\" data-widget_type=\"heading.default\">\n\t\t\t\t<div class=\"elementor-widget-container\">\n\t\t\t<h2 class=\"elementor-heading-title elementor-size-xl\"><b>Quin pressupost es presenta?<\/b><\/h2>\t\t<\/div>\n\t\t\t\t<\/div>\n\t\t\t\t<div class=\"elementor-element elementor-element-9a42f06 elementor-widget elementor-widget-text-editor\" data-id=\"9a42f06\" data-element_type=\"widget\" data-widget_type=\"text-editor.default\">\n\t\t\t\t<div class=\"elementor-widget-container\">\n\t\t\t\t\t\t\t<p class=\"western\" align=\"justify\">No cal presentar el pressupost. Es presentar\u00e0 factura d&#8217;honoraris per la realitzaci\u00f3 de l&#8217;Informe d&#8217;Avaluaci\u00f3 de l&#8217;Edifici, acompanyant el document bancari que acrediti que l&#8217;abonament de la factura s&#8217;ha efectuat mitjan\u00e7ant una entitat financera i <b>no mitjan\u00e7ant un pagament en met\u00e0l\u00b7lic.<\/b> <\/p>\n\t\t\t\t\t\t<\/div>\n\t\t\t\t<\/div>\n\t\t\t\t<div class=\"elementor-element elementor-element-83d79ff elementor-widget elementor-widget-spacer\" data-id=\"83d79ff\" data-element_type=\"widget\" data-widget_type=\"spacer.default\">\n\t\t\t\t<div class=\"elementor-widget-container\">\n\t\t\t\t\t<div class=\"elementor-spacer\">\n\t\t\t<div class=\"elementor-spacer-inner\"><\/div>\n\t\t<\/div>\n\t\t\t\t<\/div>\n\t\t\t\t<\/div>\n\t\t\t\t<div class=\"elementor-element elementor-element-c812fef elementor-widget elementor-widget-heading\" data-id=\"c812fef\" data-element_type=\"widget\" data-widget_type=\"heading.default\">\n\t\t\t\t<div class=\"elementor-widget-container\">\n\t\t\t<h2 class=\"elementor-heading-title elementor-size-xl\"><b>Qu\u00e8 se subvenciona?<\/b><\/h2>\t\t<\/div>\n\t\t\t\t<\/div>\n\t\t\t\t<div class=\"elementor-element elementor-element-29bbe52 elementor-widget elementor-widget-html\" data-id=\"29bbe52\" data-element_type=\"widget\" id=\"contraste\" data-widget_type=\"html.default\">\n\t\t\t\t<div class=\"elementor-widget-container\">\n\t\t\t<ul style=\"color:white;\">\r\n    <li>Una subvenci\u00f3 b\u00e0sica del 20% de l'import protegit per a totes les sol\u00b7licituds d'edificis de m\u00e9s de 50 anys i que compleixin els requisits i la documentaci\u00f3 exigida.<\/li>\r\n    <li>Una subvenci\u00f3 addicional de fins a 4.500\u20ac segons els criteris de baremaci\u00f3 i de disposici\u00f3 pressupost\u00e0ria.<\/li>\r\n<\/ul>\t\t<\/div>\n\t\t\t\t<\/div>\n\t\t\t\t\t<\/div>\n\t\t<\/div>\n\t\t\t\t<div class=\"elementor-column elementor-col-50 elementor-inner-column elementor-element elementor-element-251cbf9\" data-id=\"251cbf9\" data-element_type=\"column\">\n\t\t\t<div class=\"elementor-widget-wrap\">\n\t\t\t\t\t\t\t<\/div>\n\t\t<\/div>\n\t\t\t\t\t<\/div>\n\t\t<\/section>\n\t\t\t\t\t<\/div>\n\t\t<\/div>\n\t\t\t\t\t<\/div>\n\t\t<\/section>\n\t\t\t\t<section class=\"elementor-section elementor-top-section elementor-element elementor-element-654e69a animated-slow elementor-section-boxed elementor-section-height-default elementor-section-height-default elementor-invisible\" data-id=\"654e69a\" data-element_type=\"section\" data-settings=\"{&quot;animation&quot;:&quot;fadeInUp&quot;}\">\n\t\t\t\t\t\t<div class=\"elementor-container elementor-column-gap-default\">\n\t\t\t\t\t<div class=\"elementor-column elementor-col-100 elementor-top-column elementor-element elementor-element-e1704e6\" data-id=\"e1704e6\" data-element_type=\"column\">\n\t\t\t<div class=\"elementor-widget-wrap elementor-element-populated\">\n\t\t\t\t\t\t<div class=\"elementor-element elementor-element-5588453 elementor-widget elementor-widget-spacer\" data-id=\"5588453\" data-element_type=\"widget\" data-widget_type=\"spacer.default\">\n\t\t\t\t<div class=\"elementor-widget-container\">\n\t\t\t\t\t<div class=\"elementor-spacer\">\n\t\t\t<div class=\"elementor-spacer-inner\"><\/div>\n\t\t<\/div>\n\t\t\t\t<\/div>\n\t\t\t\t<\/div>\n\t\t\t\t<div class=\"elementor-element elementor-element-6b62a22 elementor-widget elementor-widget-heading\" data-id=\"6b62a22\" data-element_type=\"widget\" data-widget_type=\"heading.default\">\n\t\t\t\t<div class=\"elementor-widget-container\">\n\t\t\t<h2 class=\"elementor-heading-title elementor-size-xl\"><b>Quan demano les ajudes?<\/b><\/h2>\t\t<\/div>\n\t\t\t\t<\/div>\n\t\t\t\t<div class=\"elementor-element elementor-element-14ffda7 elementor-widget elementor-widget-html\" data-id=\"14ffda7\" data-element_type=\"widget\" id=\"principal\" data-widget_type=\"html.default\">\n\t\t\t\t<div class=\"elementor-widget-container\">\n\t\t\t<ul>\r\n    <li>Sol\u00b7licita-les entre el <b>6 de febrer i el 8 de maig de 2023.<\/b><\/li>\r\n    <li>L'informe ha d'estar registrat amb posterioritat al 13 d'abril del 2022.<\/li>\r\n<\/ul>\t\t<\/div>\n\t\t\t\t<\/div>\n\t\t\t\t<div class=\"elementor-element elementor-element-0322677 elementor-widget elementor-widget-image\" data-id=\"0322677\" data-element_type=\"widget\" data-widget_type=\"image.default\">\n\t\t\t\t<div class=\"elementor-widget-container\">\n\t\t\t\t\t\t\t\t\t\t\t\t\t<img decoding=\"async\" width=\"480\" height=\"113\" src=\"https:\/\/www.personasyciudad.es\/wp-content\/uploads\/2025\/09\/EXCEL-CUANTIAS-IEE-2025_val.jpg\" class=\"attachment-large size-large wp-image-6332\" alt=\"\" srcset=\"https:\/\/www.personasyciudad.es\/wp-content\/uploads\/2025\/09\/EXCEL-CUANTIAS-IEE-2025_val.jpg 480w, https:\/\/www.personasyciudad.es\/wp-content\/uploads\/2025\/09\/EXCEL-CUANTIAS-IEE-2025_val-300x71.jpg 300w\" sizes=\"(max-width: 480px) 100vw, 480px\" \/>\t\t\t\t\t\t\t\t\t\t\t\t\t<\/div>\n\t\t\t\t<\/div>\n\t\t\t\t<div class=\"elementor-element elementor-element-bc9532e elementor-widget elementor-widget-spacer\" data-id=\"bc9532e\" data-element_type=\"widget\" data-widget_type=\"spacer.default\">\n\t\t\t\t<div class=\"elementor-widget-container\">\n\t\t\t\t\t<div class=\"elementor-spacer\">\n\t\t\t<div class=\"elementor-spacer-inner\"><\/div>\n\t\t<\/div>\n\t\t\t\t<\/div>\n\t\t\t\t<\/div>\n\t\t\t\t\t<\/div>\n\t\t<\/div>\n\t\t\t\t\t<\/div>\n\t\t<\/section>\n\t\t\t\t<section class=\"elementor-section elementor-top-section elementor-element elementor-element-9e25cfc animated-slow elementor-section-boxed elementor-section-height-default elementor-section-height-default elementor-invisible\" data-id=\"9e25cfc\" data-element_type=\"section\" data-settings=\"{&quot;animation&quot;:&quot;fadeInUp&quot;}\">\n\t\t\t\t\t\t<div class=\"elementor-container elementor-column-gap-default\">\n\t\t\t\t\t<div class=\"elementor-column elementor-col-100 elementor-top-column elementor-element elementor-element-7d9810a\" data-id=\"7d9810a\" data-element_type=\"column\">\n\t\t\t<div class=\"elementor-widget-wrap elementor-element-populated\">\n\t\t\t\t\t\t<div class=\"elementor-element elementor-element-75dd33a elementor-widget elementor-widget-heading\" data-id=\"75dd33a\" data-element_type=\"widget\" data-widget_type=\"heading.default\">\n\t\t\t\t<div class=\"elementor-widget-container\">\n\t\t\t<h2 class=\"elementor-heading-title elementor-size-xl\"><b>Com i on les demano?<\/b><\/h2>\t\t<\/div>\n\t\t\t\t<\/div>\n\t\t\t\t<div class=\"elementor-element elementor-element-9c6b6a1 elementor-widget elementor-widget-html\" data-id=\"9c6b6a1\" data-element_type=\"widget\" id=\"principal\" data-widget_type=\"html.default\">\n\t\t\t\t<div class=\"elementor-widget-container\">\n\t\t\t<ul>\n    <li>Importe de la subvenci\u00f3n:<\/li>\n    <\/ul>\t\t<\/div>\n\t\t\t\t<\/div>\n\t\t\t\t<div class=\"elementor-element elementor-element-1f73b38 elementor-widget elementor-widget-html\" data-id=\"1f73b38\" data-element_type=\"widget\" id=\"secundario\" data-widget_type=\"html.default\">\n\t\t\t\t<div class=\"elementor-widget-container\">\n\t\t\t    <li>El importe de la subvenci\u00f3n de las solicitudes que presenten el anexo <b>con un estudio de protecci\u00f3n de incendios del inmueble ser\u00e1 del 100%<\/b> del importe protegido establecido en el apartado anterior.\n    <li>El importe de la subvenci\u00f3n de las solicitudes que no presenten el anexo con un estudio de protecci\u00f3n de incendios del inmueble ser\u00e1 del 80% del importe protegido establecido en el apartado anterior<\/li>\t\t<\/div>\n\t\t\t\t<\/div>\n\t\t\t\t<div class=\"elementor-element elementor-element-3b72a90 elementor-widget elementor-widget-heading\" data-id=\"3b72a90\" data-element_type=\"widget\" data-widget_type=\"heading.default\">\n\t\t\t\t<div class=\"elementor-widget-container\">\n\t\t\t<h2 class=\"elementor-heading-title elementor-size-xl\"><b>Documentaci\u00f3n para aportar<\/b><\/h2>\t\t<\/div>\n\t\t\t\t<\/div>\n\t\t\t\t<div class=\"elementor-element elementor-element-1fa2857 elementor-widget elementor-widget-html\" data-id=\"1fa2857\" data-element_type=\"widget\" id=\"principal\" data-widget_type=\"html.default\">\n\t\t\t\t<div class=\"elementor-widget-container\">\n\t\t\t<ul>\n    <li>La documentaci\u00f3n hay que presentarla de forma telem\u00e1tica seg\u00fan lo establecido en la base octava:<\/li>\n    <\/ul>\t\t<\/div>\n\t\t\t\t<\/div>\n\t\t\t\t<div class=\"elementor-element elementor-element-c994f6d elementor-widget elementor-widget-text-editor\" data-id=\"c994f6d\" data-element_type=\"widget\" id=\"secundario\" data-widget_type=\"text-editor.default\">\n\t\t\t\t<div class=\"elementor-widget-container\">\n\t\t\t\t\t\t\t<ol type=\"a\">\n<li>Impr\u00e8s de sol\u00b7licitud signat per la part benefici\u00e0ria o el seu representant.<\/li>\n<li>Factura d&#8217;honoraris per la realitzaci\u00f3 de l&#8217;Informe d&#8217;Avaluaci\u00f3 de l&#8217;Edifici, acompanyant el document bancari que acrediti que l&#8217;abonament de la factura s&#8217;ha efectuat mitjan\u00e7ant una entitat financera i no mitjan\u00e7ant un pagament en met\u00e0l\u00b7lic.<\/li>\n<li>Justificaci\u00f3 de la inscripci\u00f3 de l&#8217;IEEV.CV al Registre a aquest efecte, mitjan\u00e7ant la presentaci\u00f3 del justificant.<\/li>\n<li>Si s&#8217;escau,<b> acta de la comunitat<\/b> de persones propiet\u00e0ries on es nomeni el representant per tramitar la sol\u00b7licitud d&#8217;ajudes i altres actuacions que siguin procedents en la gesti\u00f3 de la subvenci\u00f3.<\/li>\n<\/ol>\n\t\t\t\t\t\t<\/div>\n\t\t\t\t<\/div>\n\t\t\t\t\t<\/div>\n\t\t<\/div>\n\t\t\t\t\t<\/div>\n\t\t<\/section>\n\t\t\t\t<section class=\"elementor-section elementor-top-section elementor-element elementor-element-2f314ae animated-slow elementor-section-boxed elementor-section-height-default elementor-section-height-default elementor-invisible\" data-id=\"2f314ae\" data-element_type=\"section\" data-settings=\"{&quot;animation&quot;:&quot;fadeInUp&quot;}\">\n\t\t\t\t\t\t<div class=\"elementor-container elementor-column-gap-default\">\n\t\t\t\t\t<div class=\"elementor-column elementor-col-100 elementor-top-column elementor-element elementor-element-002e815\" data-id=\"002e815\" data-element_type=\"column\">\n\t\t\t<div class=\"elementor-widget-wrap elementor-element-populated\">\n\t\t\t\t\t\t<div class=\"elementor-element elementor-element-713c88f elementor-widget elementor-widget-spacer\" data-id=\"713c88f\" data-element_type=\"widget\" data-widget_type=\"spacer.default\">\n\t\t\t\t<div class=\"elementor-widget-container\">\n\t\t\t\t\t<div class=\"elementor-spacer\">\n\t\t\t<div class=\"elementor-spacer-inner\"><\/div>\n\t\t<\/div>\n\t\t\t\t<\/div>\n\t\t\t\t<\/div>\n\t\t\t\t<div class=\"elementor-element elementor-element-96bb004 animated-slow elementor-invisible elementor-widget elementor-widget-text-editor\" data-id=\"96bb004\" data-element_type=\"widget\" data-settings=\"{&quot;_animation&quot;:&quot;fadeInUp&quot;}\" data-widget_type=\"text-editor.default\">\n\t\t\t\t<div class=\"elementor-widget-container\">\n\t\t\t\t\t\t\t<p class=\"western\" style=\"text-align: left;\" align=\"justify\">Tota la informaci\u00f3 i presentaci\u00f3 de la sol\u00b7licitud a <span style=\"color: #0000ff;\"><u><a href=\"https:\/\/habitatge.gva.es\/es\/web\/arquitectura\/ajudes-implantacio-ieev.cv-2023\">AJUDES IEE.CV 2023<\/a><\/u><\/span><\/p><p class=\"western\" style=\"text-align: left;\" align=\"justify\">Si tens dubtes, pots trucar-nos al 965 93 96 25 o enviar un email a <span style=\"color: #0000ff;\"><u><a href=\"mailto:arquitectura@personasyciudad.es\">arquitectura@personasyciudad.es<\/a><\/u><\/span><\/p>\t\t\t\t\t\t<\/div>\n\t\t\t\t<\/div>\n\t\t\t\t<div class=\"elementor-element elementor-element-e81f18d elementor-widget elementor-widget-spacer\" data-id=\"e81f18d\" data-element_type=\"widget\" data-widget_type=\"spacer.default\">\n\t\t\t\t<div class=\"elementor-widget-container\">\n\t\t\t\t\t<div class=\"elementor-spacer\">\n\t\t\t<div class=\"elementor-spacer-inner\"><\/div>\n\t\t<\/div>\n\t\t\t\t<\/div>\n\t\t\t\t<\/div>\n\t\t\t\t\t<\/div>\n\t\t<\/div>\n\t\t\t\t\t<\/div>\n\t\t<\/section>\n\t\t\t\t<\/div>\n\t\t","protected":false},"excerpt":{"rendered":"<p>AJUDES IMPLANTACI\u00d3 IEEV.CV 2025AJUDES IMPLANTACI\u00d3 IEEV.CV 2025 Els edificis dhabitatges de m\u00e9s de 50 anys han de passar una revisi\u00f3. La realitzaci\u00f3 de l&#8217;Informe d&#8217;Avaluaci\u00f3 d&#8217;Edificis d&#8217;Habitatges et permetr\u00e0 anticipar-te als possibles problemes i millorar-ne les prestacions. Qu\u00e8 \u00e9s l&#8217;IEEV.CV? \u00c9s un document t\u00e8cnic que avalua l&#8217;estat de conservaci\u00f3 d&#8217;un edifici, condicions d&#8217;accessibilitat i efici\u00e8ncia [&hellip;]<\/p>\n","protected":false},"author":3,"featured_media":0,"parent":5577,"menu_order":3,"comment_status":"closed","ping_status":"closed","template":"","meta":{"footnotes":""},"class_list":["post-5539","page","type-page","status-publish","hentry"],"yoast_head":"<!-- This site is optimized with the Yoast SEO plugin v27.4 - https:\/\/yoast.com\/product\/yoast-seo-wordpress\/ -->\n<title>\u25b7 Ajudes implantaci\u00f3 IEEV.CV 2025 | Personas y Ciudad<\/title>\n<meta name=\"description\" content=\"Assegureu l&#039;estat del vostre edifici. Ajudes per a l&#039;Informe d&#039;Avaluaci\u00f3 d&#039;Edificis d&#039;Habitatges 2025. Anticipau problemes i en milloreu el rendiment.\" \/>\n<meta name=\"robots\" content=\"index, follow, max-snippet:-1, max-image-preview:large, max-video-preview:-1\" \/>\n<link rel=\"canonical\" href=\"https:\/\/www.personasyciudad.es\/servicio-municipal-vivienda-alicante\/ayudas-xaloc\/ieev-cv-2025\/\" \/>\n<meta property=\"og:locale\" content=\"ca_ES\" \/>\n<meta property=\"og:type\" content=\"article\" \/>\n<meta property=\"og:title\" content=\"\u25b7 Ajudes implantaci\u00f3 IEEV.CV 2025 | Personas y Ciudad\" \/>\n<meta property=\"og:description\" content=\"Assegureu l&#039;estat del vostre edifici. Ajudes per a l&#039;Informe d&#039;Avaluaci\u00f3 d&#039;Edificis d&#039;Habitatges 2025. Anticipau problemes i en milloreu el rendiment.\" \/>\n<meta property=\"og:url\" content=\"https:\/\/www.personasyciudad.es\/servicio-municipal-vivienda-alicante\/ayudas-xaloc\/ieev-cv-2025\/\" \/>\n<meta property=\"og:site_name\" content=\"Personas y Ciudad\" \/>\n<meta property=\"article:modified_time\" content=\"2025-09-25T12:57:13+00:00\" \/>\n<meta property=\"og:image\" content=\"https:\/\/www.personasyciudad.es\/wp-content\/uploads\/2023\/04\/IEEV-CV_Smol.jpeg\" \/>\n\t<meta property=\"og:image:width\" content=\"1200\" \/>\n\t<meta property=\"og:image:height\" content=\"1082\" \/>\n\t<meta property=\"og:image:type\" content=\"image\/jpeg\" \/>\n<meta name=\"twitter:card\" content=\"summary_large_image\" \/>\n<meta name=\"twitter:label1\" content=\"Est. reading time\" \/>\n\t<meta name=\"twitter:data1\" content=\"3 minutes\" \/>\n<script type=\"application\/ld+json\" class=\"yoast-schema-graph\">{\"@context\":\"https:\\\/\\\/schema.org\",\"@graph\":[{\"@type\":\"WebPage\",\"@id\":\"https:\\\/\\\/www.personasyciudad.es\\\/servicio-municipal-vivienda-alicante\\\/ayudas-xaloc\\\/ieev-cv-2025\\\/\",\"url\":\"https:\\\/\\\/www.personasyciudad.es\\\/servicio-municipal-vivienda-alicante\\\/ayudas-xaloc\\\/ieev-cv-2025\\\/\",\"name\":\"\u25b7 Ajudes implantaci\u00f3 IEEV.CV 2025 | Personas y Ciudad\",\"isPartOf\":{\"@id\":\"https:\\\/\\\/www.personasyciudad.es\\\/#website\"},\"primaryImageOfPage\":{\"@id\":\"https:\\\/\\\/www.personasyciudad.es\\\/servicio-municipal-vivienda-alicante\\\/ayudas-xaloc\\\/ieev-cv-2025\\\/#primaryimage\"},\"image\":{\"@id\":\"https:\\\/\\\/www.personasyciudad.es\\\/servicio-municipal-vivienda-alicante\\\/ayudas-xaloc\\\/ieev-cv-2025\\\/#primaryimage\"},\"thumbnailUrl\":\"https:\\\/\\\/www.personasyciudad.es\\\/wp-content\\\/uploads\\\/2023\\\/04\\\/IEEV-CV_Smol-1024x923.jpeg\",\"datePublished\":\"2023-04-21T06:44:23+00:00\",\"dateModified\":\"2025-09-25T12:57:13+00:00\",\"description\":\"Assegureu l'estat del vostre edifici. Ajudes per a l'Informe d'Avaluaci\u00f3 d'Edificis d'Habitatges 2025. Anticipau problemes i en milloreu el rendiment.\",\"breadcrumb\":{\"@id\":\"https:\\\/\\\/www.personasyciudad.es\\\/servicio-municipal-vivienda-alicante\\\/ayudas-xaloc\\\/ieev-cv-2025\\\/#breadcrumb\"},\"inLanguage\":\"ca-ES\",\"potentialAction\":[{\"@type\":\"ReadAction\",\"target\":[\"https:\\\/\\\/www.personasyciudad.es\\\/servicio-municipal-vivienda-alicante\\\/ayudas-xaloc\\\/ieev-cv-2025\\\/\"]}]},{\"@type\":\"ImageObject\",\"inLanguage\":\"ca-ES\",\"@id\":\"https:\\\/\\\/www.personasyciudad.es\\\/servicio-municipal-vivienda-alicante\\\/ayudas-xaloc\\\/ieev-cv-2025\\\/#primaryimage\",\"url\":\"https:\\\/\\\/www.personasyciudad.es\\\/wp-content\\\/uploads\\\/2023\\\/04\\\/IEEV-CV_Smol-1024x923.jpeg\",\"contentUrl\":\"https:\\\/\\\/www.personasyciudad.es\\\/wp-content\\\/uploads\\\/2023\\\/04\\\/IEEV-CV_Smol-1024x923.jpeg\"},{\"@type\":\"BreadcrumbList\",\"@id\":\"https:\\\/\\\/www.personasyciudad.es\\\/servicio-municipal-vivienda-alicante\\\/ayudas-xaloc\\\/ieev-cv-2025\\\/#breadcrumb\",\"itemListElement\":[{\"@type\":\"ListItem\",\"position\":1,\"name\":\"Portada\",\"item\":\"https:\\\/\\\/www.personasyciudad.es\\\/\"},{\"@type\":\"ListItem\",\"position\":2,\"name\":\"Habitatge\",\"item\":\"https:\\\/\\\/www.personasyciudad.es\\\/servicio-municipal-vivienda-alicante\\\/\"},{\"@type\":\"ListItem\",\"position\":3,\"name\":\"Ajudes Rehabilitaci\u00f3 (Xaloc)\",\"item\":\"https:\\\/\\\/www.personasyciudad.es\\\/servicio-municipal-vivienda-alicante\\\/ayudas-xaloc\\\/\"},{\"@type\":\"ListItem\",\"position\":4,\"name\":\"Ajudes Implantaci\u00f3 IEEV.CV 2025\"}]},{\"@type\":\"WebSite\",\"@id\":\"https:\\\/\\\/www.personasyciudad.es\\\/#website\",\"url\":\"https:\\\/\\\/www.personasyciudad.es\\\/\",\"name\":\"Personas y Ciudad\",\"description\":\"Actividades del Ayuntamiento de Sant Joan d\u2019Alacant\",\"publisher\":{\"@id\":\"https:\\\/\\\/www.personasyciudad.es\\\/#organization\"},\"potentialAction\":[{\"@type\":\"SearchAction\",\"target\":{\"@type\":\"EntryPoint\",\"urlTemplate\":\"https:\\\/\\\/www.personasyciudad.es\\\/?s={search_term_string}\"},\"query-input\":{\"@type\":\"PropertyValueSpecification\",\"valueRequired\":true,\"valueName\":\"search_term_string\"}}],\"inLanguage\":\"ca-ES\"},{\"@type\":\"Organization\",\"@id\":\"https:\\\/\\\/www.personasyciudad.es\\\/#organization\",\"name\":\"personas y ciudad\",\"url\":\"https:\\\/\\\/www.personasyciudad.es\\\/\",\"logo\":{\"@type\":\"ImageObject\",\"inLanguage\":\"ca-ES\",\"@id\":\"https:\\\/\\\/www.personasyciudad.es\\\/#\\\/schema\\\/logo\\\/image\\\/\",\"url\":\"https:\\\/\\\/www.personasyciudad.es\\\/wp-content\\\/uploads\\\/2023\\\/04\\\/logo_positivo.png\",\"contentUrl\":\"https:\\\/\\\/www.personasyciudad.es\\\/wp-content\\\/uploads\\\/2023\\\/04\\\/logo_positivo.png\",\"width\":500,\"height\":510,\"caption\":\"personas y ciudad\"},\"image\":{\"@id\":\"https:\\\/\\\/www.personasyciudad.es\\\/#\\\/schema\\\/logo\\\/image\\\/\"}}]}<\/script>\n<!-- \/ Yoast SEO plugin. -->","yoast_head_json":{"title":"\u25b7 Ajudes implantaci\u00f3 IEEV.CV 2025 | Personas y Ciudad","description":"Assegureu l'estat del vostre edifici. Ajudes per a l'Informe d'Avaluaci\u00f3 d'Edificis d'Habitatges 2025. Anticipau problemes i en milloreu el rendiment.","robots":{"index":"index","follow":"follow","max-snippet":"max-snippet:-1","max-image-preview":"max-image-preview:large","max-video-preview":"max-video-preview:-1"},"canonical":"https:\/\/www.personasyciudad.es\/servicio-municipal-vivienda-alicante\/ayudas-xaloc\/ieev-cv-2025\/","og_locale":"ca_ES","og_type":"article","og_title":"\u25b7 Ajudes implantaci\u00f3 IEEV.CV 2025 | Personas y Ciudad","og_description":"Assegureu l'estat del vostre edifici. Ajudes per a l'Informe d'Avaluaci\u00f3 d'Edificis d'Habitatges 2025. Anticipau problemes i en milloreu el rendiment.","og_url":"https:\/\/www.personasyciudad.es\/servicio-municipal-vivienda-alicante\/ayudas-xaloc\/ieev-cv-2025\/","og_site_name":"Personas y Ciudad","article_modified_time":"2025-09-25T12:57:13+00:00","og_image":[{"width":1200,"height":1082,"url":"https:\/\/www.personasyciudad.es\/wp-content\/uploads\/2023\/04\/IEEV-CV_Smol.jpeg","type":"image\/jpeg"}],"twitter_card":"summary_large_image","twitter_misc":{"Est. reading time":"3 minutes"},"schema":{"@context":"https:\/\/schema.org","@graph":[{"@type":"WebPage","@id":"https:\/\/www.personasyciudad.es\/servicio-municipal-vivienda-alicante\/ayudas-xaloc\/ieev-cv-2025\/","url":"https:\/\/www.personasyciudad.es\/servicio-municipal-vivienda-alicante\/ayudas-xaloc\/ieev-cv-2025\/","name":"\u25b7 Ajudes implantaci\u00f3 IEEV.CV 2025 | Personas y Ciudad","isPartOf":{"@id":"https:\/\/www.personasyciudad.es\/#website"},"primaryImageOfPage":{"@id":"https:\/\/www.personasyciudad.es\/servicio-municipal-vivienda-alicante\/ayudas-xaloc\/ieev-cv-2025\/#primaryimage"},"image":{"@id":"https:\/\/www.personasyciudad.es\/servicio-municipal-vivienda-alicante\/ayudas-xaloc\/ieev-cv-2025\/#primaryimage"},"thumbnailUrl":"https:\/\/www.personasyciudad.es\/wp-content\/uploads\/2023\/04\/IEEV-CV_Smol-1024x923.jpeg","datePublished":"2023-04-21T06:44:23+00:00","dateModified":"2025-09-25T12:57:13+00:00","description":"Assegureu l'estat del vostre edifici. Ajudes per a l'Informe d'Avaluaci\u00f3 d'Edificis d'Habitatges 2025. Anticipau problemes i en milloreu el rendiment.","breadcrumb":{"@id":"https:\/\/www.personasyciudad.es\/servicio-municipal-vivienda-alicante\/ayudas-xaloc\/ieev-cv-2025\/#breadcrumb"},"inLanguage":"ca-ES","potentialAction":[{"@type":"ReadAction","target":["https:\/\/www.personasyciudad.es\/servicio-municipal-vivienda-alicante\/ayudas-xaloc\/ieev-cv-2025\/"]}]},{"@type":"ImageObject","inLanguage":"ca-ES","@id":"https:\/\/www.personasyciudad.es\/servicio-municipal-vivienda-alicante\/ayudas-xaloc\/ieev-cv-2025\/#primaryimage","url":"https:\/\/www.personasyciudad.es\/wp-content\/uploads\/2023\/04\/IEEV-CV_Smol-1024x923.jpeg","contentUrl":"https:\/\/www.personasyciudad.es\/wp-content\/uploads\/2023\/04\/IEEV-CV_Smol-1024x923.jpeg"},{"@type":"BreadcrumbList","@id":"https:\/\/www.personasyciudad.es\/servicio-municipal-vivienda-alicante\/ayudas-xaloc\/ieev-cv-2025\/#breadcrumb","itemListElement":[{"@type":"ListItem","position":1,"name":"Portada","item":"https:\/\/www.personasyciudad.es\/"},{"@type":"ListItem","position":2,"name":"Habitatge","item":"https:\/\/www.personasyciudad.es\/servicio-municipal-vivienda-alicante\/"},{"@type":"ListItem","position":3,"name":"Ajudes Rehabilitaci\u00f3 (Xaloc)","item":"https:\/\/www.personasyciudad.es\/servicio-municipal-vivienda-alicante\/ayudas-xaloc\/"},{"@type":"ListItem","position":4,"name":"Ajudes Implantaci\u00f3 IEEV.CV 2025"}]},{"@type":"WebSite","@id":"https:\/\/www.personasyciudad.es\/#website","url":"https:\/\/www.personasyciudad.es\/","name":"Personas y Ciudad","description":"Actividades del Ayuntamiento de Sant Joan d\u2019Alacant","publisher":{"@id":"https:\/\/www.personasyciudad.es\/#organization"},"potentialAction":[{"@type":"SearchAction","target":{"@type":"EntryPoint","urlTemplate":"https:\/\/www.personasyciudad.es\/?s={search_term_string}"},"query-input":{"@type":"PropertyValueSpecification","valueRequired":true,"valueName":"search_term_string"}}],"inLanguage":"ca-ES"},{"@type":"Organization","@id":"https:\/\/www.personasyciudad.es\/#organization","name":"personas y ciudad","url":"https:\/\/www.personasyciudad.es\/","logo":{"@type":"ImageObject","inLanguage":"ca-ES","@id":"https:\/\/www.personasyciudad.es\/#\/schema\/logo\/image\/","url":"https:\/\/www.personasyciudad.es\/wp-content\/uploads\/2023\/04\/logo_positivo.png","contentUrl":"https:\/\/www.personasyciudad.es\/wp-content\/uploads\/2023\/04\/logo_positivo.png","width":500,"height":510,"caption":"personas y ciudad"},"image":{"@id":"https:\/\/www.personasyciudad.es\/#\/schema\/logo\/image\/"}}]}},"_links":{"self":[{"href":"https:\/\/www.personasyciudad.es\/ca-es\/wp-json\/wp\/v2\/pages\/5539","targetHints":{"allow":["GET"]}}],"collection":[{"href":"https:\/\/www.personasyciudad.es\/ca-es\/wp-json\/wp\/v2\/pages"}],"about":[{"href":"https:\/\/www.personasyciudad.es\/ca-es\/wp-json\/wp\/v2\/types\/page"}],"author":[{"embeddable":true,"href":"https:\/\/www.personasyciudad.es\/ca-es\/wp-json\/wp\/v2\/users\/3"}],"replies":[{"embeddable":true,"href":"https:\/\/www.personasyciudad.es\/ca-es\/wp-json\/wp\/v2\/comments?post=5539"}],"version-history":[{"count":10,"href":"https:\/\/www.personasyciudad.es\/ca-es\/wp-json\/wp\/v2\/pages\/5539\/revisions"}],"predecessor-version":[{"id":6366,"href":"https:\/\/www.personasyciudad.es\/ca-es\/wp-json\/wp\/v2\/pages\/5539\/revisions\/6366"}],"up":[{"embeddable":true,"href":"https:\/\/www.personasyciudad.es\/ca-es\/wp-json\/wp\/v2\/pages\/5577"}],"wp:attachment":[{"href":"https:\/\/www.personasyciudad.es\/ca-es\/wp-json\/wp\/v2\/media?parent=5539"}],"curies":[{"name":"wp","href":"https:\/\/api.w.org\/{rel}","templated":true}]}}