{"id":5553,"date":"2023-04-12T07:15:28","date_gmt":"2023-04-12T05:15:28","guid":{"rendered":"https:\/\/www.personasyciudad.es\/politica-de-privacitat\/"},"modified":"2025-05-22T10:21:35","modified_gmt":"2025-05-22T08:21:35","slug":"politica-de-privacitat","status":"publish","type":"page","link":"https:\/\/www.personasyciudad.es\/ca-es\/politica-de-privacitat\/","title":{"rendered":"Pol\u00edtica de privacitat"},"content":{"rendered":"\t\t<div data-elementor-type=\"wp-page\" data-elementor-id=\"5553\" class=\"elementor elementor-5553 elementor-3\" data-elementor-post-type=\"page\">\n\t\t\t\t\t\t<section class=\"elementor-section elementor-top-section elementor-element elementor-element-344f460 elementor-section-full_width elementor-section-stretched elementor-section-height-default elementor-section-height-default\" data-id=\"344f460\" data-element_type=\"section\" data-settings=\"{&quot;stretch_section&quot;:&quot;section-stretched&quot;}\">\n\t\t\t\t\t\t<div class=\"elementor-container elementor-column-gap-no\">\n\t\t\t\t\t<div class=\"elementor-column elementor-col-100 elementor-top-column elementor-element elementor-element-2b96944\" data-id=\"2b96944\" data-element_type=\"column\">\n\t\t\t<div class=\"elementor-widget-wrap elementor-element-populated\">\n\t\t\t\t\t\t<div class=\"elementor-element elementor-element-38d2b5f diapo_ancho_100 elementor--h-position-center elementor--v-position-middle elementor-arrows-position-inside elementor-pagination-position-inside elementor-widget elementor-widget-slides\" data-id=\"38d2b5f\" data-element_type=\"widget\" data-settings=\"{&quot;transition&quot;:&quot;fade&quot;,&quot;transition_speed&quot;:700,&quot;navigation&quot;:&quot;both&quot;,&quot;infinite&quot;:&quot;yes&quot;}\" data-widget_type=\"slides.default\">\n\t\t\t\t<div class=\"elementor-widget-container\">\n\t\t\t\t\t\t\t<div class=\"elementor-swiper\">\n\t\t\t\t\t<div class=\"elementor-slides-wrapper elementor-main-swiper swiper\" role=\"region\" aria-roledescription=\"carousel\" aria-label=\"Slides\" dir=\"ltr\" data-animation=\"\">\n\t\t\t\t<div class=\"swiper-wrapper elementor-slides\">\n\t\t\t\t\t\t\t\t\t\t<div class=\"elementor-repeater-item-360c008 swiper-slide\" role=\"group\" aria-roledescription=\"slide\"><div class=\"swiper-slide-bg\" role=\"img\"><\/div><div class=\"elementor-background-overlay\"><\/div><div class=\"swiper-slide-inner\" ><div class=\"swiper-slide-contents\"><div class=\"elementor-slide-heading\">POL\u00cdTICA DE PRIVACITAT<\/div><\/div><\/div><\/div>\t\t\t\t<\/div>\n\t\t\t\t\t\t\t<\/div>\n\t\t\t\t<\/div>\n\t\t\t\t\t\t<\/div>\n\t\t\t\t<\/div>\n\t\t\t\t<div class=\"elementor-element elementor-element-7e3609a elementor-widget elementor-widget-spacer\" data-id=\"7e3609a\" data-element_type=\"widget\" data-widget_type=\"spacer.default\">\n\t\t\t\t<div class=\"elementor-widget-container\">\n\t\t\t<style>\/*! elementor - v3.23.0 - 05-08-2024 *\/\n.elementor-column .elementor-spacer-inner{height:var(--spacer-size)}.e-con{--container-widget-width:100%}.e-con-inner>.elementor-widget-spacer,.e-con>.elementor-widget-spacer{width:var(--container-widget-width,var(--spacer-size));--align-self:var(--container-widget-align-self,initial);--flex-shrink:0}.e-con-inner>.elementor-widget-spacer>.elementor-widget-container,.e-con>.elementor-widget-spacer>.elementor-widget-container{height:100%;width:100%}.e-con-inner>.elementor-widget-spacer>.elementor-widget-container>.elementor-spacer,.e-con>.elementor-widget-spacer>.elementor-widget-container>.elementor-spacer{height:100%}.e-con-inner>.elementor-widget-spacer>.elementor-widget-container>.elementor-spacer>.elementor-spacer-inner,.e-con>.elementor-widget-spacer>.elementor-widget-container>.elementor-spacer>.elementor-spacer-inner{height:var(--container-widget-height,var(--spacer-size))}.e-con-inner>.elementor-widget-spacer.elementor-widget-empty,.e-con>.elementor-widget-spacer.elementor-widget-empty{position:relative;min-height:22px;min-width:22px}.e-con-inner>.elementor-widget-spacer.elementor-widget-empty .elementor-widget-empty-icon,.e-con>.elementor-widget-spacer.elementor-widget-empty .elementor-widget-empty-icon{position:absolute;top:0;bottom:0;left:0;right:0;margin:auto;padding:0;width:22px;height:22px}<\/style>\t\t<div class=\"elementor-spacer\">\n\t\t\t<div class=\"elementor-spacer-inner\"><\/div>\n\t\t<\/div>\n\t\t\t\t<\/div>\n\t\t\t\t<\/div>\n\t\t\t\t\t<\/div>\n\t\t<\/div>\n\t\t\t\t\t<\/div>\n\t\t<\/section>\n\t\t\t\t<section class=\"elementor-section elementor-top-section elementor-element elementor-element-6dd97387 elementor-section-boxed elementor-section-height-default elementor-section-height-default\" data-id=\"6dd97387\" data-element_type=\"section\">\n\t\t\t\t\t\t<div class=\"elementor-container elementor-column-gap-default\">\n\t\t\t\t\t<div class=\"elementor-column elementor-col-100 elementor-top-column elementor-element elementor-element-5c5b21af\" data-id=\"5c5b21af\" data-element_type=\"column\">\n\t\t\t<div class=\"elementor-widget-wrap elementor-element-populated\">\n\t\t\t\t\t\t<div class=\"elementor-element elementor-element-9369a80 elementor-widget elementor-widget-text-editor\" data-id=\"9369a80\" data-element_type=\"widget\" data-widget_type=\"text-editor.default\">\n\t\t\t\t<div class=\"elementor-widget-container\">\n\t\t\t<style>\/*! elementor - v3.23.0 - 05-08-2024 *\/\n.elementor-widget-text-editor.elementor-drop-cap-view-stacked .elementor-drop-cap{background-color:#69727d;color:#fff}.elementor-widget-text-editor.elementor-drop-cap-view-framed .elementor-drop-cap{color:#69727d;border:3px solid;background-color:transparent}.elementor-widget-text-editor:not(.elementor-drop-cap-view-default) .elementor-drop-cap{margin-top:8px}.elementor-widget-text-editor:not(.elementor-drop-cap-view-default) .elementor-drop-cap-letter{width:1em;height:1em}.elementor-widget-text-editor .elementor-drop-cap{float:left;text-align:center;line-height:1;font-size:50px}.elementor-widget-text-editor .elementor-drop-cap-letter{display:inline-block}<\/style>\t\t\t\t<h2>QUI \u00c9S EL RESPONSABLE DEL TRACTAMENT DE LES SEVES DADES?<\/h2>\n<p>\u2022 <strong>RESPONSABLE DEL TRACTAMENT<\/strong> de les vostres dades \u00e9s: PERSONAS Y CIUDAD, SAU<br \/>\u2022 <strong>CIF<\/strong>: A53531323<br \/>\u2022 <strong>Adre\u00e7a Postal<\/strong>: C\/Clara de Campoamor 5, 03550, Sant Joan d\u2019Alacant,Alacant<br \/>\u2022 <strong>Correu electr\u00f2nic<\/strong>: <a href=\"mailto:dpo@personasyciudad.es\">dpo@personasyciudad.es<\/a><\/p>\n<h2>QUIN TIPUS DE DADES TRACTEM?<\/h2>\n<p>Depenent dels productes, serveis o funcionalitats dels quals vulgui gaudir a cada moment necessitarem tractar unes dades o altres. En general aquestes dades seran, segons el cas, les seg\u00fcents:<br \/>\u2022 Les vostres dades identificatives (Per exemple: El vostre nom, cognom, idioma, pa\u00eds des del qual interactueu amb nosaltres, dades de contacte, etc.)<br \/>\u2022 Dades de connexi\u00f3, geolocalitzaci\u00f3 i navegaci\u00f3 (en cas que interactu\u00ef amb nosaltres des del m\u00f2bil, per exemple).<br \/>\u2022 Informaci\u00f3 comercial si estigu\u00e9s subscrit a la nostra newsletter.<br \/>\u2022 Dades Curriculars: en els casos de sol\u00b7licitar perfils professionals per cobrir les nostres necessitats professionals. Tamb\u00e9 es gestionen dades de candidatures espont\u00e0nies.  <br \/>\u2022 Dades sobre els seus gustos i prefer\u00e8ncies.<br \/>\u2022 Dades sobre iniciatives socials: en aquests casos, nom\u00e9s demanem dades per poder contestar a sol\u00b7licituds d&#8217;informaci\u00f3 sobre iniciatives socials (pe, lloguers socials, habitatge, etc.). Hi ha diverses iniciatives en marxa i, tenint en compte el <strong>principi de minimitzaci\u00f3<\/strong> de les dades, sempre sol\u00b7licitarem el nombre m\u00ednim de dades personals per complir les finalitats previstes. <br \/><strong>IMPORTANT<\/strong>: es podran sol\u00b7licitar <strong>dades sensibles<\/strong> (p.e., pertinen\u00e7a a col\u00b7lectius vulnerables, salut), en els casos en qu\u00e8 aix\u00ed s&#8217;exig\u00eds per a la concessi\u00f3 d&#8217;ajudes o prestaci\u00f3 de determinats serveis de car\u00e0cter social (p.e., Servei d&#8217;Ajuda a Domicili &#8211; SAD).<\/p>\n<p>Recordeu que, quan us demanem que ompliu les vostres dades personals per donar-vos acc\u00e9s a alguna funcionalitat o servei de la web, marcarem alguns camps com a obligatoris, ja que s\u00f3n dades que necessitem per poder prestar-vos el servei o donar-vos acc\u00e9s a la funcionalitat en q\u00fcesti\u00f3.<br \/>Si us plau, tingueu en compte que, si decidiu no facilitar-nos aquestes dades, \u00e9s possible que no pugueu completar el vostre registre com a usuari o que no pugueu gaudir d&#8217;aquests serveis o funcionalitats.<\/p>\n<h2>AMB QUINA FINALITAT TRACTEM LES SEVES DADES PERSONALS?<\/h2>\n<p>Depenent de com interactu\u00ef amb la nostra web, tractarem les seves dades personals per a les finalitats seg\u00fcents:<br \/><strong>1. Per atendre les sol\u00b7licituds o peticions que faci a trav\u00e9s dels diferents mitjans incorporats a la nostra web.<\/strong><br \/>Nom\u00e9s tractem les dades personals que siguin estrictament necess\u00e0ries per gestionar o resoldre la vostra sol\u00b7licitud o petici\u00f3.<br \/><strong>2. Per a fins de m\u00e0rqueting.<\/strong><br \/>En la mesura que se subscrigui a la nostra Newsletter, les vostres dades personals seran utilitzades per a la remissi\u00f3 peri\u00f2dica de butlletins informatius de l&#8217;empresa. Cal recordar que podeu donar-vos de baixa de la Newsletter, en qualsevol moment i sense cost, posant-vos en contacte amb nosaltres a trav\u00e9s del correu electr\u00f2nic del responsable de tractament o seguint les indicacions que us oferirem en cadascuna de les nostres comunicacions.<br \/><strong>3. Per a la gesti\u00f3 del canal de den\u00fancies.<\/strong><br \/>Tractem les vostres dades per gestionar la vostra den\u00fancia atorgant una protecci\u00f3 adequada davant de repres\u00e0lies.<br \/><strong>4. Per a la gesti\u00f3 de candidatures \/processos de selecci\u00f3<\/strong><br \/>Tractem les vostres dades per gestionar la vostra participaci\u00f3 en els processos de selecci\u00f3 de personal. Aix\u00f2 inclou l&#8217;avaluaci\u00f3 del perfil professional en funci\u00f3 de les vacants actuals o futures, la verificaci\u00f3 de la informaci\u00f3 aportada, la realitzaci\u00f3 d&#8217;entrevistes, aix\u00ed com la comunicaci\u00f3 necess\u00e0ria durant tot el proc\u00e9s de selecci\u00f3. <br \/><strong>5. Per a la gesti\u00f3 de xarxes socials<\/strong><br \/>En el cas que ens segueixi o ens contacti a trav\u00e9s de les diferents xarxes socials on estem presents, tractarem les dades que vost\u00e8 ens proporcioni a trav\u00e9s d&#8217;aquestes. amb l&#8217;\u00fanica finalitat de donar resposta als vostres missatges o comentaris i la gesti\u00f3 de la nostra llista de contactes. <br \/><strong>6. An\u00e0lisi d&#8217;usabilitat i de qualitat per a la millora dels nostres serveis (Cookies)<\/strong><br \/>Si accediu a la nostra Plataforma, us informem que tractarem les vostres dades de navegaci\u00f3 per a finalitats anal\u00edtiques i estad\u00edstiques, \u00e9s a dir, per entendre la forma en qu\u00e8 els usuaris interactuen amb la nostra Plataforma i aix\u00ed ser capa\u00e7os d&#8217;introduir-hi millores. Aix\u00ed mateix, de vegades, realitzem accions i enquestes de qualitat destinades a con\u00e8ixer el grau de satisfacci\u00f3 dels nostres clients i usuaris i detectar aquelles \u00e0rees en qu\u00e8 podem millorar. <\/p>\n<h2>QUINA \u00c9S LA LEGITIMACI\u00d3 PER AL TRACTAMENT DE LES SEVES DADES?<\/h2>\n<p>La base legal que ens permet tractar les vostres dades personals tamb\u00e9 dep\u00e8n de la finalitat per a la qual les tractem, d&#8217;aquesta manera trobarem diferents bases legals en virtut de les finalitats seg\u00fcents:<br \/><strong>1. Atenci\u00f3 sol\u00b7licituds dinformaci\u00f3.<\/strong><br \/>La base legal per al tractament de les vostres dades \u00e9s el consentiment informat per donar resposta a les consultes plantejades a trav\u00e9s de la p\u00e0gina web, fet que suposa l&#8217;acceptaci\u00f3 d&#8217;aquestes condicions per part de l&#8217;interessat.<br \/><strong>2. Marketing.<\/strong><br \/>La base leg\u00edtima per tractar les seves dades amb finalitats de m\u00e0rqueting \u00e9s el consentiment que vost\u00e8 presta.<br \/><strong>3. Canal de den\u00fancies.<\/strong><br \/>La base de legitimaci\u00f3 \u00e9s:<br \/>\u2022 El compliment d\u201funa obligaci\u00f3 legal.<br \/>\u2022 Quan es faci tractament de categories especials, el tractament \u00e9s necessari per raons d&#8217;un inter\u00e8s p\u00fablic essencial.<br \/><strong>4. Per a la gesti\u00f3 de candidatures \/processos de selecci\u00f3<\/strong><br \/>Aquest tractament es realitza en base al consentiment expr\u00e9s.<br \/><strong>5. Xarxes socials<\/strong><br \/>La base de legitimaci\u00f3 \u00e9s el consentiment informat per donar resposta a les consultes plantejades a trav\u00e9s de la xarxa social, aix\u00ed com el moment en qu\u00e8 ens segueix i desitja forma part de la nostra llista de contactes.<br \/><strong>6. An\u00e0lisi d&#8217;usabilitat i de qualitat (Cookies)<\/strong><br \/>La base de legitimaci\u00f3 \u00e9s el consentiment prestat a la nostra web per a la instal\u00b7laci\u00f3 de les cookies que consideri oportunes.<\/p>\n<h2>DURANT QUANT TEMPS CONSERVAREM LES SEVES DADES?<\/h2>\n<p><strong>1. Sol\u00b7licitud dinformaci\u00f3.<\/strong><br \/>Tractarem les vostres dades durant el temps que sigui necessari per atendre la vostra sol\u00b7licitud o petici\u00f3 i posteriorment 1 any.<br \/><strong>2. Marketing<\/strong><br \/>Tractarem les vostres dades fins que sol\u00b7liciteu la baixa o cancel\u00b7leu la vostra subscripci\u00f3 a la newsletter.<br \/><strong>3. Canal de den\u00fancies.<\/strong><br \/>Les dades de qui formuli la comunicaci\u00f3 i del personal empleat i tercers es conservaran al sistema de den\u00fancies \u00fanicament durant el temps imprescindible per decidir sobre la proced\u00e8ncia d&#8217;iniciar una investigaci\u00f3 sobre els fets informats.<br \/>Si s&#8217;acredita que la informaci\u00f3 facilitada o una part no \u00e9s vera\u00e7, es procedir\u00e0 a la seva immediata supressi\u00f3 des del moment en qu\u00e8 es tingui const\u00e0ncia d&#8217;aquesta circumst\u00e0ncia, llevat que aquesta manca de veracitat pugui constituir un il\u00b7l\u00edcit penal, cas en qu\u00e8 es guardar\u00e0 la informaci\u00f3 pel temps necessari durant el qual es tramiti el procediment judicial.<br \/>En tot cas, transcorreguts tres mesos des de la introducci\u00f3 de les dades, es suprimir\u00e0 el sistema de den\u00fancies, llevat que les dades siguin conservades per deixar evid\u00e8ncia del funcionament del sistema.<br \/><strong>4. Per a la gesti\u00f3 de candidatures \/processos de selecci\u00f3<\/strong><br \/>Tractarem les vostres dades durant el temps que sigui necessari per a la finalitat indicada.<br \/><strong>5. Xarxes socials<\/strong><br \/>Tractarem les vostres dades durant el temps que sigui necessari per atendre la vostra sol\u00b7licitud o petici\u00f3 i mentre sigui seguidor del nostre perfil.<\/p>\n<h2>COMPPARTIREM LES SEVES DADES AMB TERCERS?<\/h2>\n<p>Les dades personals no seran cedides o comunicades a tercers, excepte: obligaci\u00f3 legal, obtinguem el seu consentiment expr\u00e9s o entenguem que hi ha un inter\u00e8s leg\u00edtim per part nostra, que li ser\u00e0 degudament comunicat.<br \/>No obstant aix\u00f2, us informem que estem presents a les seg\u00fcents xarxes socials.: Facebook, LinkedIn, Twitter i YouTube, per mantenir els nostres seguidors informats respecte de les novetats i serveis de l&#8217;empresa.<br \/>Vost\u00e8 pot accedir a aquestes xarxes socials de manera volunt\u00e0ria i mitjan\u00e7ant els enlla\u00e7os disponibles a la pr\u00f2pia p\u00e0gina web o accedint directament i pel seu compte des del navegador o app instal\u00b7lada.<br \/>Heu de saber que aquest lloc web no es fa responsable de l&#8217;\u00fas de les dades que aquestes xarxes socials poden realitzar. Tot i aix\u00f2, quan aquestes dades es generin a la xarxa social i derivin d&#8217;una interacci\u00f3 amb el nostre compte oficial, serem coresponsables del tractament juntament amb la xarxa social.<br \/>Per poder consentir la nostra cessi\u00f3 des d&#8217;aquest lloc web i el tractament que es realitza de les vostres dades, heu de llegir detingudament la pol\u00edtica de privadesa de la xarxa social a la qual voleu accedir: <\/p>\n<p>\u2022 Facebook: <a href=\"https:\/\/es-es.facebook.com\/privacy\/explanation\" target=\"_blank\" rel=\"noopener\">https:\/\/es-es.facebook.com\/privacy\/explanation<\/a><br \/>\u2022 LinkedIn: <a href=\"https:\/\/es.linkedin.com\/legal\/privacy-policy\" target=\"_blank\" rel=\"noopener\">https:\/\/es.linkedin.com\/legal\/privacy-policy<\/a><br \/>\u2022 Twitter: <a href=\"https:\/\/twitter.com\/es\/privacy\" target=\"_blank\" rel=\"noopener\">https:\/\/twitter.com\/es\/privacy<\/a><br \/>D&#8217;aquesta manera, abans de punxar als logos de les RR. SS. presents a la nostra p\u00e0gina web, pot informar-se i realitzar un redireccionament amb el coneixement previ del tractament de les seves dades i de manera volunt\u00e0ria.  <\/p>\n<p>Altres serveis tecnol\u00f2gics:<br \/>\u2022 WhatsApp: <a href=\"https:\/\/www.whatsapp.com\/legal\/updates\/privacy-policy\/?=es\" target=\"_blank\" rel=\"noopener\">https:\/\/www.whatsapp.com\/legal\/updates\/privacy-policy\/?lang=es<\/a><br \/>\u2022 Companyies del Grup sobre la base legal de l&#8217;inter\u00e8s leg\u00edtim<br \/>En les dades demanades a trav\u00e9s del canal de den\u00fancies, es poden comunicar dades a tercers quan sigui necessari per a l&#8217;adopci\u00f3 de mesures correctores a l&#8217;entitat o la tramitaci\u00f3 dels procediments sancionadors o penals que, si escau, siguin procedents.<\/p>\n<h2>QUINES S\u00d3N ELS SEUS DRETS QUAN ENS FACILITA LES SEVES DADES?<\/h2>\n<p>Ens comprometem a respectar la confidencialitat de les vostres dades personals ia garantir-vos l&#8217;exercici dels vostres drets.<br \/>Podr\u00e0 exercitar-los sense cap cost remetent-nos un correu electr\u00f2nic a la nostra adre\u00e7a <a href=\"mailto:dpo@personasyciudad.es\">dpo@personasyciudad.es<\/a> , simplement indicant-nos el motiu de la seva sol\u00b7licitud i el dret que vol exercitar.<br \/>En cas que ho considerem necessari per poder-lo identificar, podrem sol\u00b7licitar-li c\u00f2pia d&#8217;un document acreditatiu de la seva identitat. En particular, independentment de la finalitat o la base legal en virtut de la que tractem les vostres dades, vost\u00e8 t\u00e9 dret a:<br \/>Demanar-nos acc\u00e9s a les seves dades de qu\u00e8 disposem.<br \/>Demanar-nos que rectifiquem les dades de qu\u00e8 ja disposem. Tingueu en compte que, en facilitar-nos activament les vostres dades personals per qualsevol via, garanteix que s\u00f3n certes i exactes i es comprometes a notificar-nos qualsevol canvi o modificaci\u00f3 dels mateixos.  <br \/>Demanar-nos que suprimim les seves dades en la mesura que ja no siguin necess\u00e0ries per a la finalitat per als que necessitem tractar-los segons t&#8217;hem informat amb anterioritat, o que ja no comptem amb legitimaci\u00f3 per fer-ho.<br \/>Demanar-nos que limitem el tractament de les seves dades, cosa que suposa que en determinats casos ens pugui sol\u00b7licitar que suspenguem temporalment el tractament de les dades o que les conservem m\u00e9s enll\u00e0 del temps necessari quan puguis necessitar-ho. Si ens heu proporcionat el vostre consentiment per al tractament de les vostres dades per a qualsevol finalitat, tamb\u00e9 teniu dret a retirar-lo en qualsevol moment. <br \/>Rebre aquelles dades personals que l&#8217;incumbeixin i que ens hagi facilitat, en un format estructurat, d&#8217;\u00fas com\u00fa i lectura mec\u00e0nica, aix\u00ed com transmetre&#8217;ls a un altre responsable del tractament.<br \/>D&#8217;altra banda, quan el tractament de les vostres dades estigui basat en el nostre inter\u00e8s leg\u00edtim, tamb\u00e9 tindreu dret a oposar-vos al tractament de les vostres dades.<br \/>Finalment, us informem del vostre dret a presentar una reclamaci\u00f3 davant l&#8217;autoritat de control en mat\u00e8ria de protecci\u00f3 de dades pertinent, en particular, davant l&#8217;Ag\u00e8ncia Espanyola de Protecci\u00f3 de Dades <a href=\"https:\/\/www.agpd.es\/portalwebAGPD\/index-ides-idphp.php\" target=\"_blank\" rel=\"noopener\">https:\/\/www.agpd.es\/portalwebAGPD\/index-ides-idphp.php<\/a><\/p>\n<h2>CANVIS A LA POL\u00cdTICA DE PRIVACITAT.<\/h2>\n<p>\u00c9s possible que modifiquem la informaci\u00f3 continguda en aquesta Pol\u00edtica de Privadesa quan ho estimem convenient. En cas que ho fem, li ho notificarem per diferents vies a trav\u00e9s de la Plataforma, o fins i tot li ho comunicarem a la seva adre\u00e7a de correu electr\u00f2nic quan el canvi en q\u00fcesti\u00f3 sigui significatiu envers la seva privadesa, de manera que pugui revisar els canvis, valorar-los i, si escau, oposar-se o donar-se de baixa en algun servei o funcionalitat. <\/p>\n<h2>INFORMACI\u00d3 SOBRE COOKIES<\/h2>\n<p>Utilitzem cookies i dispositius similars per facilitar la seva navegaci\u00f3 a la Plataforma, con\u00e8ixer com interactua amb nosaltres i, en determinats casos, poder mostrar publicitat en funci\u00f3 dels seus h\u00e0bits de navegaci\u00f3. Si us plau, llegiu la nostra <a href=\"https:\/\/www.personasyciudad.es\/ca-es\/politica-de-cookies\/\" target=\"_blank\" rel=\"noopener\">Pol\u00edtica de Cookies<\/a> per con\u00e8ixer amb m\u00e9s detall les cookies i dispositius similars que usem, la seva finalitat i altra informaci\u00f3 d&#8217;inter\u00e8s. <\/p>\n\t\t\t\t\t\t<\/div>\n\t\t\t\t<\/div>\n\t\t\t\t<div class=\"elementor-element elementor-element-08efaf8 elementor-hidden-desktop elementor-hidden-tablet elementor-hidden-mobile elementor-widget elementor-widget-text-editor\" data-id=\"08efaf8\" data-element_type=\"widget\" data-widget_type=\"text-editor.default\">\n\t\t\t\t<div class=\"elementor-widget-container\">\n\t\t\t\t\t\t\t<p>Entrada en vigor: 3 de maig de 2023<\/p>\n\t\t\t\t\t\t<\/div>\n\t\t\t\t<\/div>\n\t\t\t\t<div class=\"elementor-element elementor-element-14a8af30 elementor-hidden-desktop elementor-hidden-tablet elementor-hidden-mobile elementor-widget elementor-widget-text-editor\" data-id=\"14a8af30\" data-element_type=\"widget\" data-widget_type=\"text-editor.default\">\n\t\t\t\t<div class=\"elementor-widget-container\">\n\t\t\t\t\t\t\t<h2>Qui som<\/h2><p>A <strong>PERSONAS Y CIUDAD, S.A.U.<\/strong> hem actualitzat la nostra Pol\u00edtica de Privadesa perqu\u00e8 sigui d&#8217;acord amb la nova reglamentaci\u00f3, tant europea (Reglament 2016\/679), com nacional (L.O. 3\/2018). Les nostres dades de contacte, com a Responsable del Tractament de les dades que demanem a trav\u00e9s de la nostra Web i dels nostres perfils a les diferents xarxes socials s\u00f3n les seg\u00fcents: <\/p><p>Ra\u00f3 Social: PERSONAS Y CIUDAD, S.A.U.<\/p><p>CIF: A-53531323<\/p><p>Adre\u00e7a: C\/Clara de Campoamor 5, Sant Joan d\u2019Alacant, Alacant<\/p><p> <\/p><h2>Quines dades recollim<\/h2><p>Les dades que ens faciliten els usuaris de la nostra Web o de les diferents xarxes socials on mantenim un perfil professional, poden respondre a diferents necessitats, totes f\u00e0cilment identificables en funci\u00f3 del context. Per exemple: si un usuari omple un formulari de contacte i\/o participa en un determinat esdeveniment, evidentment, les seves dades seran utilitzades per a aquestes finalitats i per mantenir-lo informat, posteriorment, de les eventuals novetats relacionades amb els nostres serveis i\/o esdeveniment. En cap cas, recollim m\u00e9s dades de les estrictament necess\u00e0ries per al compliment de les finalitats expressades en cada moment. Generalment, sempre ens limitarem a demanar els seg\u00fcents tipus de dades:   <\/p><ul><li>Identificatius: nom, cognoms, adre\u00e7a de correu electr\u00f2nic i tel\u00e8fon de contacte;<\/li><li>Dades relatives a navegaci\u00f3 o gustos: per exemple, en alguns casos, utilitzarem les dades expressades a \u201c<em>likes<\/em>\u201d o similars, per valorar el grau d&#8217;acceptaci\u00f3 de les nostres iniciatives. De la mateixa manera, en alguns casos, us demanarem que ens digueu com ens heu conegut. En tot cas, aquest tipus de dades <strong>mai<\/strong> no seran necess\u00e0ries per als casos en qu\u00e8 l&#8217;usuari simplement navegui per la nostra Web, ompliu un formulari de contacte o visiteu els nostres perfils a Xarxes Socials. Sempre que les mesures t\u00e8cniques ho permetin, l&#8217;usuari trobar\u00e0 sempre un link a la nostra Pol\u00edtica de Privadesa;   <\/li><li>Dades Curriculars: en els casos de sol\u00b7licitar perfils professionals per cobrir les nostres necessitats professionals. Tamb\u00e9 acceptem candidatures espont\u00e0nies; <\/li><li>Dades sobre iniciatives socials: en aquests casos, nom\u00e9s demanem dades per poder contestar a sol\u00b7licituds d&#8217;informaci\u00f3 sobre iniciatives socials (pe, lloguers socials, habitatge, etc.). Hi ha diverses iniciatives en marxa i, tenint en compte el <strong>principi de minimitzaci\u00f3<\/strong> de les dades, sempre sol\u00b7licitarem el nombre m\u00ednim de dades personals per complir les finalitats previstes. <ul><li><strong>IMPORTANT<\/strong>: es podran sol\u00b7licitar <strong>dades sensibles<\/strong> (p.e., pertinen\u00e7a a col\u00b7lectius vulnerables, salut), en els casos en qu\u00e8 aix\u00ed s&#8217;exig\u00eds per a la concessi\u00f3 d&#8217;ajudes o prestaci\u00f3 de determinats serveis de car\u00e0cter social (p.e., Servei d&#8217;Ajuda a Domicili \u2013 SAD).<\/li><\/ul><\/li><\/ul><p> <\/p><h2>Per a quines finalitats tractem\/usem les dades personals<\/h2><p>Les finalitats per a les quals demanem les dades personals dels usuaris de la nostra Web i de les Xarxes Socials sempre seran manifestades de forma clara i transparent. Per exemple: en el cas de formularis de contacte, les dades seran tractades exclusivament per atendre les sol\u00b7licituds d&#8217;informaci\u00f3 i mantenir informat l&#8217;interessat sobre activitats futures, serveis i productes relacionats amb la vostra petici\u00f3. En tot cas, en qualsevol moment i sempre de forma gratu\u00efta, l&#8217;interessat podr\u00e0 exercir qualsevol dels drets previstos a la legislaci\u00f3 vigent (veure infra), a trav\u00e9s d&#8217;un simple email dirigit a <a href=\"mailto:dpo@personasyciudad.es\">dpo@personasyciudad.es<\/a>.  <\/p><p>En els casos en qu\u00e8 <strong>PERSONAS Y CIUDAD, S.A.U.<\/strong> voldria utilitzar les seves dades per a m\u00e9s duna finalitat, sempre demanar\u00e0 el consentiment per a cadascuna. Exemple: l&#8217;usuari quedar\u00e0 lliure de prestar el seu consentiment per a la participaci\u00f3 a una promoci\u00f3 d&#8217;uns serveis lligats a una estacionalitat determinada (estiu), optant (o no) per a la participaci\u00f3 a una promoci\u00f3 o <em>newsletter<\/em> que tingui una periodicitat diferent i\/o continuada en el temps. En cap cas, l&#8217;entitat obligar\u00e0 a prestar un consentiment vinculat o en bloc: els nostres usuaris sempre poden triar en qualsevol moment quina informaci\u00f3 rebre, com i quan.  <\/p><p>M\u00e9s detalls sobre les finalitats per a les quals s&#8217;utilitzen les dades personals:<\/p><ul><li>Proporcionar-vos informaci\u00f3 relacionada amb els serveis que ofereix la nostra empresa i que es detallen en aquest lloc web i que podrien incloure serveis professionals en l&#8217;\u00e0mbit dels Serveis Socials (p.e., Servei d&#8217;Ajuda Domicili\u00e0ria);<\/li><li>Enviar per correu electr\u00f2nic i\/o postal les not\u00edcies i novetats sobre la nostra entitat, aix\u00ed com les actualitzacions del nostre cat\u00e0leg de serveis;<\/li><li>Canalitzar les sol\u00b7licituds d&#8217;informaci\u00f3, els suggeriments i les reclamacions de les persones interessades per a la seva gesti\u00f3 i resoluci\u00f3;<\/li><li>Mantenir-lo informat, b\u00e9 per mitjans electr\u00f2nics o dispositius m\u00f2bils de qualsevol informaci\u00f3 que poguessin resultar del seu inter\u00e8s;<\/li><li>Gestionar l&#8217;enviament de la Newsletter als usuaris que s&#8217;hi subscriguin;<\/li><li>En cas d&#8217;enviament de candidatures espont\u00e0nies a trav\u00e9s de CV, eventuals processos de selecci\u00f3.<\/li><\/ul><p> <\/p><h2>La Base Jur\u00eddica<\/h2><p>T\u00e8cnicament, per Base Jur\u00eddica s&#8217;identifica com l&#8217;habilitaci\u00f3 que ens empara en el tractament de dades personals dels nostres usuaris. Exemple: si un usuari decideix sol\u00b7licitar determinats serveis a trav\u00e9s de la nostra web, la base jur\u00eddica del tractament de les seves dades personals ser\u00e0, evidentment, el contracte (encara que no sigui necess\u00e0riament a t\u00edtol oner\u00f3s, \u00e9s a dir, de pagament). Mitjan\u00e7ant un contracte, <strong>PERSONAS Y CIUDAD, S.A.U.<\/strong> gestionar\u00e0 la preparaci\u00f3 del que sol\u00b7licita, el lliurament, els horaris, etc.  <\/p><p>En altres casos, la base jur\u00eddica que habilita el tractament de les dades personals de lusuari ser\u00e0 el <strong>consentimiento<\/strong> del propi usuari. Aquest \u00e9s el cas del tractament de les dades dels usuaris interessats en els nostres serveis, promocions, newsletter, etc. <\/p><p>L&#8217;usuari pot trobar el resum de les bases jur\u00eddiques que emparen el tractament de les diferents dades a la part inicial d&#8217;aquest apartat.<\/p><p>En cas de dubtes, com sempre, podeu contactar directament amb nosaltres, a trav\u00e9s d&#8217;un simple email: <a href=\"mailto:dpo@personasyciudad.es\">dpo@personasyciudad.es<\/a>.<\/p><p> <\/p><h2>Retirada del Consentiment<\/h2><p>En els casos en qu\u00e8 la base jur\u00eddica del tractament de les dades personals dels nostres usuaris hagi estat el consentiment, el consentiment podr\u00e0 ser retirat en qualsevol moment i de la manera m\u00e9s senzilla. Si va ser f\u00e0cil enviar-nos el consentiment via formulari o mitjan\u00e7ant un correu electr\u00f2nic o click, ser\u00e0 igualment f\u00e0cil retirar el seu consentiment, mitjan\u00e7ant la mateixa via: un correu electr\u00f2nic dirigit a <a href=\"mailto:dpo@personasyciudad.es\">dpo@personasyciudad.es<\/a>. <\/p><p>La retirada del consentiment, \u00f2bviament, no pot tenir efectes retroactius i entrar\u00e0 en vigor en el mateix moment en qu\u00e8 l&#8217;usuari ens far\u00e0 arribar la seva voluntat de no consentir al tractament de les seves dades.<\/p><p> <\/p><h2>Termini de Conservaci\u00f3<\/h2><p>Aqu\u00ed indicarem per quant de temps \u00e9s intenci\u00f3 de <strong>PERSONAS Y CIUDAD, S.A.U.<\/strong> guardar les dades personals dels usuaris dels nostres serveis en l\u00ednia. Un resum dels Terminis de Conservaci\u00f3 est\u00e0 exposat a l&#8217;esquema que encap\u00e7ala aquest apartat. <\/p><p>No hi ha un termini de conservaci\u00f3 uniforme, perqu\u00e8 els tractaments i les finalitats s\u00f3n diferents i variades. En tot cas, l&#8217;entitat sempre seguir\u00e0 les regles seg\u00fcents: <\/p><ul><li>Per a dades contractuals: el termini, en aquest cas, \u00e9s marcat per la legislaci\u00f3 aplicable en mat\u00e8ria. Generalment, l&#8217;entitat guardar\u00e0 les dades de l&#8217;usuari fins a la prescripci\u00f3 eventual de les accions de responsabilitat contractual (generalment, deu anys); <\/li><li>Per a dades de contacte: el termini ser\u00e0 de <strong>5 a\u00f1os<\/strong>, comptats des de la darrera interacci\u00f3 entre l&#8217;usuari i l&#8217;entitat. Exemple: si l&#8217;usuari sol\u00b7licita informaci\u00f3 sobre els serveis i productes de l&#8217;entitat i se subscriu a la <em>newsletter<\/em>, l&#8217;entitat guardar\u00e0 les dades fins que l&#8217;usuari sol\u00b7liciti la baixa de la <em>newsletter<\/em>, bloquejant les dades per destruir-les un cop transcorregut el termini abans esmentat, per a la responsabilitat contractual. <\/li><\/ul><p> <\/p><p>Tamb\u00e9 en aquest cas, no dubteu a posar-vos en contacte amb nosaltres, per con\u00e8ixer els detalls de la nostra pol\u00edtica de retenci\u00f3 de dades personals.<\/p><p> <\/p><h2>Decisions Automatitzades<\/h2><p>Per \u201cDecisions Automatitzades\u201d s&#8217;entenen aquelles decisions preses per part del Responsable del Tractament, sense la intervenci\u00f3 humana i basades en dades personals aportades per l&#8217;usuari, b\u00e9 manualment (per exemple, omplint un formulari), b\u00e9 a trav\u00e9s de l&#8217;estudi dels seus h\u00e0bits de navegaci\u00f3.<\/p><p><strong>PERSONAS Y CIUDAD, S.A.U.<\/strong> informa que <strong>no<\/strong> pren cap decisi\u00f3 automatitzada, a trav\u00e9s de l&#8217;an\u00e0lisi de navegaci\u00f3 dels seus usuaris, tant de la web com dels perfils de les xarxes socials.<\/p><p> <\/p><h2>Destinataris de la Informaci\u00f3<\/h2><p><strong>PERSONAS Y CIUDAD, S.A.U.<\/strong> en <strong>cap cas<\/strong> no cedeix les dades dels usuaris de la Web i dels seus perfils de xarxes socials a cap empresa. L&#8217;entitat podr\u00e0 comptar, puntualment, amb col\u00b7laboradors externs, aquestes relacions estan emparades sempre a trav\u00e9s d&#8217;un contracte d&#8217;Enc\u00e0rrec del Tractament. <\/p><p> <\/p><h2>Drets dels Interessats<\/h2><p><strong>PERSONAS Y CIUDAD, S.A.U.<\/strong> informa sobre els drets que assisteixen els interessats. Com sempre, en cas de dubtes, podeu consultar amb nosaltres, a trav\u00e9s d&#8217;un simple email: <a href=\"mailto:dpo@personasyciudad.es\">dpo@personasyciudad.es<\/a>. <\/p><p><strong>Dret d&#8217;acc\u00e9s:<\/strong> l&#8217;usuari pot sol\u00b7licitar a l&#8217;entitat con\u00e8ixer quina informaci\u00f3 t\u00e9 aquest, tant pel que fa a la seva relaci\u00f3 en l\u00ednia com, eventualment, la seva relaci\u00f3 off line. Per exemple, l&#8217;usuari pot sol\u00b7licitar accedir a les dades de la vostra inscripci\u00f3 a una newsletter. En tot cas, l&#8217;entitat sol\u00b7licitar\u00e0 acreditar la identitat del sol\u00b7licitant, en funci\u00f3 de la import\u00e0ncia de les dades a qu\u00e8 es requereix accedir. M\u00e9s concretament, l&#8217;usuari t\u00e9 dret a con\u00e8ixer:   <\/p><ul><li>Les finalitats dels tractaments de les dades personals;<\/li><li>Les categories de dades incloses en els tractaments;<\/li><li>Els eventuals destinataris\/cessionaris de dades;<\/li><li>Els terminis de conservaci\u00f3;<\/li><li>L&#8217;exist\u00e8ncia d&#8217;un dret a presentar una reclamaci\u00f3 davant l&#8217;autoritat de control (l&#8217;Ag\u00e8ncia Espanyola de Protecci\u00f3 de Dades);<\/li><\/ul><p> <\/p><p><strong>Dret de rectificaci\u00f3:<\/strong> en el cas en qu\u00e8 l&#8217;entitat hagu\u00e9s anotat err\u00f2niament algunes dades o tamb\u00e9 en els casos en qu\u00e8 l&#8217;usuari canvi\u00e9s totalment o parcialment les seves dades (per exemple, canvi\u00e9s de correu electr\u00f2nic on voler rebre la nostra informaci\u00f3), nom\u00e9s ens haur\u00e0 d&#8217;enviar un email, manifestant quines dades vol rectificar i com.<\/p><p><strong>Dret de supressi\u00f3:<\/strong> en aquest cas, linteressat podr\u00e0 exercir el denominat \u201cDret a l&#8217;Oblit\u201d. L&#8217;entitat, una vegada expirats els terminis legalment previstos per a la conservaci\u00f3 de les diferents dades que es posseeixen de l&#8217;interessat, procedir\u00e0 a eliminar-les definitivament. En tot cas, mentre no expirin els terminis esmentats, les dades objecte d&#8217;aquesta sol\u00b7licitud seran bloquejades i no utilitzades de cap manera, m\u00e9s enll\u00e0 de la seva mera conservaci\u00f3.  <\/p><p><strong>Dret de limitaci\u00f3 del tractament:<\/strong> l&#8217;interessat podr\u00e0 sol\u00b7licitar que es limiti el tractament de les seves dades en els casos seg\u00fcents:<\/p><ul><li>Quan es discuteixi sobre l&#8217;exactitud de les dades del mateix interessat;<\/li><li>Quan el tractament sigui il\u00b7l\u00edcit;<\/li><li>Quan l&#8217;entitat ja no necessiti les dades per al compliment de les finalitats per a les quals, en el seu moment, es van demanar les dades;<\/li><li>Mentre es verifiqui la prevalen\u00e7a de linter\u00e8s leg\u00edtim de lentitat, per a l\u00fas de dades.<\/li><\/ul><p> <\/p><p><strong>Dret a la portabilitat:<\/strong> l&#8217;interessat pot sol\u00b7licitar una c\u00f2pia de les vostres dades, en un format estructurat, d&#8217;\u00fas com\u00fa i lectura mec\u00e0nica. Aquesta c\u00f2pia pot ser enviada directament a l&#8217;interessat oa qui esculli, sempre que aquesta possibilitat sigui t\u00e8cnicament possible. <\/p><p><strong>Dret d&#8217;oposici\u00f3:<\/strong> l&#8217;interessat pot sol\u00b7licitar que l&#8217;entitat faci tractaments de les vostres dades, basant-se en l&#8217;inter\u00e8s leg\u00edtim de l&#8217;entitat. De la mateixa manera, podr\u00e0 exercir aquest dret oposant-se al tractament per a fins de m\u00e0rqueting directe i elaboraci\u00f3 de perfils. <\/p><p><strong>Dret a no ser sotm\u00e8s a decisions automatitzades:<\/strong> en el cas que l&#8217;entitat realitzi aquest tipus d&#8217;activitats (prendre decisions automatitzades, que afectaran d&#8217;alguna manera els drets o interessos, de l&#8217;interessat, sense que es faci intervenci\u00f3 humana), l&#8217;interessat podr\u00e0 sol\u00b7licitar, en qualsevol moment, no ser sotmesos a aquestes pr\u00e0ctiques.<\/p><p> <\/p><h2>Normes de Tancament<\/h2><p>Els usuaris d&#8217;aquesta web entenen que tota la informaci\u00f3 aportada a trav\u00e9s de xarxes socials (post, mencions, comentaris, links, xat, v\u00eddeos, fotos, etc.) poden ser p\u00fablics i, com a tals, utilitzats per tercers sobre els quals l&#8217;entitat no t\u00e9 possibilitats t\u00e8cniques de restricci\u00f3. Aquests tercers, sense autoritzaci\u00f3 de PERSONAS Y CIUDAD, S.A.U., poden utilitzar aquestes dades publicades pels usuaris, amb fins no directament relacionats amb els interessos de l&#8217;empresa, sense que, per aix\u00f2, se&#8217;n derivi autoritzaci\u00f3, concessi\u00f3, consentiment o mer coneixement d&#8217;aquests fets. Per tant, els usuaris han de ser conscients d\u201faquest fet, connatural al\u201f\u00fas de la informaci\u00f3 publicada a trav\u00e9s de les Xarxes Socials.  <\/p><p>Totes les opinions i, en general, la informaci\u00f3 publicada pels usuaris nom\u00e9s representa l&#8217;opini\u00f3 de qui l&#8217;aporta i no indiquen cap participaci\u00f3 per part de la nostra empresa.<\/p><p>Pel que fa a la identificaci\u00f3 dels usuaris que enllacen, comenten o fan post i aportacions (textos, v\u00eddeo, fotos, etc.) per part de les empreses gestores i titulars de les plataformes anomenades \u201cXarxes Socials\u201d, l&#8217;entitat no pot assegurar el respecte de la legislaci\u00f3 vigent en cada moment en mat\u00e8ria de protecci\u00f3 de dades i remet als usuaris a les Pol\u00edtiques de Privadesa.<\/p><p>Pel que fa als continguts publicats als espais de Xarxes Socials utilitzats per PERSONAS Y CIUDAD, S.A.U., es remet als usuaris a seguir les normes expressades anteriorment.<\/p><p><strong>Dades de contacte del Delegat de Protecci\u00f3 de Dades: <u><a href=\"mailto:dpo@personasyciudad.es\">dpo@personasyciudad.es<\/a><\/u>.<\/strong><\/p>\t\t\t\t\t\t<\/div>\n\t\t\t\t<\/div>\n\t\t\t\t\t<\/div>\n\t\t<\/div>\n\t\t\t\t\t<\/div>\n\t\t<\/section>\n\t\t\t\t<section class=\"elementor-section elementor-top-section elementor-element elementor-element-4f1e945 elementor-section-boxed elementor-section-height-default elementor-section-height-default\" data-id=\"4f1e945\" data-element_type=\"section\">\n\t\t\t\t\t\t<div class=\"elementor-container elementor-column-gap-default\">\n\t\t\t\t\t<div class=\"elementor-column elementor-col-100 elementor-top-column elementor-element elementor-element-a1609b9\" data-id=\"a1609b9\" data-element_type=\"column\">\n\t\t\t<div class=\"elementor-widget-wrap elementor-element-populated\">\n\t\t\t\t\t\t<div class=\"elementor-element elementor-element-596a216 elementor-widget elementor-widget-spacer\" data-id=\"596a216\" data-element_type=\"widget\" data-widget_type=\"spacer.default\">\n\t\t\t\t<div class=\"elementor-widget-container\">\n\t\t\t\t\t<div class=\"elementor-spacer\">\n\t\t\t<div class=\"elementor-spacer-inner\"><\/div>\n\t\t<\/div>\n\t\t\t\t<\/div>\n\t\t\t\t<\/div>\n\t\t\t\t\t<\/div>\n\t\t<\/div>\n\t\t\t\t\t<\/div>\n\t\t<\/section>\n\t\t\t\t<\/div>\n\t\t","protected":false},"excerpt":{"rendered":"<p>POL\u00cdTICA DE PRIVACITAT QUI \u00c9S EL RESPONSABLE DEL TRACTAMENT DE LES SEVES DADES? \u2022 RESPONSABLE DEL TRACTAMENT de les vostres dades \u00e9s: PERSONAS Y CIUDAD, SAU\u2022 CIF: A53531323\u2022 Adre\u00e7a Postal: C\/Clara de Campoamor 5, 03550, Sant Joan d\u2019Alacant,Alacant\u2022 Correu electr\u00f2nic: dpo@personasyciudad.es QUIN TIPUS DE DADES TRACTEM? Depenent dels productes, serveis o funcionalitats dels quals vulgui [&hellip;]<\/p>\n","protected":false},"author":3,"featured_media":0,"parent":0,"menu_order":0,"comment_status":"closed","ping_status":"closed","template":"","meta":{"footnotes":""},"class_list":["post-5553","page","type-page","status-publish","hentry"],"yoast_head":"<!-- This site is optimized with the Yoast SEO plugin v27.4 - https:\/\/yoast.com\/product\/yoast-seo-wordpress\/ -->\n<title>\u25b7 Pol\u00edtica de privacitat | Personas y Ciudad | Alacant<\/title>\n<meta name=\"description\" content=\"Protegim la teva privacitat. Consulta la nostra pol\u00edtica per con\u00e8ixer com cuidem les dades personals. La teva confian\u00e7a \u00e9s la nostra prioritat.\" \/>\n<meta name=\"robots\" content=\"noindex, follow\" \/>\n<meta property=\"og:locale\" content=\"ca_ES\" \/>\n<meta property=\"og:type\" content=\"article\" \/>\n<meta property=\"og:title\" content=\"\u25b7 Pol\u00edtica de privacitat | Personas y Ciudad | Alacant\" \/>\n<meta property=\"og:description\" content=\"Protegim la teva privacitat. Consulta la nostra pol\u00edtica per con\u00e8ixer com cuidem les dades personals. La teva confian\u00e7a \u00e9s la nostra prioritat.\" \/>\n<meta property=\"og:url\" content=\"https:\/\/www.personasyciudad.es\/politica-privacidad\/\" \/>\n<meta property=\"og:site_name\" content=\"Personas y Ciudad\" \/>\n<meta property=\"article:modified_time\" content=\"2025-05-22T08:21:35+00:00\" \/>\n<meta name=\"twitter:card\" content=\"summary_large_image\" \/>\n<meta name=\"twitter:label1\" content=\"Est. reading time\" \/>\n\t<meta name=\"twitter:data1\" content=\"21 minutes\" \/>\n<script type=\"application\/ld+json\" class=\"yoast-schema-graph\">{\"@context\":\"https:\\\/\\\/schema.org\",\"@graph\":[{\"@type\":\"WebPage\",\"@id\":\"https:\\\/\\\/www.personasyciudad.es\\\/politica-privacidad\\\/\",\"url\":\"https:\\\/\\\/www.personasyciudad.es\\\/politica-privacidad\\\/\",\"name\":\"\u25b7 Pol\u00edtica de privacitat | Personas y Ciudad | Alacant\",\"isPartOf\":{\"@id\":\"https:\\\/\\\/www.personasyciudad.es\\\/#website\"},\"datePublished\":\"2023-04-12T05:15:28+00:00\",\"dateModified\":\"2025-05-22T08:21:35+00:00\",\"description\":\"Protegim la teva privacitat. Consulta la nostra pol\u00edtica per con\u00e8ixer com cuidem les dades personals. La teva confian\u00e7a \u00e9s la nostra prioritat.\",\"breadcrumb\":{\"@id\":\"https:\\\/\\\/www.personasyciudad.es\\\/politica-privacidad\\\/#breadcrumb\"},\"inLanguage\":\"ca-ES\",\"potentialAction\":[{\"@type\":\"ReadAction\",\"target\":[\"https:\\\/\\\/www.personasyciudad.es\\\/politica-privacidad\\\/\"]}]},{\"@type\":\"BreadcrumbList\",\"@id\":\"https:\\\/\\\/www.personasyciudad.es\\\/politica-privacidad\\\/#breadcrumb\",\"itemListElement\":[{\"@type\":\"ListItem\",\"position\":1,\"name\":\"Portada\",\"item\":\"https:\\\/\\\/www.personasyciudad.es\\\/\"},{\"@type\":\"ListItem\",\"position\":2,\"name\":\"Pol\u00edtica de privacitat\"}]},{\"@type\":\"WebSite\",\"@id\":\"https:\\\/\\\/www.personasyciudad.es\\\/#website\",\"url\":\"https:\\\/\\\/www.personasyciudad.es\\\/\",\"name\":\"Personas y Ciudad\",\"description\":\"Actividades del Ayuntamiento de Sant Joan d\u2019Alacant\",\"publisher\":{\"@id\":\"https:\\\/\\\/www.personasyciudad.es\\\/#organization\"},\"potentialAction\":[{\"@type\":\"SearchAction\",\"target\":{\"@type\":\"EntryPoint\",\"urlTemplate\":\"https:\\\/\\\/www.personasyciudad.es\\\/?s={search_term_string}\"},\"query-input\":{\"@type\":\"PropertyValueSpecification\",\"valueRequired\":true,\"valueName\":\"search_term_string\"}}],\"inLanguage\":\"ca-ES\"},{\"@type\":\"Organization\",\"@id\":\"https:\\\/\\\/www.personasyciudad.es\\\/#organization\",\"name\":\"personas y ciudad\",\"url\":\"https:\\\/\\\/www.personasyciudad.es\\\/\",\"logo\":{\"@type\":\"ImageObject\",\"inLanguage\":\"ca-ES\",\"@id\":\"https:\\\/\\\/www.personasyciudad.es\\\/#\\\/schema\\\/logo\\\/image\\\/\",\"url\":\"https:\\\/\\\/www.personasyciudad.es\\\/wp-content\\\/uploads\\\/2023\\\/04\\\/logo_positivo.png\",\"contentUrl\":\"https:\\\/\\\/www.personasyciudad.es\\\/wp-content\\\/uploads\\\/2023\\\/04\\\/logo_positivo.png\",\"width\":500,\"height\":510,\"caption\":\"personas y ciudad\"},\"image\":{\"@id\":\"https:\\\/\\\/www.personasyciudad.es\\\/#\\\/schema\\\/logo\\\/image\\\/\"}}]}<\/script>\n<!-- \/ Yoast SEO plugin. -->","yoast_head_json":{"title":"\u25b7 Pol\u00edtica de privacitat | Personas y Ciudad | Alacant","description":"Protegim la teva privacitat. Consulta la nostra pol\u00edtica per con\u00e8ixer com cuidem les dades personals. La teva confian\u00e7a \u00e9s la nostra prioritat.","robots":{"index":"noindex","follow":"follow"},"og_locale":"ca_ES","og_type":"article","og_title":"\u25b7 Pol\u00edtica de privacitat | Personas y Ciudad | Alacant","og_description":"Protegim la teva privacitat. Consulta la nostra pol\u00edtica per con\u00e8ixer com cuidem les dades personals. La teva confian\u00e7a \u00e9s la nostra prioritat.","og_url":"https:\/\/www.personasyciudad.es\/politica-privacidad\/","og_site_name":"Personas y Ciudad","article_modified_time":"2025-05-22T08:21:35+00:00","twitter_card":"summary_large_image","twitter_misc":{"Est. reading time":"21 minutes"},"schema":{"@context":"https:\/\/schema.org","@graph":[{"@type":"WebPage","@id":"https:\/\/www.personasyciudad.es\/politica-privacidad\/","url":"https:\/\/www.personasyciudad.es\/politica-privacidad\/","name":"\u25b7 Pol\u00edtica de privacitat | Personas y Ciudad | Alacant","isPartOf":{"@id":"https:\/\/www.personasyciudad.es\/#website"},"datePublished":"2023-04-12T05:15:28+00:00","dateModified":"2025-05-22T08:21:35+00:00","description":"Protegim la teva privacitat. Consulta la nostra pol\u00edtica per con\u00e8ixer com cuidem les dades personals. La teva confian\u00e7a \u00e9s la nostra prioritat.","breadcrumb":{"@id":"https:\/\/www.personasyciudad.es\/politica-privacidad\/#breadcrumb"},"inLanguage":"ca-ES","potentialAction":[{"@type":"ReadAction","target":["https:\/\/www.personasyciudad.es\/politica-privacidad\/"]}]},{"@type":"BreadcrumbList","@id":"https:\/\/www.personasyciudad.es\/politica-privacidad\/#breadcrumb","itemListElement":[{"@type":"ListItem","position":1,"name":"Portada","item":"https:\/\/www.personasyciudad.es\/"},{"@type":"ListItem","position":2,"name":"Pol\u00edtica de privacitat"}]},{"@type":"WebSite","@id":"https:\/\/www.personasyciudad.es\/#website","url":"https:\/\/www.personasyciudad.es\/","name":"Personas y Ciudad","description":"Actividades del Ayuntamiento de Sant Joan d\u2019Alacant","publisher":{"@id":"https:\/\/www.personasyciudad.es\/#organization"},"potentialAction":[{"@type":"SearchAction","target":{"@type":"EntryPoint","urlTemplate":"https:\/\/www.personasyciudad.es\/?s={search_term_string}"},"query-input":{"@type":"PropertyValueSpecification","valueRequired":true,"valueName":"search_term_string"}}],"inLanguage":"ca-ES"},{"@type":"Organization","@id":"https:\/\/www.personasyciudad.es\/#organization","name":"personas y ciudad","url":"https:\/\/www.personasyciudad.es\/","logo":{"@type":"ImageObject","inLanguage":"ca-ES","@id":"https:\/\/www.personasyciudad.es\/#\/schema\/logo\/image\/","url":"https:\/\/www.personasyciudad.es\/wp-content\/uploads\/2023\/04\/logo_positivo.png","contentUrl":"https:\/\/www.personasyciudad.es\/wp-content\/uploads\/2023\/04\/logo_positivo.png","width":500,"height":510,"caption":"personas y ciudad"},"image":{"@id":"https:\/\/www.personasyciudad.es\/#\/schema\/logo\/image\/"}}]}},"_links":{"self":[{"href":"https:\/\/www.personasyciudad.es\/ca-es\/wp-json\/wp\/v2\/pages\/5553","targetHints":{"allow":["GET"]}}],"collection":[{"href":"https:\/\/www.personasyciudad.es\/ca-es\/wp-json\/wp\/v2\/pages"}],"about":[{"href":"https:\/\/www.personasyciudad.es\/ca-es\/wp-json\/wp\/v2\/types\/page"}],"author":[{"embeddable":true,"href":"https:\/\/www.personasyciudad.es\/ca-es\/wp-json\/wp\/v2\/users\/3"}],"replies":[{"embeddable":true,"href":"https:\/\/www.personasyciudad.es\/ca-es\/wp-json\/wp\/v2\/comments?post=5553"}],"version-history":[{"count":3,"href":"https:\/\/www.personasyciudad.es\/ca-es\/wp-json\/wp\/v2\/pages\/5553\/revisions"}],"predecessor-version":[{"id":5832,"href":"https:\/\/www.personasyciudad.es\/ca-es\/wp-json\/wp\/v2\/pages\/5553\/revisions\/5832"}],"wp:attachment":[{"href":"https:\/\/www.personasyciudad.es\/ca-es\/wp-json\/wp\/v2\/media?parent=5553"}],"curies":[{"name":"wp","href":"https:\/\/api.w.org\/{rel}","templated":true}]}}