{"id":5559,"date":"2023-05-16T16:21:13","date_gmt":"2023-05-16T14:21:13","guid":{"rendered":"https:\/\/www.personasyciudad.es\/presentar-instancies\/"},"modified":"2025-05-09T09:56:00","modified_gmt":"2025-05-09T07:56:00","slug":"presentar-instancies","status":"publish","type":"page","link":"https:\/\/www.personasyciudad.es\/ca-es\/presentar-instancies\/","title":{"rendered":"Presentar inst\u00e0ncies"},"content":{"rendered":"\t\t<div data-elementor-type=\"wp-page\" data-elementor-id=\"5559\" class=\"elementor elementor-5559 elementor-3102\" data-elementor-post-type=\"page\">\n\t\t\t\t\t\t<section class=\"elementor-section elementor-top-section elementor-element elementor-element-e1d0194 elementor-section-full_width elementor-section-stretched animated-slow elementor-section-height-default elementor-section-height-default elementor-invisible\" data-id=\"e1d0194\" data-element_type=\"section\" data-settings=\"{&quot;stretch_section&quot;:&quot;section-stretched&quot;,&quot;animation&quot;:&quot;fadeInUp&quot;}\">\n\t\t\t\t\t\t<div class=\"elementor-container elementor-column-gap-no\">\n\t\t\t\t\t<div class=\"elementor-column elementor-col-100 elementor-top-column elementor-element elementor-element-fd49ff6\" data-id=\"fd49ff6\" data-element_type=\"column\">\n\t\t\t<div class=\"elementor-widget-wrap elementor-element-populated\">\n\t\t\t\t\t\t<div class=\"elementor-element elementor-element-3d3a53a diapo_ancho_100 elementor--h-position-center elementor--v-position-middle elementor-arrows-position-inside elementor-pagination-position-inside elementor-widget elementor-widget-slides\" data-id=\"3d3a53a\" data-element_type=\"widget\" data-settings=\"{&quot;transition&quot;:&quot;fade&quot;,&quot;transition_speed&quot;:700,&quot;navigation&quot;:&quot;both&quot;,&quot;infinite&quot;:&quot;yes&quot;}\" data-widget_type=\"slides.default\">\n\t\t\t\t<div class=\"elementor-widget-container\">\n\t\t\t\t\t\t\t<div class=\"elementor-swiper\">\n\t\t\t\t\t<div class=\"elementor-slides-wrapper elementor-main-swiper swiper\" role=\"region\" aria-roledescription=\"carousel\" aria-label=\"Slides\" dir=\"ltr\" data-animation=\"\">\n\t\t\t\t<div class=\"swiper-wrapper elementor-slides\">\n\t\t\t\t\t\t\t\t\t\t<div class=\"elementor-repeater-item-83c127c swiper-slide\" role=\"group\" aria-roledescription=\"slide\"><div class=\"swiper-slide-bg\" role=\"img\"><\/div><div class=\"elementor-background-overlay\"><\/div><div class=\"swiper-slide-inner\" ><div class=\"swiper-slide-contents\"><div class=\"elementor-slide-heading\">SEU ELECTR\u00d2NICA<\/div><\/div><\/div><\/div>\t\t\t\t<\/div>\n\t\t\t\t\t\t\t<\/div>\n\t\t\t\t<\/div>\n\t\t\t\t\t\t<\/div>\n\t\t\t\t<\/div>\n\t\t\t\t<div class=\"elementor-element elementor-element-732d505 elementor-widget elementor-widget-spacer\" data-id=\"732d505\" data-element_type=\"widget\" data-widget_type=\"spacer.default\">\n\t\t\t\t<div class=\"elementor-widget-container\">\n\t\t\t<style>\/*! elementor - v3.23.0 - 05-08-2024 *\/\n.elementor-column .elementor-spacer-inner{height:var(--spacer-size)}.e-con{--container-widget-width:100%}.e-con-inner>.elementor-widget-spacer,.e-con>.elementor-widget-spacer{width:var(--container-widget-width,var(--spacer-size));--align-self:var(--container-widget-align-self,initial);--flex-shrink:0}.e-con-inner>.elementor-widget-spacer>.elementor-widget-container,.e-con>.elementor-widget-spacer>.elementor-widget-container{height:100%;width:100%}.e-con-inner>.elementor-widget-spacer>.elementor-widget-container>.elementor-spacer,.e-con>.elementor-widget-spacer>.elementor-widget-container>.elementor-spacer{height:100%}.e-con-inner>.elementor-widget-spacer>.elementor-widget-container>.elementor-spacer>.elementor-spacer-inner,.e-con>.elementor-widget-spacer>.elementor-widget-container>.elementor-spacer>.elementor-spacer-inner{height:var(--container-widget-height,var(--spacer-size))}.e-con-inner>.elementor-widget-spacer.elementor-widget-empty,.e-con>.elementor-widget-spacer.elementor-widget-empty{position:relative;min-height:22px;min-width:22px}.e-con-inner>.elementor-widget-spacer.elementor-widget-empty .elementor-widget-empty-icon,.e-con>.elementor-widget-spacer.elementor-widget-empty .elementor-widget-empty-icon{position:absolute;top:0;bottom:0;left:0;right:0;margin:auto;padding:0;width:22px;height:22px}<\/style>\t\t<div class=\"elementor-spacer\">\n\t\t\t<div class=\"elementor-spacer-inner\"><\/div>\n\t\t<\/div>\n\t\t\t\t<\/div>\n\t\t\t\t<\/div>\n\t\t\t\t\t<\/div>\n\t\t<\/div>\n\t\t\t\t\t<\/div>\n\t\t<\/section>\n\t\t\t\t<section class=\"elementor-section elementor-top-section elementor-element elementor-element-8cb2591 animated-slow elementor-section-boxed elementor-section-height-default elementor-section-height-default elementor-invisible\" data-id=\"8cb2591\" data-element_type=\"section\" data-settings=\"{&quot;animation&quot;:&quot;fadeInUp&quot;}\">\n\t\t\t\t\t\t<div class=\"elementor-container elementor-column-gap-default\">\n\t\t\t\t\t<div class=\"elementor-column elementor-col-100 elementor-top-column elementor-element elementor-element-736dd24\" data-id=\"736dd24\" data-element_type=\"column\">\n\t\t\t<div class=\"elementor-widget-wrap elementor-element-populated\">\n\t\t\t\t\t\t<div class=\"elementor-element elementor-element-65eadc5 elementor-widget elementor-widget-text-editor\" data-id=\"65eadc5\" data-element_type=\"widget\" data-widget_type=\"text-editor.default\">\n\t\t\t\t<div class=\"elementor-widget-container\">\n\t\t\t<style>\/*! elementor - v3.23.0 - 05-08-2024 *\/\n.elementor-widget-text-editor.elementor-drop-cap-view-stacked .elementor-drop-cap{background-color:#69727d;color:#fff}.elementor-widget-text-editor.elementor-drop-cap-view-framed .elementor-drop-cap{color:#69727d;border:3px solid;background-color:transparent}.elementor-widget-text-editor:not(.elementor-drop-cap-view-default) .elementor-drop-cap{margin-top:8px}.elementor-widget-text-editor:not(.elementor-drop-cap-view-default) .elementor-drop-cap-letter{width:1em;height:1em}.elementor-widget-text-editor .elementor-drop-cap{float:left;text-align:center;line-height:1;font-size:50px}.elementor-widget-text-editor .elementor-drop-cap-letter{display:inline-block}<\/style>\t\t\t\t<p style=\"text-align: left;\"><span style=\"font-weight: 400;\">Per a comunicacions amb l&#8217;empresa municipal Personas y Ciudad S.A.U., seguiu les instruccions:<\/span><\/p>\t\t\t\t\t\t<\/div>\n\t\t\t\t<\/div>\n\t\t\t\t<div class=\"elementor-element elementor-element-9052031 elementor-widget elementor-widget-spacer\" data-id=\"9052031\" data-element_type=\"widget\" data-widget_type=\"spacer.default\">\n\t\t\t\t<div class=\"elementor-widget-container\">\n\t\t\t\t\t<div class=\"elementor-spacer\">\n\t\t\t<div class=\"elementor-spacer-inner\"><\/div>\n\t\t<\/div>\n\t\t\t\t<\/div>\n\t\t\t\t<\/div>\n\t\t\t\t\t<\/div>\n\t\t<\/div>\n\t\t\t\t\t<\/div>\n\t\t<\/section>\n\t\t\t\t<section class=\"elementor-section elementor-top-section elementor-element elementor-element-c0b620f elementor-section-boxed elementor-section-height-default elementor-section-height-default\" data-id=\"c0b620f\" data-element_type=\"section\">\n\t\t\t\t\t\t<div class=\"elementor-container elementor-column-gap-default\">\n\t\t\t\t\t<div class=\"elementor-column elementor-col-50 elementor-top-column elementor-element elementor-element-78efe91\" data-id=\"78efe91\" data-element_type=\"column\">\n\t\t\t<div class=\"elementor-widget-wrap elementor-element-populated\">\n\t\t\t\t\t\t<div class=\"elementor-element elementor-element-87dadf8 elementor-widget elementor-widget-spacer\" data-id=\"87dadf8\" data-element_type=\"widget\" data-widget_type=\"spacer.default\">\n\t\t\t\t<div class=\"elementor-widget-container\">\n\t\t\t\t\t<div class=\"elementor-spacer\">\n\t\t\t<div class=\"elementor-spacer-inner\"><\/div>\n\t\t<\/div>\n\t\t\t\t<\/div>\n\t\t\t\t<\/div>\n\t\t\t\t<div class=\"elementor-element elementor-element-c31abf5 elementor-widget elementor-widget-text-editor\" data-id=\"c31abf5\" data-element_type=\"widget\" data-widget_type=\"text-editor.default\">\n\t\t\t\t<div class=\"elementor-widget-container\">\n\t\t\t\t\t\t\t<p><strong>Primer accediu a la seu electr\u00f2nica clicant a l&#8217;enlla\u00e7 situat al final.<\/strong><\/p>\t\t\t\t\t\t<\/div>\n\t\t\t\t<\/div>\n\t\t\t\t\t<\/div>\n\t\t<\/div>\n\t\t\t\t<div class=\"elementor-column elementor-col-50 elementor-top-column elementor-element elementor-element-1042180\" data-id=\"1042180\" data-element_type=\"column\">\n\t\t\t<div class=\"elementor-widget-wrap elementor-element-populated\">\n\t\t\t\t\t\t<div class=\"elementor-element elementor-element-03c9230 elementor-widget elementor-widget-image\" data-id=\"03c9230\" data-element_type=\"widget\" data-widget_type=\"image.default\">\n\t\t\t\t<div class=\"elementor-widget-container\">\n\t\t\t<style>\/*! elementor - v3.23.0 - 05-08-2024 *\/\n.elementor-widget-image{text-align:center}.elementor-widget-image a{display:inline-block}.elementor-widget-image a img[src$=\".svg\"]{width:48px}.elementor-widget-image img{vertical-align:middle;display:inline-block}<\/style>\t\t\t\t\t\t\t\t\t\t<img fetchpriority=\"high\" decoding=\"async\" width=\"940\" height=\"405\" src=\"https:\/\/www.personasyciudad.es\/wp-content\/uploads\/2024\/01\/boton-sede-electronica-1024x441.png\" class=\"attachment-large size-large wp-image-5375\" alt=\"\" srcset=\"https:\/\/www.personasyciudad.es\/wp-content\/uploads\/2024\/01\/boton-sede-electronica-1024x441.png 1024w, https:\/\/www.personasyciudad.es\/wp-content\/uploads\/2024\/01\/boton-sede-electronica-300x129.png 300w, https:\/\/www.personasyciudad.es\/wp-content\/uploads\/2024\/01\/boton-sede-electronica-768x331.png 768w, https:\/\/www.personasyciudad.es\/wp-content\/uploads\/2024\/01\/boton-sede-electronica-1536x661.png 1536w, https:\/\/www.personasyciudad.es\/wp-content\/uploads\/2024\/01\/boton-sede-electronica.png 1905w\" sizes=\"(max-width: 940px) 100vw, 940px\" \/>\t\t\t\t\t\t\t\t\t\t\t\t\t<\/div>\n\t\t\t\t<\/div>\n\t\t\t\t\t<\/div>\n\t\t<\/div>\n\t\t\t\t\t<\/div>\n\t\t<\/section>\n\t\t\t\t<section class=\"elementor-section elementor-top-section elementor-element elementor-element-06c259f elementor-section-boxed elementor-section-height-default elementor-section-height-default\" data-id=\"06c259f\" data-element_type=\"section\">\n\t\t\t\t\t\t<div class=\"elementor-container elementor-column-gap-default\">\n\t\t\t\t\t<div class=\"elementor-column elementor-col-50 elementor-top-column elementor-element elementor-element-c29d03c\" data-id=\"c29d03c\" data-element_type=\"column\">\n\t\t\t<div class=\"elementor-widget-wrap elementor-element-populated\">\n\t\t\t\t\t\t<div class=\"elementor-element elementor-element-f3e93d8 elementor-widget elementor-widget-spacer\" data-id=\"f3e93d8\" data-element_type=\"widget\" data-widget_type=\"spacer.default\">\n\t\t\t\t<div class=\"elementor-widget-container\">\n\t\t\t\t\t<div class=\"elementor-spacer\">\n\t\t\t<div class=\"elementor-spacer-inner\"><\/div>\n\t\t<\/div>\n\t\t\t\t<\/div>\n\t\t\t\t<\/div>\n\t\t\t\t<div class=\"elementor-element elementor-element-6843acd elementor-widget elementor-widget-text-editor\" data-id=\"6843acd\" data-element_type=\"widget\" data-widget_type=\"text-editor.default\">\n\t\t\t\t<div class=\"elementor-widget-container\">\n\t\t\t\t\t\t\t<p><strong>Seleccioneu Persones i Ciutat del cat\u00e0leg de tr\u00e0mits.<\/strong><\/p>\t\t\t\t\t\t<\/div>\n\t\t\t\t<\/div>\n\t\t\t\t\t<\/div>\n\t\t<\/div>\n\t\t\t\t<div class=\"elementor-column elementor-col-50 elementor-top-column elementor-element elementor-element-59ea243\" data-id=\"59ea243\" data-element_type=\"column\">\n\t\t\t<div class=\"elementor-widget-wrap elementor-element-populated\">\n\t\t\t\t\t\t<div class=\"elementor-element elementor-element-7396a66 elementor-widget elementor-widget-image\" data-id=\"7396a66\" data-element_type=\"widget\" data-widget_type=\"image.default\">\n\t\t\t\t<div class=\"elementor-widget-container\">\n\t\t\t\t\t\t\t\t\t\t\t\t\t<img decoding=\"async\" width=\"940\" height=\"570\" src=\"https:\/\/www.personasyciudad.es\/wp-content\/uploads\/2024\/02\/paso-2_2-1024x621.png\" class=\"attachment-large size-large wp-image-5381\" alt=\"\" srcset=\"https:\/\/www.personasyciudad.es\/wp-content\/uploads\/2024\/02\/paso-2_2-1024x621.png 1024w, https:\/\/www.personasyciudad.es\/wp-content\/uploads\/2024\/02\/paso-2_2-300x182.png 300w, https:\/\/www.personasyciudad.es\/wp-content\/uploads\/2024\/02\/paso-2_2-768x466.png 768w, https:\/\/www.personasyciudad.es\/wp-content\/uploads\/2024\/02\/paso-2_2-1536x932.png 1536w, https:\/\/www.personasyciudad.es\/wp-content\/uploads\/2024\/02\/paso-2_2.png 1609w\" sizes=\"(max-width: 940px) 100vw, 940px\" \/>\t\t\t\t\t\t\t\t\t\t\t\t\t<\/div>\n\t\t\t\t<\/div>\n\t\t\t\t\t<\/div>\n\t\t<\/div>\n\t\t\t\t\t<\/div>\n\t\t<\/section>\n\t\t\t\t<section class=\"elementor-section elementor-top-section elementor-element elementor-element-192ebe8 elementor-section-boxed elementor-section-height-default elementor-section-height-default\" data-id=\"192ebe8\" data-element_type=\"section\">\n\t\t\t\t\t\t<div class=\"elementor-container elementor-column-gap-default\">\n\t\t\t\t\t<div class=\"elementor-column elementor-col-50 elementor-top-column elementor-element elementor-element-386ede4\" data-id=\"386ede4\" data-element_type=\"column\">\n\t\t\t<div class=\"elementor-widget-wrap elementor-element-populated\">\n\t\t\t\t\t\t<div class=\"elementor-element elementor-element-b1f7e6e elementor-widget elementor-widget-spacer\" data-id=\"b1f7e6e\" data-element_type=\"widget\" data-widget_type=\"spacer.default\">\n\t\t\t\t<div class=\"elementor-widget-container\">\n\t\t\t\t\t<div class=\"elementor-spacer\">\n\t\t\t<div class=\"elementor-spacer-inner\"><\/div>\n\t\t<\/div>\n\t\t\t\t<\/div>\n\t\t\t\t<\/div>\n\t\t\t\t<div class=\"elementor-element elementor-element-13e026b elementor-widget elementor-widget-text-editor\" data-id=\"13e026b\" data-element_type=\"widget\" data-widget_type=\"text-editor.default\">\n\t\t\t\t<div class=\"elementor-widget-container\">\n\t\t\t\t\t\t\t<p><strong>Finalment seleccioneu Tramitaci\u00f3 Electr\u00f2nica.<\/strong><\/p>\t\t\t\t\t\t<\/div>\n\t\t\t\t<\/div>\n\t\t\t\t\t<\/div>\n\t\t<\/div>\n\t\t\t\t<div class=\"elementor-column elementor-col-50 elementor-top-column elementor-element elementor-element-27e5e80\" data-id=\"27e5e80\" data-element_type=\"column\">\n\t\t\t<div class=\"elementor-widget-wrap elementor-element-populated\">\n\t\t\t\t\t\t<div class=\"elementor-element elementor-element-4df0869 elementor-widget elementor-widget-image\" data-id=\"4df0869\" data-element_type=\"widget\" data-widget_type=\"image.default\">\n\t\t\t\t<div class=\"elementor-widget-container\">\n\t\t\t\t\t\t\t\t\t\t\t\t\t<img decoding=\"async\" width=\"940\" height=\"458\" src=\"https:\/\/www.personasyciudad.es\/wp-content\/uploads\/2024\/01\/paso-3-1-e1707138686885-1024x499.png\" class=\"attachment-large size-large wp-image-5377\" alt=\"\" srcset=\"https:\/\/www.personasyciudad.es\/wp-content\/uploads\/2024\/01\/paso-3-1-e1707138686885-1024x499.png 1024w, https:\/\/www.personasyciudad.es\/wp-content\/uploads\/2024\/01\/paso-3-1-e1707138686885-300x146.png 300w, https:\/\/www.personasyciudad.es\/wp-content\/uploads\/2024\/01\/paso-3-1-e1707138686885-768x375.png 768w, https:\/\/www.personasyciudad.es\/wp-content\/uploads\/2024\/01\/paso-3-1-e1707138686885-1536x749.png 1536w, https:\/\/www.personasyciudad.es\/wp-content\/uploads\/2024\/01\/paso-3-1-e1707138686885.png 1710w\" sizes=\"(max-width: 940px) 100vw, 940px\" \/>\t\t\t\t\t\t\t\t\t\t\t\t\t<\/div>\n\t\t\t\t<\/div>\n\t\t\t\t\t<\/div>\n\t\t<\/div>\n\t\t\t\t\t<\/div>\n\t\t<\/section>\n\t\t\t\t<section class=\"elementor-section elementor-top-section elementor-element elementor-element-7fe2f08 elementor-section-boxed elementor-section-height-default elementor-section-height-default\" data-id=\"7fe2f08\" data-element_type=\"section\">\n\t\t\t\t\t\t<div class=\"elementor-container elementor-column-gap-default\">\n\t\t\t\t\t<div class=\"elementor-column elementor-col-100 elementor-top-column elementor-element elementor-element-1e2b98d\" data-id=\"1e2b98d\" data-element_type=\"column\">\n\t\t\t<div class=\"elementor-widget-wrap elementor-element-populated\">\n\t\t\t\t\t\t<div class=\"elementor-element elementor-element-cee605e elementor-widget elementor-widget-spacer\" data-id=\"cee605e\" data-element_type=\"widget\" data-widget_type=\"spacer.default\">\n\t\t\t\t<div class=\"elementor-widget-container\">\n\t\t\t\t\t<div class=\"elementor-spacer\">\n\t\t\t<div class=\"elementor-spacer-inner\"><\/div>\n\t\t<\/div>\n\t\t\t\t<\/div>\n\t\t\t\t<\/div>\n\t\t\t\t<div class=\"elementor-element elementor-element-b3c6967 elementor-align-center elementor-widget elementor-widget-button\" data-id=\"b3c6967\" data-element_type=\"widget\" data-widget_type=\"button.default\">\n\t\t\t\t<div class=\"elementor-widget-container\">\n\t\t\t\t\t<div class=\"elementor-button-wrapper\">\n\t\t\t<a class=\"elementor-button elementor-button-link elementor-size-md\" href=\"https:\/\/santjoandalacant.sedelectronica.es\/dossier.0\">\n\t\t\t\t\t\t<span class=\"elementor-button-content-wrapper\">\n\t\t\t\t\t\t<span class=\"elementor-button-icon\">\n\t\t\t\t<i aria-hidden=\"true\" class=\"fas fa-external-link-alt\"><\/i>\t\t\t<\/span>\n\t\t\t\t\t\t\t\t\t<span class=\"elementor-button-text\">ACCEDIR A SEU ELECTR\u00d2NICA <\/span>\n\t\t\t\t\t<\/span>\n\t\t\t\t\t<\/a>\n\t\t<\/div>\n\t\t\t\t<\/div>\n\t\t\t\t<\/div>\n\t\t\t\t\t<\/div>\n\t\t<\/div>\n\t\t\t\t\t<\/div>\n\t\t<\/section>\n\t\t\t\t<\/div>\n\t\t","protected":false},"excerpt":{"rendered":"<p>SEU ELECTR\u00d2NICA Per a comunicacions amb l&#8217;empresa municipal Personas y Ciudad S.A.U., seguiu les instruccions: Primer accediu a la seu electr\u00f2nica clicant a l&#8217;enlla\u00e7 situat al final. Seleccioneu Persones i Ciutat del cat\u00e0leg de tr\u00e0mits. Finalment seleccioneu Tramitaci\u00f3 Electr\u00f2nica. ACCEDIR A SEU ELECTR\u00d2NICA<\/p>\n","protected":false},"author":3,"featured_media":0,"parent":0,"menu_order":0,"comment_status":"closed","ping_status":"closed","template":"","meta":{"footnotes":""},"class_list":["post-5559","page","type-page","status-publish","hentry"],"yoast_head":"<!-- This site is optimized with the Yoast SEO plugin v27.4 - https:\/\/yoast.com\/product\/yoast-seo-wordpress\/ -->\n<title>\u25b7 Presenta la teva inst\u00e0ncia | Personas y Ciudad | Alacant<\/title>\n<meta name=\"description\" content=\"Presenta aqu\u00ed les inst\u00e0ncies i els tr\u00e0mits de manera r\u00e0pida i senzilla. T&#039;oferim un proc\u00e9s \u00e0gil i eficient per gestionar les sol\u00b7licituds.\" \/>\n<meta name=\"robots\" content=\"index, follow, max-snippet:-1, max-image-preview:large, max-video-preview:-1\" \/>\n<link rel=\"canonical\" href=\"https:\/\/www.personasyciudad.es\/ca-es\/presentar-instancies\/\" \/>\n<meta property=\"og:locale\" content=\"ca_ES\" \/>\n<meta property=\"og:type\" content=\"article\" \/>\n<meta property=\"og:title\" content=\"\u25b7 Presenta la teva inst\u00e0ncia | Personas y Ciudad | Alacant\" \/>\n<meta property=\"og:description\" content=\"Presenta aqu\u00ed les inst\u00e0ncies i els tr\u00e0mits de manera r\u00e0pida i senzilla. T&#039;oferim un proc\u00e9s \u00e0gil i eficient per gestionar les sol\u00b7licituds.\" \/>\n<meta property=\"og:url\" content=\"https:\/\/www.personasyciudad.es\/ca-es\/presentar-instancies\/\" \/>\n<meta property=\"og:site_name\" content=\"Personas y Ciudad\" \/>\n<meta property=\"article:modified_time\" content=\"2025-05-09T07:56:00+00:00\" \/>\n<meta property=\"og:image\" content=\"https:\/\/www.personasyciudad.es\/wp-content\/uploads\/2024\/01\/boton-sede-electronica.png\" \/>\n\t<meta property=\"og:image:width\" content=\"1905\" \/>\n\t<meta property=\"og:image:height\" content=\"820\" \/>\n\t<meta property=\"og:image:type\" content=\"image\/png\" \/>\n<meta name=\"twitter:card\" content=\"summary_large_image\" \/>\n<script type=\"application\/ld+json\" class=\"yoast-schema-graph\">{\"@context\":\"https:\\\/\\\/schema.org\",\"@graph\":[{\"@type\":\"WebPage\",\"@id\":\"https:\\\/\\\/www.personasyciudad.es\\\/ca-es\\\/presentar-instancies\\\/\",\"url\":\"https:\\\/\\\/www.personasyciudad.es\\\/ca-es\\\/presentar-instancies\\\/\",\"name\":\"\u25b7 Presenta la teva inst\u00e0ncia | Personas y Ciudad | Alacant\",\"isPartOf\":{\"@id\":\"https:\\\/\\\/www.personasyciudad.es\\\/#website\"},\"primaryImageOfPage\":{\"@id\":\"https:\\\/\\\/www.personasyciudad.es\\\/ca-es\\\/presentar-instancies\\\/#primaryimage\"},\"image\":{\"@id\":\"https:\\\/\\\/www.personasyciudad.es\\\/ca-es\\\/presentar-instancies\\\/#primaryimage\"},\"thumbnailUrl\":\"https:\\\/\\\/www.personasyciudad.es\\\/wp-content\\\/uploads\\\/2024\\\/01\\\/boton-sede-electronica-1024x441.png\",\"datePublished\":\"2023-05-16T14:21:13+00:00\",\"dateModified\":\"2025-05-09T07:56:00+00:00\",\"description\":\"Presenta aqu\u00ed les inst\u00e0ncies i els tr\u00e0mits de manera r\u00e0pida i senzilla. T'oferim un proc\u00e9s \u00e0gil i eficient per gestionar les sol\u00b7licituds.\",\"breadcrumb\":{\"@id\":\"https:\\\/\\\/www.personasyciudad.es\\\/ca-es\\\/presentar-instancies\\\/#breadcrumb\"},\"inLanguage\":\"ca-ES\",\"potentialAction\":[{\"@type\":\"ReadAction\",\"target\":[\"https:\\\/\\\/www.personasyciudad.es\\\/ca-es\\\/presentar-instancies\\\/\"]}]},{\"@type\":\"ImageObject\",\"inLanguage\":\"ca-ES\",\"@id\":\"https:\\\/\\\/www.personasyciudad.es\\\/ca-es\\\/presentar-instancies\\\/#primaryimage\",\"url\":\"https:\\\/\\\/www.personasyciudad.es\\\/wp-content\\\/uploads\\\/2024\\\/01\\\/boton-sede-electronica-1024x441.png\",\"contentUrl\":\"https:\\\/\\\/www.personasyciudad.es\\\/wp-content\\\/uploads\\\/2024\\\/01\\\/boton-sede-electronica-1024x441.png\"},{\"@type\":\"BreadcrumbList\",\"@id\":\"https:\\\/\\\/www.personasyciudad.es\\\/ca-es\\\/presentar-instancies\\\/#breadcrumb\",\"itemListElement\":[{\"@type\":\"ListItem\",\"position\":1,\"name\":\"Portada\",\"item\":\"https:\\\/\\\/www.personasyciudad.es\\\/\"},{\"@type\":\"ListItem\",\"position\":2,\"name\":\"Presentar inst\u00e0ncies\"}]},{\"@type\":\"WebSite\",\"@id\":\"https:\\\/\\\/www.personasyciudad.es\\\/#website\",\"url\":\"https:\\\/\\\/www.personasyciudad.es\\\/\",\"name\":\"Personas y Ciudad\",\"description\":\"Actividades del Ayuntamiento de Sant Joan d\u2019Alacant\",\"publisher\":{\"@id\":\"https:\\\/\\\/www.personasyciudad.es\\\/#organization\"},\"potentialAction\":[{\"@type\":\"SearchAction\",\"target\":{\"@type\":\"EntryPoint\",\"urlTemplate\":\"https:\\\/\\\/www.personasyciudad.es\\\/?s={search_term_string}\"},\"query-input\":{\"@type\":\"PropertyValueSpecification\",\"valueRequired\":true,\"valueName\":\"search_term_string\"}}],\"inLanguage\":\"ca-ES\"},{\"@type\":\"Organization\",\"@id\":\"https:\\\/\\\/www.personasyciudad.es\\\/#organization\",\"name\":\"personas y ciudad\",\"url\":\"https:\\\/\\\/www.personasyciudad.es\\\/\",\"logo\":{\"@type\":\"ImageObject\",\"inLanguage\":\"ca-ES\",\"@id\":\"https:\\\/\\\/www.personasyciudad.es\\\/#\\\/schema\\\/logo\\\/image\\\/\",\"url\":\"https:\\\/\\\/www.personasyciudad.es\\\/wp-content\\\/uploads\\\/2023\\\/04\\\/logo_positivo.png\",\"contentUrl\":\"https:\\\/\\\/www.personasyciudad.es\\\/wp-content\\\/uploads\\\/2023\\\/04\\\/logo_positivo.png\",\"width\":500,\"height\":510,\"caption\":\"personas y ciudad\"},\"image\":{\"@id\":\"https:\\\/\\\/www.personasyciudad.es\\\/#\\\/schema\\\/logo\\\/image\\\/\"}}]}<\/script>\n<!-- \/ Yoast SEO plugin. -->","yoast_head_json":{"title":"\u25b7 Presenta la teva inst\u00e0ncia | Personas y Ciudad | Alacant","description":"Presenta aqu\u00ed les inst\u00e0ncies i els tr\u00e0mits de manera r\u00e0pida i senzilla. T'oferim un proc\u00e9s \u00e0gil i eficient per gestionar les sol\u00b7licituds.","robots":{"index":"index","follow":"follow","max-snippet":"max-snippet:-1","max-image-preview":"max-image-preview:large","max-video-preview":"max-video-preview:-1"},"canonical":"https:\/\/www.personasyciudad.es\/ca-es\/presentar-instancies\/","og_locale":"ca_ES","og_type":"article","og_title":"\u25b7 Presenta la teva inst\u00e0ncia | Personas y Ciudad | Alacant","og_description":"Presenta aqu\u00ed les inst\u00e0ncies i els tr\u00e0mits de manera r\u00e0pida i senzilla. T'oferim un proc\u00e9s \u00e0gil i eficient per gestionar les sol\u00b7licituds.","og_url":"https:\/\/www.personasyciudad.es\/ca-es\/presentar-instancies\/","og_site_name":"Personas y Ciudad","article_modified_time":"2025-05-09T07:56:00+00:00","og_image":[{"width":1905,"height":820,"url":"https:\/\/www.personasyciudad.es\/wp-content\/uploads\/2024\/01\/boton-sede-electronica.png","type":"image\/png"}],"twitter_card":"summary_large_image","schema":{"@context":"https:\/\/schema.org","@graph":[{"@type":"WebPage","@id":"https:\/\/www.personasyciudad.es\/ca-es\/presentar-instancies\/","url":"https:\/\/www.personasyciudad.es\/ca-es\/presentar-instancies\/","name":"\u25b7 Presenta la teva inst\u00e0ncia | Personas y Ciudad | Alacant","isPartOf":{"@id":"https:\/\/www.personasyciudad.es\/#website"},"primaryImageOfPage":{"@id":"https:\/\/www.personasyciudad.es\/ca-es\/presentar-instancies\/#primaryimage"},"image":{"@id":"https:\/\/www.personasyciudad.es\/ca-es\/presentar-instancies\/#primaryimage"},"thumbnailUrl":"https:\/\/www.personasyciudad.es\/wp-content\/uploads\/2024\/01\/boton-sede-electronica-1024x441.png","datePublished":"2023-05-16T14:21:13+00:00","dateModified":"2025-05-09T07:56:00+00:00","description":"Presenta aqu\u00ed les inst\u00e0ncies i els tr\u00e0mits de manera r\u00e0pida i senzilla. T'oferim un proc\u00e9s \u00e0gil i eficient per gestionar les sol\u00b7licituds.","breadcrumb":{"@id":"https:\/\/www.personasyciudad.es\/ca-es\/presentar-instancies\/#breadcrumb"},"inLanguage":"ca-ES","potentialAction":[{"@type":"ReadAction","target":["https:\/\/www.personasyciudad.es\/ca-es\/presentar-instancies\/"]}]},{"@type":"ImageObject","inLanguage":"ca-ES","@id":"https:\/\/www.personasyciudad.es\/ca-es\/presentar-instancies\/#primaryimage","url":"https:\/\/www.personasyciudad.es\/wp-content\/uploads\/2024\/01\/boton-sede-electronica-1024x441.png","contentUrl":"https:\/\/www.personasyciudad.es\/wp-content\/uploads\/2024\/01\/boton-sede-electronica-1024x441.png"},{"@type":"BreadcrumbList","@id":"https:\/\/www.personasyciudad.es\/ca-es\/presentar-instancies\/#breadcrumb","itemListElement":[{"@type":"ListItem","position":1,"name":"Portada","item":"https:\/\/www.personasyciudad.es\/"},{"@type":"ListItem","position":2,"name":"Presentar inst\u00e0ncies"}]},{"@type":"WebSite","@id":"https:\/\/www.personasyciudad.es\/#website","url":"https:\/\/www.personasyciudad.es\/","name":"Personas y Ciudad","description":"Actividades del Ayuntamiento de Sant Joan d\u2019Alacant","publisher":{"@id":"https:\/\/www.personasyciudad.es\/#organization"},"potentialAction":[{"@type":"SearchAction","target":{"@type":"EntryPoint","urlTemplate":"https:\/\/www.personasyciudad.es\/?s={search_term_string}"},"query-input":{"@type":"PropertyValueSpecification","valueRequired":true,"valueName":"search_term_string"}}],"inLanguage":"ca-ES"},{"@type":"Organization","@id":"https:\/\/www.personasyciudad.es\/#organization","name":"personas y ciudad","url":"https:\/\/www.personasyciudad.es\/","logo":{"@type":"ImageObject","inLanguage":"ca-ES","@id":"https:\/\/www.personasyciudad.es\/#\/schema\/logo\/image\/","url":"https:\/\/www.personasyciudad.es\/wp-content\/uploads\/2023\/04\/logo_positivo.png","contentUrl":"https:\/\/www.personasyciudad.es\/wp-content\/uploads\/2023\/04\/logo_positivo.png","width":500,"height":510,"caption":"personas y ciudad"},"image":{"@id":"https:\/\/www.personasyciudad.es\/#\/schema\/logo\/image\/"}}]}},"_links":{"self":[{"href":"https:\/\/www.personasyciudad.es\/ca-es\/wp-json\/wp\/v2\/pages\/5559","targetHints":{"allow":["GET"]}}],"collection":[{"href":"https:\/\/www.personasyciudad.es\/ca-es\/wp-json\/wp\/v2\/pages"}],"about":[{"href":"https:\/\/www.personasyciudad.es\/ca-es\/wp-json\/wp\/v2\/types\/page"}],"author":[{"embeddable":true,"href":"https:\/\/www.personasyciudad.es\/ca-es\/wp-json\/wp\/v2\/users\/3"}],"replies":[{"embeddable":true,"href":"https:\/\/www.personasyciudad.es\/ca-es\/wp-json\/wp\/v2\/comments?post=5559"}],"version-history":[{"count":1,"href":"https:\/\/www.personasyciudad.es\/ca-es\/wp-json\/wp\/v2\/pages\/5559\/revisions"}],"predecessor-version":[{"id":5561,"href":"https:\/\/www.personasyciudad.es\/ca-es\/wp-json\/wp\/v2\/pages\/5559\/revisions\/5561"}],"wp:attachment":[{"href":"https:\/\/www.personasyciudad.es\/ca-es\/wp-json\/wp\/v2\/media?parent=5559"}],"curies":[{"name":"wp","href":"https:\/\/api.w.org\/{rel}","templated":true}]}}