{"id":5565,"date":"2023-04-24T11:26:47","date_gmt":"2023-04-24T09:26:47","guid":{"rendered":"https:\/\/www.personasyciudad.es\/sad-i-dependencia\/"},"modified":"2025-11-18T14:21:46","modified_gmt":"2025-11-18T13:21:46","slug":"sad-i-dependencia","status":"publish","type":"page","link":"https:\/\/www.personasyciudad.es\/ca-es\/sad-i-dependencia\/","title":{"rendered":"SAD i Depend\u00e8ncia"},"content":{"rendered":"\t\t<div data-elementor-type=\"wp-page\" data-elementor-id=\"5565\" class=\"elementor elementor-5565 elementor-926\" data-elementor-post-type=\"page\">\n\t\t\t\t\t\t<section class=\"elementor-section elementor-top-section elementor-element elementor-element-e1d0194 elementor-section-full_width elementor-section-stretched animated-slow elementor-section-height-default elementor-section-height-default elementor-invisible\" data-id=\"e1d0194\" data-element_type=\"section\" data-settings=\"{&quot;stretch_section&quot;:&quot;section-stretched&quot;,&quot;animation&quot;:&quot;fadeInUp&quot;}\">\n\t\t\t\t\t\t<div class=\"elementor-container elementor-column-gap-no\">\n\t\t\t\t\t<div class=\"elementor-column elementor-col-100 elementor-top-column elementor-element elementor-element-fd49ff6\" data-id=\"fd49ff6\" data-element_type=\"column\">\n\t\t\t<div class=\"elementor-widget-wrap elementor-element-populated\">\n\t\t\t\t\t\t<div class=\"elementor-element elementor-element-3d3a53a elementor--h-position-center elementor--v-position-middle elementor-arrows-position-inside elementor-pagination-position-inside elementor-widget elementor-widget-slides\" data-id=\"3d3a53a\" data-element_type=\"widget\" data-settings=\"{&quot;transition&quot;:&quot;fade&quot;,&quot;transition_speed&quot;:700,&quot;navigation&quot;:&quot;both&quot;,&quot;infinite&quot;:&quot;yes&quot;}\" data-widget_type=\"slides.default\">\n\t\t\t\t<div class=\"elementor-widget-container\">\n\t\t\t\t\t\t\t<div class=\"elementor-swiper\">\n\t\t\t\t\t<div class=\"elementor-slides-wrapper elementor-main-swiper swiper\" role=\"region\" aria-roledescription=\"carousel\" aria-label=\"Diapositivas\" dir=\"ltr\" data-animation=\"\">\n\t\t\t\t<div class=\"swiper-wrapper elementor-slides\">\n\t\t\t\t\t\t\t\t\t\t<div class=\"elementor-repeater-item-4623e18 swiper-slide\" role=\"group\" aria-roledescription=\"slide\"><div class=\"swiper-slide-bg\" role=\"img\"><\/div><div class=\"elementor-background-overlay\"><\/div><div class=\"swiper-slide-inner\" ><div class=\"swiper-slide-contents\"><div class=\"elementor-slide-heading\">AJUDA DOMICILI\u00c0RIA<\/div><\/div><\/div><\/div><div class=\"elementor-repeater-item-7cad373 swiper-slide\" role=\"group\" aria-roledescription=\"slide\"><div class=\"swiper-slide-bg\" role=\"img\"><\/div><div class=\"elementor-background-overlay\"><\/div><div class=\"swiper-slide-inner\" ><div class=\"swiper-slide-contents\"><div class=\"elementor-slide-heading\">AJUDA DOMICILI\u00c0RIA<\/div><\/div><\/div><\/div>\t\t\t\t<\/div>\n\t\t\t\t\t\t\t\t\t\t\t\t\t\t\t<div class=\"elementor-swiper-button elementor-swiper-button-prev\" role=\"button\" tabindex=\"0\" aria-label=\"Previous slide\">\n\t\t\t\t\t\t\t<i aria-hidden=\"true\" class=\"eicon-chevron-left\"><\/i>\t\t\t\t\t\t<\/div>\n\t\t\t\t\t\t<div class=\"elementor-swiper-button elementor-swiper-button-next\" role=\"button\" tabindex=\"0\" aria-label=\"Next slide\">\n\t\t\t\t\t\t\t<i aria-hidden=\"true\" class=\"eicon-chevron-right\"><\/i>\t\t\t\t\t\t<\/div>\n\t\t\t\t\t\t\t\t\t\t\t\t\t\t\t\t<div class=\"swiper-pagination\"><\/div>\n\t\t\t\t\t\t\t\t\t\t\t\t<\/div>\n\t\t\t\t<\/div>\n\t\t\t\t\t\t<\/div>\n\t\t\t\t<\/div>\n\t\t\t\t<div class=\"elementor-element elementor-element-732d505 elementor-widget elementor-widget-spacer\" data-id=\"732d505\" data-element_type=\"widget\" data-widget_type=\"spacer.default\">\n\t\t\t\t<div class=\"elementor-widget-container\">\n\t\t\t<style>\/*! elementor - v3.23.0 - 05-08-2024 *\/\n.elementor-column .elementor-spacer-inner{height:var(--spacer-size)}.e-con{--container-widget-width:100%}.e-con-inner>.elementor-widget-spacer,.e-con>.elementor-widget-spacer{width:var(--container-widget-width,var(--spacer-size));--align-self:var(--container-widget-align-self,initial);--flex-shrink:0}.e-con-inner>.elementor-widget-spacer>.elementor-widget-container,.e-con>.elementor-widget-spacer>.elementor-widget-container{height:100%;width:100%}.e-con-inner>.elementor-widget-spacer>.elementor-widget-container>.elementor-spacer,.e-con>.elementor-widget-spacer>.elementor-widget-container>.elementor-spacer{height:100%}.e-con-inner>.elementor-widget-spacer>.elementor-widget-container>.elementor-spacer>.elementor-spacer-inner,.e-con>.elementor-widget-spacer>.elementor-widget-container>.elementor-spacer>.elementor-spacer-inner{height:var(--container-widget-height,var(--spacer-size))}.e-con-inner>.elementor-widget-spacer.elementor-widget-empty,.e-con>.elementor-widget-spacer.elementor-widget-empty{position:relative;min-height:22px;min-width:22px}.e-con-inner>.elementor-widget-spacer.elementor-widget-empty .elementor-widget-empty-icon,.e-con>.elementor-widget-spacer.elementor-widget-empty .elementor-widget-empty-icon{position:absolute;top:0;bottom:0;left:0;right:0;margin:auto;padding:0;width:22px;height:22px}<\/style>\t\t<div class=\"elementor-spacer\">\n\t\t\t<div class=\"elementor-spacer-inner\"><\/div>\n\t\t<\/div>\n\t\t\t\t<\/div>\n\t\t\t\t<\/div>\n\t\t\t\t\t<\/div>\n\t\t<\/div>\n\t\t\t\t\t<\/div>\n\t\t<\/section>\n\t\t\t\t<section class=\"elementor-section elementor-top-section elementor-element elementor-element-8cb2591 animated-slow elementor-section-boxed elementor-section-height-default elementor-section-height-default elementor-invisible\" data-id=\"8cb2591\" data-element_type=\"section\" data-settings=\"{&quot;animation&quot;:&quot;fadeInUp&quot;}\">\n\t\t\t\t\t\t<div class=\"elementor-container elementor-column-gap-default\">\n\t\t\t\t\t<div class=\"elementor-column elementor-col-100 elementor-top-column elementor-element elementor-element-736dd24\" data-id=\"736dd24\" data-element_type=\"column\">\n\t\t\t<div class=\"elementor-widget-wrap elementor-element-populated\">\n\t\t\t\t\t\t<section class=\"elementor-section elementor-inner-section elementor-element elementor-element-aa2033a elementor-section-boxed elementor-section-height-default elementor-section-height-default\" data-id=\"aa2033a\" data-element_type=\"section\">\n\t\t\t\t\t\t<div class=\"elementor-container elementor-column-gap-default\">\n\t\t\t\t\t<div class=\"elementor-column elementor-col-50 elementor-inner-column elementor-element elementor-element-f620ea4\" data-id=\"f620ea4\" data-element_type=\"column\">\n\t\t\t<div class=\"elementor-widget-wrap elementor-element-populated\">\n\t\t\t\t\t\t<div class=\"elementor-element elementor-element-a2eeb81 elementor-widget elementor-widget-image\" data-id=\"a2eeb81\" data-element_type=\"widget\" data-widget_type=\"image.default\">\n\t\t\t\t<div class=\"elementor-widget-container\">\n\t\t\t<style>\/*! elementor - v3.23.0 - 05-08-2024 *\/\n.elementor-widget-image{text-align:center}.elementor-widget-image a{display:inline-block}.elementor-widget-image a img[src$=\".svg\"]{width:48px}.elementor-widget-image img{vertical-align:middle;display:inline-block}<\/style>\t\t\t\t\t\t\t\t\t\t\t<a href=\"#Servicio1\">\n\t\t\t\t\t\t\t<img fetchpriority=\"high\" decoding=\"async\" width=\"940\" height=\"627\" src=\"https:\/\/www.personasyciudad.es\/wp-content\/uploads\/2025\/05\/Servei-dAjuda-a-Domicili-Municipal-1024x683.jpg\" class=\"elementor-animation-grow attachment-large size-large wp-image-5198\" alt=\"\" srcset=\"https:\/\/www.personasyciudad.es\/wp-content\/uploads\/2025\/05\/Servei-dAjuda-a-Domicili-Municipal-1024x683.jpg 1024w, https:\/\/www.personasyciudad.es\/wp-content\/uploads\/2025\/05\/Servei-dAjuda-a-Domicili-Municipal-300x200.jpg 300w, https:\/\/www.personasyciudad.es\/wp-content\/uploads\/2025\/05\/Servei-dAjuda-a-Domicili-Municipal-768x512.jpg 768w, https:\/\/www.personasyciudad.es\/wp-content\/uploads\/2025\/05\/Servei-dAjuda-a-Domicili-Municipal.jpg 1200w\" sizes=\"(max-width: 940px) 100vw, 940px\" \/>\t\t\t\t\t\t\t\t<\/a>\n\t\t\t\t\t\t\t\t\t\t\t\t\t<\/div>\n\t\t\t\t<\/div>\n\t\t\t\t\t<\/div>\n\t\t<\/div>\n\t\t\t\t<div class=\"elementor-column elementor-col-50 elementor-inner-column elementor-element elementor-element-20a165a\" data-id=\"20a165a\" data-element_type=\"column\">\n\t\t\t<div class=\"elementor-widget-wrap elementor-element-populated\">\n\t\t\t\t\t\t<div class=\"elementor-element elementor-element-0d3a842 elementor-widget elementor-widget-image\" data-id=\"0d3a842\" data-element_type=\"widget\" data-widget_type=\"image.default\">\n\t\t\t\t<div class=\"elementor-widget-container\">\n\t\t\t\t\t\t\t\t\t\t\t\t\t\t<a href=\"#Servicio2\">\n\t\t\t\t\t\t\t<img decoding=\"async\" width=\"940\" height=\"627\" src=\"https:\/\/www.personasyciudad.es\/wp-content\/uploads\/2025\/05\/Servei-dAjuda-a-Domicili-per-a-Dependents-1024x683.jpg\" class=\"elementor-animation-grow attachment-large size-large wp-image-5199\" alt=\"\" srcset=\"https:\/\/www.personasyciudad.es\/wp-content\/uploads\/2025\/05\/Servei-dAjuda-a-Domicili-per-a-Dependents-1024x683.jpg 1024w, https:\/\/www.personasyciudad.es\/wp-content\/uploads\/2025\/05\/Servei-dAjuda-a-Domicili-per-a-Dependents-300x200.jpg 300w, https:\/\/www.personasyciudad.es\/wp-content\/uploads\/2025\/05\/Servei-dAjuda-a-Domicili-per-a-Dependents-768x512.jpg 768w, https:\/\/www.personasyciudad.es\/wp-content\/uploads\/2025\/05\/Servei-dAjuda-a-Domicili-per-a-Dependents.jpg 1200w\" sizes=\"(max-width: 940px) 100vw, 940px\" \/>\t\t\t\t\t\t\t\t<\/a>\n\t\t\t\t\t\t\t\t\t\t\t\t\t<\/div>\n\t\t\t\t<\/div>\n\t\t\t\t\t<\/div>\n\t\t<\/div>\n\t\t\t\t\t<\/div>\n\t\t<\/section>\n\t\t\t\t<div class=\"elementor-element elementor-element-ae5b4e0 elementor-widget elementor-widget-spacer\" data-id=\"ae5b4e0\" data-element_type=\"widget\" data-widget_type=\"spacer.default\">\n\t\t\t\t<div class=\"elementor-widget-container\">\n\t\t\t\t\t<div class=\"elementor-spacer\">\n\t\t\t<div class=\"elementor-spacer-inner\"><\/div>\n\t\t<\/div>\n\t\t\t\t<\/div>\n\t\t\t\t<\/div>\n\t\t\t\t\t<\/div>\n\t\t<\/div>\n\t\t\t\t\t<\/div>\n\t\t<\/section>\n\t\t\t\t<section class=\"elementor-section elementor-top-section elementor-element elementor-element-8f0a479 animated-slow elementor-section-boxed elementor-section-height-default elementor-section-height-default elementor-invisible\" data-id=\"8f0a479\" data-element_type=\"section\" data-settings=\"{&quot;animation&quot;:&quot;fadeInUp&quot;}\">\n\t\t\t\t\t\t<div class=\"elementor-container elementor-column-gap-default\">\n\t\t\t\t\t<div class=\"elementor-column elementor-col-100 elementor-top-column elementor-element elementor-element-da99862\" data-id=\"da99862\" data-element_type=\"column\">\n\t\t\t<div class=\"elementor-widget-wrap elementor-element-populated\">\n\t\t\t\t\t\t<div class=\"elementor-element elementor-element-15fff95 elementor-widget elementor-widget-heading\" data-id=\"15fff95\" data-element_type=\"widget\" data-widget_type=\"heading.default\">\n\t\t\t\t<div class=\"elementor-widget-container\">\n\t\t\t<style>\/*! elementor - v3.23.0 - 05-08-2024 *\/\n.elementor-heading-title{padding:0;margin:0;line-height:1}.elementor-widget-heading .elementor-heading-title[class*=elementor-size-]>a{color:inherit;font-size:inherit;line-height:inherit}.elementor-widget-heading .elementor-heading-title.elementor-size-small{font-size:15px}.elementor-widget-heading .elementor-heading-title.elementor-size-medium{font-size:19px}.elementor-widget-heading .elementor-heading-title.elementor-size-large{font-size:29px}.elementor-widget-heading .elementor-heading-title.elementor-size-xl{font-size:39px}.elementor-widget-heading .elementor-heading-title.elementor-size-xxl{font-size:59px}<\/style><h2 class=\"elementor-heading-title elementor-size-xl\"><b>Servei d'Ajuda a Domicili Municipal<\/b><\/h2>\t\t<\/div>\n\t\t\t\t<\/div>\n\t\t\t\t<section class=\"elementor-section elementor-inner-section elementor-element elementor-element-7fd159c elementor-section-boxed elementor-section-height-default elementor-section-height-default\" data-id=\"7fd159c\" data-element_type=\"section\">\n\t\t\t\t\t\t<div class=\"elementor-container elementor-column-gap-default\">\n\t\t\t\t\t<div class=\"elementor-column elementor-col-50 elementor-inner-column elementor-element elementor-element-d81e175\" data-id=\"d81e175\" data-element_type=\"column\">\n\t\t\t<div class=\"elementor-widget-wrap elementor-element-populated\">\n\t\t\t\t\t\t<div class=\"elementor-element elementor-element-52e33b2 elementor-widget elementor-widget-text-editor\" data-id=\"52e33b2\" data-element_type=\"widget\" data-widget_type=\"text-editor.default\">\n\t\t\t\t<div class=\"elementor-widget-container\">\n\t\t\t<style>\/*! elementor - v3.23.0 - 05-08-2024 *\/\n.elementor-widget-text-editor.elementor-drop-cap-view-stacked .elementor-drop-cap{background-color:#69727d;color:#fff}.elementor-widget-text-editor.elementor-drop-cap-view-framed .elementor-drop-cap{color:#69727d;border:3px solid;background-color:transparent}.elementor-widget-text-editor:not(.elementor-drop-cap-view-default) .elementor-drop-cap{margin-top:8px}.elementor-widget-text-editor:not(.elementor-drop-cap-view-default) .elementor-drop-cap-letter{width:1em;height:1em}.elementor-widget-text-editor .elementor-drop-cap{float:left;text-align:center;line-height:1;font-size:50px}.elementor-widget-text-editor .elementor-drop-cap-letter{display:inline-block}<\/style>\t\t\t\t<p>El servei d&#8217;Ajuda a Domicili \u00e9s una prestaci\u00f3 b\u00e0sica de Serveis Socials Generals, inserida en una pol\u00edtica de Benestar Social que pret\u00e9n facilitar a les persones ancianes i\/o persones amb discapacitat, aix\u00ed com a fam\u00edlies amb grans dificultats per valdre&#8217;s per si mateixos, una s\u00e8rie d&#8217;atencions i suports, que poden ser de car\u00e0cter personal, dom\u00e8stic, psicol\u00f2gic, social, rehabilitador i desenvolupament de la vida di\u00e0ria, procurant la perman\u00e8ncia de la persona al seu nucli familiar o de conviv\u00e8ncia.<br \/>El Servei Municipal d&#8217;Ajuda a Domicili, facilitar\u00e0 totes o algunes de les tasques seg\u00fcents, pr\u00e8via prescripci\u00f3 t\u00e8cnica dels equips dels Centres Municipals de Serveis Socials:<\/p>\n\t\t\t\t\t\t<\/div>\n\t\t\t\t<\/div>\n\t\t\t\t\t<\/div>\n\t\t<\/div>\n\t\t\t\t<div class=\"elementor-column elementor-col-50 elementor-inner-column elementor-element elementor-element-b60f02d\" data-id=\"b60f02d\" data-element_type=\"column\">\n\t\t\t<div class=\"elementor-widget-wrap elementor-element-populated\">\n\t\t\t\t\t\t<div class=\"elementor-element elementor-element-44f5117 elementor-widget elementor-widget-video\" data-id=\"44f5117\" data-element_type=\"widget\" data-settings=\"{&quot;video_type&quot;:&quot;hosted&quot;,&quot;controls&quot;:&quot;yes&quot;}\" data-widget_type=\"video.default\">\n\t\t\t\t<div class=\"elementor-widget-container\">\n\t\t\t<style>\/*! elementor - v3.23.0 - 05-08-2024 *\/\n.elementor-widget-video .elementor-widget-container{overflow:hidden;transform:translateZ(0)}.elementor-widget-video .elementor-wrapper{aspect-ratio:var(--video-aspect-ratio)}.elementor-widget-video .elementor-wrapper iframe,.elementor-widget-video .elementor-wrapper video{height:100%;width:100%;display:flex;border:none;background-color:#000}@supports not (aspect-ratio:1\/1){.elementor-widget-video .elementor-wrapper{position:relative;overflow:hidden;height:0;padding-bottom:calc(100% \/ var(--video-aspect-ratio))}.elementor-widget-video .elementor-wrapper iframe,.elementor-widget-video .elementor-wrapper video{position:absolute;top:0;right:0;bottom:0;left:0}}.elementor-widget-video .elementor-open-inline .elementor-custom-embed-image-overlay{position:absolute;top:0;right:0;bottom:0;left:0;background-size:cover;background-position:50%}.elementor-widget-video .elementor-custom-embed-image-overlay{cursor:pointer;text-align:center}.elementor-widget-video .elementor-custom-embed-image-overlay:hover .elementor-custom-embed-play i{opacity:1}.elementor-widget-video .elementor-custom-embed-image-overlay img{display:block;width:100%;aspect-ratio:var(--video-aspect-ratio);-o-object-fit:cover;object-fit:cover;-o-object-position:center center;object-position:center center}@supports not (aspect-ratio:1\/1){.elementor-widget-video .elementor-custom-embed-image-overlay{position:relative;overflow:hidden;height:0;padding-bottom:calc(100% \/ var(--video-aspect-ratio))}.elementor-widget-video .elementor-custom-embed-image-overlay img{position:absolute;top:0;right:0;bottom:0;left:0}}.elementor-widget-video .e-hosted-video .elementor-video{-o-object-fit:cover;object-fit:cover}.e-con-inner>.elementor-widget-video,.e-con>.elementor-widget-video{width:var(--container-widget-width);--flex-grow:var(--container-widget-flex-grow)}<\/style>\t\t<div class=\"e-hosted-video elementor-wrapper elementor-open-inline\">\n\t\t\t\t\t<video class=\"elementor-video\" src=\"https:\/\/www.personasyciudad.es\/wp-content\/uploads\/2023\/04\/VID-20230421-WA0024-1.mp4\" controls=\"\" preload=\"metadata\" controlsList=\"nodownload\"><\/video>\n\t\t\t\t<\/div>\n\t\t\t\t<\/div>\n\t\t\t\t<\/div>\n\t\t\t\t\t<\/div>\n\t\t<\/div>\n\t\t\t\t\t<\/div>\n\t\t<\/section>\n\t\t\t\t<section class=\"elementor-section elementor-inner-section elementor-element elementor-element-d999c0e elementor-section-boxed elementor-section-height-default elementor-section-height-default\" data-id=\"d999c0e\" data-element_type=\"section\">\n\t\t\t\t\t\t<div class=\"elementor-container elementor-column-gap-default\">\n\t\t\t\t\t<div class=\"elementor-column elementor-col-100 elementor-inner-column elementor-element elementor-element-c9f38a4\" data-id=\"c9f38a4\" data-element_type=\"column\">\n\t\t\t<div class=\"elementor-widget-wrap elementor-element-populated\">\n\t\t\t\t\t\t<div class=\"elementor-element elementor-element-05df251 elementor-widget elementor-widget-spacer\" data-id=\"05df251\" data-element_type=\"widget\" data-widget_type=\"spacer.default\">\n\t\t\t\t<div class=\"elementor-widget-container\">\n\t\t\t\t\t<div class=\"elementor-spacer\">\n\t\t\t<div class=\"elementor-spacer-inner\"><\/div>\n\t\t<\/div>\n\t\t\t\t<\/div>\n\t\t\t\t<\/div>\n\t\t\t\t<div class=\"elementor-element elementor-element-ac0fe4a elementor-widget elementor-widget-html\" data-id=\"ac0fe4a\" data-element_type=\"widget\" id=\"principal\" data-widget_type=\"html.default\">\n\t\t\t\t<div class=\"elementor-widget-container\">\n\t\t\t<ul>\r\n    <li>Tasques generals datenci\u00f3 a la llar.<\/li>\r\n    <li>Tasques personals.<\/li>\r\n    <li>Tasques d'atenci\u00f3 psicosocial i educativa a nuclis de conviv\u00e8ncia amb diverses mancances, i pot incloure:<\/li>\r\n<\/ul>\t\t<\/div>\n\t\t\t\t<\/div>\n\t\t\t\t<div class=\"elementor-element elementor-element-7c09e91 elementor-widget elementor-widget-html\" data-id=\"7c09e91\" data-element_type=\"widget\" id=\"secundario\" data-widget_type=\"html.default\">\n\t\t\t\t<div class=\"elementor-widget-container\">\n\t\t\t<ul>\r\n    <li>Planificaci\u00f3 de la higiene familiar: neteja de la casa, rentat de roba, cures personals.<\/li>\r\n    <li>Informaci\u00f3 i aprenentatge d'h\u00e0bits de vida saludables.<\/li>\r\n    <li>Suport al desenvolupament de capacitats personals en les funcions parentals.<\/li>\r\n    <li>Foment d'habilitats per a l'organitzaci\u00f3 econ\u00f2mica i familiar.<\/li>\r\n<\/ul>\t\t<\/div>\n\t\t\t\t<\/div>\n\t\t\t\t<div class=\"elementor-element elementor-element-98ff085 elementor-widget elementor-widget-text-editor\" data-id=\"98ff085\" data-element_type=\"widget\" data-widget_type=\"text-editor.default\">\n\t\t\t\t<div class=\"elementor-widget-container\">\n\t\t\t\t\t\t\t<p><strong>PERSONAS Y CIUDAD SAU<\/strong>, \u00e9s l&#8217;empresa encarregada de prestar aquest servei al municipi de Sant Joan d&#8217;Alacant.<\/p>\n\t\t\t\t\t\t<\/div>\n\t\t\t\t<\/div>\n\t\t\t\t\t<\/div>\n\t\t<\/div>\n\t\t\t\t\t<\/div>\n\t\t<\/section>\n\t\t\t\t<div class=\"elementor-element elementor-element-ee84203 elementor-widget elementor-widget-spacer\" data-id=\"ee84203\" data-element_type=\"widget\" data-widget_type=\"spacer.default\">\n\t\t\t\t<div class=\"elementor-widget-container\">\n\t\t\t\t\t<div class=\"elementor-spacer\">\n\t\t\t<div class=\"elementor-spacer-inner\"><\/div>\n\t\t<\/div>\n\t\t\t\t<\/div>\n\t\t\t\t<\/div>\n\t\t\t\t\t<\/div>\n\t\t<\/div>\n\t\t\t\t\t<\/div>\n\t\t<\/section>\n\t\t\t\t<section class=\"elementor-section elementor-top-section elementor-element elementor-element-1f65152 animated-slow elementor-section-boxed elementor-section-height-default elementor-section-height-default elementor-invisible\" data-id=\"1f65152\" data-element_type=\"section\" data-settings=\"{&quot;animation&quot;:&quot;fadeInUp&quot;}\">\n\t\t\t\t\t\t<div class=\"elementor-container elementor-column-gap-default\">\n\t\t\t\t\t<div class=\"elementor-column elementor-col-100 elementor-top-column elementor-element elementor-element-8049cad\" data-id=\"8049cad\" data-element_type=\"column\">\n\t\t\t<div class=\"elementor-widget-wrap elementor-element-populated\">\n\t\t\t\t\t\t<section class=\"elementor-section elementor-inner-section elementor-element elementor-element-9340726 elementor-section-boxed elementor-section-height-default elementor-section-height-default\" data-id=\"9340726\" data-element_type=\"section\">\n\t\t\t\t\t\t<div class=\"elementor-container elementor-column-gap-default\">\n\t\t\t\t\t<div class=\"elementor-column elementor-col-50 elementor-inner-column elementor-element elementor-element-591c60c\" data-id=\"591c60c\" data-element_type=\"column\">\n\t\t\t<div class=\"elementor-widget-wrap elementor-element-populated\">\n\t\t\t\t\t\t<div class=\"elementor-element elementor-element-c812fef elementor-widget elementor-widget-heading\" data-id=\"c812fef\" data-element_type=\"widget\" data-widget_type=\"heading.default\">\n\t\t\t\t<div class=\"elementor-widget-container\">\n\t\t\t<h2 class=\"elementor-heading-title elementor-size-xl\"><b>Qui ho pot sol\u00b7licitar?<\/b><\/h2>\t\t<\/div>\n\t\t\t\t<\/div>\n\t\t\t\t<div class=\"elementor-element elementor-element-2fa4018 elementor-widget elementor-widget-html\" data-id=\"2fa4018\" data-element_type=\"widget\" id=\"principal\" data-widget_type=\"html.default\">\n\t\t\t\t<div class=\"elementor-widget-container\">\n\t\t\t<ul>\r\n    <li>Persones dedat avan\u00e7ada amb dificultats dautonomia personal.<\/li>\r\n    <li>Persones amb discapacitats o minusvalideses que afectin significativament la seva autonomia personal.<\/li>\r\n    <li>Menors d'edat les fam\u00edlies dels quals no poden proporcionar-los la cura i l'atenci\u00f3 necessaris.<\/li>\r\n    <li>Fam\u00edlies amb especials dificultats sociosanit\u00e0ries.<\/li>\r\n<\/ul>\t\t<\/div>\n\t\t\t\t<\/div>\n\t\t\t\t\t<\/div>\n\t\t<\/div>\n\t\t\t\t<div class=\"elementor-column elementor-col-50 elementor-inner-column elementor-element elementor-element-fd1c0b4\" data-id=\"fd1c0b4\" data-element_type=\"column\">\n\t\t\t<div class=\"elementor-widget-wrap elementor-element-populated\">\n\t\t\t\t\t\t<div class=\"elementor-element elementor-element-6b62a22 elementor-widget elementor-widget-heading\" data-id=\"6b62a22\" data-element_type=\"widget\" data-widget_type=\"heading.default\">\n\t\t\t\t<div class=\"elementor-widget-container\">\n\t\t\t<h2 class=\"elementor-heading-title elementor-size-xl\"><b>Requisits<\/b><\/h2>\t\t<\/div>\n\t\t\t\t<\/div>\n\t\t\t\t<div class=\"elementor-element elementor-element-3991474 elementor-widget elementor-widget-text-editor\" data-id=\"3991474\" data-element_type=\"widget\" data-widget_type=\"text-editor.default\">\n\t\t\t\t<div class=\"elementor-widget-container\">\n\t\t\t\t\t\t\t<ol type=\"a\">\n<li>Estar empadronat al municipi de Sant Joan d&#8217;Alacant.<\/li>\n<li>Complir els requisits establerts.<\/li>\n<\/ol>\n\t\t\t\t\t\t<\/div>\n\t\t\t\t<\/div>\n\t\t\t\t\t<\/div>\n\t\t<\/div>\n\t\t\t\t\t<\/div>\n\t\t<\/section>\n\t\t\t\t<div class=\"elementor-element elementor-element-83d79ff elementor-widget elementor-widget-spacer\" data-id=\"83d79ff\" data-element_type=\"widget\" data-widget_type=\"spacer.default\">\n\t\t\t\t<div class=\"elementor-widget-container\">\n\t\t\t\t\t<div class=\"elementor-spacer\">\n\t\t\t<div class=\"elementor-spacer-inner\"><\/div>\n\t\t<\/div>\n\t\t\t\t<\/div>\n\t\t\t\t<\/div>\n\t\t\t\t\t<\/div>\n\t\t<\/div>\n\t\t\t\t\t<\/div>\n\t\t<\/section>\n\t\t\t\t<section class=\"elementor-section elementor-top-section elementor-element elementor-element-7500ae6 animated-slow elementor-section-full_width elementor-section-height-default elementor-section-height-default elementor-invisible\" data-id=\"7500ae6\" data-element_type=\"section\" data-settings=\"{&quot;background_background&quot;:&quot;classic&quot;,&quot;animation&quot;:&quot;fadeInUp&quot;}\">\n\t\t\t\t\t\t\t<div class=\"elementor-background-overlay\"><\/div>\n\t\t\t\t\t\t\t<div class=\"elementor-container elementor-column-gap-default\">\n\t\t\t\t\t<div class=\"elementor-column elementor-col-33 elementor-top-column elementor-element elementor-element-c5c64d5\" data-id=\"c5c64d5\" data-element_type=\"column\">\n\t\t\t<div class=\"elementor-widget-wrap elementor-element-populated\">\n\t\t\t\t\t\t<div class=\"elementor-element elementor-element-ed26882 elementor-widget elementor-widget-image\" data-id=\"ed26882\" data-element_type=\"widget\" data-widget_type=\"image.default\">\n\t\t\t\t<div class=\"elementor-widget-container\">\n\t\t\t\t\t\t\t\t\t\t\t\t\t<img decoding=\"async\" width=\"800\" height=\"800\" src=\"https:\/\/www.personasyciudad.es\/wp-content\/uploads\/2023\/04\/Donde2.png\" class=\"attachment-large size-large wp-image-5201\" alt=\"\" srcset=\"https:\/\/www.personasyciudad.es\/wp-content\/uploads\/2023\/04\/Donde2.png 800w, https:\/\/www.personasyciudad.es\/wp-content\/uploads\/2023\/04\/Donde2-300x300.png 300w, https:\/\/www.personasyciudad.es\/wp-content\/uploads\/2023\/04\/Donde2-150x150.png 150w, https:\/\/www.personasyciudad.es\/wp-content\/uploads\/2023\/04\/Donde2-768x768.png 768w, https:\/\/www.personasyciudad.es\/wp-content\/uploads\/2023\/04\/Donde2-600x600.png 600w, https:\/\/www.personasyciudad.es\/wp-content\/uploads\/2023\/04\/Donde2-350x350.png 350w\" sizes=\"(max-width: 800px) 100vw, 800px\" \/>\t\t\t\t\t\t\t\t\t\t\t\t\t<\/div>\n\t\t\t\t<\/div>\n\t\t\t\t<div class=\"elementor-element elementor-element-0b12a0c elementor-widget elementor-widget-heading\" data-id=\"0b12a0c\" data-element_type=\"widget\" data-widget_type=\"heading.default\">\n\t\t\t\t<div class=\"elementor-widget-container\">\n\t\t\t<h2 class=\"elementor-heading-title elementor-size-xl\"><b>On s'ha de dirigir?<\/b><\/h2>\t\t<\/div>\n\t\t\t\t<\/div>\n\t\t\t\t<div class=\"elementor-element elementor-element-846ee04 elementor-widget elementor-widget-text-editor\" data-id=\"846ee04\" data-element_type=\"widget\" data-widget_type=\"text-editor.default\">\n\t\t\t\t<div class=\"elementor-widget-container\">\n\t\t\t\t\t\t\t<p>L&#8217;acc\u00e9s al Servei d&#8217;Ajuda a Domicili es realitzar\u00e0 a trav\u00e9s de l&#8217;Oficina Municipal de Serveis Socials, situada a la Pla\u00e7a de l&#8217;Esgl\u00e9sia n\u00fam. 5 de Sant Joan d&#8217;Alacant.<\/p>\n\t\t\t\t\t\t<\/div>\n\t\t\t\t<\/div>\n\t\t\t\t\t<\/div>\n\t\t<\/div>\n\t\t\t\t<div class=\"elementor-column elementor-col-33 elementor-top-column elementor-element elementor-element-8d48485\" data-id=\"8d48485\" data-element_type=\"column\">\n\t\t\t<div class=\"elementor-widget-wrap elementor-element-populated\">\n\t\t\t\t\t\t<div class=\"elementor-element elementor-element-806a5fe elementor-widget elementor-widget-image\" data-id=\"806a5fe\" data-element_type=\"widget\" data-widget_type=\"image.default\">\n\t\t\t\t<div class=\"elementor-widget-container\">\n\t\t\t\t\t\t\t\t\t\t\t\t\t<img loading=\"lazy\" decoding=\"async\" width=\"800\" height=\"800\" src=\"https:\/\/www.personasyciudad.es\/wp-content\/uploads\/2023\/04\/Cuando2.png\" class=\"attachment-large size-large wp-image-5202\" alt=\"\" srcset=\"https:\/\/www.personasyciudad.es\/wp-content\/uploads\/2023\/04\/Cuando2.png 800w, https:\/\/www.personasyciudad.es\/wp-content\/uploads\/2023\/04\/Cuando2-300x300.png 300w, https:\/\/www.personasyciudad.es\/wp-content\/uploads\/2023\/04\/Cuando2-150x150.png 150w, https:\/\/www.personasyciudad.es\/wp-content\/uploads\/2023\/04\/Cuando2-768x768.png 768w, https:\/\/www.personasyciudad.es\/wp-content\/uploads\/2023\/04\/Cuando2-600x600.png 600w, https:\/\/www.personasyciudad.es\/wp-content\/uploads\/2023\/04\/Cuando2-350x350.png 350w\" sizes=\"(max-width: 800px) 100vw, 800px\" \/>\t\t\t\t\t\t\t\t\t\t\t\t\t<\/div>\n\t\t\t\t<\/div>\n\t\t\t\t<div class=\"elementor-element elementor-element-ec07cc4 elementor-widget elementor-widget-heading\" data-id=\"ec07cc4\" data-element_type=\"widget\" data-widget_type=\"heading.default\">\n\t\t\t\t<div class=\"elementor-widget-container\">\n\t\t\t<h2 class=\"elementor-heading-title elementor-size-xl\"><b>Quan sol\u00b7licitar-ho?<\/b><\/h2>\t\t<\/div>\n\t\t\t\t<\/div>\n\t\t\t\t<div class=\"elementor-element elementor-element-1822453 elementor-widget elementor-widget-text-editor\" data-id=\"1822453\" data-element_type=\"widget\" data-widget_type=\"text-editor.default\">\n\t\t\t\t<div class=\"elementor-widget-container\">\n\t\t\t\t\t\t\t<p>Al llarg de tot l\u00b4any.<\/p>\n\t\t\t\t\t\t<\/div>\n\t\t\t\t<\/div>\n\t\t\t\t\t<\/div>\n\t\t<\/div>\n\t\t\t\t<div class=\"elementor-column elementor-col-33 elementor-top-column elementor-element elementor-element-fee954d\" data-id=\"fee954d\" data-element_type=\"column\">\n\t\t\t<div class=\"elementor-widget-wrap elementor-element-populated\">\n\t\t\t\t\t\t<div class=\"elementor-element elementor-element-47a6fe3 elementor-widget elementor-widget-image\" data-id=\"47a6fe3\" data-element_type=\"widget\" data-widget_type=\"image.default\">\n\t\t\t\t<div class=\"elementor-widget-container\">\n\t\t\t\t\t\t\t\t\t\t\t\t\t<img loading=\"lazy\" decoding=\"async\" width=\"800\" height=\"800\" src=\"https:\/\/www.personasyciudad.es\/wp-content\/uploads\/2023\/04\/Cuanto2.png\" class=\"attachment-large size-large wp-image-5203\" alt=\"\" srcset=\"https:\/\/www.personasyciudad.es\/wp-content\/uploads\/2023\/04\/Cuanto2.png 800w, https:\/\/www.personasyciudad.es\/wp-content\/uploads\/2023\/04\/Cuanto2-300x300.png 300w, https:\/\/www.personasyciudad.es\/wp-content\/uploads\/2023\/04\/Cuanto2-150x150.png 150w, https:\/\/www.personasyciudad.es\/wp-content\/uploads\/2023\/04\/Cuanto2-768x768.png 768w, https:\/\/www.personasyciudad.es\/wp-content\/uploads\/2023\/04\/Cuanto2-600x600.png 600w, https:\/\/www.personasyciudad.es\/wp-content\/uploads\/2023\/04\/Cuanto2-350x350.png 350w\" sizes=\"(max-width: 800px) 100vw, 800px\" \/>\t\t\t\t\t\t\t\t\t\t\t\t\t<\/div>\n\t\t\t\t<\/div>\n\t\t\t\t<div class=\"elementor-element elementor-element-b2275d8 elementor-widget elementor-widget-heading\" data-id=\"b2275d8\" data-element_type=\"widget\" data-widget_type=\"heading.default\">\n\t\t\t\t<div class=\"elementor-widget-container\">\n\t\t\t<h2 class=\"elementor-heading-title elementor-size-xl\"><b>Quant costa el servei?<\/b><\/h2>\t\t<\/div>\n\t\t\t\t<\/div>\n\t\t\t\t<div class=\"elementor-element elementor-element-ba02512 elementor-widget elementor-widget-text-editor\" data-id=\"ba02512\" data-element_type=\"widget\" data-widget_type=\"text-editor.default\">\n\t\t\t\t<div class=\"elementor-widget-container\">\n\t\t\t\t\t\t\t<p>El servei \u00e9s gratu\u00eft.<\/p>\n\t\t\t\t\t\t<\/div>\n\t\t\t\t<\/div>\n\t\t\t\t\t<\/div>\n\t\t<\/div>\n\t\t\t\t\t<\/div>\n\t\t<\/section>\n\t\t\t\t<section class=\"elementor-section elementor-top-section elementor-element elementor-element-c9c00e4 animated-slow elementor-section-boxed elementor-section-height-default elementor-section-height-default elementor-invisible\" data-id=\"c9c00e4\" data-element_type=\"section\" data-settings=\"{&quot;animation&quot;:&quot;fadeInUp&quot;}\">\n\t\t\t\t\t\t<div class=\"elementor-container elementor-column-gap-default\">\n\t\t\t\t\t<div class=\"elementor-column elementor-col-100 elementor-top-column elementor-element elementor-element-9f927a2\" data-id=\"9f927a2\" data-element_type=\"column\">\n\t\t\t<div class=\"elementor-widget-wrap elementor-element-populated\">\n\t\t\t\t\t\t<div class=\"elementor-element elementor-element-d638937 elementor-widget elementor-widget-menu-anchor\" data-id=\"d638937\" data-element_type=\"widget\" data-widget_type=\"menu-anchor.default\">\n\t\t\t\t<div class=\"elementor-widget-container\">\n\t\t\t<style>\/*! elementor - v3.23.0 - 05-08-2024 *\/\nbody.elementor-page .elementor-widget-menu-anchor{margin-bottom:0}<\/style>\t\t<div class=\"elementor-menu-anchor\" id=\"Servei2\"><\/div>\n\t\t\t\t<\/div>\n\t\t\t\t<\/div>\n\t\t\t\t<div class=\"elementor-element elementor-element-9dc6bc0 elementor-widget elementor-widget-spacer\" data-id=\"9dc6bc0\" data-element_type=\"widget\" data-widget_type=\"spacer.default\">\n\t\t\t\t<div class=\"elementor-widget-container\">\n\t\t\t\t\t<div class=\"elementor-spacer\">\n\t\t\t<div class=\"elementor-spacer-inner\"><\/div>\n\t\t<\/div>\n\t\t\t\t<\/div>\n\t\t\t\t<\/div>\n\t\t\t\t\t<\/div>\n\t\t<\/div>\n\t\t\t\t\t<\/div>\n\t\t<\/section>\n\t\t\t\t<section class=\"elementor-section elementor-top-section elementor-element elementor-element-d16a53d animated-slow elementor-section-boxed elementor-section-height-default elementor-section-height-default elementor-invisible\" data-id=\"d16a53d\" data-element_type=\"section\" data-settings=\"{&quot;animation&quot;:&quot;fadeInUp&quot;}\">\n\t\t\t\t\t\t<div class=\"elementor-container elementor-column-gap-default\">\n\t\t\t\t\t<div class=\"elementor-column elementor-col-100 elementor-top-column elementor-element elementor-element-4d50843\" data-id=\"4d50843\" data-element_type=\"column\">\n\t\t\t<div class=\"elementor-widget-wrap elementor-element-populated\">\n\t\t\t\t\t\t<div class=\"elementor-element elementor-element-2c0fe09 elementor-widget elementor-widget-heading\" data-id=\"2c0fe09\" data-element_type=\"widget\" data-widget_type=\"heading.default\">\n\t\t\t\t<div class=\"elementor-widget-container\">\n\t\t\t<h2 class=\"elementor-heading-title elementor-size-xl\"><b>Servei d'Ajuda a Domicili per a Dependents<\/b><\/h2>\t\t<\/div>\n\t\t\t\t<\/div>\n\t\t\t\t<div class=\"elementor-element elementor-element-fc73f64 elementor-widget elementor-widget-text-editor\" data-id=\"fc73f64\" data-element_type=\"widget\" data-widget_type=\"text-editor.default\">\n\t\t\t\t<div class=\"elementor-widget-container\">\n\t\t\t\t\t\t\t<p>La Llei 39\/2006 de 14 de desembre de Promoci\u00f3 de l&#8217;Autonomia Personal i Atenci\u00f3 a les persones en situaci\u00f3 de Depend\u00e8ncia, estableix a l&#8217;art. 23, que el Servei d&#8217;Ajuda a Domicili (SAD) el constitueix el conjunt d&#8217;actuacions dutes a terme al domicili de les persones en situaci\u00f3 de depend\u00e8ncia a fi d&#8217;atendre les necessitats de la vida di\u00e0ria, prestades per entitats o empreses acreditades per a aquesta funci\u00f3.<\/p>\n<p><strong>PERSONAS Y CIUDAD S.A.U<\/strong> t\u00e9 l&#8217;acreditaci\u00f3 per a aquest servei a Sant Joan d&#8217;Alacant. Est\u00e0 registrada com a entitat prestadora de SAD davant la Conselleria de Benestar Social, figurant inscrita al corresponent registre amb el n\u00fam. 62 d&#8217;autoritzaci\u00f3 de funcionament i acreditaci\u00f3 provisional. <\/p>\n\t\t\t\t\t\t<\/div>\n\t\t\t\t<\/div>\n\t\t\t\t<div class=\"elementor-element elementor-element-8a4993c elementor-widget elementor-widget-spacer\" data-id=\"8a4993c\" data-element_type=\"widget\" data-widget_type=\"spacer.default\">\n\t\t\t\t<div class=\"elementor-widget-container\">\n\t\t\t\t\t<div class=\"elementor-spacer\">\n\t\t\t<div class=\"elementor-spacer-inner\"><\/div>\n\t\t<\/div>\n\t\t\t\t<\/div>\n\t\t\t\t<\/div>\n\t\t\t\t\t<\/div>\n\t\t<\/div>\n\t\t\t\t\t<\/div>\n\t\t<\/section>\n\t\t\t\t<section class=\"elementor-section elementor-top-section elementor-element elementor-element-ee3464e animated-slow elementor-section-boxed elementor-section-height-default elementor-section-height-default elementor-invisible\" data-id=\"ee3464e\" data-element_type=\"section\" data-settings=\"{&quot;animation&quot;:&quot;fadeInUp&quot;}\">\n\t\t\t\t\t\t<div class=\"elementor-container elementor-column-gap-default\">\n\t\t\t\t\t<div class=\"elementor-column elementor-col-100 elementor-top-column elementor-element elementor-element-e5e1d81\" data-id=\"e5e1d81\" data-element_type=\"column\">\n\t\t\t<div class=\"elementor-widget-wrap elementor-element-populated\">\n\t\t\t\t\t\t<section class=\"elementor-section elementor-inner-section elementor-element elementor-element-e5eced4 elementor-section-boxed elementor-section-height-default elementor-section-height-default\" data-id=\"e5eced4\" data-element_type=\"section\">\n\t\t\t\t\t\t<div class=\"elementor-container elementor-column-gap-default\">\n\t\t\t\t\t<div class=\"elementor-column elementor-col-50 elementor-inner-column elementor-element elementor-element-5925a84\" data-id=\"5925a84\" data-element_type=\"column\">\n\t\t\t<div class=\"elementor-widget-wrap elementor-element-populated\">\n\t\t\t\t\t\t<div class=\"elementor-element elementor-element-131d650 elementor-widget elementor-widget-image\" data-id=\"131d650\" data-element_type=\"widget\" data-widget_type=\"image.default\">\n\t\t\t\t<div class=\"elementor-widget-container\">\n\t\t\t\t\t\t\t\t\t\t\t\t\t<img loading=\"lazy\" decoding=\"async\" width=\"845\" height=\"1024\" src=\"https:\/\/www.personasyciudad.es\/wp-content\/uploads\/2023\/04\/Foto2-845x1024.png\" class=\"attachment-large size-large wp-image-5205\" alt=\"\" srcset=\"https:\/\/www.personasyciudad.es\/wp-content\/uploads\/2023\/04\/Foto2-845x1024.png 845w, https:\/\/www.personasyciudad.es\/wp-content\/uploads\/2023\/04\/Foto2-248x300.png 248w, https:\/\/www.personasyciudad.es\/wp-content\/uploads\/2023\/04\/Foto2-768x930.png 768w, https:\/\/www.personasyciudad.es\/wp-content\/uploads\/2023\/04\/Foto2.png 1154w\" sizes=\"(max-width: 845px) 100vw, 845px\" \/>\t\t\t\t\t\t\t\t\t\t\t\t\t<\/div>\n\t\t\t\t<\/div>\n\t\t\t\t\t<\/div>\n\t\t<\/div>\n\t\t\t\t<div class=\"elementor-column elementor-col-50 elementor-inner-column elementor-element elementor-element-39edb0c\" data-id=\"39edb0c\" data-element_type=\"column\">\n\t\t\t<div class=\"elementor-widget-wrap elementor-element-populated\">\n\t\t\t\t\t\t<div class=\"elementor-element elementor-element-3acb7dc elementor-widget elementor-widget-heading\" data-id=\"3acb7dc\" data-element_type=\"widget\" data-widget_type=\"heading.default\">\n\t\t\t\t<div class=\"elementor-widget-container\">\n\t\t\t<h2 class=\"elementor-heading-title elementor-size-xl\"><b>Com aconseguim la seva tranquil\u00b7litat i confian\u00e7a?<\/b><\/h2>\t\t<\/div>\n\t\t\t\t<\/div>\n\t\t\t\t<div class=\"elementor-element elementor-element-340fda9 elementor-widget elementor-widget-html\" data-id=\"340fda9\" data-element_type=\"widget\" id=\"principal\" data-widget_type=\"html.default\">\n\t\t\t\t<div class=\"elementor-widget-container\">\n\t\t\t<ul>\r\n    <li>Comptem amb una plantilla fixa de professionals amb titulaci\u00f3 i \u00e0mplia experi\u00e8ncia en el servei de proximitat, compromesos amb l'entorn familiar en qu\u00e8 es desenvoluparan.<\/li>\r\n    <li>Planifiquem un full de ruta personalitzat, la nostra experi\u00e8ncia \u00e9s el nostre aval.<\/li>\r\n    <li>Adaptem els nostres serveis en funci\u00f3 de les necessitats de cada persona.<\/li>\r\n    <li>Realitzem un seguiment constant per garantir que la qualitat del servei \u00e9s satisfact\u00f2ria.<\/li>\r\n<\/ul>\t\t<\/div>\n\t\t\t\t<\/div>\n\t\t\t\t<div class=\"elementor-element elementor-element-7c45757 elementor-widget elementor-widget-text-editor\" data-id=\"7c45757\" data-element_type=\"widget\" data-widget_type=\"text-editor.default\">\n\t\t\t\t<div class=\"elementor-widget-container\">\n\t\t\t\t\t\t\t<p>El nostre comprom\u00eds social \u00e9s implicar-nos plenament en la recerca del benestar de les persones, per aix\u00f2 la nostra tasca es basa en entendre i escoltar les necessitats per acompanyar-los a cada moment del cam\u00ed.<\/p>\n\t\t\t\t\t\t<\/div>\n\t\t\t\t<\/div>\n\t\t\t\t<div class=\"elementor-element elementor-element-bd7c21c elementor-widget elementor-widget-spacer\" data-id=\"bd7c21c\" data-element_type=\"widget\" data-widget_type=\"spacer.default\">\n\t\t\t\t<div class=\"elementor-widget-container\">\n\t\t\t\t\t<div class=\"elementor-spacer\">\n\t\t\t<div class=\"elementor-spacer-inner\"><\/div>\n\t\t<\/div>\n\t\t\t\t<\/div>\n\t\t\t\t<\/div>\n\t\t\t\t<div class=\"elementor-element elementor-element-fb65808 elementor-widget elementor-widget-heading\" data-id=\"fb65808\" data-element_type=\"widget\" data-widget_type=\"heading.default\">\n\t\t\t\t<div class=\"elementor-widget-container\">\n\t\t\t<h2 class=\"elementor-heading-title elementor-size-xl\"><b>Com sol\u00b7licitar la prestaci\u00f3?<\/b><\/h2>\t\t<\/div>\n\t\t\t\t<\/div>\n\t\t\t\t<div class=\"elementor-element elementor-element-f87a96f elementor-widget elementor-widget-text-editor\" data-id=\"f87a96f\" data-element_type=\"widget\" data-widget_type=\"text-editor.default\">\n\t\t\t\t<div class=\"elementor-widget-container\">\n\t\t\t\t\t\t\t<ol type=\"a\"> \t<li>Per tenir dret al servei dajuda a domicili cal sol\u00b7licitar la prestaci\u00f3 vinculada a servei (PVS).<\/li> \t<li>Contractar el servei amb l&#8217;empresa acreditada que s&#8217;encarregar\u00e0 d&#8217;executar el pla individual individualitzat.<\/li><\/ol>\t\t\t\t\t\t<\/div>\n\t\t\t\t<\/div>\n\t\t\t\t\t<\/div>\n\t\t<\/div>\n\t\t\t\t\t<\/div>\n\t\t<\/section>\n\t\t\t\t<div class=\"elementor-element elementor-element-7066701 elementor-widget elementor-widget-spacer\" data-id=\"7066701\" data-element_type=\"widget\" data-widget_type=\"spacer.default\">\n\t\t\t\t<div class=\"elementor-widget-container\">\n\t\t\t\t\t<div class=\"elementor-spacer\">\n\t\t\t<div class=\"elementor-spacer-inner\"><\/div>\n\t\t<\/div>\n\t\t\t\t<\/div>\n\t\t\t\t<\/div>\n\t\t\t\t\t<\/div>\n\t\t<\/div>\n\t\t\t\t\t<\/div>\n\t\t<\/section>\n\t\t\t\t<section class=\"elementor-section elementor-top-section elementor-element elementor-element-b073f38 animated-slow elementor-section-boxed elementor-section-height-default elementor-section-height-default elementor-invisible\" data-id=\"b073f38\" data-element_type=\"section\" data-settings=\"{&quot;animation&quot;:&quot;fadeInUp&quot;}\">\n\t\t\t\t\t\t<div class=\"elementor-container elementor-column-gap-default\">\n\t\t\t\t\t<div class=\"elementor-column elementor-col-100 elementor-top-column elementor-element elementor-element-7269486\" data-id=\"7269486\" data-element_type=\"column\">\n\t\t\t<div class=\"elementor-widget-wrap elementor-element-populated\">\n\t\t\t\t\t\t<div class=\"elementor-element elementor-element-9b2909e elementor-widget elementor-widget-heading\" data-id=\"9b2909e\" data-element_type=\"widget\" data-widget_type=\"heading.default\">\n\t\t\t\t<div class=\"elementor-widget-container\">\n\t\t\t<h2 class=\"elementor-heading-title elementor-size-xl\"><b>Inici del procediment<\/b><\/h2>\t\t<\/div>\n\t\t\t\t<\/div>\n\t\t\t\t<div class=\"elementor-element elementor-element-1bc0f72 elementor-widget elementor-widget-text-editor\" data-id=\"1bc0f72\" data-element_type=\"widget\" data-widget_type=\"text-editor.default\">\n\t\t\t\t<div class=\"elementor-widget-container\">\n\t\t\t\t\t\t\t<ol type=\"1\"> \t<li>S&#8217;inicia a inst\u00e0ncia de la persona interessada o el representant.<\/li> \t<li>Emplenar una sol\u00b7licitud per al reconeixement de la situaci\u00f3 de depend\u00e8ncia i el dret a prestacions del sistema.<\/li><li>Lliurar aquesta sol\u00b7licitud degudament emplenada al registre oficial de l&#8217;Ajuntament de Sant Joan d&#8217;Alacant o als registres oficials de la Generalitat Valenciana. <b>Impresos Oficials \u2013 Generalitat Valenciana (gva.es)<\/b><\/li> \t<li>Presentada la sol\u00b7licitud, es posar\u00e0 en contacte la treballadora social dels serveis socials per fer la valoraci\u00f3 que estableix el grau de depend\u00e8ncia.<\/li><\/ol>\t\t\t\t\t\t<\/div>\n\t\t\t\t<\/div>\n\t\t\t\t<div class=\"elementor-element elementor-element-e3079a5 elementor-widget elementor-widget-html\" data-id=\"e3079a5\" data-element_type=\"widget\" id=\"secundario\" data-widget_type=\"html.default\">\n\t\t\t\t<div class=\"elementor-widget-container\">\n\t\t\t<ul>\r\n    <li>Grau de depend\u00e8ncia Puntuaci\u00f3 segons barem<\/li>\r\n    <li>Grau 0 No dependent<\/li>\r\n    <li>Grau I Depend\u00e8ncia Moderada<\/li>\r\n    <li>Grau II Depend\u00e8ncia Severa<\/li>\r\n    <li>Grau III Gran Depend\u00e8ncia<\/li>\r\n<\/ul>\t\t<\/div>\n\t\t\t\t<\/div>\n\t\t\t\t<div class=\"elementor-element elementor-element-b9b0010 elementor-widget elementor-widget-spacer\" data-id=\"b9b0010\" data-element_type=\"widget\" data-widget_type=\"spacer.default\">\n\t\t\t\t<div class=\"elementor-widget-container\">\n\t\t\t\t\t<div class=\"elementor-spacer\">\n\t\t\t<div class=\"elementor-spacer-inner\"><\/div>\n\t\t<\/div>\n\t\t\t\t<\/div>\n\t\t\t\t<\/div>\n\t\t\t\t\t<\/div>\n\t\t<\/div>\n\t\t\t\t\t<\/div>\n\t\t<\/section>\n\t\t\t\t<section class=\"elementor-section elementor-top-section elementor-element elementor-element-020c955 animated-slow elementor-section-full_width elementor-section-height-default elementor-section-height-default elementor-invisible\" data-id=\"020c955\" data-element_type=\"section\" data-settings=\"{&quot;background_background&quot;:&quot;classic&quot;,&quot;animation&quot;:&quot;fadeInUp&quot;}\">\n\t\t\t\t\t\t\t<div class=\"elementor-background-overlay\"><\/div>\n\t\t\t\t\t\t\t<div class=\"elementor-container elementor-column-gap-default\">\n\t\t\t\t\t<div class=\"elementor-column elementor-col-33 elementor-top-column elementor-element elementor-element-aa4d608\" data-id=\"aa4d608\" data-element_type=\"column\">\n\t\t\t<div class=\"elementor-widget-wrap elementor-element-populated\">\n\t\t\t\t\t\t<div class=\"elementor-element elementor-element-a2dacdc elementor-widget elementor-widget-image\" data-id=\"a2dacdc\" data-element_type=\"widget\" data-widget_type=\"image.default\">\n\t\t\t\t<div class=\"elementor-widget-container\">\n\t\t\t\t\t\t\t\t\t\t\t\t\t<img loading=\"lazy\" decoding=\"async\" width=\"800\" height=\"800\" src=\"https:\/\/www.personasyciudad.es\/wp-content\/uploads\/2023\/04\/Cuanto2.png\" class=\"attachment-large size-large wp-image-5203\" alt=\"\" srcset=\"https:\/\/www.personasyciudad.es\/wp-content\/uploads\/2023\/04\/Cuanto2.png 800w, https:\/\/www.personasyciudad.es\/wp-content\/uploads\/2023\/04\/Cuanto2-300x300.png 300w, https:\/\/www.personasyciudad.es\/wp-content\/uploads\/2023\/04\/Cuanto2-150x150.png 150w, https:\/\/www.personasyciudad.es\/wp-content\/uploads\/2023\/04\/Cuanto2-768x768.png 768w, https:\/\/www.personasyciudad.es\/wp-content\/uploads\/2023\/04\/Cuanto2-600x600.png 600w, https:\/\/www.personasyciudad.es\/wp-content\/uploads\/2023\/04\/Cuanto2-350x350.png 350w\" sizes=\"(max-width: 800px) 100vw, 800px\" \/>\t\t\t\t\t\t\t\t\t\t\t\t\t<\/div>\n\t\t\t\t<\/div>\n\t\t\t\t<div class=\"elementor-element elementor-element-f5d8c2a elementor-widget elementor-widget-heading\" data-id=\"f5d8c2a\" data-element_type=\"widget\" data-widget_type=\"heading.default\">\n\t\t\t\t<div class=\"elementor-widget-container\">\n\t\t\t<h2 class=\"elementor-heading-title elementor-size-xl\"><b>Qu\u00e8 costa el servei?<\/b><\/h2>\t\t<\/div>\n\t\t\t\t<\/div>\n\t\t\t\t<div class=\"elementor-element elementor-element-4964874 elementor-widget elementor-widget-text-editor\" data-id=\"4964874\" data-element_type=\"widget\" data-widget_type=\"text-editor.default\">\n\t\t\t\t<div class=\"elementor-widget-container\">\n\t\t\t\t\t\t\t<p>El cost del servei es determinar\u00e0 en funci\u00f3 de la valoraci\u00f3 del grau de depend\u00e8ncia.<\/p>\n\t\t\t\t\t\t<\/div>\n\t\t\t\t<\/div>\n\t\t\t\t\t<\/div>\n\t\t<\/div>\n\t\t\t\t<div class=\"elementor-column elementor-col-33 elementor-top-column elementor-element elementor-element-b873215\" data-id=\"b873215\" data-element_type=\"column\">\n\t\t\t<div class=\"elementor-widget-wrap elementor-element-populated\">\n\t\t\t\t\t\t<div class=\"elementor-element elementor-element-201116d elementor-widget elementor-widget-image\" data-id=\"201116d\" data-element_type=\"widget\" data-widget_type=\"image.default\">\n\t\t\t\t<div class=\"elementor-widget-container\">\n\t\t\t\t\t\t\t\t\t\t\t\t\t<img loading=\"lazy\" decoding=\"async\" width=\"800\" height=\"800\" src=\"https:\/\/www.personasyciudad.es\/wp-content\/uploads\/2023\/04\/Info2_2.png\" class=\"attachment-full size-full wp-image-5204\" alt=\"\" srcset=\"https:\/\/www.personasyciudad.es\/wp-content\/uploads\/2023\/04\/Info2_2.png 800w, https:\/\/www.personasyciudad.es\/wp-content\/uploads\/2023\/04\/Info2_2-300x300.png 300w, https:\/\/www.personasyciudad.es\/wp-content\/uploads\/2023\/04\/Info2_2-150x150.png 150w, https:\/\/www.personasyciudad.es\/wp-content\/uploads\/2023\/04\/Info2_2-768x768.png 768w, https:\/\/www.personasyciudad.es\/wp-content\/uploads\/2023\/04\/Info2_2-600x600.png 600w, https:\/\/www.personasyciudad.es\/wp-content\/uploads\/2023\/04\/Info2_2-350x350.png 350w\" sizes=\"(max-width: 800px) 100vw, 800px\" \/>\t\t\t\t\t\t\t\t\t\t\t\t\t<\/div>\n\t\t\t\t<\/div>\n\t\t\t\t<div class=\"elementor-element elementor-element-3e30e59 elementor-widget elementor-widget-heading\" data-id=\"3e30e59\" data-element_type=\"widget\" data-widget_type=\"heading.default\">\n\t\t\t\t<div class=\"elementor-widget-container\">\n\t\t\t<h2 class=\"elementor-heading-title elementor-size-xl\"><b>Qu\u00e8 cal per comen\u00e7ar a prestar el servei?<\/b><\/h2>\t\t<\/div>\n\t\t\t\t<\/div>\n\t\t\t\t<div class=\"elementor-element elementor-element-8a21d7d elementor-widget elementor-widget-text-editor\" data-id=\"8a21d7d\" data-element_type=\"widget\" data-widget_type=\"text-editor.default\">\n\t\t\t\t<div class=\"elementor-widget-container\">\n\t\t\t\t\t\t\t<p>Un cop informat de la concessi\u00f3 de lajuda el beneficiari sha de posar en contacte amb lempresa homologada per redactar un precontracte, pas previ per a la resoluci\u00f3 final i obtenci\u00f3 de la prestaci\u00f3 econ\u00f2mica.<\/p>\n\t\t\t\t\t\t<\/div>\n\t\t\t\t<\/div>\n\t\t\t\t\t<\/div>\n\t\t<\/div>\n\t\t\t\t<div class=\"elementor-column elementor-col-33 elementor-top-column elementor-element elementor-element-94452a2\" data-id=\"94452a2\" data-element_type=\"column\">\n\t\t\t<div class=\"elementor-widget-wrap elementor-element-populated\">\n\t\t\t\t\t\t<div class=\"elementor-element elementor-element-f6e5dca elementor-widget elementor-widget-image\" data-id=\"f6e5dca\" data-element_type=\"widget\" data-widget_type=\"image.default\">\n\t\t\t\t<div class=\"elementor-widget-container\">\n\t\t\t\t\t\t\t\t\t\t\t\t\t<img loading=\"lazy\" decoding=\"async\" width=\"800\" height=\"800\" src=\"https:\/\/www.personasyciudad.es\/wp-content\/uploads\/2023\/04\/Cuando2.png\" class=\"attachment-large size-large wp-image-5202\" alt=\"\" srcset=\"https:\/\/www.personasyciudad.es\/wp-content\/uploads\/2023\/04\/Cuando2.png 800w, https:\/\/www.personasyciudad.es\/wp-content\/uploads\/2023\/04\/Cuando2-300x300.png 300w, https:\/\/www.personasyciudad.es\/wp-content\/uploads\/2023\/04\/Cuando2-150x150.png 150w, https:\/\/www.personasyciudad.es\/wp-content\/uploads\/2023\/04\/Cuando2-768x768.png 768w, https:\/\/www.personasyciudad.es\/wp-content\/uploads\/2023\/04\/Cuando2-600x600.png 600w, https:\/\/www.personasyciudad.es\/wp-content\/uploads\/2023\/04\/Cuando2-350x350.png 350w\" sizes=\"(max-width: 800px) 100vw, 800px\" \/>\t\t\t\t\t\t\t\t\t\t\t\t\t<\/div>\n\t\t\t\t<\/div>\n\t\t\t\t<div class=\"elementor-element elementor-element-343b6c0 elementor-widget elementor-widget-heading\" data-id=\"343b6c0\" data-element_type=\"widget\" data-widget_type=\"heading.default\">\n\t\t\t\t<div class=\"elementor-widget-container\">\n\t\t\t<h2 class=\"elementor-heading-title elementor-size-xl\"><b>Quan sol\u00b7licitar-ho?<\/b><\/h2>\t\t<\/div>\n\t\t\t\t<\/div>\n\t\t\t\t<div class=\"elementor-element elementor-element-e4c3eea elementor-widget elementor-widget-text-editor\" data-id=\"e4c3eea\" data-element_type=\"widget\" data-widget_type=\"text-editor.default\">\n\t\t\t\t<div class=\"elementor-widget-container\">\n\t\t\t\t\t\t\t<p>Al llarg de tot l\u00b4any.<\/p>\n\t\t\t\t\t\t<\/div>\n\t\t\t\t<\/div>\n\t\t\t\t\t<\/div>\n\t\t<\/div>\n\t\t\t\t\t<\/div>\n\t\t<\/section>\n\t\t\t\t<section class=\"elementor-section elementor-top-section elementor-element elementor-element-60034ef animated-slow elementor-section-boxed elementor-section-height-default elementor-section-height-default elementor-invisible\" data-id=\"60034ef\" data-element_type=\"section\" data-settings=\"{&quot;animation&quot;:&quot;fadeInUp&quot;}\">\n\t\t\t\t\t\t<div class=\"elementor-container elementor-column-gap-default\">\n\t\t\t\t\t<div class=\"elementor-column elementor-col-100 elementor-top-column elementor-element elementor-element-8ad1893\" data-id=\"8ad1893\" data-element_type=\"column\">\n\t\t\t<div class=\"elementor-widget-wrap elementor-element-populated\">\n\t\t\t\t\t\t<div class=\"elementor-element elementor-element-fc34fff elementor-widget elementor-widget-spacer\" data-id=\"fc34fff\" data-element_type=\"widget\" data-widget_type=\"spacer.default\">\n\t\t\t\t<div class=\"elementor-widget-container\">\n\t\t\t\t\t<div class=\"elementor-spacer\">\n\t\t\t<div class=\"elementor-spacer-inner\"><\/div>\n\t\t<\/div>\n\t\t\t\t<\/div>\n\t\t\t\t<\/div>\n\t\t\t\t<div class=\"elementor-element elementor-element-a9014a2 elementor-widget elementor-widget-heading\" data-id=\"a9014a2\" data-element_type=\"widget\" data-widget_type=\"heading.default\">\n\t\t\t\t<div class=\"elementor-widget-container\">\n\t\t\t<h2 class=\"elementor-heading-title elementor-size-xl\"><b>Com contactar amb l'empresa?<\/b><\/h2>\t\t<\/div>\n\t\t\t\t<\/div>\n\t\t\t\t<div class=\"elementor-element elementor-element-007f87f elementor-widget elementor-widget-text-editor\" data-id=\"007f87f\" data-element_type=\"widget\" data-widget_type=\"text-editor.default\">\n\t\t\t\t<div class=\"elementor-widget-container\">\n\t\t\t\t\t\t\t<p>Enviant un email a l&#8217;adre\u00e7a <a style=\"color:#006024\" href=\"mailto:sad@personasyciudad.es\">sad@personasyciudad.es<\/a> o b\u00e9 trucant al <a style=\"color:#006024\" href=\"tel:965%2093%2092%2024\">965 93 92 24<\/a> y\/o al <a style=\"color:#006024\" href=\"tel:661%2046%2083%2008\">661 46 83 08<\/a>.<\/p>\n\t\t\t\t\t\t<\/div>\n\t\t\t\t<\/div>\n\t\t\t\t<div class=\"elementor-element elementor-element-ab840f6 elementor-widget elementor-widget-spacer\" data-id=\"ab840f6\" data-element_type=\"widget\" data-widget_type=\"spacer.default\">\n\t\t\t\t<div class=\"elementor-widget-container\">\n\t\t\t\t\t<div class=\"elementor-spacer\">\n\t\t\t<div class=\"elementor-spacer-inner\"><\/div>\n\t\t<\/div>\n\t\t\t\t<\/div>\n\t\t\t\t<\/div>\n\t\t\t\t<div class=\"elementor-element elementor-element-0d1e5ee elementor-widget elementor-widget-text-editor\" data-id=\"0d1e5ee\" data-element_type=\"widget\" data-widget_type=\"text-editor.default\">\n\t\t\t\t<div class=\"elementor-widget-container\">\n\t\t\t\t\t\t\t<p>Des Personas y Ciudad S.A.U. us assessorem i acompanyem durant tot el proc\u00e9s per tal d&#8217;aclarir dubtes i facilitar els tr\u00e0mits.<\/p>\n\t\t\t\t\t\t<\/div>\n\t\t\t\t<\/div>\n\t\t\t\t<div class=\"elementor-element elementor-element-bb28cb8 elementor-widget elementor-widget-image\" data-id=\"bb28cb8\" data-element_type=\"widget\" data-widget_type=\"image.default\">\n\t\t\t\t<div class=\"elementor-widget-container\">\n\t\t\t\t\t\t\t\t\t\t\t\t\t<img loading=\"lazy\" decoding=\"async\" width=\"940\" height=\"302\" src=\"https:\/\/www.personasyciudad.es\/wp-content\/uploads\/2025\/05\/ICONOS_1-1024x329.png\" class=\"attachment-large size-large wp-image-5187\" alt=\"\" srcset=\"https:\/\/www.personasyciudad.es\/wp-content\/uploads\/2025\/05\/ICONOS_1-1024x329.png 1024w, https:\/\/www.personasyciudad.es\/wp-content\/uploads\/2025\/05\/ICONOS_1-300x96.png 300w, https:\/\/www.personasyciudad.es\/wp-content\/uploads\/2025\/05\/ICONOS_1-768x246.png 768w, https:\/\/www.personasyciudad.es\/wp-content\/uploads\/2025\/05\/ICONOS_1-1536x493.png 1536w, https:\/\/www.personasyciudad.es\/wp-content\/uploads\/2025\/05\/ICONOS_1-2048x657.png 2048w\" sizes=\"(max-width: 940px) 100vw, 940px\" \/>\t\t\t\t\t\t\t\t\t\t\t\t\t<\/div>\n\t\t\t\t<\/div>\n\t\t\t\t<div class=\"elementor-element elementor-element-436937b elementor-widget elementor-widget-spacer\" data-id=\"436937b\" data-element_type=\"widget\" data-widget_type=\"spacer.default\">\n\t\t\t\t<div class=\"elementor-widget-container\">\n\t\t\t\t\t<div class=\"elementor-spacer\">\n\t\t\t<div class=\"elementor-spacer-inner\"><\/div>\n\t\t<\/div>\n\t\t\t\t<\/div>\n\t\t\t\t<\/div>\n\t\t\t\t\t<\/div>\n\t\t<\/div>\n\t\t\t\t\t<\/div>\n\t\t<\/section>\n\t\t\t\t<section class=\"elementor-section elementor-top-section elementor-element elementor-element-085a66d animated-slow elementor-section-boxed elementor-section-height-default elementor-section-height-default elementor-invisible\" data-id=\"085a66d\" data-element_type=\"section\" data-settings=\"{&quot;animation&quot;:&quot;fadeInUp&quot;}\">\n\t\t\t\t\t\t<div class=\"elementor-container elementor-column-gap-default\">\n\t\t\t\t\t<div class=\"elementor-column elementor-col-100 elementor-top-column elementor-element elementor-element-bd46038\" data-id=\"bd46038\" data-element_type=\"column\">\n\t\t\t<div class=\"elementor-widget-wrap elementor-element-populated\">\n\t\t\t\t\t\t<div class=\"elementor-element elementor-element-d161fcb elementor-widget elementor-widget-heading\" data-id=\"d161fcb\" data-element_type=\"widget\" data-widget_type=\"heading.default\">\n\t\t\t\t<div class=\"elementor-widget-container\">\n\t\t\t<h2 class=\"elementor-heading-title elementor-size-xl\"><b>Galeria de fotos<\/b><\/h2>\t\t<\/div>\n\t\t\t\t<\/div>\n\t\t\t\t<div class=\"elementor-element elementor-element-021cda3 elementor-arrows-position-inside elementor-pagination-position-outside elementor-widget elementor-widget-image-carousel\" data-id=\"021cda3\" data-element_type=\"widget\" data-settings=\"{&quot;autoplay_speed&quot;:7000,&quot;speed&quot;:700,&quot;slides_to_show&quot;:&quot;4&quot;,&quot;slides_to_scroll&quot;:&quot;1&quot;,&quot;lazyload&quot;:&quot;yes&quot;,&quot;navigation&quot;:&quot;both&quot;,&quot;autoplay&quot;:&quot;yes&quot;,&quot;pause_on_hover&quot;:&quot;yes&quot;,&quot;pause_on_interaction&quot;:&quot;yes&quot;,&quot;infinite&quot;:&quot;yes&quot;}\" data-widget_type=\"image-carousel.default\">\n\t\t\t\t<div class=\"elementor-widget-container\">\n\t\t\t<style>\/*! elementor - v3.23.0 - 05-08-2024 *\/\n.elementor-widget-image-carousel .swiper,.elementor-widget-image-carousel .swiper-container{position:static}.elementor-widget-image-carousel .swiper-container .swiper-slide figure,.elementor-widget-image-carousel .swiper .swiper-slide figure{line-height:inherit}.elementor-widget-image-carousel .swiper-slide{text-align:center}.elementor-image-carousel-wrapper:not(.swiper-container-initialized):not(.swiper-initialized) .swiper-slide{max-width:calc(100% \/ var(--e-image-carousel-slides-to-show, 3))}<\/style>\t\t<div class=\"elementor-image-carousel-wrapper swiper\" dir=\"ltr\">\n\t\t\t<div class=\"elementor-image-carousel swiper-wrapper\" aria-live=\"off\">\n\t\t\t\t\t\t\t\t<div class=\"swiper-slide\" role=\"group\" aria-roledescription=\"slide\" aria-label=\"1 of 11\"><figure class=\"swiper-slide-inner\"><img class=\"swiper-slide-image swiper-lazy\" data-src=\"https:\/\/www.personasyciudad.es\/wp-content\/uploads\/2023\/04\/IMG-20230328-WA0010-300x300.jpg\" alt=\"IMG-20230328-WA0010\" \/><div class=\"swiper-lazy-preloader\"><\/div><\/figure><\/div><div class=\"swiper-slide\" role=\"group\" aria-roledescription=\"slide\" aria-label=\"2 of 11\"><figure class=\"swiper-slide-inner\"><img class=\"swiper-slide-image swiper-lazy\" data-src=\"https:\/\/www.personasyciudad.es\/wp-content\/uploads\/2023\/04\/IMG-20230324-WA0013-135x300.jpg\" alt=\"IMG-20230324-WA0013\" \/><div class=\"swiper-lazy-preloader\"><\/div><\/figure><\/div><div class=\"swiper-slide\" role=\"group\" aria-roledescription=\"slide\" aria-label=\"3 of 11\"><figure class=\"swiper-slide-inner\"><img class=\"swiper-slide-image swiper-lazy\" data-src=\"https:\/\/www.personasyciudad.es\/wp-content\/uploads\/2023\/04\/IMG-20230324-WA0016-225x300.jpg\" alt=\"IMG-20230324-WA0016\" \/><div class=\"swiper-lazy-preloader\"><\/div><\/figure><\/div><div class=\"swiper-slide\" role=\"group\" aria-roledescription=\"slide\" aria-label=\"4 of 11\"><figure class=\"swiper-slide-inner\"><img class=\"swiper-slide-image swiper-lazy\" data-src=\"https:\/\/www.personasyciudad.es\/wp-content\/uploads\/2023\/04\/IMG-20230324-WA0019-225x300.jpg\" alt=\"IMG-20230324-WA0019\" \/><div class=\"swiper-lazy-preloader\"><\/div><\/figure><\/div><div class=\"swiper-slide\" role=\"group\" aria-roledescription=\"slide\" aria-label=\"5 of 11\"><figure class=\"swiper-slide-inner\"><img class=\"swiper-slide-image swiper-lazy\" data-src=\"https:\/\/www.personasyciudad.es\/wp-content\/uploads\/2023\/04\/IMG-20230324-WA0021-225x300.jpg\" alt=\"IMG-20230324-WA0021\" \/><div class=\"swiper-lazy-preloader\"><\/div><\/figure><\/div><div class=\"swiper-slide\" role=\"group\" aria-roledescription=\"slide\" aria-label=\"6 of 11\"><figure class=\"swiper-slide-inner\"><img class=\"swiper-slide-image swiper-lazy\" data-src=\"https:\/\/www.personasyciudad.es\/wp-content\/uploads\/2023\/04\/IMG-20230324-WA0034-169x300.jpg\" alt=\"IMG-20230324-WA0034\" \/><div class=\"swiper-lazy-preloader\"><\/div><\/figure><\/div><div class=\"swiper-slide\" role=\"group\" aria-roledescription=\"slide\" aria-label=\"7 of 11\"><figure class=\"swiper-slide-inner\"><img class=\"swiper-slide-image swiper-lazy\" data-src=\"https:\/\/www.personasyciudad.es\/wp-content\/uploads\/2023\/04\/IMG-20230324-WA0035-225x300.jpg\" alt=\"IMG-20230324-WA0035\" \/><div class=\"swiper-lazy-preloader\"><\/div><\/figure><\/div><div class=\"swiper-slide\" role=\"group\" aria-roledescription=\"slide\" aria-label=\"8 of 11\"><figure class=\"swiper-slide-inner\"><img class=\"swiper-slide-image swiper-lazy\" data-src=\"https:\/\/www.personasyciudad.es\/wp-content\/uploads\/2023\/04\/IMG-20230324-WA0039-148x300.jpg\" alt=\"IMG-20230324-WA0039\" \/><div class=\"swiper-lazy-preloader\"><\/div><\/figure><\/div><div class=\"swiper-slide\" role=\"group\" aria-roledescription=\"slide\" aria-label=\"9 of 11\"><figure class=\"swiper-slide-inner\"><img class=\"swiper-slide-image swiper-lazy\" data-src=\"https:\/\/www.personasyciudad.es\/wp-content\/uploads\/2023\/04\/IMG-20230327-WA0017-135x300.jpg\" alt=\"IMG-20230327-WA0017\" \/><div class=\"swiper-lazy-preloader\"><\/div><\/figure><\/div><div class=\"swiper-slide\" role=\"group\" aria-roledescription=\"slide\" aria-label=\"10 of 11\"><figure class=\"swiper-slide-inner\"><img class=\"swiper-slide-image swiper-lazy\" data-src=\"https:\/\/www.personasyciudad.es\/wp-content\/uploads\/2023\/04\/IMG-20230327-WA0018-135x300.jpg\" alt=\"IMG-20230327-WA0018\" \/><div class=\"swiper-lazy-preloader\"><\/div><\/figure><\/div><div class=\"swiper-slide\" role=\"group\" aria-roledescription=\"slide\" aria-label=\"11 of 11\"><figure class=\"swiper-slide-inner\"><img class=\"swiper-slide-image swiper-lazy\" data-src=\"https:\/\/www.personasyciudad.es\/wp-content\/uploads\/2023\/05\/foto_mila_sad-3-203x300.jpg\" alt=\"foto_mila_sad 3\" \/><div class=\"swiper-lazy-preloader\"><\/div><\/figure><\/div>\t\t\t<\/div>\n\t\t\t\t\t\t\t\t\t\t\t\t<div class=\"elementor-swiper-button elementor-swiper-button-prev\" role=\"button\" tabindex=\"0\">\n\t\t\t\t\t\t<i aria-hidden=\"true\" class=\"eicon-chevron-left\"><\/i>\t\t\t\t\t<\/div>\n\t\t\t\t\t<div class=\"elementor-swiper-button elementor-swiper-button-next\" role=\"button\" tabindex=\"0\">\n\t\t\t\t\t\t<i aria-hidden=\"true\" class=\"eicon-chevron-right\"><\/i>\t\t\t\t\t<\/div>\n\t\t\t\t\n\t\t\t\t\t\t\t\t\t<div class=\"swiper-pagination\"><\/div>\n\t\t\t\t\t\t\t\t\t<\/div>\n\t\t\t\t<\/div>\n\t\t\t\t<\/div>\n\t\t\t\t<div class=\"elementor-element elementor-element-f3357bb elementor-widget elementor-widget-image\" data-id=\"f3357bb\" data-element_type=\"widget\" data-widget_type=\"image.default\">\n\t\t\t\t<div class=\"elementor-widget-container\">\n\t\t\t\t\t\t\t\t\t\t\t\t\t<img loading=\"lazy\" decoding=\"async\" width=\"940\" height=\"529\" src=\"https:\/\/www.personasyciudad.es\/wp-content\/uploads\/2023\/05\/J23-Personas-Ciudad-196-1024x576.jpg\" class=\"attachment-large size-large wp-image-5307\" alt=\"\" srcset=\"https:\/\/www.personasyciudad.es\/wp-content\/uploads\/2023\/05\/J23-Personas-Ciudad-196-1024x576.jpg 1024w, https:\/\/www.personasyciudad.es\/wp-content\/uploads\/2023\/05\/J23-Personas-Ciudad-196-300x169.jpg 300w, https:\/\/www.personasyciudad.es\/wp-content\/uploads\/2023\/05\/J23-Personas-Ciudad-196-768x432.jpg 768w, https:\/\/www.personasyciudad.es\/wp-content\/uploads\/2023\/05\/J23-Personas-Ciudad-196-1536x864.jpg 1536w, https:\/\/www.personasyciudad.es\/wp-content\/uploads\/2023\/05\/J23-Personas-Ciudad-196.jpg 1920w\" sizes=\"(max-width: 940px) 100vw, 940px\" \/>\t\t\t\t\t\t\t\t\t\t\t\t\t<\/div>\n\t\t\t\t<\/div>\n\t\t\t\t<div class=\"elementor-element elementor-element-a39dad6 elementor-widget elementor-widget-spacer\" data-id=\"a39dad6\" data-element_type=\"widget\" data-widget_type=\"spacer.default\">\n\t\t\t\t<div class=\"elementor-widget-container\">\n\t\t\t\t\t<div class=\"elementor-spacer\">\n\t\t\t<div class=\"elementor-spacer-inner\"><\/div>\n\t\t<\/div>\n\t\t\t\t<\/div>\n\t\t\t\t<\/div>\n\t\t\t\t\t<\/div>\n\t\t<\/div>\n\t\t\t\t\t<\/div>\n\t\t<\/section>\n\t\t\t\t<\/div>\n\t\t","protected":false},"excerpt":{"rendered":"<p>AJUDA DOMICILI\u00c0RIAAJUDA DOMICILI\u00c0RIA Servei d&#8217;Ajuda a Domicili Municipal El servei d&#8217;Ajuda a Domicili \u00e9s una prestaci\u00f3 b\u00e0sica de Serveis Socials Generals, inserida en una pol\u00edtica de Benestar Social que pret\u00e9n facilitar a les persones ancianes i\/o persones amb discapacitat, aix\u00ed com a fam\u00edlies amb grans dificultats per valdre&#8217;s per si mateixos, una s\u00e8rie d&#8217;atencions i [&hellip;]<\/p>\n","protected":false},"author":3,"featured_media":0,"parent":0,"menu_order":0,"comment_status":"closed","ping_status":"closed","template":"","meta":{"footnotes":""},"class_list":["post-5565","page","type-page","status-publish","hentry"],"yoast_head":"<!-- This site is optimized with the Yoast SEO plugin v27.4 - https:\/\/yoast.com\/product\/yoast-seo-wordpress\/ -->\n<title>\u25b7 Ajuda a Domicili a persones en situaci\u00f3 de Depend\u00e8ncia<\/title>\n<meta name=\"description\" content=\"Brindem ajuda domicili\u00e0ria a persones dependents. Atenci\u00f3 personal, social i rehabilitadora per a una vida quotidiana plena. Descobriu m\u00e9s aqu\u00ed!\" \/>\n<meta name=\"robots\" content=\"index, follow, max-snippet:-1, max-image-preview:large, max-video-preview:-1\" \/>\n<link rel=\"canonical\" href=\"https:\/\/www.personasyciudad.es\/ayuda-domicilio-personas-dependencia\/\" \/>\n<meta property=\"og:locale\" content=\"ca_ES\" \/>\n<meta property=\"og:type\" content=\"article\" \/>\n<meta property=\"og:title\" content=\"\u25b7 Ajuda a Domicili a persones en situaci\u00f3 de Depend\u00e8ncia\" \/>\n<meta property=\"og:description\" content=\"Brindem ajuda domicili\u00e0ria a persones dependents. Atenci\u00f3 personal, social i rehabilitadora per a una vida quotidiana plena. Descobriu m\u00e9s aqu\u00ed!\" \/>\n<meta property=\"og:url\" content=\"https:\/\/www.personasyciudad.es\/ayuda-domicilio-personas-dependencia\/\" \/>\n<meta property=\"og:site_name\" content=\"Personas y Ciudad\" \/>\n<meta property=\"article:modified_time\" content=\"2025-11-18T13:21:46+00:00\" \/>\n<meta property=\"og:image\" content=\"https:\/\/www.personasyciudad.es\/wp-content\/uploads\/2023\/04\/Servicio-de-Ayuda-a-Domicilio-Municipal.jpg\" \/>\n\t<meta property=\"og:image:width\" content=\"1200\" \/>\n\t<meta property=\"og:image:height\" content=\"800\" \/>\n\t<meta property=\"og:image:type\" content=\"image\/jpeg\" \/>\n<meta name=\"twitter:card\" content=\"summary_large_image\" \/>\n<meta name=\"twitter:label1\" content=\"Est. reading time\" \/>\n\t<meta name=\"twitter:data1\" content=\"4 minutes\" \/>\n<script type=\"application\/ld+json\" class=\"yoast-schema-graph\">{\"@context\":\"https:\\\/\\\/schema.org\",\"@graph\":[{\"@type\":\"WebPage\",\"@id\":\"https:\\\/\\\/www.personasyciudad.es\\\/ayuda-domicilio-personas-dependencia\\\/\",\"url\":\"https:\\\/\\\/www.personasyciudad.es\\\/ayuda-domicilio-personas-dependencia\\\/\",\"name\":\"\u25b7 Ajuda a Domicili a persones en situaci\u00f3 de Depend\u00e8ncia\",\"isPartOf\":{\"@id\":\"https:\\\/\\\/www.personasyciudad.es\\\/#website\"},\"primaryImageOfPage\":{\"@id\":\"https:\\\/\\\/www.personasyciudad.es\\\/ayuda-domicilio-personas-dependencia\\\/#primaryimage\"},\"image\":{\"@id\":\"https:\\\/\\\/www.personasyciudad.es\\\/ayuda-domicilio-personas-dependencia\\\/#primaryimage\"},\"thumbnailUrl\":\"https:\\\/\\\/www.personasyciudad.es\\\/wp-content\\\/uploads\\\/2023\\\/04\\\/Servicio-de-Ayuda-a-Domicilio-Municipal-1024x683.jpg\",\"datePublished\":\"2023-04-24T09:26:47+00:00\",\"dateModified\":\"2025-11-18T13:21:46+00:00\",\"description\":\"Brindem ajuda domicili\u00e0ria a persones dependents. Atenci\u00f3 personal, social i rehabilitadora per a una vida quotidiana plena. Descobriu m\u00e9s aqu\u00ed!\",\"breadcrumb\":{\"@id\":\"https:\\\/\\\/www.personasyciudad.es\\\/ayuda-domicilio-personas-dependencia\\\/#breadcrumb\"},\"inLanguage\":\"ca-ES\",\"potentialAction\":[{\"@type\":\"ReadAction\",\"target\":[\"https:\\\/\\\/www.personasyciudad.es\\\/ayuda-domicilio-personas-dependencia\\\/\"]}]},{\"@type\":\"ImageObject\",\"inLanguage\":\"ca-ES\",\"@id\":\"https:\\\/\\\/www.personasyciudad.es\\\/ayuda-domicilio-personas-dependencia\\\/#primaryimage\",\"url\":\"https:\\\/\\\/www.personasyciudad.es\\\/wp-content\\\/uploads\\\/2023\\\/04\\\/Servicio-de-Ayuda-a-Domicilio-Municipal-1024x683.jpg\",\"contentUrl\":\"https:\\\/\\\/www.personasyciudad.es\\\/wp-content\\\/uploads\\\/2023\\\/04\\\/Servicio-de-Ayuda-a-Domicilio-Municipal-1024x683.jpg\"},{\"@type\":\"BreadcrumbList\",\"@id\":\"https:\\\/\\\/www.personasyciudad.es\\\/ayuda-domicilio-personas-dependencia\\\/#breadcrumb\",\"itemListElement\":[{\"@type\":\"ListItem\",\"position\":1,\"name\":\"Portada\",\"item\":\"https:\\\/\\\/www.personasyciudad.es\\\/\"},{\"@type\":\"ListItem\",\"position\":2,\"name\":\"SAD i Depend\u00e8ncia\"}]},{\"@type\":\"WebSite\",\"@id\":\"https:\\\/\\\/www.personasyciudad.es\\\/#website\",\"url\":\"https:\\\/\\\/www.personasyciudad.es\\\/\",\"name\":\"Personas y Ciudad\",\"description\":\"Actividades del Ayuntamiento de Sant Joan d\u2019Alacant\",\"publisher\":{\"@id\":\"https:\\\/\\\/www.personasyciudad.es\\\/#organization\"},\"potentialAction\":[{\"@type\":\"SearchAction\",\"target\":{\"@type\":\"EntryPoint\",\"urlTemplate\":\"https:\\\/\\\/www.personasyciudad.es\\\/?s={search_term_string}\"},\"query-input\":{\"@type\":\"PropertyValueSpecification\",\"valueRequired\":true,\"valueName\":\"search_term_string\"}}],\"inLanguage\":\"ca-ES\"},{\"@type\":\"Organization\",\"@id\":\"https:\\\/\\\/www.personasyciudad.es\\\/#organization\",\"name\":\"personas y ciudad\",\"url\":\"https:\\\/\\\/www.personasyciudad.es\\\/\",\"logo\":{\"@type\":\"ImageObject\",\"inLanguage\":\"ca-ES\",\"@id\":\"https:\\\/\\\/www.personasyciudad.es\\\/#\\\/schema\\\/logo\\\/image\\\/\",\"url\":\"https:\\\/\\\/www.personasyciudad.es\\\/wp-content\\\/uploads\\\/2023\\\/04\\\/logo_positivo.png\",\"contentUrl\":\"https:\\\/\\\/www.personasyciudad.es\\\/wp-content\\\/uploads\\\/2023\\\/04\\\/logo_positivo.png\",\"width\":500,\"height\":510,\"caption\":\"personas y ciudad\"},\"image\":{\"@id\":\"https:\\\/\\\/www.personasyciudad.es\\\/#\\\/schema\\\/logo\\\/image\\\/\"}}]}<\/script>\n<!-- \/ Yoast SEO plugin. -->","yoast_head_json":{"title":"\u25b7 Ajuda a Domicili a persones en situaci\u00f3 de Depend\u00e8ncia","description":"Brindem ajuda domicili\u00e0ria a persones dependents. Atenci\u00f3 personal, social i rehabilitadora per a una vida quotidiana plena. Descobriu m\u00e9s aqu\u00ed!","robots":{"index":"index","follow":"follow","max-snippet":"max-snippet:-1","max-image-preview":"max-image-preview:large","max-video-preview":"max-video-preview:-1"},"canonical":"https:\/\/www.personasyciudad.es\/ayuda-domicilio-personas-dependencia\/","og_locale":"ca_ES","og_type":"article","og_title":"\u25b7 Ajuda a Domicili a persones en situaci\u00f3 de Depend\u00e8ncia","og_description":"Brindem ajuda domicili\u00e0ria a persones dependents. Atenci\u00f3 personal, social i rehabilitadora per a una vida quotidiana plena. Descobriu m\u00e9s aqu\u00ed!","og_url":"https:\/\/www.personasyciudad.es\/ayuda-domicilio-personas-dependencia\/","og_site_name":"Personas y Ciudad","article_modified_time":"2025-11-18T13:21:46+00:00","og_image":[{"width":1200,"height":800,"url":"https:\/\/www.personasyciudad.es\/wp-content\/uploads\/2023\/04\/Servicio-de-Ayuda-a-Domicilio-Municipal.jpg","type":"image\/jpeg"}],"twitter_card":"summary_large_image","twitter_misc":{"Est. reading time":"4 minutes"},"schema":{"@context":"https:\/\/schema.org","@graph":[{"@type":"WebPage","@id":"https:\/\/www.personasyciudad.es\/ayuda-domicilio-personas-dependencia\/","url":"https:\/\/www.personasyciudad.es\/ayuda-domicilio-personas-dependencia\/","name":"\u25b7 Ajuda a Domicili a persones en situaci\u00f3 de Depend\u00e8ncia","isPartOf":{"@id":"https:\/\/www.personasyciudad.es\/#website"},"primaryImageOfPage":{"@id":"https:\/\/www.personasyciudad.es\/ayuda-domicilio-personas-dependencia\/#primaryimage"},"image":{"@id":"https:\/\/www.personasyciudad.es\/ayuda-domicilio-personas-dependencia\/#primaryimage"},"thumbnailUrl":"https:\/\/www.personasyciudad.es\/wp-content\/uploads\/2023\/04\/Servicio-de-Ayuda-a-Domicilio-Municipal-1024x683.jpg","datePublished":"2023-04-24T09:26:47+00:00","dateModified":"2025-11-18T13:21:46+00:00","description":"Brindem ajuda domicili\u00e0ria a persones dependents. Atenci\u00f3 personal, social i rehabilitadora per a una vida quotidiana plena. Descobriu m\u00e9s aqu\u00ed!","breadcrumb":{"@id":"https:\/\/www.personasyciudad.es\/ayuda-domicilio-personas-dependencia\/#breadcrumb"},"inLanguage":"ca-ES","potentialAction":[{"@type":"ReadAction","target":["https:\/\/www.personasyciudad.es\/ayuda-domicilio-personas-dependencia\/"]}]},{"@type":"ImageObject","inLanguage":"ca-ES","@id":"https:\/\/www.personasyciudad.es\/ayuda-domicilio-personas-dependencia\/#primaryimage","url":"https:\/\/www.personasyciudad.es\/wp-content\/uploads\/2023\/04\/Servicio-de-Ayuda-a-Domicilio-Municipal-1024x683.jpg","contentUrl":"https:\/\/www.personasyciudad.es\/wp-content\/uploads\/2023\/04\/Servicio-de-Ayuda-a-Domicilio-Municipal-1024x683.jpg"},{"@type":"BreadcrumbList","@id":"https:\/\/www.personasyciudad.es\/ayuda-domicilio-personas-dependencia\/#breadcrumb","itemListElement":[{"@type":"ListItem","position":1,"name":"Portada","item":"https:\/\/www.personasyciudad.es\/"},{"@type":"ListItem","position":2,"name":"SAD i Depend\u00e8ncia"}]},{"@type":"WebSite","@id":"https:\/\/www.personasyciudad.es\/#website","url":"https:\/\/www.personasyciudad.es\/","name":"Personas y Ciudad","description":"Actividades del Ayuntamiento de Sant Joan d\u2019Alacant","publisher":{"@id":"https:\/\/www.personasyciudad.es\/#organization"},"potentialAction":[{"@type":"SearchAction","target":{"@type":"EntryPoint","urlTemplate":"https:\/\/www.personasyciudad.es\/?s={search_term_string}"},"query-input":{"@type":"PropertyValueSpecification","valueRequired":true,"valueName":"search_term_string"}}],"inLanguage":"ca-ES"},{"@type":"Organization","@id":"https:\/\/www.personasyciudad.es\/#organization","name":"personas y ciudad","url":"https:\/\/www.personasyciudad.es\/","logo":{"@type":"ImageObject","inLanguage":"ca-ES","@id":"https:\/\/www.personasyciudad.es\/#\/schema\/logo\/image\/","url":"https:\/\/www.personasyciudad.es\/wp-content\/uploads\/2023\/04\/logo_positivo.png","contentUrl":"https:\/\/www.personasyciudad.es\/wp-content\/uploads\/2023\/04\/logo_positivo.png","width":500,"height":510,"caption":"personas y ciudad"},"image":{"@id":"https:\/\/www.personasyciudad.es\/#\/schema\/logo\/image\/"}}]}},"_links":{"self":[{"href":"https:\/\/www.personasyciudad.es\/ca-es\/wp-json\/wp\/v2\/pages\/5565","targetHints":{"allow":["GET"]}}],"collection":[{"href":"https:\/\/www.personasyciudad.es\/ca-es\/wp-json\/wp\/v2\/pages"}],"about":[{"href":"https:\/\/www.personasyciudad.es\/ca-es\/wp-json\/wp\/v2\/types\/page"}],"author":[{"embeddable":true,"href":"https:\/\/www.personasyciudad.es\/ca-es\/wp-json\/wp\/v2\/users\/3"}],"replies":[{"embeddable":true,"href":"https:\/\/www.personasyciudad.es\/ca-es\/wp-json\/wp\/v2\/comments?post=5565"}],"version-history":[{"count":5,"href":"https:\/\/www.personasyciudad.es\/ca-es\/wp-json\/wp\/v2\/pages\/5565\/revisions"}],"predecessor-version":[{"id":6510,"href":"https:\/\/www.personasyciudad.es\/ca-es\/wp-json\/wp\/v2\/pages\/5565\/revisions\/6510"}],"wp:attachment":[{"href":"https:\/\/www.personasyciudad.es\/ca-es\/wp-json\/wp\/v2\/media?parent=5565"}],"curies":[{"name":"wp","href":"https:\/\/api.w.org\/{rel}","templated":true}]}}