{"id":5584,"date":"2023-04-18T09:52:19","date_gmt":"2023-04-18T07:52:19","guid":{"rendered":"https:\/\/www.personasyciudad.es\/habitatge\/ajuts-lloguer\/"},"modified":"2025-05-22T12:08:39","modified_gmt":"2025-05-22T10:08:39","slug":"ajuts-lloguer","status":"publish","type":"page","link":"https:\/\/www.personasyciudad.es\/ca-es\/habitatge\/ajuts-lloguer\/","title":{"rendered":"Ajudes Lloguer"},"content":{"rendered":"\t\t<div data-elementor-type=\"wp-page\" data-elementor-id=\"5584\" class=\"elementor elementor-5584 elementor-716\" data-elementor-post-type=\"page\">\n\t\t\t\t\t\t<section class=\"elementor-section elementor-top-section elementor-element elementor-element-e1d0194 elementor-section-full_width elementor-section-stretched animated-slow elementor-section-height-default elementor-section-height-default elementor-invisible\" data-id=\"e1d0194\" data-element_type=\"section\" data-settings=\"{&quot;stretch_section&quot;:&quot;section-stretched&quot;,&quot;animation&quot;:&quot;fadeInUp&quot;}\">\n\t\t\t\t\t\t<div class=\"elementor-container elementor-column-gap-no\">\n\t\t\t\t\t<div class=\"elementor-column elementor-col-100 elementor-top-column elementor-element elementor-element-fd49ff6\" data-id=\"fd49ff6\" data-element_type=\"column\">\n\t\t\t<div class=\"elementor-widget-wrap elementor-element-populated\">\n\t\t\t\t\t\t<div class=\"elementor-element elementor-element-3d3a53a elementor--h-position-center elementor--v-position-middle elementor-arrows-position-inside elementor-pagination-position-inside elementor-widget elementor-widget-slides\" data-id=\"3d3a53a\" data-element_type=\"widget\" data-settings=\"{&quot;transition&quot;:&quot;fade&quot;,&quot;transition_speed&quot;:700,&quot;navigation&quot;:&quot;both&quot;,&quot;infinite&quot;:&quot;yes&quot;}\" data-widget_type=\"slides.default\">\n\t\t\t\t<div class=\"elementor-widget-container\">\n\t\t\t\t\t\t\t<div class=\"elementor-swiper\">\n\t\t\t\t\t<div class=\"elementor-slides-wrapper elementor-main-swiper swiper\" role=\"region\" aria-roledescription=\"carousel\" aria-label=\"Slides\" dir=\"ltr\" data-animation=\"\">\n\t\t\t\t<div class=\"swiper-wrapper elementor-slides\">\n\t\t\t\t\t\t\t\t\t\t<div class=\"elementor-repeater-item-4623e18 swiper-slide\" role=\"group\" aria-roledescription=\"slide\"><div class=\"swiper-slide-bg\" role=\"img\"><\/div><div class=\"elementor-background-overlay\"><\/div><div class=\"swiper-slide-inner\" ><div class=\"swiper-slide-contents\"><div class=\"elementor-slide-heading\">AJUDES LLOGUER<\/div><\/div><\/div><\/div><div class=\"elementor-repeater-item-7cad373 swiper-slide\" role=\"group\" aria-roledescription=\"slide\"><div class=\"swiper-slide-bg\" role=\"img\"><\/div><div class=\"elementor-background-overlay\"><\/div><div class=\"swiper-slide-inner\" ><div class=\"swiper-slide-contents\"><div class=\"elementor-slide-heading\">AJUDES LLOGUER<\/div><\/div><\/div><\/div>\t\t\t\t<\/div>\n\t\t\t\t\t\t\t\t\t\t\t\t\t\t\t<div class=\"elementor-swiper-button elementor-swiper-button-prev\" role=\"button\" tabindex=\"0\" aria-label=\"Previous slide\">\n\t\t\t\t\t\t\t<i aria-hidden=\"true\" class=\"eicon-chevron-left\"><\/i>\t\t\t\t\t\t<\/div>\n\t\t\t\t\t\t<div class=\"elementor-swiper-button elementor-swiper-button-next\" role=\"button\" tabindex=\"0\" aria-label=\"Next slide\">\n\t\t\t\t\t\t\t<i aria-hidden=\"true\" class=\"eicon-chevron-right\"><\/i>\t\t\t\t\t\t<\/div>\n\t\t\t\t\t\t\t\t\t\t\t\t\t\t\t\t<div class=\"swiper-pagination\"><\/div>\n\t\t\t\t\t\t\t\t\t\t\t\t<\/div>\n\t\t\t\t<\/div>\n\t\t\t\t\t\t<\/div>\n\t\t\t\t<\/div>\n\t\t\t\t<div class=\"elementor-element elementor-element-732d505 elementor-widget elementor-widget-spacer\" data-id=\"732d505\" data-element_type=\"widget\" data-widget_type=\"spacer.default\">\n\t\t\t\t<div class=\"elementor-widget-container\">\n\t\t\t<style>\/*! elementor - v3.23.0 - 05-08-2024 *\/\n.elementor-column .elementor-spacer-inner{height:var(--spacer-size)}.e-con{--container-widget-width:100%}.e-con-inner>.elementor-widget-spacer,.e-con>.elementor-widget-spacer{width:var(--container-widget-width,var(--spacer-size));--align-self:var(--container-widget-align-self,initial);--flex-shrink:0}.e-con-inner>.elementor-widget-spacer>.elementor-widget-container,.e-con>.elementor-widget-spacer>.elementor-widget-container{height:100%;width:100%}.e-con-inner>.elementor-widget-spacer>.elementor-widget-container>.elementor-spacer,.e-con>.elementor-widget-spacer>.elementor-widget-container>.elementor-spacer{height:100%}.e-con-inner>.elementor-widget-spacer>.elementor-widget-container>.elementor-spacer>.elementor-spacer-inner,.e-con>.elementor-widget-spacer>.elementor-widget-container>.elementor-spacer>.elementor-spacer-inner{height:var(--container-widget-height,var(--spacer-size))}.e-con-inner>.elementor-widget-spacer.elementor-widget-empty,.e-con>.elementor-widget-spacer.elementor-widget-empty{position:relative;min-height:22px;min-width:22px}.e-con-inner>.elementor-widget-spacer.elementor-widget-empty .elementor-widget-empty-icon,.e-con>.elementor-widget-spacer.elementor-widget-empty .elementor-widget-empty-icon{position:absolute;top:0;bottom:0;left:0;right:0;margin:auto;padding:0;width:22px;height:22px}<\/style>\t\t<div class=\"elementor-spacer\">\n\t\t\t<div class=\"elementor-spacer-inner\"><\/div>\n\t\t<\/div>\n\t\t\t\t<\/div>\n\t\t\t\t<\/div>\n\t\t\t\t\t<\/div>\n\t\t<\/div>\n\t\t\t\t\t<\/div>\n\t\t<\/section>\n\t\t\t\t<section class=\"elementor-section elementor-top-section elementor-element elementor-element-79a930b animated-slow elementor-section-boxed elementor-section-height-default elementor-section-height-default elementor-invisible\" data-id=\"79a930b\" data-element_type=\"section\" data-settings=\"{&quot;animation&quot;:&quot;fadeInUp&quot;}\">\n\t\t\t\t\t\t<div class=\"elementor-container elementor-column-gap-default\">\n\t\t\t\t\t<div class=\"elementor-column elementor-col-100 elementor-top-column elementor-element elementor-element-8ff5102\" data-id=\"8ff5102\" data-element_type=\"column\">\n\t\t\t<div class=\"elementor-widget-wrap elementor-element-populated\">\n\t\t\t\t\t\t<div class=\"elementor-element elementor-element-4c1bfb4 elementor-widget elementor-widget-heading\" data-id=\"4c1bfb4\" data-element_type=\"widget\" data-widget_type=\"heading.default\">\n\t\t\t\t<div class=\"elementor-widget-container\">\n\t\t\t<style>\/*! elementor - v3.23.0 - 05-08-2024 *\/\n.elementor-heading-title{padding:0;margin:0;line-height:1}.elementor-widget-heading .elementor-heading-title[class*=elementor-size-]>a{color:inherit;font-size:inherit;line-height:inherit}.elementor-widget-heading .elementor-heading-title.elementor-size-small{font-size:15px}.elementor-widget-heading .elementor-heading-title.elementor-size-medium{font-size:19px}.elementor-widget-heading .elementor-heading-title.elementor-size-large{font-size:29px}.elementor-widget-heading .elementor-heading-title.elementor-size-xl{font-size:39px}.elementor-widget-heading .elementor-heading-title.elementor-size-xxl{font-size:59px}<\/style><h2 class=\"elementor-heading-title elementor-size-large\">Oferim informaci\u00f3 sobre els ajudes al lloguer que es convoquen i fem la sol\u00b7licitud en nom dels ve\u00efns de Sant Joan d'Alacant.<\/h2>\t\t<\/div>\n\t\t\t\t<\/div>\n\t\t\t\t<div class=\"elementor-element elementor-element-b28bccd elementor-widget elementor-widget-spacer\" data-id=\"b28bccd\" data-element_type=\"widget\" data-widget_type=\"spacer.default\">\n\t\t\t\t<div class=\"elementor-widget-container\">\n\t\t\t\t\t<div class=\"elementor-spacer\">\n\t\t\t<div class=\"elementor-spacer-inner\"><\/div>\n\t\t<\/div>\n\t\t\t\t<\/div>\n\t\t\t\t<\/div>\n\t\t\t\t\t<\/div>\n\t\t<\/div>\n\t\t\t\t\t<\/div>\n\t\t<\/section>\n\t\t\t\t<section class=\"elementor-section elementor-top-section elementor-element elementor-element-1b074f8 animated-slow elementor-section-boxed elementor-section-height-default elementor-section-height-default elementor-invisible\" data-id=\"1b074f8\" data-element_type=\"section\" data-settings=\"{&quot;background_background&quot;:&quot;classic&quot;,&quot;animation&quot;:&quot;fadeInUp&quot;}\">\n\t\t\t\t\t\t<div class=\"elementor-container elementor-column-gap-default\">\n\t\t\t\t\t<div class=\"elementor-column elementor-col-25 elementor-top-column elementor-element elementor-element-6ad2f27\" data-id=\"6ad2f27\" data-element_type=\"column\">\n\t\t\t<div class=\"elementor-widget-wrap elementor-element-populated\">\n\t\t\t\t\t\t<div class=\"elementor-element elementor-element-f342aa3 elementor-view-default elementor-position-top elementor-mobile-position-top elementor-widget elementor-widget-icon-box\" data-id=\"f342aa3\" data-element_type=\"widget\" data-widget_type=\"icon-box.default\">\n\t\t\t\t<div class=\"elementor-widget-container\">\n\t\t\t<link rel=\"stylesheet\" href=\"https:\/\/www.personasyciudad.es\/wp-content\/plugins\/elementor\/assets\/css\/widget-icon-box.min.css\">\t\t<div class=\"elementor-icon-box-wrapper\">\n\n\t\t\t\t\t\t<div class=\"elementor-icon-box-icon\">\n\t\t\t\t<a href=\"https:\/\/www.personasyciudad.es\/ca-es\/habitatge\/ajuts-lloguer\/ajudes-municipals-a-propietaris-proximament\/\" class=\"elementor-icon elementor-animation-\" tabindex=\"-1\">\n\t\t\t\t<i aria-hidden=\"true\" class=\"fas fa-key\"><\/i>\t\t\t\t<\/a>\n\t\t\t<\/div>\n\t\t\t\n\t\t\t\t\t\t<div class=\"elementor-icon-box-content\">\n\n\t\t\t\t\t\t\t\t\t<h3 class=\"elementor-icon-box-title\">\n\t\t\t\t\t\t<a href=\"https:\/\/www.personasyciudad.es\/ca-es\/habitatge\/ajuts-lloguer\/ajudes-municipals-a-propietaris-proximament\/\" >\n\t\t\t\t\t\t\tAjudes municipals a propietaris\t\t\t\t\t\t<\/a>\n\t\t\t\t\t<\/h3>\n\t\t\t\t\n\t\t\t\t\n\t\t\t<\/div>\n\t\t\t\n\t\t<\/div>\n\t\t\t\t<\/div>\n\t\t\t\t<\/div>\n\t\t\t\t\t<\/div>\n\t\t<\/div>\n\t\t\t\t<div class=\"elementor-column elementor-col-25 elementor-top-column elementor-element elementor-element-4765286\" data-id=\"4765286\" data-element_type=\"column\">\n\t\t\t<div class=\"elementor-widget-wrap elementor-element-populated\">\n\t\t\t\t\t\t<div class=\"elementor-element elementor-element-d85b4ac elementor-view-default elementor-position-top elementor-mobile-position-top elementor-widget elementor-widget-icon-box\" data-id=\"d85b4ac\" data-element_type=\"widget\" data-widget_type=\"icon-box.default\">\n\t\t\t\t<div class=\"elementor-widget-container\">\n\t\t\t\t\t<div class=\"elementor-icon-box-wrapper\">\n\n\t\t\t\t\t\t<div class=\"elementor-icon-box-icon\">\n\t\t\t\t<a href=\"https:\/\/www.personasyciudad.es\/ca-es\/habitatge\/ajuts-lloguer\/ajuts-municipals-a-inquilins-proximament\/\" class=\"elementor-icon elementor-animation-\" tabindex=\"-1\">\n\t\t\t\t<i aria-hidden=\"true\" class=\"fas fa-users\"><\/i>\t\t\t\t<\/a>\n\t\t\t<\/div>\n\t\t\t\n\t\t\t\t\t\t<div class=\"elementor-icon-box-content\">\n\n\t\t\t\t\t\t\t\t\t<h3 class=\"elementor-icon-box-title\">\n\t\t\t\t\t\t<a href=\"https:\/\/www.personasyciudad.es\/ca-es\/habitatge\/ajuts-lloguer\/ajuts-municipals-a-inquilins-proximament\/\" >\n\t\t\t\t\t\t\tAjudes municipals a llogaters\t\t\t\t\t\t<\/a>\n\t\t\t\t\t<\/h3>\n\t\t\t\t\n\t\t\t\t\n\t\t\t<\/div>\n\t\t\t\n\t\t<\/div>\n\t\t\t\t<\/div>\n\t\t\t\t<\/div>\n\t\t\t\t\t<\/div>\n\t\t<\/div>\n\t\t\t\t<div class=\"elementor-column elementor-col-25 elementor-top-column elementor-element elementor-element-dcde01e\" data-id=\"dcde01e\" data-element_type=\"column\">\n\t\t\t<div class=\"elementor-widget-wrap elementor-element-populated\">\n\t\t\t\t\t\t<div class=\"elementor-element elementor-element-e3b24b0 elementor-view-default elementor-position-top elementor-mobile-position-top elementor-widget elementor-widget-icon-box\" data-id=\"e3b24b0\" data-element_type=\"widget\" data-widget_type=\"icon-box.default\">\n\t\t\t\t<div class=\"elementor-widget-container\">\n\t\t\t\t\t<div class=\"elementor-icon-box-wrapper\">\n\n\t\t\t\t\t\t<div class=\"elementor-icon-box-icon\">\n\t\t\t\t<a href=\"https:\/\/www.personasyciudad.es\/ca-es\/habitatge\/ajuts-lloguer\/ajuts-al-lloguer-gva\/\" class=\"elementor-icon elementor-animation-\" tabindex=\"-1\">\n\t\t\t\t<i aria-hidden=\"true\" class=\"fas fa-house-user\"><\/i>\t\t\t\t<\/a>\n\t\t\t<\/div>\n\t\t\t\n\t\t\t\t\t\t<div class=\"elementor-icon-box-content\">\n\n\t\t\t\t\t\t\t\t\t<h3 class=\"elementor-icon-box-title\">\n\t\t\t\t\t\t<a href=\"https:\/\/www.personasyciudad.es\/ca-es\/habitatge\/ajuts-lloguer\/ajuts-al-lloguer-gva\/\" >\n\t\t\t\t\t\t\tAjudes al lloguer (GVA)\t\t\t\t\t\t<\/a>\n\t\t\t\t\t<\/h3>\n\t\t\t\t\n\t\t\t\t\n\t\t\t<\/div>\n\t\t\t\n\t\t<\/div>\n\t\t\t\t<\/div>\n\t\t\t\t<\/div>\n\t\t\t\t\t<\/div>\n\t\t<\/div>\n\t\t\t\t<div class=\"elementor-column elementor-col-25 elementor-top-column elementor-element elementor-element-3fd99d4\" data-id=\"3fd99d4\" data-element_type=\"column\">\n\t\t\t<div class=\"elementor-widget-wrap elementor-element-populated\">\n\t\t\t\t\t\t<div class=\"elementor-element elementor-element-6e5ebe0 elementor-view-default elementor-position-top elementor-mobile-position-top elementor-widget elementor-widget-icon-box\" data-id=\"6e5ebe0\" data-element_type=\"widget\" data-widget_type=\"icon-box.default\">\n\t\t\t\t<div class=\"elementor-widget-container\">\n\t\t\t\t\t<div class=\"elementor-icon-box-wrapper\">\n\n\t\t\t\t\t\t<div class=\"elementor-icon-box-icon\">\n\t\t\t\t<a href=\"https:\/\/www.personasyciudad.es\/ca-es\/habitatge\/ajuts-lloguer\/bono-lloguer-jove\/\" class=\"elementor-icon elementor-animation-\" tabindex=\"-1\">\n\t\t\t\t<i aria-hidden=\"true\" class=\"far fa-hand-peace\"><\/i>\t\t\t\t<\/a>\n\t\t\t<\/div>\n\t\t\t\n\t\t\t\t\t\t<div class=\"elementor-icon-box-content\">\n\n\t\t\t\t\t\t\t\t\t<h3 class=\"elementor-icon-box-title\">\n\t\t\t\t\t\t<a href=\"https:\/\/www.personasyciudad.es\/ca-es\/habitatge\/ajuts-lloguer\/bono-lloguer-jove\/\" >\n\t\t\t\t\t\t\tBono lloguer jove (GVA)\t\t\t\t\t\t<\/a>\n\t\t\t\t\t<\/h3>\n\t\t\t\t\n\t\t\t\t\n\t\t\t<\/div>\n\t\t\t\n\t\t<\/div>\n\t\t\t\t<\/div>\n\t\t\t\t<\/div>\n\t\t\t\t\t<\/div>\n\t\t<\/div>\n\t\t\t\t\t<\/div>\n\t\t<\/section>\n\t\t\t\t<\/div>\n\t\t","protected":false},"excerpt":{"rendered":"<p>AJUDES LLOGUERAJUDES LLOGUER Oferim informaci\u00f3 sobre els ajudes al lloguer que es convoquen i fem la sol\u00b7licitud en nom dels ve\u00efns de Sant Joan d&#8217;Alacant. Ajudes municipals a propietaris Ajudes municipals a llogaters Ajudes al lloguer (GVA) Bono lloguer jove (GVA)<\/p>\n","protected":false},"author":3,"featured_media":0,"parent":5580,"menu_order":0,"comment_status":"closed","ping_status":"closed","template":"","meta":{"footnotes":""},"class_list":["post-5584","page","type-page","status-publish","hentry"],"yoast_head":"<!-- This site is optimized with the Yoast SEO plugin v27.4 - https:\/\/yoast.com\/product\/yoast-seo-wordpress\/ -->\n<title>\u25b7 Ajudes de Lloguer a Alacant | Personas y Ciudad<\/title>\n<meta name=\"description\" content=\"Descobreix els ajudes de lloguer a Alacant. Informaci\u00f3 i sol\u00b7licitud gestionada per Personas y Ciudad per a ve\u00efns de Sant Joan. Descobriu m\u00e9s aqu\u00ed!\" \/>\n<meta name=\"robots\" content=\"index, follow, max-snippet:-1, max-image-preview:large, max-video-preview:-1\" \/>\n<link rel=\"canonical\" href=\"https:\/\/www.personasyciudad.es\/servicio-municipal-vivienda-alicante\/ayudas-alquiler\/\" \/>\n<meta property=\"og:locale\" content=\"ca_ES\" \/>\n<meta property=\"og:type\" content=\"article\" \/>\n<meta property=\"og:title\" content=\"\u25b7 Ajudes de Lloguer a Alacant | Personas y Ciudad\" \/>\n<meta property=\"og:description\" content=\"Descobreix els ajudes de lloguer a Alacant. Informaci\u00f3 i sol\u00b7licitud gestionada per Personas y Ciudad per a ve\u00efns de Sant Joan. Descobriu m\u00e9s aqu\u00ed!\" \/>\n<meta property=\"og:url\" content=\"https:\/\/www.personasyciudad.es\/servicio-municipal-vivienda-alicante\/ayudas-alquiler\/\" \/>\n<meta property=\"og:site_name\" content=\"Personas y Ciudad\" \/>\n<meta property=\"article:modified_time\" content=\"2025-05-22T10:08:39+00:00\" \/>\n<meta name=\"twitter:card\" content=\"summary_large_image\" \/>\n<script type=\"application\/ld+json\" class=\"yoast-schema-graph\">{\"@context\":\"https:\\\/\\\/schema.org\",\"@graph\":[{\"@type\":\"WebPage\",\"@id\":\"https:\\\/\\\/www.personasyciudad.es\\\/servicio-municipal-vivienda-alicante\\\/ayudas-alquiler\\\/\",\"url\":\"https:\\\/\\\/www.personasyciudad.es\\\/servicio-municipal-vivienda-alicante\\\/ayudas-alquiler\\\/\",\"name\":\"\u25b7 Ajudes de Lloguer a Alacant | Personas y Ciudad\",\"isPartOf\":{\"@id\":\"https:\\\/\\\/www.personasyciudad.es\\\/#website\"},\"datePublished\":\"2023-04-18T07:52:19+00:00\",\"dateModified\":\"2025-05-22T10:08:39+00:00\",\"description\":\"Descobreix els ajudes de lloguer a Alacant. Informaci\u00f3 i sol\u00b7licitud gestionada per Personas y Ciudad per a ve\u00efns de Sant Joan. Descobriu m\u00e9s aqu\u00ed!\",\"breadcrumb\":{\"@id\":\"https:\\\/\\\/www.personasyciudad.es\\\/servicio-municipal-vivienda-alicante\\\/ayudas-alquiler\\\/#breadcrumb\"},\"inLanguage\":\"ca-ES\",\"potentialAction\":[{\"@type\":\"ReadAction\",\"target\":[\"https:\\\/\\\/www.personasyciudad.es\\\/servicio-municipal-vivienda-alicante\\\/ayudas-alquiler\\\/\"]}]},{\"@type\":\"BreadcrumbList\",\"@id\":\"https:\\\/\\\/www.personasyciudad.es\\\/servicio-municipal-vivienda-alicante\\\/ayudas-alquiler\\\/#breadcrumb\",\"itemListElement\":[{\"@type\":\"ListItem\",\"position\":1,\"name\":\"Portada\",\"item\":\"https:\\\/\\\/www.personasyciudad.es\\\/\"},{\"@type\":\"ListItem\",\"position\":2,\"name\":\"Habitatge\",\"item\":\"https:\\\/\\\/www.personasyciudad.es\\\/servicio-municipal-vivienda-alicante\\\/\"},{\"@type\":\"ListItem\",\"position\":3,\"name\":\"Ajudes Lloguer\"}]},{\"@type\":\"WebSite\",\"@id\":\"https:\\\/\\\/www.personasyciudad.es\\\/#website\",\"url\":\"https:\\\/\\\/www.personasyciudad.es\\\/\",\"name\":\"Personas y Ciudad\",\"description\":\"Actividades del Ayuntamiento de Sant Joan d\u2019Alacant\",\"publisher\":{\"@id\":\"https:\\\/\\\/www.personasyciudad.es\\\/#organization\"},\"potentialAction\":[{\"@type\":\"SearchAction\",\"target\":{\"@type\":\"EntryPoint\",\"urlTemplate\":\"https:\\\/\\\/www.personasyciudad.es\\\/?s={search_term_string}\"},\"query-input\":{\"@type\":\"PropertyValueSpecification\",\"valueRequired\":true,\"valueName\":\"search_term_string\"}}],\"inLanguage\":\"ca-ES\"},{\"@type\":\"Organization\",\"@id\":\"https:\\\/\\\/www.personasyciudad.es\\\/#organization\",\"name\":\"personas y ciudad\",\"url\":\"https:\\\/\\\/www.personasyciudad.es\\\/\",\"logo\":{\"@type\":\"ImageObject\",\"inLanguage\":\"ca-ES\",\"@id\":\"https:\\\/\\\/www.personasyciudad.es\\\/#\\\/schema\\\/logo\\\/image\\\/\",\"url\":\"https:\\\/\\\/www.personasyciudad.es\\\/wp-content\\\/uploads\\\/2023\\\/04\\\/logo_positivo.png\",\"contentUrl\":\"https:\\\/\\\/www.personasyciudad.es\\\/wp-content\\\/uploads\\\/2023\\\/04\\\/logo_positivo.png\",\"width\":500,\"height\":510,\"caption\":\"personas y ciudad\"},\"image\":{\"@id\":\"https:\\\/\\\/www.personasyciudad.es\\\/#\\\/schema\\\/logo\\\/image\\\/\"}}]}<\/script>\n<!-- \/ Yoast SEO plugin. -->","yoast_head_json":{"title":"\u25b7 Ajudes de Lloguer a Alacant | Personas y Ciudad","description":"Descobreix els ajudes de lloguer a Alacant. Informaci\u00f3 i sol\u00b7licitud gestionada per Personas y Ciudad per a ve\u00efns de Sant Joan. Descobriu m\u00e9s aqu\u00ed!","robots":{"index":"index","follow":"follow","max-snippet":"max-snippet:-1","max-image-preview":"max-image-preview:large","max-video-preview":"max-video-preview:-1"},"canonical":"https:\/\/www.personasyciudad.es\/servicio-municipal-vivienda-alicante\/ayudas-alquiler\/","og_locale":"ca_ES","og_type":"article","og_title":"\u25b7 Ajudes de Lloguer a Alacant | Personas y Ciudad","og_description":"Descobreix els ajudes de lloguer a Alacant. Informaci\u00f3 i sol\u00b7licitud gestionada per Personas y Ciudad per a ve\u00efns de Sant Joan. Descobriu m\u00e9s aqu\u00ed!","og_url":"https:\/\/www.personasyciudad.es\/servicio-municipal-vivienda-alicante\/ayudas-alquiler\/","og_site_name":"Personas y Ciudad","article_modified_time":"2025-05-22T10:08:39+00:00","twitter_card":"summary_large_image","schema":{"@context":"https:\/\/schema.org","@graph":[{"@type":"WebPage","@id":"https:\/\/www.personasyciudad.es\/servicio-municipal-vivienda-alicante\/ayudas-alquiler\/","url":"https:\/\/www.personasyciudad.es\/servicio-municipal-vivienda-alicante\/ayudas-alquiler\/","name":"\u25b7 Ajudes de Lloguer a Alacant | Personas y Ciudad","isPartOf":{"@id":"https:\/\/www.personasyciudad.es\/#website"},"datePublished":"2023-04-18T07:52:19+00:00","dateModified":"2025-05-22T10:08:39+00:00","description":"Descobreix els ajudes de lloguer a Alacant. Informaci\u00f3 i sol\u00b7licitud gestionada per Personas y Ciudad per a ve\u00efns de Sant Joan. Descobriu m\u00e9s aqu\u00ed!","breadcrumb":{"@id":"https:\/\/www.personasyciudad.es\/servicio-municipal-vivienda-alicante\/ayudas-alquiler\/#breadcrumb"},"inLanguage":"ca-ES","potentialAction":[{"@type":"ReadAction","target":["https:\/\/www.personasyciudad.es\/servicio-municipal-vivienda-alicante\/ayudas-alquiler\/"]}]},{"@type":"BreadcrumbList","@id":"https:\/\/www.personasyciudad.es\/servicio-municipal-vivienda-alicante\/ayudas-alquiler\/#breadcrumb","itemListElement":[{"@type":"ListItem","position":1,"name":"Portada","item":"https:\/\/www.personasyciudad.es\/"},{"@type":"ListItem","position":2,"name":"Habitatge","item":"https:\/\/www.personasyciudad.es\/servicio-municipal-vivienda-alicante\/"},{"@type":"ListItem","position":3,"name":"Ajudes Lloguer"}]},{"@type":"WebSite","@id":"https:\/\/www.personasyciudad.es\/#website","url":"https:\/\/www.personasyciudad.es\/","name":"Personas y Ciudad","description":"Actividades del Ayuntamiento de Sant Joan d\u2019Alacant","publisher":{"@id":"https:\/\/www.personasyciudad.es\/#organization"},"potentialAction":[{"@type":"SearchAction","target":{"@type":"EntryPoint","urlTemplate":"https:\/\/www.personasyciudad.es\/?s={search_term_string}"},"query-input":{"@type":"PropertyValueSpecification","valueRequired":true,"valueName":"search_term_string"}}],"inLanguage":"ca-ES"},{"@type":"Organization","@id":"https:\/\/www.personasyciudad.es\/#organization","name":"personas y ciudad","url":"https:\/\/www.personasyciudad.es\/","logo":{"@type":"ImageObject","inLanguage":"ca-ES","@id":"https:\/\/www.personasyciudad.es\/#\/schema\/logo\/image\/","url":"https:\/\/www.personasyciudad.es\/wp-content\/uploads\/2023\/04\/logo_positivo.png","contentUrl":"https:\/\/www.personasyciudad.es\/wp-content\/uploads\/2023\/04\/logo_positivo.png","width":500,"height":510,"caption":"personas y ciudad"},"image":{"@id":"https:\/\/www.personasyciudad.es\/#\/schema\/logo\/image\/"}}]}},"_links":{"self":[{"href":"https:\/\/www.personasyciudad.es\/ca-es\/wp-json\/wp\/v2\/pages\/5584","targetHints":{"allow":["GET"]}}],"collection":[{"href":"https:\/\/www.personasyciudad.es\/ca-es\/wp-json\/wp\/v2\/pages"}],"about":[{"href":"https:\/\/www.personasyciudad.es\/ca-es\/wp-json\/wp\/v2\/types\/page"}],"author":[{"embeddable":true,"href":"https:\/\/www.personasyciudad.es\/ca-es\/wp-json\/wp\/v2\/users\/3"}],"replies":[{"embeddable":true,"href":"https:\/\/www.personasyciudad.es\/ca-es\/wp-json\/wp\/v2\/comments?post=5584"}],"version-history":[{"count":5,"href":"https:\/\/www.personasyciudad.es\/ca-es\/wp-json\/wp\/v2\/pages\/5584\/revisions"}],"predecessor-version":[{"id":5871,"href":"https:\/\/www.personasyciudad.es\/ca-es\/wp-json\/wp\/v2\/pages\/5584\/revisions\/5871"}],"up":[{"embeddable":true,"href":"https:\/\/www.personasyciudad.es\/ca-es\/wp-json\/wp\/v2\/pages\/5580"}],"wp:attachment":[{"href":"https:\/\/www.personasyciudad.es\/ca-es\/wp-json\/wp\/v2\/media?parent=5584"}],"curies":[{"name":"wp","href":"https:\/\/api.w.org\/{rel}","templated":true}]}}