{"id":5586,"date":"2023-04-18T10:11:34","date_gmt":"2023-04-18T08:11:34","guid":{"rendered":"https:\/\/www.personasyciudad.es\/habitatge\/ajuts-lloguer\/ajudes-municipals-a-propietaris-proximament\/"},"modified":"2025-05-22T10:25:02","modified_gmt":"2025-05-22T08:25:02","slug":"ajudes-municipals-a-propietaris-proximament","status":"publish","type":"page","link":"https:\/\/www.personasyciudad.es\/ca-es\/habitatge\/ajuts-lloguer\/ajudes-municipals-a-propietaris-proximament\/","title":{"rendered":"Ajudes Municipals a Propietaris (PR\u00d2XIMAMENT)"},"content":{"rendered":"\t\t<div data-elementor-type=\"wp-page\" data-elementor-id=\"5586\" class=\"elementor elementor-5586 elementor-735\" data-elementor-post-type=\"page\">\n\t\t\t\t\t\t<section class=\"elementor-section elementor-top-section elementor-element elementor-element-e1d0194 elementor-section-full_width elementor-section-stretched animated-slow elementor-section-height-default elementor-section-height-default elementor-invisible\" data-id=\"e1d0194\" data-element_type=\"section\" data-settings=\"{&quot;stretch_section&quot;:&quot;section-stretched&quot;,&quot;animation&quot;:&quot;fadeInUp&quot;}\">\n\t\t\t\t\t\t<div class=\"elementor-container elementor-column-gap-no\">\n\t\t\t\t\t<div class=\"elementor-column elementor-col-100 elementor-top-column elementor-element elementor-element-fd49ff6\" data-id=\"fd49ff6\" data-element_type=\"column\">\n\t\t\t<div class=\"elementor-widget-wrap elementor-element-populated\">\n\t\t\t\t\t\t<div class=\"elementor-element elementor-element-3d3a53a elementor--h-position-center elementor--v-position-middle elementor-arrows-position-inside elementor-pagination-position-inside elementor-widget elementor-widget-slides\" data-id=\"3d3a53a\" data-element_type=\"widget\" data-settings=\"{&quot;transition&quot;:&quot;fade&quot;,&quot;transition_speed&quot;:700,&quot;navigation&quot;:&quot;both&quot;,&quot;infinite&quot;:&quot;yes&quot;}\" data-widget_type=\"slides.default\">\n\t\t\t\t<div class=\"elementor-widget-container\">\n\t\t\t\t\t\t\t<div class=\"elementor-swiper\">\n\t\t\t\t\t<div class=\"elementor-slides-wrapper elementor-main-swiper swiper\" role=\"region\" aria-roledescription=\"carousel\" aria-label=\"Slides\" dir=\"ltr\" data-animation=\"\">\n\t\t\t\t<div class=\"swiper-wrapper elementor-slides\">\n\t\t\t\t\t\t\t\t\t\t<div class=\"elementor-repeater-item-4623e18 swiper-slide\" role=\"group\" aria-roledescription=\"slide\"><div class=\"swiper-slide-bg\" role=\"img\"><\/div><div class=\"elementor-background-overlay\"><\/div><div class=\"swiper-slide-inner\" ><div class=\"swiper-slide-contents\"><div class=\"elementor-slide-heading\">AJUDES MUNICIPALS A PROPIETARIS (PR\u00d2XIMAMENT)<\/div><\/div><\/div><\/div><div class=\"elementor-repeater-item-7cad373 swiper-slide\" role=\"group\" aria-roledescription=\"slide\"><div class=\"swiper-slide-bg\" role=\"img\"><\/div><div class=\"elementor-background-overlay\"><\/div><div class=\"swiper-slide-inner\" ><div class=\"swiper-slide-contents\"><div class=\"elementor-slide-heading\">AJUDES MUNICIPALS A PROPIETARIS (PR\u00d2XIMAMENT)<\/div><\/div><\/div><\/div>\t\t\t\t<\/div>\n\t\t\t\t\t\t\t\t\t\t\t\t\t\t\t<div class=\"elementor-swiper-button elementor-swiper-button-prev\" role=\"button\" tabindex=\"0\" aria-label=\"Previous slide\">\n\t\t\t\t\t\t\t<i aria-hidden=\"true\" class=\"eicon-chevron-left\"><\/i>\t\t\t\t\t\t<\/div>\n\t\t\t\t\t\t<div class=\"elementor-swiper-button elementor-swiper-button-next\" role=\"button\" tabindex=\"0\" aria-label=\"Next slide\">\n\t\t\t\t\t\t\t<i aria-hidden=\"true\" class=\"eicon-chevron-right\"><\/i>\t\t\t\t\t\t<\/div>\n\t\t\t\t\t\t\t\t\t\t\t\t\t\t\t\t<div class=\"swiper-pagination\"><\/div>\n\t\t\t\t\t\t\t\t\t\t\t\t<\/div>\n\t\t\t\t<\/div>\n\t\t\t\t\t\t<\/div>\n\t\t\t\t<\/div>\n\t\t\t\t<div class=\"elementor-element elementor-element-732d505 elementor-widget elementor-widget-spacer\" data-id=\"732d505\" data-element_type=\"widget\" data-widget_type=\"spacer.default\">\n\t\t\t\t<div class=\"elementor-widget-container\">\n\t\t\t<style>\/*! elementor - v3.23.0 - 05-08-2024 *\/\n.elementor-column .elementor-spacer-inner{height:var(--spacer-size)}.e-con{--container-widget-width:100%}.e-con-inner>.elementor-widget-spacer,.e-con>.elementor-widget-spacer{width:var(--container-widget-width,var(--spacer-size));--align-self:var(--container-widget-align-self,initial);--flex-shrink:0}.e-con-inner>.elementor-widget-spacer>.elementor-widget-container,.e-con>.elementor-widget-spacer>.elementor-widget-container{height:100%;width:100%}.e-con-inner>.elementor-widget-spacer>.elementor-widget-container>.elementor-spacer,.e-con>.elementor-widget-spacer>.elementor-widget-container>.elementor-spacer{height:100%}.e-con-inner>.elementor-widget-spacer>.elementor-widget-container>.elementor-spacer>.elementor-spacer-inner,.e-con>.elementor-widget-spacer>.elementor-widget-container>.elementor-spacer>.elementor-spacer-inner{height:var(--container-widget-height,var(--spacer-size))}.e-con-inner>.elementor-widget-spacer.elementor-widget-empty,.e-con>.elementor-widget-spacer.elementor-widget-empty{position:relative;min-height:22px;min-width:22px}.e-con-inner>.elementor-widget-spacer.elementor-widget-empty .elementor-widget-empty-icon,.e-con>.elementor-widget-spacer.elementor-widget-empty .elementor-widget-empty-icon{position:absolute;top:0;bottom:0;left:0;right:0;margin:auto;padding:0;width:22px;height:22px}<\/style>\t\t<div class=\"elementor-spacer\">\n\t\t\t<div class=\"elementor-spacer-inner\"><\/div>\n\t\t<\/div>\n\t\t\t\t<\/div>\n\t\t\t\t<\/div>\n\t\t\t\t\t<\/div>\n\t\t<\/div>\n\t\t\t\t\t<\/div>\n\t\t<\/section>\n\t\t\t\t<section class=\"elementor-section elementor-top-section elementor-element elementor-element-b88ecb4 animated-slow elementor-section-boxed elementor-section-height-default elementor-section-height-default elementor-invisible\" data-id=\"b88ecb4\" data-element_type=\"section\" data-settings=\"{&quot;animation&quot;:&quot;fadeInUp&quot;}\">\n\t\t\t\t\t\t<div class=\"elementor-container elementor-column-gap-default\">\n\t\t\t\t\t<div class=\"elementor-column elementor-col-100 elementor-top-column elementor-element elementor-element-5e2d0f8\" data-id=\"5e2d0f8\" data-element_type=\"column\">\n\t\t\t<div class=\"elementor-widget-wrap elementor-element-populated\">\n\t\t\t\t\t\t<div class=\"elementor-element elementor-element-2be7efa elementor-widget elementor-widget-text-editor\" data-id=\"2be7efa\" data-element_type=\"widget\" data-widget_type=\"text-editor.default\">\n\t\t\t\t<div class=\"elementor-widget-container\">\n\t\t\t<style>\/*! elementor - v3.23.0 - 05-08-2024 *\/\n.elementor-widget-text-editor.elementor-drop-cap-view-stacked .elementor-drop-cap{background-color:#69727d;color:#fff}.elementor-widget-text-editor.elementor-drop-cap-view-framed .elementor-drop-cap{color:#69727d;border:3px solid;background-color:transparent}.elementor-widget-text-editor:not(.elementor-drop-cap-view-default) .elementor-drop-cap{margin-top:8px}.elementor-widget-text-editor:not(.elementor-drop-cap-view-default) .elementor-drop-cap-letter{width:1em;height:1em}.elementor-widget-text-editor .elementor-drop-cap{float:left;text-align:center;line-height:1;font-size:50px}.elementor-widget-text-editor .elementor-drop-cap-letter{display:inline-block}<\/style>\t\t\t\t<p>L&#8217;Ajuntament de Sant Joan d&#8217;Alacant ajuda amb 1.100 \u20ac el primer any i 1.000 \u20ac els seg\u00fcents als propietaris d&#8217;habitatges buits que deixin els pisos a la borsa de lloguer de l&#8217;Oficina Municipal d&#8217;Habitatge que gestiona l&#8217;empresa p\u00fablica Personas y Ciudad.<\/p>\n<p><strong>PROPERAMENT<\/strong> es podran realitzar les sol\u00b7licituds en <strong><span style=\"color: #006024;\">seu electr\u00f2nica de l&#8217;ajuntament <\/span><\/strong>o acudint presencialment a l&#8217;Oficina Municipal d&#8217;Habitatge al carrer Canyaret, 24. Podran sol\u00b7licitar informaci\u00f3 i cites al tel\u00e8fon <b><a href=\"tel:965939625\">965939625<\/a><\/b> o escrivint a l&#8217;adre\u00e7a electr\u00f2nica <strong><u><a href=\"mailto:vivienda@personasyciudad.es\">vivienda@personasyciudad.es<\/a><\/u><\/strong>. <\/p>\n\t\t\t\t\t\t<\/div>\n\t\t\t\t<\/div>\n\t\t\t\t<div class=\"elementor-element elementor-element-4bf063d elementor-widget elementor-widget-spacer\" data-id=\"4bf063d\" data-element_type=\"widget\" data-widget_type=\"spacer.default\">\n\t\t\t\t<div class=\"elementor-widget-container\">\n\t\t\t\t\t<div class=\"elementor-spacer\">\n\t\t\t<div class=\"elementor-spacer-inner\"><\/div>\n\t\t<\/div>\n\t\t\t\t<\/div>\n\t\t\t\t<\/div>\n\t\t\t\t<div class=\"elementor-element elementor-element-4618bb3 elementor-widget elementor-widget-image\" data-id=\"4618bb3\" data-element_type=\"widget\" data-widget_type=\"image.default\">\n\t\t\t\t<div class=\"elementor-widget-container\">\n\t\t\t<style>\/*! elementor - v3.23.0 - 05-08-2024 *\/\n.elementor-widget-image{text-align:center}.elementor-widget-image a{display:inline-block}.elementor-widget-image a img[src$=\".svg\"]{width:48px}.elementor-widget-image img{vertical-align:middle;display:inline-block}<\/style>\t\t\t\t\t\t\t\t\t\t<img decoding=\"async\" width=\"300\" height=\"53\" src=\"https:\/\/www.personasyciudad.es\/wp-content\/uploads\/2023\/04\/Logotip_de_l_Ajuntament_de_Sant_Joan_d_Alacant_COLOR-srGQhoi-f-transformed_2-300x53.png\" class=\"attachment-medium size-medium wp-image-5172\" alt=\"\" srcset=\"https:\/\/www.personasyciudad.es\/wp-content\/uploads\/2023\/04\/Logotip_de_l_Ajuntament_de_Sant_Joan_d_Alacant_COLOR-srGQhoi-f-transformed_2-300x53.png 300w, https:\/\/www.personasyciudad.es\/wp-content\/uploads\/2023\/04\/Logotip_de_l_Ajuntament_de_Sant_Joan_d_Alacant_COLOR-srGQhoi-f-transformed_2-1024x181.png 1024w, https:\/\/www.personasyciudad.es\/wp-content\/uploads\/2023\/04\/Logotip_de_l_Ajuntament_de_Sant_Joan_d_Alacant_COLOR-srGQhoi-f-transformed_2-768x135.png 768w, https:\/\/www.personasyciudad.es\/wp-content\/uploads\/2023\/04\/Logotip_de_l_Ajuntament_de_Sant_Joan_d_Alacant_COLOR-srGQhoi-f-transformed_2-1536x271.png 1536w, https:\/\/www.personasyciudad.es\/wp-content\/uploads\/2023\/04\/Logotip_de_l_Ajuntament_de_Sant_Joan_d_Alacant_COLOR-srGQhoi-f-transformed_2-2048x361.png 2048w\" sizes=\"(max-width: 300px) 100vw, 300px\" \/>\t\t\t\t\t\t\t\t\t\t\t\t\t<\/div>\n\t\t\t\t<\/div>\n\t\t\t\t<div class=\"elementor-element elementor-element-f960c9f elementor-widget elementor-widget-spacer\" data-id=\"f960c9f\" data-element_type=\"widget\" data-widget_type=\"spacer.default\">\n\t\t\t\t<div class=\"elementor-widget-container\">\n\t\t\t\t\t<div class=\"elementor-spacer\">\n\t\t\t<div class=\"elementor-spacer-inner\"><\/div>\n\t\t<\/div>\n\t\t\t\t<\/div>\n\t\t\t\t<\/div>\n\t\t\t\t\t<\/div>\n\t\t<\/div>\n\t\t\t\t\t<\/div>\n\t\t<\/section>\n\t\t\t\t<section class=\"elementor-section elementor-top-section elementor-element elementor-element-4a7f387 animated-slow elementor-section-full_width elementor-section-height-default elementor-section-height-default elementor-invisible\" data-id=\"4a7f387\" data-element_type=\"section\" data-settings=\"{&quot;background_background&quot;:&quot;classic&quot;,&quot;animation&quot;:&quot;fadeInUp&quot;}\">\n\t\t\t\t\t\t\t<div class=\"elementor-background-overlay\"><\/div>\n\t\t\t\t\t\t\t<div class=\"elementor-container elementor-column-gap-default\">\n\t\t\t\t\t<div class=\"elementor-column elementor-col-33 elementor-top-column elementor-element elementor-element-321b92f\" data-id=\"321b92f\" data-element_type=\"column\">\n\t\t\t<div class=\"elementor-widget-wrap elementor-element-populated\">\n\t\t\t\t\t\t<div class=\"elementor-element elementor-element-2891e99 elementor-widget elementor-widget-image\" data-id=\"2891e99\" data-element_type=\"widget\" data-widget_type=\"image.default\">\n\t\t\t\t<div class=\"elementor-widget-container\">\n\t\t\t\t\t\t\t\t\t\t\t\t\t<img fetchpriority=\"high\" decoding=\"async\" width=\"800\" height=\"800\" src=\"https:\/\/www.personasyciudad.es\/wp-content\/uploads\/2023\/04\/Info2_2.png\" class=\"attachment-full size-full wp-image-5204\" alt=\"\" srcset=\"https:\/\/www.personasyciudad.es\/wp-content\/uploads\/2023\/04\/Info2_2.png 800w, https:\/\/www.personasyciudad.es\/wp-content\/uploads\/2023\/04\/Info2_2-300x300.png 300w, https:\/\/www.personasyciudad.es\/wp-content\/uploads\/2023\/04\/Info2_2-150x150.png 150w, https:\/\/www.personasyciudad.es\/wp-content\/uploads\/2023\/04\/Info2_2-768x768.png 768w, https:\/\/www.personasyciudad.es\/wp-content\/uploads\/2023\/04\/Info2_2-600x600.png 600w, https:\/\/www.personasyciudad.es\/wp-content\/uploads\/2023\/04\/Info2_2-350x350.png 350w\" sizes=\"(max-width: 800px) 100vw, 800px\" \/>\t\t\t\t\t\t\t\t\t\t\t\t\t<\/div>\n\t\t\t\t<\/div>\n\t\t\t\t<div class=\"elementor-element elementor-element-76b1253 elementor-widget elementor-widget-heading\" data-id=\"76b1253\" data-element_type=\"widget\" data-widget_type=\"heading.default\">\n\t\t\t\t<div class=\"elementor-widget-container\">\n\t\t\t<style>\/*! elementor - v3.23.0 - 05-08-2024 *\/\n.elementor-heading-title{padding:0;margin:0;line-height:1}.elementor-widget-heading .elementor-heading-title[class*=elementor-size-]>a{color:inherit;font-size:inherit;line-height:inherit}.elementor-widget-heading .elementor-heading-title.elementor-size-small{font-size:15px}.elementor-widget-heading .elementor-heading-title.elementor-size-medium{font-size:19px}.elementor-widget-heading .elementor-heading-title.elementor-size-large{font-size:29px}.elementor-widget-heading .elementor-heading-title.elementor-size-xl{font-size:39px}.elementor-widget-heading .elementor-heading-title.elementor-size-xxl{font-size:59px}<\/style><h2 class=\"elementor-heading-title elementor-size-xl\"><b>Quantia<\/b><\/h2>\t\t<\/div>\n\t\t\t\t<\/div>\n\t\t\t\t<div class=\"elementor-element elementor-element-1e91e88 elementor-widget elementor-widget-html\" data-id=\"1e91e88\" data-element_type=\"widget\" id=\"contraste\" data-widget_type=\"html.default\">\n\t\t\t\t<div class=\"elementor-widget-container\">\n\t\t\t<ul style=\"color:white;\">\r\n    <li>500\u20ac de subvenci\u00f3 pel comprom\u00eds.<\/li>\r\n    <li>300\u20ac per finan\u00e7ar les assegurances d'impagament i llar.<\/li>\r\n    <li>200 \u20ac per a despeses de manteniment i reparacions.<\/li>\r\n    <li>A m\u00e9s de 100\u20ac el primer any per al certificat energ\u00e8tic.<\/li>\r\n<\/ul>\t\t<\/div>\n\t\t\t\t<\/div>\n\t\t\t\t\t<\/div>\n\t\t<\/div>\n\t\t\t\t<div class=\"elementor-column elementor-col-33 elementor-top-column elementor-element elementor-element-826e9e0\" data-id=\"826e9e0\" data-element_type=\"column\">\n\t\t\t<div class=\"elementor-widget-wrap elementor-element-populated\">\n\t\t\t\t\t\t<div class=\"elementor-element elementor-element-8f1abba elementor-widget elementor-widget-image\" data-id=\"8f1abba\" data-element_type=\"widget\" data-widget_type=\"image.default\">\n\t\t\t\t<div class=\"elementor-widget-container\">\n\t\t\t\t\t\t\t\t\t\t\t\t\t<img decoding=\"async\" width=\"800\" height=\"800\" src=\"https:\/\/www.personasyciudad.es\/wp-content\/uploads\/2023\/04\/Requisitos2.png\" class=\"attachment-large size-large wp-image-5211\" alt=\"\" srcset=\"https:\/\/www.personasyciudad.es\/wp-content\/uploads\/2023\/04\/Requisitos2.png 800w, https:\/\/www.personasyciudad.es\/wp-content\/uploads\/2023\/04\/Requisitos2-300x300.png 300w, https:\/\/www.personasyciudad.es\/wp-content\/uploads\/2023\/04\/Requisitos2-150x150.png 150w, https:\/\/www.personasyciudad.es\/wp-content\/uploads\/2023\/04\/Requisitos2-768x768.png 768w, https:\/\/www.personasyciudad.es\/wp-content\/uploads\/2023\/04\/Requisitos2-600x600.png 600w, https:\/\/www.personasyciudad.es\/wp-content\/uploads\/2023\/04\/Requisitos2-350x350.png 350w\" sizes=\"(max-width: 800px) 100vw, 800px\" \/>\t\t\t\t\t\t\t\t\t\t\t\t\t<\/div>\n\t\t\t\t<\/div>\n\t\t\t\t<div class=\"elementor-element elementor-element-0811f15 elementor-widget elementor-widget-heading\" data-id=\"0811f15\" data-element_type=\"widget\" data-widget_type=\"heading.default\">\n\t\t\t\t<div class=\"elementor-widget-container\">\n\t\t\t<h2 class=\"elementor-heading-title elementor-size-xl\"><b>Requisits<\/b><\/h2>\t\t<\/div>\n\t\t\t\t<\/div>\n\t\t\t\t<div class=\"elementor-element elementor-element-793e323 elementor-widget elementor-widget-text-editor\" data-id=\"793e323\" data-element_type=\"widget\" data-widget_type=\"text-editor.default\">\n\t\t\t\t<div class=\"elementor-widget-container\">\n\t\t\t\t\t\t\t<ol type=\"a\">\n<li>Trobar-se dintre del terme municipal de Sant Joan d&#8217;Alacant.<\/li>\n<li>Trobar-se en un estat de conservaci\u00f3 que permeti la seva habitabilitat<\/li>\n<li>Tractar-se d&#8217;un immoble amb refer\u00e8ncia cadastral independent i amb llic\u00e8ncia de primera ocupaci\u00f3 com a habitatge, i si escau, segona o posterior ocupacions.<\/li>\n<li>No tindre deutes amb la comunitat de propietaris.<\/li>\n<li>Comptar amb certificat energ\u00e8tic.<\/li>\n<li>Comptar amb asseguran\u00e7a multirisc de la llar.<\/li>\n<li>Tenir una superf\u00edcie m\u00ednima de 30 m2 \u00fatils interiors a la vivenda.<\/li>\n<li>Haur\u00e0 de comptar amb els espais i equipaments que permetin la seva habitabilitat.<\/li>\n<\/ol>\n\t\t\t\t\t\t<\/div>\n\t\t\t\t<\/div>\n\t\t\t\t\t<\/div>\n\t\t<\/div>\n\t\t\t\t<div class=\"elementor-column elementor-col-33 elementor-top-column elementor-element elementor-element-5be3d51\" data-id=\"5be3d51\" data-element_type=\"column\">\n\t\t\t<div class=\"elementor-widget-wrap elementor-element-populated\">\n\t\t\t\t\t\t<div class=\"elementor-element elementor-element-0e20e72 elementor-widget elementor-widget-image\" data-id=\"0e20e72\" data-element_type=\"widget\" data-widget_type=\"image.default\">\n\t\t\t\t<div class=\"elementor-widget-container\">\n\t\t\t\t\t\t\t\t\t\t\t\t\t<img loading=\"lazy\" decoding=\"async\" width=\"800\" height=\"800\" src=\"https:\/\/www.personasyciudad.es\/wp-content\/uploads\/2023\/04\/Cuanto2.png\" class=\"attachment-large size-large wp-image-5203\" alt=\"\" srcset=\"https:\/\/www.personasyciudad.es\/wp-content\/uploads\/2023\/04\/Cuanto2.png 800w, https:\/\/www.personasyciudad.es\/wp-content\/uploads\/2023\/04\/Cuanto2-300x300.png 300w, https:\/\/www.personasyciudad.es\/wp-content\/uploads\/2023\/04\/Cuanto2-150x150.png 150w, https:\/\/www.personasyciudad.es\/wp-content\/uploads\/2023\/04\/Cuanto2-768x768.png 768w, https:\/\/www.personasyciudad.es\/wp-content\/uploads\/2023\/04\/Cuanto2-600x600.png 600w, https:\/\/www.personasyciudad.es\/wp-content\/uploads\/2023\/04\/Cuanto2-350x350.png 350w\" sizes=\"(max-width: 800px) 100vw, 800px\" \/>\t\t\t\t\t\t\t\t\t\t\t\t\t<\/div>\n\t\t\t\t<\/div>\n\t\t\t\t<div class=\"elementor-element elementor-element-00f6fc3 elementor-widget elementor-widget-heading\" data-id=\"00f6fc3\" data-element_type=\"widget\" data-widget_type=\"heading.default\">\n\t\t\t\t<div class=\"elementor-widget-container\">\n\t\t\t<h2 class=\"elementor-heading-title elementor-size-xl\"><b>Renda Anual<\/b><\/h2>\t\t<\/div>\n\t\t\t\t<\/div>\n\t\t\t\t<div class=\"elementor-element elementor-element-3797fb5 elementor-widget elementor-widget-html\" data-id=\"3797fb5\" data-element_type=\"widget\" id=\"contraste\" data-widget_type=\"html.default\">\n\t\t\t\t<div class=\"elementor-widget-container\">\n\t\t\t<ul style=\"color:white;\">\r\n    <li>Per a habitatges en bon estat o lleugerament millorable de conservaci\u00f3, fins a 5,50 \u20ac\/m2 \u00fatil interior de la vivenda, amb un m\u00e0xim de renda total mensual de 550 \u20ac.<\/li>\r\n    <li>Per a habitatges en estat significativament millorable, fins a 4,5\u20ac\/m2 \u00fatil interior de l'habitatge, amb un m\u00e0xim de renda total mensual de 450\u20ac.<\/li>\r\n<\/ul>\t\t<\/div>\n\t\t\t\t<\/div>\n\t\t\t\t\t<\/div>\n\t\t<\/div>\n\t\t\t\t\t<\/div>\n\t\t<\/section>\n\t\t\t\t<\/div>\n\t\t","protected":false},"excerpt":{"rendered":"<p>AJUDES MUNICIPALS A PROPIETARIS (PR\u00d2XIMAMENT)AJUDES MUNICIPALS A PROPIETARIS (PR\u00d2XIMAMENT) L&#8217;Ajuntament de Sant Joan d&#8217;Alacant ajuda amb 1.100 \u20ac el primer any i 1.000 \u20ac els seg\u00fcents als propietaris d&#8217;habitatges buits que deixin els pisos a la borsa de lloguer de l&#8217;Oficina Municipal d&#8217;Habitatge que gestiona l&#8217;empresa p\u00fablica Personas y Ciudad. PROPERAMENT es podran realitzar les [&hellip;]<\/p>\n","protected":false},"author":3,"featured_media":0,"parent":5584,"menu_order":1,"comment_status":"closed","ping_status":"closed","template":"","meta":{"footnotes":""},"class_list":["post-5586","page","type-page","status-publish","hentry"],"yoast_head":"<!-- This site is optimized with the Yoast SEO plugin v27.4 - https:\/\/yoast.com\/product\/yoast-seo-wordpress\/ -->\n<title>\u25b7 Ajudes de Lloguer a Propietaris | Personas y Ciudad<\/title>\n<meta name=\"description\" content=\"Ajudes de lloguer a propietaris a Alacant. Obtingues fins a 1.100\u20ac el primer any i 1.000\u20ac els seg\u00fcents per deixar el teu pis buit a la bossa de lloguer.\" \/>\n<meta name=\"robots\" content=\"index, follow, max-snippet:-1, max-image-preview:large, max-video-preview:-1\" \/>\n<link rel=\"canonical\" href=\"https:\/\/www.personasyciudad.es\/servicio-municipal-vivienda-alicante\/ayudas-alquiler\/propietarios\/\" \/>\n<meta property=\"og:locale\" content=\"ca_ES\" \/>\n<meta property=\"og:type\" content=\"article\" \/>\n<meta property=\"og:title\" content=\"\u25b7 Ajudes de Lloguer a Propietaris | Personas y Ciudad\" \/>\n<meta property=\"og:description\" content=\"Ajudes de lloguer a propietaris a Alacant. Obtingues fins a 1.100\u20ac el primer any i 1.000\u20ac els seg\u00fcents per deixar el teu pis buit a la bossa de lloguer.\" \/>\n<meta property=\"og:url\" content=\"https:\/\/www.personasyciudad.es\/servicio-municipal-vivienda-alicante\/ayudas-alquiler\/propietarios\/\" \/>\n<meta property=\"og:site_name\" content=\"Personas y Ciudad\" \/>\n<meta property=\"article:modified_time\" content=\"2025-05-22T08:25:02+00:00\" \/>\n<meta property=\"og:image\" content=\"https:\/\/www.personasyciudad.es\/wp-content\/uploads\/2023\/04\/Logotip_de_l_Ajuntament_de_Sant_Joan_d_Alacant_COLOR-srGQhoi-f-transformed_2.png\" \/>\n\t<meta property=\"og:image:width\" content=\"3250\" \/>\n\t<meta property=\"og:image:height\" content=\"573\" \/>\n\t<meta property=\"og:image:type\" content=\"image\/png\" \/>\n<meta name=\"twitter:card\" content=\"summary_large_image\" \/>\n<meta name=\"twitter:label1\" content=\"Est. reading time\" \/>\n\t<meta name=\"twitter:data1\" content=\"1 minute\" \/>\n<script type=\"application\/ld+json\" class=\"yoast-schema-graph\">{\"@context\":\"https:\\\/\\\/schema.org\",\"@graph\":[{\"@type\":\"WebPage\",\"@id\":\"https:\\\/\\\/www.personasyciudad.es\\\/servicio-municipal-vivienda-alicante\\\/ayudas-alquiler\\\/propietarios\\\/\",\"url\":\"https:\\\/\\\/www.personasyciudad.es\\\/servicio-municipal-vivienda-alicante\\\/ayudas-alquiler\\\/propietarios\\\/\",\"name\":\"\u25b7 Ajudes de Lloguer a Propietaris | Personas y Ciudad\",\"isPartOf\":{\"@id\":\"https:\\\/\\\/www.personasyciudad.es\\\/#website\"},\"primaryImageOfPage\":{\"@id\":\"https:\\\/\\\/www.personasyciudad.es\\\/servicio-municipal-vivienda-alicante\\\/ayudas-alquiler\\\/propietarios\\\/#primaryimage\"},\"image\":{\"@id\":\"https:\\\/\\\/www.personasyciudad.es\\\/servicio-municipal-vivienda-alicante\\\/ayudas-alquiler\\\/propietarios\\\/#primaryimage\"},\"thumbnailUrl\":\"https:\\\/\\\/www.personasyciudad.es\\\/wp-content\\\/uploads\\\/2023\\\/04\\\/Logotip_de_l_Ajuntament_de_Sant_Joan_d_Alacant_COLOR-srGQhoi-f-transformed_2-300x53.png\",\"datePublished\":\"2023-04-18T08:11:34+00:00\",\"dateModified\":\"2025-05-22T08:25:02+00:00\",\"description\":\"Ajudes de lloguer a propietaris a Alacant. Obtingues fins a 1.100\u20ac el primer any i 1.000\u20ac els seg\u00fcents per deixar el teu pis buit a la bossa de lloguer.\",\"breadcrumb\":{\"@id\":\"https:\\\/\\\/www.personasyciudad.es\\\/servicio-municipal-vivienda-alicante\\\/ayudas-alquiler\\\/propietarios\\\/#breadcrumb\"},\"inLanguage\":\"ca-ES\",\"potentialAction\":[{\"@type\":\"ReadAction\",\"target\":[\"https:\\\/\\\/www.personasyciudad.es\\\/servicio-municipal-vivienda-alicante\\\/ayudas-alquiler\\\/propietarios\\\/\"]}]},{\"@type\":\"ImageObject\",\"inLanguage\":\"ca-ES\",\"@id\":\"https:\\\/\\\/www.personasyciudad.es\\\/servicio-municipal-vivienda-alicante\\\/ayudas-alquiler\\\/propietarios\\\/#primaryimage\",\"url\":\"https:\\\/\\\/www.personasyciudad.es\\\/wp-content\\\/uploads\\\/2023\\\/04\\\/Logotip_de_l_Ajuntament_de_Sant_Joan_d_Alacant_COLOR-srGQhoi-f-transformed_2-300x53.png\",\"contentUrl\":\"https:\\\/\\\/www.personasyciudad.es\\\/wp-content\\\/uploads\\\/2023\\\/04\\\/Logotip_de_l_Ajuntament_de_Sant_Joan_d_Alacant_COLOR-srGQhoi-f-transformed_2-300x53.png\"},{\"@type\":\"BreadcrumbList\",\"@id\":\"https:\\\/\\\/www.personasyciudad.es\\\/servicio-municipal-vivienda-alicante\\\/ayudas-alquiler\\\/propietarios\\\/#breadcrumb\",\"itemListElement\":[{\"@type\":\"ListItem\",\"position\":1,\"name\":\"Portada\",\"item\":\"https:\\\/\\\/www.personasyciudad.es\\\/\"},{\"@type\":\"ListItem\",\"position\":2,\"name\":\"Habitatge\",\"item\":\"https:\\\/\\\/www.personasyciudad.es\\\/servicio-municipal-vivienda-alicante\\\/\"},{\"@type\":\"ListItem\",\"position\":3,\"name\":\"Ajudes Lloguer\",\"item\":\"https:\\\/\\\/www.personasyciudad.es\\\/servicio-municipal-vivienda-alicante\\\/ayudas-alquiler\\\/\"},{\"@type\":\"ListItem\",\"position\":4,\"name\":\"Ajudes Municipals a Propietaris (PR\u00d2XIMAMENT)\"}]},{\"@type\":\"WebSite\",\"@id\":\"https:\\\/\\\/www.personasyciudad.es\\\/#website\",\"url\":\"https:\\\/\\\/www.personasyciudad.es\\\/\",\"name\":\"Personas y Ciudad\",\"description\":\"Actividades del Ayuntamiento de Sant Joan d\u2019Alacant\",\"publisher\":{\"@id\":\"https:\\\/\\\/www.personasyciudad.es\\\/#organization\"},\"potentialAction\":[{\"@type\":\"SearchAction\",\"target\":{\"@type\":\"EntryPoint\",\"urlTemplate\":\"https:\\\/\\\/www.personasyciudad.es\\\/?s={search_term_string}\"},\"query-input\":{\"@type\":\"PropertyValueSpecification\",\"valueRequired\":true,\"valueName\":\"search_term_string\"}}],\"inLanguage\":\"ca-ES\"},{\"@type\":\"Organization\",\"@id\":\"https:\\\/\\\/www.personasyciudad.es\\\/#organization\",\"name\":\"personas y ciudad\",\"url\":\"https:\\\/\\\/www.personasyciudad.es\\\/\",\"logo\":{\"@type\":\"ImageObject\",\"inLanguage\":\"ca-ES\",\"@id\":\"https:\\\/\\\/www.personasyciudad.es\\\/#\\\/schema\\\/logo\\\/image\\\/\",\"url\":\"https:\\\/\\\/www.personasyciudad.es\\\/wp-content\\\/uploads\\\/2023\\\/04\\\/logo_positivo.png\",\"contentUrl\":\"https:\\\/\\\/www.personasyciudad.es\\\/wp-content\\\/uploads\\\/2023\\\/04\\\/logo_positivo.png\",\"width\":500,\"height\":510,\"caption\":\"personas y ciudad\"},\"image\":{\"@id\":\"https:\\\/\\\/www.personasyciudad.es\\\/#\\\/schema\\\/logo\\\/image\\\/\"}}]}<\/script>\n<!-- \/ Yoast SEO plugin. -->","yoast_head_json":{"title":"\u25b7 Ajudes de Lloguer a Propietaris | Personas y Ciudad","description":"Ajudes de lloguer a propietaris a Alacant. Obtingues fins a 1.100\u20ac el primer any i 1.000\u20ac els seg\u00fcents per deixar el teu pis buit a la bossa de lloguer.","robots":{"index":"index","follow":"follow","max-snippet":"max-snippet:-1","max-image-preview":"max-image-preview:large","max-video-preview":"max-video-preview:-1"},"canonical":"https:\/\/www.personasyciudad.es\/servicio-municipal-vivienda-alicante\/ayudas-alquiler\/propietarios\/","og_locale":"ca_ES","og_type":"article","og_title":"\u25b7 Ajudes de Lloguer a Propietaris | Personas y Ciudad","og_description":"Ajudes de lloguer a propietaris a Alacant. Obtingues fins a 1.100\u20ac el primer any i 1.000\u20ac els seg\u00fcents per deixar el teu pis buit a la bossa de lloguer.","og_url":"https:\/\/www.personasyciudad.es\/servicio-municipal-vivienda-alicante\/ayudas-alquiler\/propietarios\/","og_site_name":"Personas y Ciudad","article_modified_time":"2025-05-22T08:25:02+00:00","og_image":[{"width":3250,"height":573,"url":"https:\/\/www.personasyciudad.es\/wp-content\/uploads\/2023\/04\/Logotip_de_l_Ajuntament_de_Sant_Joan_d_Alacant_COLOR-srGQhoi-f-transformed_2.png","type":"image\/png"}],"twitter_card":"summary_large_image","twitter_misc":{"Est. reading time":"1 minute"},"schema":{"@context":"https:\/\/schema.org","@graph":[{"@type":"WebPage","@id":"https:\/\/www.personasyciudad.es\/servicio-municipal-vivienda-alicante\/ayudas-alquiler\/propietarios\/","url":"https:\/\/www.personasyciudad.es\/servicio-municipal-vivienda-alicante\/ayudas-alquiler\/propietarios\/","name":"\u25b7 Ajudes de Lloguer a Propietaris | Personas y Ciudad","isPartOf":{"@id":"https:\/\/www.personasyciudad.es\/#website"},"primaryImageOfPage":{"@id":"https:\/\/www.personasyciudad.es\/servicio-municipal-vivienda-alicante\/ayudas-alquiler\/propietarios\/#primaryimage"},"image":{"@id":"https:\/\/www.personasyciudad.es\/servicio-municipal-vivienda-alicante\/ayudas-alquiler\/propietarios\/#primaryimage"},"thumbnailUrl":"https:\/\/www.personasyciudad.es\/wp-content\/uploads\/2023\/04\/Logotip_de_l_Ajuntament_de_Sant_Joan_d_Alacant_COLOR-srGQhoi-f-transformed_2-300x53.png","datePublished":"2023-04-18T08:11:34+00:00","dateModified":"2025-05-22T08:25:02+00:00","description":"Ajudes de lloguer a propietaris a Alacant. Obtingues fins a 1.100\u20ac el primer any i 1.000\u20ac els seg\u00fcents per deixar el teu pis buit a la bossa de lloguer.","breadcrumb":{"@id":"https:\/\/www.personasyciudad.es\/servicio-municipal-vivienda-alicante\/ayudas-alquiler\/propietarios\/#breadcrumb"},"inLanguage":"ca-ES","potentialAction":[{"@type":"ReadAction","target":["https:\/\/www.personasyciudad.es\/servicio-municipal-vivienda-alicante\/ayudas-alquiler\/propietarios\/"]}]},{"@type":"ImageObject","inLanguage":"ca-ES","@id":"https:\/\/www.personasyciudad.es\/servicio-municipal-vivienda-alicante\/ayudas-alquiler\/propietarios\/#primaryimage","url":"https:\/\/www.personasyciudad.es\/wp-content\/uploads\/2023\/04\/Logotip_de_l_Ajuntament_de_Sant_Joan_d_Alacant_COLOR-srGQhoi-f-transformed_2-300x53.png","contentUrl":"https:\/\/www.personasyciudad.es\/wp-content\/uploads\/2023\/04\/Logotip_de_l_Ajuntament_de_Sant_Joan_d_Alacant_COLOR-srGQhoi-f-transformed_2-300x53.png"},{"@type":"BreadcrumbList","@id":"https:\/\/www.personasyciudad.es\/servicio-municipal-vivienda-alicante\/ayudas-alquiler\/propietarios\/#breadcrumb","itemListElement":[{"@type":"ListItem","position":1,"name":"Portada","item":"https:\/\/www.personasyciudad.es\/"},{"@type":"ListItem","position":2,"name":"Habitatge","item":"https:\/\/www.personasyciudad.es\/servicio-municipal-vivienda-alicante\/"},{"@type":"ListItem","position":3,"name":"Ajudes Lloguer","item":"https:\/\/www.personasyciudad.es\/servicio-municipal-vivienda-alicante\/ayudas-alquiler\/"},{"@type":"ListItem","position":4,"name":"Ajudes Municipals a Propietaris (PR\u00d2XIMAMENT)"}]},{"@type":"WebSite","@id":"https:\/\/www.personasyciudad.es\/#website","url":"https:\/\/www.personasyciudad.es\/","name":"Personas y Ciudad","description":"Actividades del Ayuntamiento de Sant Joan d\u2019Alacant","publisher":{"@id":"https:\/\/www.personasyciudad.es\/#organization"},"potentialAction":[{"@type":"SearchAction","target":{"@type":"EntryPoint","urlTemplate":"https:\/\/www.personasyciudad.es\/?s={search_term_string}"},"query-input":{"@type":"PropertyValueSpecification","valueRequired":true,"valueName":"search_term_string"}}],"inLanguage":"ca-ES"},{"@type":"Organization","@id":"https:\/\/www.personasyciudad.es\/#organization","name":"personas y ciudad","url":"https:\/\/www.personasyciudad.es\/","logo":{"@type":"ImageObject","inLanguage":"ca-ES","@id":"https:\/\/www.personasyciudad.es\/#\/schema\/logo\/image\/","url":"https:\/\/www.personasyciudad.es\/wp-content\/uploads\/2023\/04\/logo_positivo.png","contentUrl":"https:\/\/www.personasyciudad.es\/wp-content\/uploads\/2023\/04\/logo_positivo.png","width":500,"height":510,"caption":"personas y ciudad"},"image":{"@id":"https:\/\/www.personasyciudad.es\/#\/schema\/logo\/image\/"}}]}},"_links":{"self":[{"href":"https:\/\/www.personasyciudad.es\/ca-es\/wp-json\/wp\/v2\/pages\/5586","targetHints":{"allow":["GET"]}}],"collection":[{"href":"https:\/\/www.personasyciudad.es\/ca-es\/wp-json\/wp\/v2\/pages"}],"about":[{"href":"https:\/\/www.personasyciudad.es\/ca-es\/wp-json\/wp\/v2\/types\/page"}],"author":[{"embeddable":true,"href":"https:\/\/www.personasyciudad.es\/ca-es\/wp-json\/wp\/v2\/users\/3"}],"replies":[{"embeddable":true,"href":"https:\/\/www.personasyciudad.es\/ca-es\/wp-json\/wp\/v2\/comments?post=5586"}],"version-history":[{"count":3,"href":"https:\/\/www.personasyciudad.es\/ca-es\/wp-json\/wp\/v2\/pages\/5586\/revisions"}],"predecessor-version":[{"id":5839,"href":"https:\/\/www.personasyciudad.es\/ca-es\/wp-json\/wp\/v2\/pages\/5586\/revisions\/5839"}],"up":[{"embeddable":true,"href":"https:\/\/www.personasyciudad.es\/ca-es\/wp-json\/wp\/v2\/pages\/5584"}],"wp:attachment":[{"href":"https:\/\/www.personasyciudad.es\/ca-es\/wp-json\/wp\/v2\/media?parent=5586"}],"curies":[{"name":"wp","href":"https:\/\/api.w.org\/{rel}","templated":true}]}}