{"id":5588,"date":"2023-04-24T08:21:33","date_gmt":"2023-04-24T06:21:33","guid":{"rendered":"https:\/\/www.personasyciudad.es\/habitatge\/ajuts-lloguer\/ajuts-municipals-a-inquilins-proximament\/"},"modified":"2025-05-22T10:25:39","modified_gmt":"2025-05-22T08:25:39","slug":"ajuts-municipals-a-inquilins-proximament","status":"publish","type":"page","link":"https:\/\/www.personasyciudad.es\/ca-es\/habitatge\/ajuts-lloguer\/ajuts-municipals-a-inquilins-proximament\/","title":{"rendered":"Ajudes Municipals a Inquilins (PR\u00d2XIMAMENT)"},"content":{"rendered":"\t\t<div data-elementor-type=\"wp-page\" data-elementor-id=\"5588\" class=\"elementor elementor-5588 elementor-874\" data-elementor-post-type=\"page\">\n\t\t\t\t\t\t<section class=\"elementor-section elementor-top-section elementor-element elementor-element-e1d0194 elementor-section-full_width elementor-section-stretched animated-slow elementor-section-height-default elementor-section-height-default elementor-invisible\" data-id=\"e1d0194\" data-element_type=\"section\" data-settings=\"{&quot;stretch_section&quot;:&quot;section-stretched&quot;,&quot;animation&quot;:&quot;fadeInUp&quot;}\">\n\t\t\t\t\t\t<div class=\"elementor-container elementor-column-gap-no\">\n\t\t\t\t\t<div class=\"elementor-column elementor-col-100 elementor-top-column elementor-element elementor-element-fd49ff6\" data-id=\"fd49ff6\" data-element_type=\"column\">\n\t\t\t<div class=\"elementor-widget-wrap elementor-element-populated\">\n\t\t\t\t\t\t<div class=\"elementor-element elementor-element-3d3a53a elementor--h-position-center elementor--v-position-middle elementor-arrows-position-inside elementor-pagination-position-inside elementor-widget elementor-widget-slides\" data-id=\"3d3a53a\" data-element_type=\"widget\" data-settings=\"{&quot;transition&quot;:&quot;fade&quot;,&quot;transition_speed&quot;:700,&quot;navigation&quot;:&quot;both&quot;,&quot;infinite&quot;:&quot;yes&quot;}\" data-widget_type=\"slides.default\">\n\t\t\t\t<div class=\"elementor-widget-container\">\n\t\t\t\t\t\t\t<div class=\"elementor-swiper\">\n\t\t\t\t\t<div class=\"elementor-slides-wrapper elementor-main-swiper swiper\" role=\"region\" aria-roledescription=\"carousel\" aria-label=\"Slides\" dir=\"ltr\" data-animation=\"\">\n\t\t\t\t<div class=\"swiper-wrapper elementor-slides\">\n\t\t\t\t\t\t\t\t\t\t<div class=\"elementor-repeater-item-4623e18 swiper-slide\" role=\"group\" aria-roledescription=\"slide\"><div class=\"swiper-slide-bg\" role=\"img\"><\/div><div class=\"elementor-background-overlay\"><\/div><div class=\"swiper-slide-inner\" ><div class=\"swiper-slide-contents\"><div class=\"elementor-slide-heading\">AJUDES MUNICIPALS A INQUILINS (PR\u00d2XIMAMENT)<\/div><\/div><\/div><\/div><div class=\"elementor-repeater-item-7cad373 swiper-slide\" role=\"group\" aria-roledescription=\"slide\"><div class=\"swiper-slide-bg\" role=\"img\"><\/div><div class=\"elementor-background-overlay\"><\/div><div class=\"swiper-slide-inner\" ><div class=\"swiper-slide-contents\"><div class=\"elementor-slide-heading\">AJUDES MUNICIPALS A INQUILINS (PR\u00d2XIMAMENT)<\/div><\/div><\/div><\/div>\t\t\t\t<\/div>\n\t\t\t\t\t\t\t\t\t\t\t\t\t\t\t<div class=\"elementor-swiper-button elementor-swiper-button-prev\" role=\"button\" tabindex=\"0\" aria-label=\"Previous slide\">\n\t\t\t\t\t\t\t<i aria-hidden=\"true\" class=\"eicon-chevron-left\"><\/i>\t\t\t\t\t\t<\/div>\n\t\t\t\t\t\t<div class=\"elementor-swiper-button elementor-swiper-button-next\" role=\"button\" tabindex=\"0\" aria-label=\"Next slide\">\n\t\t\t\t\t\t\t<i aria-hidden=\"true\" class=\"eicon-chevron-right\"><\/i>\t\t\t\t\t\t<\/div>\n\t\t\t\t\t\t\t\t\t\t\t\t\t\t\t\t<div class=\"swiper-pagination\"><\/div>\n\t\t\t\t\t\t\t\t\t\t\t\t<\/div>\n\t\t\t\t<\/div>\n\t\t\t\t\t\t<\/div>\n\t\t\t\t<\/div>\n\t\t\t\t<div class=\"elementor-element elementor-element-732d505 elementor-widget elementor-widget-spacer\" data-id=\"732d505\" data-element_type=\"widget\" data-widget_type=\"spacer.default\">\n\t\t\t\t<div class=\"elementor-widget-container\">\n\t\t\t<style>\/*! elementor - v3.23.0 - 05-08-2024 *\/\n.elementor-column .elementor-spacer-inner{height:var(--spacer-size)}.e-con{--container-widget-width:100%}.e-con-inner>.elementor-widget-spacer,.e-con>.elementor-widget-spacer{width:var(--container-widget-width,var(--spacer-size));--align-self:var(--container-widget-align-self,initial);--flex-shrink:0}.e-con-inner>.elementor-widget-spacer>.elementor-widget-container,.e-con>.elementor-widget-spacer>.elementor-widget-container{height:100%;width:100%}.e-con-inner>.elementor-widget-spacer>.elementor-widget-container>.elementor-spacer,.e-con>.elementor-widget-spacer>.elementor-widget-container>.elementor-spacer{height:100%}.e-con-inner>.elementor-widget-spacer>.elementor-widget-container>.elementor-spacer>.elementor-spacer-inner,.e-con>.elementor-widget-spacer>.elementor-widget-container>.elementor-spacer>.elementor-spacer-inner{height:var(--container-widget-height,var(--spacer-size))}.e-con-inner>.elementor-widget-spacer.elementor-widget-empty,.e-con>.elementor-widget-spacer.elementor-widget-empty{position:relative;min-height:22px;min-width:22px}.e-con-inner>.elementor-widget-spacer.elementor-widget-empty .elementor-widget-empty-icon,.e-con>.elementor-widget-spacer.elementor-widget-empty .elementor-widget-empty-icon{position:absolute;top:0;bottom:0;left:0;right:0;margin:auto;padding:0;width:22px;height:22px}<\/style>\t\t<div class=\"elementor-spacer\">\n\t\t\t<div class=\"elementor-spacer-inner\"><\/div>\n\t\t<\/div>\n\t\t\t\t<\/div>\n\t\t\t\t<\/div>\n\t\t\t\t\t<\/div>\n\t\t<\/div>\n\t\t\t\t\t<\/div>\n\t\t<\/section>\n\t\t\t\t<section class=\"elementor-section elementor-top-section elementor-element elementor-element-b88ecb4 animated-slow elementor-section-boxed elementor-section-height-default elementor-section-height-default elementor-invisible\" data-id=\"b88ecb4\" data-element_type=\"section\" data-settings=\"{&quot;animation&quot;:&quot;fadeInUp&quot;}\">\n\t\t\t\t\t\t<div class=\"elementor-container elementor-column-gap-default\">\n\t\t\t\t\t<div class=\"elementor-column elementor-col-100 elementor-top-column elementor-element elementor-element-5e2d0f8\" data-id=\"5e2d0f8\" data-element_type=\"column\">\n\t\t\t<div class=\"elementor-widget-wrap elementor-element-populated\">\n\t\t\t\t\t\t<div class=\"elementor-element elementor-element-2be7efa elementor-widget elementor-widget-text-editor\" data-id=\"2be7efa\" data-element_type=\"widget\" data-widget_type=\"text-editor.default\">\n\t\t\t\t<div class=\"elementor-widget-container\">\n\t\t\t<style>\/*! elementor - v3.23.0 - 05-08-2024 *\/\n.elementor-widget-text-editor.elementor-drop-cap-view-stacked .elementor-drop-cap{background-color:#69727d;color:#fff}.elementor-widget-text-editor.elementor-drop-cap-view-framed .elementor-drop-cap{color:#69727d;border:3px solid;background-color:transparent}.elementor-widget-text-editor:not(.elementor-drop-cap-view-default) .elementor-drop-cap{margin-top:8px}.elementor-widget-text-editor:not(.elementor-drop-cap-view-default) .elementor-drop-cap-letter{width:1em;height:1em}.elementor-widget-text-editor .elementor-drop-cap{float:left;text-align:center;line-height:1;font-size:50px}.elementor-widget-text-editor .elementor-drop-cap-letter{display:inline-block}<\/style>\t\t\t\t<p class=\"western\" align=\"justify\"><strong>Ajudes directes a les persones arrendat\u00e0ries d&#8217;habitatge habitual, al municipi de Sant Joan d&#8217;Alacant, que no hagin sol\u00b7licitat o b\u00e9 no hagin resultat beneficiaris d&#8217;ajudes al lloguer estatals o auton\u00f2miques.<\/strong><\/p>\n\t\t\t\t\t\t<\/div>\n\t\t\t\t<\/div>\n\t\t\t\t<div class=\"elementor-element elementor-element-e2b0b9d elementor-widget elementor-widget-image\" data-id=\"e2b0b9d\" data-element_type=\"widget\" data-widget_type=\"image.default\">\n\t\t\t\t<div class=\"elementor-widget-container\">\n\t\t\t<style>\/*! elementor - v3.23.0 - 05-08-2024 *\/\n.elementor-widget-image{text-align:center}.elementor-widget-image a{display:inline-block}.elementor-widget-image a img[src$=\".svg\"]{width:48px}.elementor-widget-image img{vertical-align:middle;display:inline-block}<\/style>\t\t\t\t\t\t\t\t\t\t<img decoding=\"async\" width=\"300\" height=\"53\" src=\"https:\/\/www.personasyciudad.es\/wp-content\/uploads\/2023\/04\/Logotip_de_l_Ajuntament_de_Sant_Joan_d_Alacant_COLOR-srGQhoi-f-transformed_2-300x53.png\" class=\"attachment-medium size-medium wp-image-5172\" alt=\"\" srcset=\"https:\/\/www.personasyciudad.es\/wp-content\/uploads\/2023\/04\/Logotip_de_l_Ajuntament_de_Sant_Joan_d_Alacant_COLOR-srGQhoi-f-transformed_2-300x53.png 300w, https:\/\/www.personasyciudad.es\/wp-content\/uploads\/2023\/04\/Logotip_de_l_Ajuntament_de_Sant_Joan_d_Alacant_COLOR-srGQhoi-f-transformed_2-1024x181.png 1024w, https:\/\/www.personasyciudad.es\/wp-content\/uploads\/2023\/04\/Logotip_de_l_Ajuntament_de_Sant_Joan_d_Alacant_COLOR-srGQhoi-f-transformed_2-768x135.png 768w, https:\/\/www.personasyciudad.es\/wp-content\/uploads\/2023\/04\/Logotip_de_l_Ajuntament_de_Sant_Joan_d_Alacant_COLOR-srGQhoi-f-transformed_2-1536x271.png 1536w, https:\/\/www.personasyciudad.es\/wp-content\/uploads\/2023\/04\/Logotip_de_l_Ajuntament_de_Sant_Joan_d_Alacant_COLOR-srGQhoi-f-transformed_2-2048x361.png 2048w\" sizes=\"(max-width: 300px) 100vw, 300px\" \/>\t\t\t\t\t\t\t\t\t\t\t\t\t<\/div>\n\t\t\t\t<\/div>\n\t\t\t\t<div class=\"elementor-element elementor-element-f960c9f elementor-widget elementor-widget-spacer\" data-id=\"f960c9f\" data-element_type=\"widget\" data-widget_type=\"spacer.default\">\n\t\t\t\t<div class=\"elementor-widget-container\">\n\t\t\t\t\t<div class=\"elementor-spacer\">\n\t\t\t<div class=\"elementor-spacer-inner\"><\/div>\n\t\t<\/div>\n\t\t\t\t<\/div>\n\t\t\t\t<\/div>\n\t\t\t\t\t<\/div>\n\t\t<\/div>\n\t\t\t\t\t<\/div>\n\t\t<\/section>\n\t\t\t\t<section class=\"elementor-section elementor-top-section elementor-element elementor-element-789d9ff animated-slow elementor-section-full_width elementor-section-height-default elementor-section-height-default elementor-invisible\" data-id=\"789d9ff\" data-element_type=\"section\" data-settings=\"{&quot;background_background&quot;:&quot;classic&quot;,&quot;animation&quot;:&quot;fadeInUp&quot;}\">\n\t\t\t\t\t\t\t<div class=\"elementor-background-overlay\"><\/div>\n\t\t\t\t\t\t\t<div class=\"elementor-container elementor-column-gap-default\">\n\t\t\t\t\t<div class=\"elementor-column elementor-col-100 elementor-top-column elementor-element elementor-element-6f16e5d\" data-id=\"6f16e5d\" data-element_type=\"column\">\n\t\t\t<div class=\"elementor-widget-wrap elementor-element-populated\">\n\t\t\t\t\t\t<section class=\"elementor-section elementor-inner-section elementor-element elementor-element-9ba1ebc elementor-section-full_width elementor-section-height-default elementor-section-height-default\" data-id=\"9ba1ebc\" data-element_type=\"section\">\n\t\t\t\t\t\t<div class=\"elementor-container elementor-column-gap-default\">\n\t\t\t\t\t<div class=\"elementor-column elementor-col-50 elementor-inner-column elementor-element elementor-element-21d9a50\" data-id=\"21d9a50\" data-element_type=\"column\">\n\t\t\t<div class=\"elementor-widget-wrap elementor-element-populated\">\n\t\t\t\t\t\t<div class=\"elementor-element elementor-element-56c9955 elementor-widget elementor-widget-heading\" data-id=\"56c9955\" data-element_type=\"widget\" data-widget_type=\"heading.default\">\n\t\t\t\t<div class=\"elementor-widget-container\">\n\t\t\t<style>\/*! elementor - v3.23.0 - 05-08-2024 *\/\n.elementor-heading-title{padding:0;margin:0;line-height:1}.elementor-widget-heading .elementor-heading-title[class*=elementor-size-]>a{color:inherit;font-size:inherit;line-height:inherit}.elementor-widget-heading .elementor-heading-title.elementor-size-small{font-size:15px}.elementor-widget-heading .elementor-heading-title.elementor-size-medium{font-size:19px}.elementor-widget-heading .elementor-heading-title.elementor-size-large{font-size:29px}.elementor-widget-heading .elementor-heading-title.elementor-size-xl{font-size:39px}.elementor-widget-heading .elementor-heading-title.elementor-size-xxl{font-size:59px}<\/style><h2 class=\"elementor-heading-title elementor-size-xl\">QUANTIA:<\/h2>\t\t<\/div>\n\t\t\t\t<\/div>\n\t\t\t\t<div class=\"elementor-element elementor-element-4516239 elementor-widget elementor-widget-spacer\" data-id=\"4516239\" data-element_type=\"widget\" data-widget_type=\"spacer.default\">\n\t\t\t\t<div class=\"elementor-widget-container\">\n\t\t\t\t\t<div class=\"elementor-spacer\">\n\t\t\t<div class=\"elementor-spacer-inner\"><\/div>\n\t\t<\/div>\n\t\t\t\t<\/div>\n\t\t\t\t<\/div>\n\t\t\t\t<div class=\"elementor-element elementor-element-b20ec61 elementor-widget elementor-widget-text-editor\" data-id=\"b20ec61\" data-element_type=\"widget\" data-widget_type=\"text-editor.default\">\n\t\t\t\t<div class=\"elementor-widget-container\">\n\t\t\t\t\t\t\t<p class=\"western\" align=\"justify\">L&#8217;ajut podr\u00e0 assolir el 100% de la renda mensual que consti al contracte d&#8217;arrendament o subarrendament, fins a un import m\u00e0xim de 550,00 euros mensuals i per un per\u00edode m\u00e0xim de 6 mesos referides a les rendes corresponents a l&#8217;exercici anterior al de la convocat\u00f2ria. L&#8217;import m\u00e0xim que s&#8217;ha de concedir \u00e9s de 3.300,00\u20ac. <\/p>\n\t\t\t\t\t\t<\/div>\n\t\t\t\t<\/div>\n\t\t\t\t\t<\/div>\n\t\t<\/div>\n\t\t\t\t<div class=\"elementor-column elementor-col-50 elementor-inner-column elementor-element elementor-element-672ebd9\" data-id=\"672ebd9\" data-element_type=\"column\">\n\t\t\t<div class=\"elementor-widget-wrap elementor-element-populated\">\n\t\t\t\t\t\t<div class=\"elementor-element elementor-element-f2f2e9a elementor-widget elementor-widget-image\" data-id=\"f2f2e9a\" data-element_type=\"widget\" data-widget_type=\"image.default\">\n\t\t\t\t<div class=\"elementor-widget-container\">\n\t\t\t\t\t\t\t\t\t\t\t\t\t<img fetchpriority=\"high\" decoding=\"async\" width=\"800\" height=\"800\" src=\"https:\/\/www.personasyciudad.es\/wp-content\/uploads\/2023\/05\/Cuanto2_0.png\" class=\"attachment-large size-large wp-image-5232\" alt=\"\" srcset=\"https:\/\/www.personasyciudad.es\/wp-content\/uploads\/2023\/05\/Cuanto2_0.png 800w, https:\/\/www.personasyciudad.es\/wp-content\/uploads\/2023\/05\/Cuanto2_0-300x300.png 300w, https:\/\/www.personasyciudad.es\/wp-content\/uploads\/2023\/05\/Cuanto2_0-150x150.png 150w, https:\/\/www.personasyciudad.es\/wp-content\/uploads\/2023\/05\/Cuanto2_0-768x768.png 768w, https:\/\/www.personasyciudad.es\/wp-content\/uploads\/2023\/05\/Cuanto2_0-600x600.png 600w, https:\/\/www.personasyciudad.es\/wp-content\/uploads\/2023\/05\/Cuanto2_0-350x350.png 350w\" sizes=\"(max-width: 800px) 100vw, 800px\" \/>\t\t\t\t\t\t\t\t\t\t\t\t\t<\/div>\n\t\t\t\t<\/div>\n\t\t\t\t\t<\/div>\n\t\t<\/div>\n\t\t\t\t\t<\/div>\n\t\t<\/section>\n\t\t\t\t\t<\/div>\n\t\t<\/div>\n\t\t\t\t\t<\/div>\n\t\t<\/section>\n\t\t\t\t<\/div>\n\t\t","protected":false},"excerpt":{"rendered":"<p>AJUDES MUNICIPALS A INQUILINS (PR\u00d2XIMAMENT)AJUDES MUNICIPALS A INQUILINS (PR\u00d2XIMAMENT) Ajudes directes a les persones arrendat\u00e0ries d&#8217;habitatge habitual, al municipi de Sant Joan d&#8217;Alacant, que no hagin sol\u00b7licitat o b\u00e9 no hagin resultat beneficiaris d&#8217;ajudes al lloguer estatals o auton\u00f2miques. QUANTIA: L&#8217;ajut podr\u00e0 assolir el 100% de la renda mensual que consti al contracte d&#8217;arrendament o [&hellip;]<\/p>\n","protected":false},"author":3,"featured_media":0,"parent":5584,"menu_order":2,"comment_status":"closed","ping_status":"closed","template":"","meta":{"footnotes":""},"class_list":["post-5588","page","type-page","status-publish","hentry"],"yoast_head":"<!-- This site is optimized with the Yoast SEO plugin v27.4 - https:\/\/yoast.com\/product\/yoast-seo-wordpress\/ -->\n<title>\u25b7 Ajudes de Lloguer a Inquilins | Personas y Ciudad<\/title>\n<meta name=\"description\" content=\"Ajudes de lloguer a llogaters a Alacant. Obtingues suport econ\u00f2mic per al teu habitatge habitual. Si no has rebut ajudes, nosaltres som aqu\u00ed per a tu!\" \/>\n<meta name=\"robots\" content=\"index, follow, max-snippet:-1, max-image-preview:large, max-video-preview:-1\" \/>\n<link rel=\"canonical\" href=\"https:\/\/www.personasyciudad.es\/servicio-municipal-vivienda-alicante\/ayudas-alquiler\/inquilinos\/\" \/>\n<meta property=\"og:locale\" content=\"ca_ES\" \/>\n<meta property=\"og:type\" content=\"article\" \/>\n<meta property=\"og:title\" content=\"\u25b7 Ajudes de Lloguer a Inquilins | Personas y Ciudad\" \/>\n<meta property=\"og:description\" content=\"Ajudes de lloguer a llogaters a Alacant. Obtingues suport econ\u00f2mic per al teu habitatge habitual. Si no has rebut ajudes, nosaltres som aqu\u00ed per a tu!\" \/>\n<meta property=\"og:url\" content=\"https:\/\/www.personasyciudad.es\/servicio-municipal-vivienda-alicante\/ayudas-alquiler\/inquilinos\/\" \/>\n<meta property=\"og:site_name\" content=\"Personas y Ciudad\" \/>\n<meta property=\"article:modified_time\" content=\"2025-05-22T08:25:39+00:00\" \/>\n<meta property=\"og:image\" content=\"https:\/\/www.personasyciudad.es\/wp-content\/uploads\/2023\/04\/Logotip_de_l_Ajuntament_de_Sant_Joan_d_Alacant_COLOR-srGQhoi-f-transformed_2.png\" \/>\n\t<meta property=\"og:image:width\" content=\"3250\" \/>\n\t<meta property=\"og:image:height\" content=\"573\" \/>\n\t<meta property=\"og:image:type\" content=\"image\/png\" \/>\n<meta name=\"twitter:card\" content=\"summary_large_image\" \/>\n<meta name=\"twitter:label1\" content=\"Est. reading time\" \/>\n\t<meta name=\"twitter:data1\" content=\"1 minute\" \/>\n<script type=\"application\/ld+json\" class=\"yoast-schema-graph\">{\"@context\":\"https:\\\/\\\/schema.org\",\"@graph\":[{\"@type\":\"WebPage\",\"@id\":\"https:\\\/\\\/www.personasyciudad.es\\\/servicio-municipal-vivienda-alicante\\\/ayudas-alquiler\\\/inquilinos\\\/\",\"url\":\"https:\\\/\\\/www.personasyciudad.es\\\/servicio-municipal-vivienda-alicante\\\/ayudas-alquiler\\\/inquilinos\\\/\",\"name\":\"\u25b7 Ajudes de Lloguer a Inquilins | Personas y Ciudad\",\"isPartOf\":{\"@id\":\"https:\\\/\\\/www.personasyciudad.es\\\/#website\"},\"primaryImageOfPage\":{\"@id\":\"https:\\\/\\\/www.personasyciudad.es\\\/servicio-municipal-vivienda-alicante\\\/ayudas-alquiler\\\/inquilinos\\\/#primaryimage\"},\"image\":{\"@id\":\"https:\\\/\\\/www.personasyciudad.es\\\/servicio-municipal-vivienda-alicante\\\/ayudas-alquiler\\\/inquilinos\\\/#primaryimage\"},\"thumbnailUrl\":\"https:\\\/\\\/www.personasyciudad.es\\\/wp-content\\\/uploads\\\/2023\\\/04\\\/Logotip_de_l_Ajuntament_de_Sant_Joan_d_Alacant_COLOR-srGQhoi-f-transformed_2-300x53.png\",\"datePublished\":\"2023-04-24T06:21:33+00:00\",\"dateModified\":\"2025-05-22T08:25:39+00:00\",\"description\":\"Ajudes de lloguer a llogaters a Alacant. Obtingues suport econ\u00f2mic per al teu habitatge habitual. Si no has rebut ajudes, nosaltres som aqu\u00ed per a tu!\",\"breadcrumb\":{\"@id\":\"https:\\\/\\\/www.personasyciudad.es\\\/servicio-municipal-vivienda-alicante\\\/ayudas-alquiler\\\/inquilinos\\\/#breadcrumb\"},\"inLanguage\":\"ca-ES\",\"potentialAction\":[{\"@type\":\"ReadAction\",\"target\":[\"https:\\\/\\\/www.personasyciudad.es\\\/servicio-municipal-vivienda-alicante\\\/ayudas-alquiler\\\/inquilinos\\\/\"]}]},{\"@type\":\"ImageObject\",\"inLanguage\":\"ca-ES\",\"@id\":\"https:\\\/\\\/www.personasyciudad.es\\\/servicio-municipal-vivienda-alicante\\\/ayudas-alquiler\\\/inquilinos\\\/#primaryimage\",\"url\":\"https:\\\/\\\/www.personasyciudad.es\\\/wp-content\\\/uploads\\\/2023\\\/04\\\/Logotip_de_l_Ajuntament_de_Sant_Joan_d_Alacant_COLOR-srGQhoi-f-transformed_2-300x53.png\",\"contentUrl\":\"https:\\\/\\\/www.personasyciudad.es\\\/wp-content\\\/uploads\\\/2023\\\/04\\\/Logotip_de_l_Ajuntament_de_Sant_Joan_d_Alacant_COLOR-srGQhoi-f-transformed_2-300x53.png\"},{\"@type\":\"BreadcrumbList\",\"@id\":\"https:\\\/\\\/www.personasyciudad.es\\\/servicio-municipal-vivienda-alicante\\\/ayudas-alquiler\\\/inquilinos\\\/#breadcrumb\",\"itemListElement\":[{\"@type\":\"ListItem\",\"position\":1,\"name\":\"Portada\",\"item\":\"https:\\\/\\\/www.personasyciudad.es\\\/\"},{\"@type\":\"ListItem\",\"position\":2,\"name\":\"Habitatge\",\"item\":\"https:\\\/\\\/www.personasyciudad.es\\\/servicio-municipal-vivienda-alicante\\\/\"},{\"@type\":\"ListItem\",\"position\":3,\"name\":\"Ajudes Lloguer\",\"item\":\"https:\\\/\\\/www.personasyciudad.es\\\/servicio-municipal-vivienda-alicante\\\/ayudas-alquiler\\\/\"},{\"@type\":\"ListItem\",\"position\":4,\"name\":\"Ajudes Municipals a Inquilins (PR\u00d2XIMAMENT)\"}]},{\"@type\":\"WebSite\",\"@id\":\"https:\\\/\\\/www.personasyciudad.es\\\/#website\",\"url\":\"https:\\\/\\\/www.personasyciudad.es\\\/\",\"name\":\"Personas y Ciudad\",\"description\":\"Actividades del Ayuntamiento de Sant Joan d\u2019Alacant\",\"publisher\":{\"@id\":\"https:\\\/\\\/www.personasyciudad.es\\\/#organization\"},\"potentialAction\":[{\"@type\":\"SearchAction\",\"target\":{\"@type\":\"EntryPoint\",\"urlTemplate\":\"https:\\\/\\\/www.personasyciudad.es\\\/?s={search_term_string}\"},\"query-input\":{\"@type\":\"PropertyValueSpecification\",\"valueRequired\":true,\"valueName\":\"search_term_string\"}}],\"inLanguage\":\"ca-ES\"},{\"@type\":\"Organization\",\"@id\":\"https:\\\/\\\/www.personasyciudad.es\\\/#organization\",\"name\":\"personas y ciudad\",\"url\":\"https:\\\/\\\/www.personasyciudad.es\\\/\",\"logo\":{\"@type\":\"ImageObject\",\"inLanguage\":\"ca-ES\",\"@id\":\"https:\\\/\\\/www.personasyciudad.es\\\/#\\\/schema\\\/logo\\\/image\\\/\",\"url\":\"https:\\\/\\\/www.personasyciudad.es\\\/wp-content\\\/uploads\\\/2023\\\/04\\\/logo_positivo.png\",\"contentUrl\":\"https:\\\/\\\/www.personasyciudad.es\\\/wp-content\\\/uploads\\\/2023\\\/04\\\/logo_positivo.png\",\"width\":500,\"height\":510,\"caption\":\"personas y ciudad\"},\"image\":{\"@id\":\"https:\\\/\\\/www.personasyciudad.es\\\/#\\\/schema\\\/logo\\\/image\\\/\"}}]}<\/script>\n<!-- \/ Yoast SEO plugin. -->","yoast_head_json":{"title":"\u25b7 Ajudes de Lloguer a Inquilins | Personas y Ciudad","description":"Ajudes de lloguer a llogaters a Alacant. Obtingues suport econ\u00f2mic per al teu habitatge habitual. Si no has rebut ajudes, nosaltres som aqu\u00ed per a tu!","robots":{"index":"index","follow":"follow","max-snippet":"max-snippet:-1","max-image-preview":"max-image-preview:large","max-video-preview":"max-video-preview:-1"},"canonical":"https:\/\/www.personasyciudad.es\/servicio-municipal-vivienda-alicante\/ayudas-alquiler\/inquilinos\/","og_locale":"ca_ES","og_type":"article","og_title":"\u25b7 Ajudes de Lloguer a Inquilins | Personas y Ciudad","og_description":"Ajudes de lloguer a llogaters a Alacant. Obtingues suport econ\u00f2mic per al teu habitatge habitual. Si no has rebut ajudes, nosaltres som aqu\u00ed per a tu!","og_url":"https:\/\/www.personasyciudad.es\/servicio-municipal-vivienda-alicante\/ayudas-alquiler\/inquilinos\/","og_site_name":"Personas y Ciudad","article_modified_time":"2025-05-22T08:25:39+00:00","og_image":[{"width":3250,"height":573,"url":"https:\/\/www.personasyciudad.es\/wp-content\/uploads\/2023\/04\/Logotip_de_l_Ajuntament_de_Sant_Joan_d_Alacant_COLOR-srGQhoi-f-transformed_2.png","type":"image\/png"}],"twitter_card":"summary_large_image","twitter_misc":{"Est. reading time":"1 minute"},"schema":{"@context":"https:\/\/schema.org","@graph":[{"@type":"WebPage","@id":"https:\/\/www.personasyciudad.es\/servicio-municipal-vivienda-alicante\/ayudas-alquiler\/inquilinos\/","url":"https:\/\/www.personasyciudad.es\/servicio-municipal-vivienda-alicante\/ayudas-alquiler\/inquilinos\/","name":"\u25b7 Ajudes de Lloguer a Inquilins | Personas y Ciudad","isPartOf":{"@id":"https:\/\/www.personasyciudad.es\/#website"},"primaryImageOfPage":{"@id":"https:\/\/www.personasyciudad.es\/servicio-municipal-vivienda-alicante\/ayudas-alquiler\/inquilinos\/#primaryimage"},"image":{"@id":"https:\/\/www.personasyciudad.es\/servicio-municipal-vivienda-alicante\/ayudas-alquiler\/inquilinos\/#primaryimage"},"thumbnailUrl":"https:\/\/www.personasyciudad.es\/wp-content\/uploads\/2023\/04\/Logotip_de_l_Ajuntament_de_Sant_Joan_d_Alacant_COLOR-srGQhoi-f-transformed_2-300x53.png","datePublished":"2023-04-24T06:21:33+00:00","dateModified":"2025-05-22T08:25:39+00:00","description":"Ajudes de lloguer a llogaters a Alacant. Obtingues suport econ\u00f2mic per al teu habitatge habitual. Si no has rebut ajudes, nosaltres som aqu\u00ed per a tu!","breadcrumb":{"@id":"https:\/\/www.personasyciudad.es\/servicio-municipal-vivienda-alicante\/ayudas-alquiler\/inquilinos\/#breadcrumb"},"inLanguage":"ca-ES","potentialAction":[{"@type":"ReadAction","target":["https:\/\/www.personasyciudad.es\/servicio-municipal-vivienda-alicante\/ayudas-alquiler\/inquilinos\/"]}]},{"@type":"ImageObject","inLanguage":"ca-ES","@id":"https:\/\/www.personasyciudad.es\/servicio-municipal-vivienda-alicante\/ayudas-alquiler\/inquilinos\/#primaryimage","url":"https:\/\/www.personasyciudad.es\/wp-content\/uploads\/2023\/04\/Logotip_de_l_Ajuntament_de_Sant_Joan_d_Alacant_COLOR-srGQhoi-f-transformed_2-300x53.png","contentUrl":"https:\/\/www.personasyciudad.es\/wp-content\/uploads\/2023\/04\/Logotip_de_l_Ajuntament_de_Sant_Joan_d_Alacant_COLOR-srGQhoi-f-transformed_2-300x53.png"},{"@type":"BreadcrumbList","@id":"https:\/\/www.personasyciudad.es\/servicio-municipal-vivienda-alicante\/ayudas-alquiler\/inquilinos\/#breadcrumb","itemListElement":[{"@type":"ListItem","position":1,"name":"Portada","item":"https:\/\/www.personasyciudad.es\/"},{"@type":"ListItem","position":2,"name":"Habitatge","item":"https:\/\/www.personasyciudad.es\/servicio-municipal-vivienda-alicante\/"},{"@type":"ListItem","position":3,"name":"Ajudes Lloguer","item":"https:\/\/www.personasyciudad.es\/servicio-municipal-vivienda-alicante\/ayudas-alquiler\/"},{"@type":"ListItem","position":4,"name":"Ajudes Municipals a Inquilins (PR\u00d2XIMAMENT)"}]},{"@type":"WebSite","@id":"https:\/\/www.personasyciudad.es\/#website","url":"https:\/\/www.personasyciudad.es\/","name":"Personas y Ciudad","description":"Actividades del Ayuntamiento de Sant Joan d\u2019Alacant","publisher":{"@id":"https:\/\/www.personasyciudad.es\/#organization"},"potentialAction":[{"@type":"SearchAction","target":{"@type":"EntryPoint","urlTemplate":"https:\/\/www.personasyciudad.es\/?s={search_term_string}"},"query-input":{"@type":"PropertyValueSpecification","valueRequired":true,"valueName":"search_term_string"}}],"inLanguage":"ca-ES"},{"@type":"Organization","@id":"https:\/\/www.personasyciudad.es\/#organization","name":"personas y ciudad","url":"https:\/\/www.personasyciudad.es\/","logo":{"@type":"ImageObject","inLanguage":"ca-ES","@id":"https:\/\/www.personasyciudad.es\/#\/schema\/logo\/image\/","url":"https:\/\/www.personasyciudad.es\/wp-content\/uploads\/2023\/04\/logo_positivo.png","contentUrl":"https:\/\/www.personasyciudad.es\/wp-content\/uploads\/2023\/04\/logo_positivo.png","width":500,"height":510,"caption":"personas y ciudad"},"image":{"@id":"https:\/\/www.personasyciudad.es\/#\/schema\/logo\/image\/"}}]}},"_links":{"self":[{"href":"https:\/\/www.personasyciudad.es\/ca-es\/wp-json\/wp\/v2\/pages\/5588","targetHints":{"allow":["GET"]}}],"collection":[{"href":"https:\/\/www.personasyciudad.es\/ca-es\/wp-json\/wp\/v2\/pages"}],"about":[{"href":"https:\/\/www.personasyciudad.es\/ca-es\/wp-json\/wp\/v2\/types\/page"}],"author":[{"embeddable":true,"href":"https:\/\/www.personasyciudad.es\/ca-es\/wp-json\/wp\/v2\/users\/3"}],"replies":[{"embeddable":true,"href":"https:\/\/www.personasyciudad.es\/ca-es\/wp-json\/wp\/v2\/comments?post=5588"}],"version-history":[{"count":3,"href":"https:\/\/www.personasyciudad.es\/ca-es\/wp-json\/wp\/v2\/pages\/5588\/revisions"}],"predecessor-version":[{"id":5841,"href":"https:\/\/www.personasyciudad.es\/ca-es\/wp-json\/wp\/v2\/pages\/5588\/revisions\/5841"}],"up":[{"embeddable":true,"href":"https:\/\/www.personasyciudad.es\/ca-es\/wp-json\/wp\/v2\/pages\/5584"}],"wp:attachment":[{"href":"https:\/\/www.personasyciudad.es\/ca-es\/wp-json\/wp\/v2\/media?parent=5588"}],"curies":[{"name":"wp","href":"https:\/\/api.w.org\/{rel}","templated":true}]}}