{"id":5592,"date":"2023-04-18T11:10:16","date_gmt":"2023-04-18T09:10:16","guid":{"rendered":"https:\/\/www.personasyciudad.es\/habitatge\/ajuts-lloguer\/bono-lloguer-jove\/"},"modified":"2025-05-22T12:09:21","modified_gmt":"2025-05-22T10:09:21","slug":"bono-lloguer-jove","status":"publish","type":"page","link":"https:\/\/www.personasyciudad.es\/ca-es\/habitatge\/ajuts-lloguer\/bono-lloguer-jove\/","title":{"rendered":"Bono Lloguer Jove"},"content":{"rendered":"\t\t<div data-elementor-type=\"wp-page\" data-elementor-id=\"5592\" class=\"elementor elementor-5592 elementor-770\" data-elementor-post-type=\"page\">\n\t\t\t\t\t\t<section class=\"elementor-section elementor-top-section elementor-element elementor-element-e1d0194 elementor-section-full_width elementor-section-stretched animated-slow elementor-section-height-default elementor-section-height-default elementor-invisible\" data-id=\"e1d0194\" data-element_type=\"section\" data-settings=\"{&quot;stretch_section&quot;:&quot;section-stretched&quot;,&quot;animation&quot;:&quot;fadeInUp&quot;}\">\n\t\t\t\t\t\t<div class=\"elementor-container elementor-column-gap-no\">\n\t\t\t\t\t<div class=\"elementor-column elementor-col-100 elementor-top-column elementor-element elementor-element-fd49ff6\" data-id=\"fd49ff6\" data-element_type=\"column\">\n\t\t\t<div class=\"elementor-widget-wrap elementor-element-populated\">\n\t\t\t\t\t\t<div class=\"elementor-element elementor-element-3d3a53a elementor--h-position-center elementor--v-position-middle elementor-arrows-position-inside elementor-pagination-position-inside elementor-widget elementor-widget-slides\" data-id=\"3d3a53a\" data-element_type=\"widget\" data-settings=\"{&quot;transition&quot;:&quot;fade&quot;,&quot;transition_speed&quot;:700,&quot;navigation&quot;:&quot;both&quot;,&quot;infinite&quot;:&quot;yes&quot;}\" data-widget_type=\"slides.default\">\n\t\t\t\t<div class=\"elementor-widget-container\">\n\t\t\t\t\t\t\t<div class=\"elementor-swiper\">\n\t\t\t\t\t<div class=\"elementor-slides-wrapper elementor-main-swiper swiper\" role=\"region\" aria-roledescription=\"carousel\" aria-label=\"Slides\" dir=\"ltr\" data-animation=\"\">\n\t\t\t\t<div class=\"swiper-wrapper elementor-slides\">\n\t\t\t\t\t\t\t\t\t\t<div class=\"elementor-repeater-item-4623e18 swiper-slide\" role=\"group\" aria-roledescription=\"slide\"><div class=\"swiper-slide-bg\" role=\"img\"><\/div><div class=\"elementor-background-overlay\"><\/div><div class=\"swiper-slide-inner\" ><div class=\"swiper-slide-contents\"><div class=\"elementor-slide-heading\">BONO LLOGUER JOVE<\/div><\/div><\/div><\/div><div class=\"elementor-repeater-item-7cad373 swiper-slide\" role=\"group\" aria-roledescription=\"slide\"><div class=\"swiper-slide-bg\" role=\"img\"><\/div><div class=\"elementor-background-overlay\"><\/div><div class=\"swiper-slide-inner\" ><div class=\"swiper-slide-contents\"><div class=\"elementor-slide-heading\">BONO LLOGUER JOVE<\/div><\/div><\/div><\/div>\t\t\t\t<\/div>\n\t\t\t\t\t\t\t\t\t\t\t\t\t\t\t<div class=\"elementor-swiper-button elementor-swiper-button-prev\" role=\"button\" tabindex=\"0\" aria-label=\"Previous slide\">\n\t\t\t\t\t\t\t<i aria-hidden=\"true\" class=\"eicon-chevron-left\"><\/i>\t\t\t\t\t\t<\/div>\n\t\t\t\t\t\t<div class=\"elementor-swiper-button elementor-swiper-button-next\" role=\"button\" tabindex=\"0\" aria-label=\"Next slide\">\n\t\t\t\t\t\t\t<i aria-hidden=\"true\" class=\"eicon-chevron-right\"><\/i>\t\t\t\t\t\t<\/div>\n\t\t\t\t\t\t\t\t\t\t\t\t\t\t\t\t<div class=\"swiper-pagination\"><\/div>\n\t\t\t\t\t\t\t\t\t\t\t\t<\/div>\n\t\t\t\t<\/div>\n\t\t\t\t\t\t<\/div>\n\t\t\t\t<\/div>\n\t\t\t\t<div class=\"elementor-element elementor-element-732d505 elementor-widget elementor-widget-spacer\" data-id=\"732d505\" data-element_type=\"widget\" data-widget_type=\"spacer.default\">\n\t\t\t\t<div class=\"elementor-widget-container\">\n\t\t\t<style>\/*! elementor - v3.23.0 - 05-08-2024 *\/\n.elementor-column .elementor-spacer-inner{height:var(--spacer-size)}.e-con{--container-widget-width:100%}.e-con-inner>.elementor-widget-spacer,.e-con>.elementor-widget-spacer{width:var(--container-widget-width,var(--spacer-size));--align-self:var(--container-widget-align-self,initial);--flex-shrink:0}.e-con-inner>.elementor-widget-spacer>.elementor-widget-container,.e-con>.elementor-widget-spacer>.elementor-widget-container{height:100%;width:100%}.e-con-inner>.elementor-widget-spacer>.elementor-widget-container>.elementor-spacer,.e-con>.elementor-widget-spacer>.elementor-widget-container>.elementor-spacer{height:100%}.e-con-inner>.elementor-widget-spacer>.elementor-widget-container>.elementor-spacer>.elementor-spacer-inner,.e-con>.elementor-widget-spacer>.elementor-widget-container>.elementor-spacer>.elementor-spacer-inner{height:var(--container-widget-height,var(--spacer-size))}.e-con-inner>.elementor-widget-spacer.elementor-widget-empty,.e-con>.elementor-widget-spacer.elementor-widget-empty{position:relative;min-height:22px;min-width:22px}.e-con-inner>.elementor-widget-spacer.elementor-widget-empty .elementor-widget-empty-icon,.e-con>.elementor-widget-spacer.elementor-widget-empty .elementor-widget-empty-icon{position:absolute;top:0;bottom:0;left:0;right:0;margin:auto;padding:0;width:22px;height:22px}<\/style>\t\t<div class=\"elementor-spacer\">\n\t\t\t<div class=\"elementor-spacer-inner\"><\/div>\n\t\t<\/div>\n\t\t\t\t<\/div>\n\t\t\t\t<\/div>\n\t\t\t\t\t<\/div>\n\t\t<\/div>\n\t\t\t\t\t<\/div>\n\t\t<\/section>\n\t\t\t\t<section class=\"elementor-section elementor-top-section elementor-element elementor-element-b88ecb4 animated-slow elementor-section-boxed elementor-section-height-default elementor-section-height-default elementor-invisible\" data-id=\"b88ecb4\" data-element_type=\"section\" data-settings=\"{&quot;animation&quot;:&quot;fadeInUp&quot;}\">\n\t\t\t\t\t\t<div class=\"elementor-container elementor-column-gap-default\">\n\t\t\t\t\t<div class=\"elementor-column elementor-col-100 elementor-top-column elementor-element elementor-element-5e2d0f8\" data-id=\"5e2d0f8\" data-element_type=\"column\">\n\t\t\t<div class=\"elementor-widget-wrap elementor-element-populated\">\n\t\t\t\t\t\t<section class=\"elementor-section elementor-inner-section elementor-element elementor-element-79a9f3a elementor-section-boxed elementor-section-height-default elementor-section-height-default\" data-id=\"79a9f3a\" data-element_type=\"section\">\n\t\t\t\t\t\t<div class=\"elementor-container elementor-column-gap-default\">\n\t\t\t\t\t<div class=\"elementor-column elementor-col-100 elementor-inner-column elementor-element elementor-element-428a967\" data-id=\"428a967\" data-element_type=\"column\">\n\t\t\t<div class=\"elementor-widget-wrap elementor-element-populated\">\n\t\t\t\t\t\t<div class=\"elementor-element elementor-element-2be7efa elementor-widget elementor-widget-text-editor\" data-id=\"2be7efa\" data-element_type=\"widget\" data-widget_type=\"text-editor.default\">\n\t\t\t\t<div class=\"elementor-widget-container\">\n\t\t\t<style>\/*! elementor - v3.23.0 - 05-08-2024 *\/\n.elementor-widget-text-editor.elementor-drop-cap-view-stacked .elementor-drop-cap{background-color:#69727d;color:#fff}.elementor-widget-text-editor.elementor-drop-cap-view-framed .elementor-drop-cap{color:#69727d;border:3px solid;background-color:transparent}.elementor-widget-text-editor:not(.elementor-drop-cap-view-default) .elementor-drop-cap{margin-top:8px}.elementor-widget-text-editor:not(.elementor-drop-cap-view-default) .elementor-drop-cap-letter{width:1em;height:1em}.elementor-widget-text-editor .elementor-drop-cap{float:left;text-align:center;line-height:1;font-size:50px}.elementor-widget-text-editor .elementor-drop-cap-letter{display:inline-block}<\/style>\t\t\t\t<p style=\"text-align: center;\">Els joves de Sant Joan poden tramitar la seva sol\u00b7licitud per aquest ajuda Bono Lloguer Jove a l&#8217;Oficina Municipal d&#8217;Habitatge\/Xaloc al carrer Canyaret, 24 de Sant Joan d&#8217;Alacant.<\/p>\n<p style=\"text-align: center;\">Si vols rebre avisos quan s&#8217;obrin els terminis de sol\u00b7licituds, inscriu-te al llistat informatiu de l&#8217;Oficina Municipal d&#8217;Habitatge.<\/p>\n<p style=\"text-align: center;\"><span style=\"color: #339966;\"><strong>No tens signatura digital?<\/strong><\/span><\/p>\n<p style=\"text-align: center;\"><span style=\"color: #339966;\"><strong>Presentem en nom vostre la sol\u00b7licitud!<\/strong><\/span><\/p>\n<p style=\"text-align: center;\" align=\"justify\">\n\t\t\t\t\t\t<\/div>\n\t\t\t\t<\/div>\n\t\t\t\t\t<\/div>\n\t\t<\/div>\n\t\t\t\t\t<\/div>\n\t\t<\/section>\n\t\t\t\t<div class=\"elementor-element elementor-element-1987df7 elementor-widget elementor-widget-spacer\" data-id=\"1987df7\" data-element_type=\"widget\" data-widget_type=\"spacer.default\">\n\t\t\t\t<div class=\"elementor-widget-container\">\n\t\t\t\t\t<div class=\"elementor-spacer\">\n\t\t\t<div class=\"elementor-spacer-inner\"><\/div>\n\t\t<\/div>\n\t\t\t\t<\/div>\n\t\t\t\t<\/div>\n\t\t\t\t<section class=\"elementor-section elementor-inner-section elementor-element elementor-element-441848a elementor-section-boxed elementor-section-height-default elementor-section-height-default\" data-id=\"441848a\" data-element_type=\"section\">\n\t\t\t\t\t\t<div class=\"elementor-container elementor-column-gap-default\">\n\t\t\t\t\t<div class=\"elementor-column elementor-col-50 elementor-inner-column elementor-element elementor-element-0ed5fec\" data-id=\"0ed5fec\" data-element_type=\"column\">\n\t\t\t<div class=\"elementor-widget-wrap elementor-element-populated\">\n\t\t\t\t\t\t<div class=\"elementor-element elementor-element-6b8d7df elementor-widget elementor-widget-image\" data-id=\"6b8d7df\" data-element_type=\"widget\" data-widget_type=\"image.default\">\n\t\t\t\t<div class=\"elementor-widget-container\">\n\t\t\t<style>\/*! elementor - v3.23.0 - 05-08-2024 *\/\n.elementor-widget-image{text-align:center}.elementor-widget-image a{display:inline-block}.elementor-widget-image a img[src$=\".svg\"]{width:48px}.elementor-widget-image img{vertical-align:middle;display:inline-block}<\/style>\t\t\t\t\t\t\t\t\t\t<img decoding=\"async\" width=\"300\" height=\"53\" src=\"https:\/\/www.personasyciudad.es\/wp-content\/uploads\/2023\/04\/Logotip_de_l_Ajuntament_de_Sant_Joan_d_Alacant_COLOR-srGQhoi-f-transformed_2-300x53.png\" class=\"attachment-medium size-medium wp-image-5172\" alt=\"\" srcset=\"https:\/\/www.personasyciudad.es\/wp-content\/uploads\/2023\/04\/Logotip_de_l_Ajuntament_de_Sant_Joan_d_Alacant_COLOR-srGQhoi-f-transformed_2-300x53.png 300w, https:\/\/www.personasyciudad.es\/wp-content\/uploads\/2023\/04\/Logotip_de_l_Ajuntament_de_Sant_Joan_d_Alacant_COLOR-srGQhoi-f-transformed_2-1024x181.png 1024w, https:\/\/www.personasyciudad.es\/wp-content\/uploads\/2023\/04\/Logotip_de_l_Ajuntament_de_Sant_Joan_d_Alacant_COLOR-srGQhoi-f-transformed_2-768x135.png 768w, https:\/\/www.personasyciudad.es\/wp-content\/uploads\/2023\/04\/Logotip_de_l_Ajuntament_de_Sant_Joan_d_Alacant_COLOR-srGQhoi-f-transformed_2-1536x271.png 1536w, https:\/\/www.personasyciudad.es\/wp-content\/uploads\/2023\/04\/Logotip_de_l_Ajuntament_de_Sant_Joan_d_Alacant_COLOR-srGQhoi-f-transformed_2-2048x361.png 2048w\" sizes=\"(max-width: 300px) 100vw, 300px\" \/>\t\t\t\t\t\t\t\t\t\t\t\t\t<\/div>\n\t\t\t\t<\/div>\n\t\t\t\t\t<\/div>\n\t\t<\/div>\n\t\t\t\t<div class=\"elementor-column elementor-col-50 elementor-inner-column elementor-element elementor-element-e26ccd5\" data-id=\"e26ccd5\" data-element_type=\"column\">\n\t\t\t<div class=\"elementor-widget-wrap elementor-element-populated\">\n\t\t\t\t\t\t<div class=\"elementor-element elementor-element-7257b07 elementor-widget elementor-widget-image\" data-id=\"7257b07\" data-element_type=\"widget\" data-widget_type=\"image.default\">\n\t\t\t\t<div class=\"elementor-widget-container\">\n\t\t\t\t\t\t\t\t\t\t\t\t\t<img decoding=\"async\" width=\"300\" height=\"73\" src=\"https:\/\/www.personasyciudad.es\/wp-content\/uploads\/2023\/04\/logo_XALOC_casas_white-300x73.png\" class=\"attachment-medium size-medium wp-image-5223\" alt=\"\" srcset=\"https:\/\/www.personasyciudad.es\/wp-content\/uploads\/2023\/04\/logo_XALOC_casas_white-300x73.png 300w, https:\/\/www.personasyciudad.es\/wp-content\/uploads\/2023\/04\/logo_XALOC_casas_white-1024x249.png 1024w, https:\/\/www.personasyciudad.es\/wp-content\/uploads\/2023\/04\/logo_XALOC_casas_white-768x187.png 768w, https:\/\/www.personasyciudad.es\/wp-content\/uploads\/2023\/04\/logo_XALOC_casas_white-1536x374.png 1536w, https:\/\/www.personasyciudad.es\/wp-content\/uploads\/2023\/04\/logo_XALOC_casas_white-2048x499.png 2048w\" sizes=\"(max-width: 300px) 100vw, 300px\" \/>\t\t\t\t\t\t\t\t\t\t\t\t\t<\/div>\n\t\t\t\t<\/div>\n\t\t\t\t\t<\/div>\n\t\t<\/div>\n\t\t\t\t\t<\/div>\n\t\t<\/section>\n\t\t\t\t<div class=\"elementor-element elementor-element-09507b5 elementor-widget elementor-widget-spacer\" data-id=\"09507b5\" data-element_type=\"widget\" data-widget_type=\"spacer.default\">\n\t\t\t\t<div class=\"elementor-widget-container\">\n\t\t\t\t\t<div class=\"elementor-spacer\">\n\t\t\t<div class=\"elementor-spacer-inner\"><\/div>\n\t\t<\/div>\n\t\t\t\t<\/div>\n\t\t\t\t<\/div>\n\t\t\t\t\t<\/div>\n\t\t<\/div>\n\t\t\t\t\t<\/div>\n\t\t<\/section>\n\t\t\t\t<section class=\"elementor-section elementor-top-section elementor-element elementor-element-4f9c8ef animated-slow elementor-section-boxed elementor-section-height-default elementor-section-height-default elementor-invisible\" data-id=\"4f9c8ef\" data-element_type=\"section\" data-settings=\"{&quot;animation&quot;:&quot;fadeInUp&quot;,&quot;background_background&quot;:&quot;classic&quot;}\">\n\t\t\t\t\t\t\t<div class=\"elementor-background-overlay\"><\/div>\n\t\t\t\t\t\t\t<div class=\"elementor-container elementor-column-gap-default\">\n\t\t\t\t\t<div class=\"elementor-column elementor-col-100 elementor-top-column elementor-element elementor-element-2fc8202\" data-id=\"2fc8202\" data-element_type=\"column\">\n\t\t\t<div class=\"elementor-widget-wrap elementor-element-populated\">\n\t\t\t\t\t\t<section class=\"elementor-section elementor-inner-section elementor-element elementor-element-9bfa656 elementor-section-boxed elementor-section-height-default elementor-section-height-default\" data-id=\"9bfa656\" data-element_type=\"section\">\n\t\t\t\t\t\t<div class=\"elementor-container elementor-column-gap-default\">\n\t\t\t\t\t<div class=\"elementor-column elementor-col-50 elementor-inner-column elementor-element elementor-element-11e881c\" data-id=\"11e881c\" data-element_type=\"column\">\n\t\t\t<div class=\"elementor-widget-wrap elementor-element-populated\">\n\t\t\t\t\t\t<div class=\"elementor-element elementor-element-41e6ca3 elementor-view-default elementor-position-top elementor-mobile-position-top elementor-widget elementor-widget-icon-box\" data-id=\"41e6ca3\" data-element_type=\"widget\" data-widget_type=\"icon-box.default\">\n\t\t\t\t<div class=\"elementor-widget-container\">\n\t\t\t<link rel=\"stylesheet\" href=\"https:\/\/www.personasyciudad.es\/wp-content\/plugins\/elementor\/assets\/css\/widget-icon-box.min.css\">\t\t<div class=\"elementor-icon-box-wrapper\">\n\n\t\t\t\t\t\t<div class=\"elementor-icon-box-icon\">\n\t\t\t\t<span  class=\"elementor-icon elementor-animation-\">\n\t\t\t\t<i aria-hidden=\"true\" class=\"fas fa-euro-sign\"><\/i>\t\t\t\t<\/span>\n\t\t\t<\/div>\n\t\t\t\n\t\t\t\t\t\t<div class=\"elementor-icon-box-content\">\n\n\t\t\t\t\t\t\t\t\t<h3 class=\"elementor-icon-box-title\">\n\t\t\t\t\t\t<span  >\n\t\t\t\t\t\t\tQuantia\t\t\t\t\t\t<\/span>\n\t\t\t\t\t<\/h3>\n\t\t\t\t\n\t\t\t\t\t\t\t\t\t<p class=\"elementor-icon-box-description\">\n\t\t\t\t\t\tLajuda \u00e9s de <strong>250\u20ac mensuals <\/strong>durant el termini de <strong>x anys<\/strong> a computar a partir de <strong>l'1 de gener de 2024<\/strong>, o en tot cas, a partir de la data del contracte de lloguer o cessi\u00f3 d'\u00fas d'habitaci\u00f3.\t\t\t\t\t<\/p>\n\t\t\t\t\n\t\t\t<\/div>\n\t\t\t\n\t\t<\/div>\n\t\t\t\t<\/div>\n\t\t\t\t<\/div>\n\t\t\t\t\t<\/div>\n\t\t<\/div>\n\t\t\t\t<div class=\"elementor-column elementor-col-50 elementor-inner-column elementor-element elementor-element-67ec71d\" data-id=\"67ec71d\" data-element_type=\"column\">\n\t\t\t<div class=\"elementor-widget-wrap elementor-element-populated\">\n\t\t\t\t\t\t<div class=\"elementor-element elementor-element-5aeecbb elementor-view-default elementor-position-top elementor-mobile-position-top elementor-widget elementor-widget-icon-box\" data-id=\"5aeecbb\" data-element_type=\"widget\" data-widget_type=\"icon-box.default\">\n\t\t\t\t<div class=\"elementor-widget-container\">\n\t\t\t\t\t<div class=\"elementor-icon-box-wrapper\">\n\n\t\t\t\t\t\t<div class=\"elementor-icon-box-icon\">\n\t\t\t\t<span  class=\"elementor-icon elementor-animation-\">\n\t\t\t\t<i aria-hidden=\"true\" class=\"far fa-calendar-alt\"><\/i>\t\t\t\t<\/span>\n\t\t\t<\/div>\n\t\t\t\n\t\t\t\t\t\t<div class=\"elementor-icon-box-content\">\n\n\t\t\t\t\t\t\t\t\t<h3 class=\"elementor-icon-box-title\">\n\t\t\t\t\t\t<span  >\n\t\t\t\t\t\t\tTermini \t\t\t\t\t\t<\/span>\n\t\t\t\t\t<\/h3>\n\t\t\t\t\n\t\t\t\t\t\t\t\t\t<p class=\"elementor-icon-box-description\">\n\t\t\t\t\t\tLa presentaci\u00f3 de la sol\u00b7licitud \u00e9s des de <strong>l'1 d'abril fins al 23 d'abril 2025.<\/strong>\t\t\t\t\t<\/p>\n\t\t\t\t\n\t\t\t<\/div>\n\t\t\t\n\t\t<\/div>\n\t\t\t\t<\/div>\n\t\t\t\t<\/div>\n\t\t\t\t\t<\/div>\n\t\t<\/div>\n\t\t\t\t\t<\/div>\n\t\t<\/section>\n\t\t\t\t<section class=\"elementor-section elementor-inner-section elementor-element elementor-element-5608366 elementor-section-boxed elementor-section-height-default elementor-section-height-default\" data-id=\"5608366\" data-element_type=\"section\">\n\t\t\t\t\t\t<div class=\"elementor-container elementor-column-gap-default\">\n\t\t\t\t\t<div class=\"elementor-column elementor-col-100 elementor-inner-column elementor-element elementor-element-d6153d5\" data-id=\"d6153d5\" data-element_type=\"column\">\n\t\t\t<div class=\"elementor-widget-wrap elementor-element-populated\">\n\t\t\t\t\t\t<div class=\"elementor-element elementor-element-01baccb elementor-view-default elementor-position-top elementor-mobile-position-top elementor-widget elementor-widget-icon-box\" data-id=\"01baccb\" data-element_type=\"widget\" data-widget_type=\"icon-box.default\">\n\t\t\t\t<div class=\"elementor-widget-container\">\n\t\t\t\t\t<div class=\"elementor-icon-box-wrapper\">\n\n\t\t\t\t\t\t<div class=\"elementor-icon-box-icon\">\n\t\t\t\t<span  class=\"elementor-icon elementor-animation-\">\n\t\t\t\t<i aria-hidden=\"true\" class=\"far fa-file-alt\"><\/i>\t\t\t\t<\/span>\n\t\t\t<\/div>\n\t\t\t\n\t\t\t\t\t\t<div class=\"elementor-icon-box-content\">\n\n\t\t\t\t\t\t\t\t\t<h3 class=\"elementor-icon-box-title\">\n\t\t\t\t\t\t<span  >\n\t\t\t\t\t\t\tRequisits\t\t\t\t\t\t<\/span>\n\t\t\t\t\t<\/h3>\n\t\t\t\t\n\t\t\t\t\t\t\t\t\t<p class=\"elementor-icon-box-description\">\n\t\t\t\t\t\ta)Tenir fins a 35 anys, <strong>inclosa l'edat de 35 anys <\/strong> en el moment de sol\u00b7licitut de l'ayuda.<br>b)Tenir una font d'ingresos regular <strong>igual o inferior a 3 vegades el IPREM<\/strong>.<br>c)Posseir la nacionalitat espanyola, o la d'algun dels Estats membres de l'Uni\u00f3n Europea o de l'Espacio Econ\u00f2mic Europeu o Su\u00efssa. En el cas de persones extrangeres no comunit\u00e0ries hauran de trobar-se en situaci\u00f3 d'estancia o resid\u00e8ncia en Espanya. <br>d)Tenir un contracte d'alquiler o de cesi\u00f3 d'\u00fas d'habitaci\u00f3. <br>e)La vivienda o habitaci\u00f3 alquilada ha de ser la <strong> resid\u00e8ncia habitual y permanent<\/strong>. <br>f)L'alquiler de <strong>l'habitatge<\/strong>ha de ser igual o menor a <strong>700\u20ac <\/strong>(ATPMS B); en el cas de cesi\u00f3 de <strong>l'abitaci\u00f3<\/strong> ha de ser igual o menor a <strong>350\u20ac<\/strong>. <br>\t\t\t\t\t<\/p>\n\t\t\t\t\n\t\t\t<\/div>\n\t\t\t\n\t\t<\/div>\n\t\t\t\t<\/div>\n\t\t\t\t<\/div>\n\t\t\t\t<div class=\"elementor-element elementor-element-ef9226a elementor-align-center elementor-widget elementor-widget-button\" data-id=\"ef9226a\" data-element_type=\"widget\" data-widget_type=\"button.default\">\n\t\t\t\t<div class=\"elementor-widget-container\">\n\t\t\t\t\t<div class=\"elementor-button-wrapper\">\n\t\t\t<a class=\"elementor-button elementor-button-link elementor-size-sm\" href=\"https:\/\/habitatge.gva.es\/es\/web\/vivienda-y-calidad-en-la-edificacion\/bono-lloguer-jove-2025\" target=\"_blank\">\n\t\t\t\t\t\t<span class=\"elementor-button-content-wrapper\">\n\t\t\t\t\t\t\t\t\t<span class=\"elementor-button-text\">Saber m\u00e9s del Bono lloguer jove 2025<\/span>\n\t\t\t\t\t<\/span>\n\t\t\t\t\t<\/a>\n\t\t<\/div>\n\t\t\t\t<\/div>\n\t\t\t\t<\/div>\n\t\t\t\t\t<\/div>\n\t\t<\/div>\n\t\t\t\t\t<\/div>\n\t\t<\/section>\n\t\t\t\t<div class=\"elementor-element elementor-element-a225e24 elementor-widget elementor-widget-spacer\" data-id=\"a225e24\" data-element_type=\"widget\" data-widget_type=\"spacer.default\">\n\t\t\t\t<div class=\"elementor-widget-container\">\n\t\t\t\t\t<div class=\"elementor-spacer\">\n\t\t\t<div class=\"elementor-spacer-inner\"><\/div>\n\t\t<\/div>\n\t\t\t\t<\/div>\n\t\t\t\t<\/div>\n\t\t\t\t\t<\/div>\n\t\t<\/div>\n\t\t\t\t\t<\/div>\n\t\t<\/section>\n\t\t\t\t<section class=\"elementor-section elementor-top-section elementor-element elementor-element-e098df9 animated-slow elementor-section-boxed elementor-section-height-default elementor-section-height-default elementor-invisible\" data-id=\"e098df9\" data-element_type=\"section\" data-settings=\"{&quot;animation&quot;:&quot;fadeInUp&quot;}\">\n\t\t\t\t\t\t<div class=\"elementor-container elementor-column-gap-default\">\n\t\t\t\t\t<div class=\"elementor-column elementor-col-50 elementor-top-column elementor-element elementor-element-eb77807\" data-id=\"eb77807\" data-element_type=\"column\">\n\t\t\t<div class=\"elementor-widget-wrap elementor-element-populated\">\n\t\t\t\t\t\t<div class=\"elementor-element elementor-element-0afba17 elementor-widget elementor-widget-image\" data-id=\"0afba17\" data-element_type=\"widget\" data-widget_type=\"image.default\">\n\t\t\t\t<div class=\"elementor-widget-container\">\n\t\t\t\t\t\t\t\t\t\t\t\t\t<img fetchpriority=\"high\" decoding=\"async\" width=\"940\" height=\"940\" src=\"https:\/\/www.personasyciudad.es\/wp-content\/uploads\/2025\/04\/94-1024x1024.jpg\" class=\"attachment-large size-large wp-image-5441\" alt=\"\" srcset=\"https:\/\/www.personasyciudad.es\/wp-content\/uploads\/2025\/04\/94-1024x1024.jpg 1024w, https:\/\/www.personasyciudad.es\/wp-content\/uploads\/2025\/04\/94-300x300.jpg 300w, https:\/\/www.personasyciudad.es\/wp-content\/uploads\/2025\/04\/94-150x150.jpg 150w, https:\/\/www.personasyciudad.es\/wp-content\/uploads\/2025\/04\/94-768x768.jpg 768w, https:\/\/www.personasyciudad.es\/wp-content\/uploads\/2025\/04\/94-600x600.jpg 600w, https:\/\/www.personasyciudad.es\/wp-content\/uploads\/2025\/04\/94-350x350.jpg 350w, https:\/\/www.personasyciudad.es\/wp-content\/uploads\/2025\/04\/94-400x400.jpg 400w, https:\/\/www.personasyciudad.es\/wp-content\/uploads\/2025\/04\/94.jpg 1080w\" sizes=\"(max-width: 940px) 100vw, 940px\" \/>\t\t\t\t\t\t\t\t\t\t\t\t\t<\/div>\n\t\t\t\t<\/div>\n\t\t\t\t\t<\/div>\n\t\t<\/div>\n\t\t\t\t<div class=\"elementor-column elementor-col-50 elementor-top-column elementor-element elementor-element-2ad1684\" data-id=\"2ad1684\" data-element_type=\"column\">\n\t\t\t<div class=\"elementor-widget-wrap elementor-element-populated\">\n\t\t\t\t\t\t<div class=\"elementor-element elementor-element-47aef4e elementor-widget elementor-widget-image\" data-id=\"47aef4e\" data-element_type=\"widget\" data-widget_type=\"image.default\">\n\t\t\t\t<div class=\"elementor-widget-container\">\n\t\t\t\t\t\t\t\t\t\t\t\t\t<img loading=\"lazy\" decoding=\"async\" width=\"940\" height=\"940\" src=\"https:\/\/www.personasyciudad.es\/wp-content\/uploads\/2025\/04\/95-1024x1024.jpg\" class=\"attachment-large size-large wp-image-5442\" alt=\"\" srcset=\"https:\/\/www.personasyciudad.es\/wp-content\/uploads\/2025\/04\/95-1024x1024.jpg 1024w, https:\/\/www.personasyciudad.es\/wp-content\/uploads\/2025\/04\/95-300x300.jpg 300w, https:\/\/www.personasyciudad.es\/wp-content\/uploads\/2025\/04\/95-150x150.jpg 150w, https:\/\/www.personasyciudad.es\/wp-content\/uploads\/2025\/04\/95-768x768.jpg 768w, https:\/\/www.personasyciudad.es\/wp-content\/uploads\/2025\/04\/95-600x600.jpg 600w, https:\/\/www.personasyciudad.es\/wp-content\/uploads\/2025\/04\/95-350x350.jpg 350w, https:\/\/www.personasyciudad.es\/wp-content\/uploads\/2025\/04\/95-400x400.jpg 400w, https:\/\/www.personasyciudad.es\/wp-content\/uploads\/2025\/04\/95.jpg 1080w\" sizes=\"(max-width: 940px) 100vw, 940px\" \/>\t\t\t\t\t\t\t\t\t\t\t\t\t<\/div>\n\t\t\t\t<\/div>\n\t\t\t\t\t<\/div>\n\t\t<\/div>\n\t\t\t\t\t<\/div>\n\t\t<\/section>\n\t\t\t\t<\/div>\n\t\t","protected":false},"excerpt":{"rendered":"<p>BONO LLOGUER JOVEBONO LLOGUER JOVE Els joves de Sant Joan poden tramitar la seva sol\u00b7licitud per aquest ajuda Bono Lloguer Jove a l&#8217;Oficina Municipal d&#8217;Habitatge\/Xaloc al carrer Canyaret, 24 de Sant Joan d&#8217;Alacant. Si vols rebre avisos quan s&#8217;obrin els terminis de sol\u00b7licituds, inscriu-te al llistat informatiu de l&#8217;Oficina Municipal d&#8217;Habitatge. No tens signatura digital? [&hellip;]<\/p>\n","protected":false},"author":3,"featured_media":0,"parent":5584,"menu_order":4,"comment_status":"closed","ping_status":"closed","template":"","meta":{"footnotes":""},"class_list":["post-5592","page","type-page","status-publish","hentry"],"yoast_head":"<!-- This site is optimized with the Yoast SEO plugin v27.4 - https:\/\/yoast.com\/product\/yoast-seo-wordpress\/ -->\n<title>\u25b7 Bono Lloguer Jove GVA | Personas y Ciudad | Alacant<\/title>\n<meta name=\"description\" content=\"Sol\u00b7licita el Bono Lloguer Jove a Sant Joan d&#039;Alacant. Tramet-ho a l&#039;Oficina Municipal d&#039;Habitatge. Inscriu-te al llistat informatiu!\" \/>\n<meta name=\"robots\" content=\"index, follow, max-snippet:-1, max-image-preview:large, max-video-preview:-1\" \/>\n<link rel=\"canonical\" href=\"https:\/\/www.personasyciudad.es\/servicio-municipal-vivienda-alicante\/ayudas-alquiler\/bono-joven\/\" \/>\n<meta property=\"og:locale\" content=\"ca_ES\" \/>\n<meta property=\"og:type\" content=\"article\" \/>\n<meta property=\"og:title\" content=\"\u25b7 Bono Lloguer Jove GVA | Personas y Ciudad | Alacant\" \/>\n<meta property=\"og:description\" content=\"Sol\u00b7licita el Bono Lloguer Jove a Sant Joan d&#039;Alacant. Tramet-ho a l&#039;Oficina Municipal d&#039;Habitatge. Inscriu-te al llistat informatiu!\" \/>\n<meta property=\"og:url\" content=\"https:\/\/www.personasyciudad.es\/servicio-municipal-vivienda-alicante\/ayudas-alquiler\/bono-joven\/\" \/>\n<meta property=\"og:site_name\" content=\"Personas y Ciudad\" \/>\n<meta property=\"article:modified_time\" content=\"2025-05-22T10:09:21+00:00\" \/>\n<meta property=\"og:image\" content=\"https:\/\/www.personasyciudad.es\/wp-content\/uploads\/2023\/04\/Logotip_de_l_Ajuntament_de_Sant_Joan_d_Alacant_COLOR-srGQhoi-f-transformed_2.png\" \/>\n\t<meta property=\"og:image:width\" content=\"3250\" \/>\n\t<meta property=\"og:image:height\" content=\"573\" \/>\n\t<meta property=\"og:image:type\" content=\"image\/png\" \/>\n<meta name=\"twitter:card\" content=\"summary_large_image\" \/>\n<meta name=\"twitter:label1\" content=\"Est. reading time\" \/>\n\t<meta name=\"twitter:data1\" content=\"1 minute\" \/>\n<script type=\"application\/ld+json\" class=\"yoast-schema-graph\">{\"@context\":\"https:\\\/\\\/schema.org\",\"@graph\":[{\"@type\":\"WebPage\",\"@id\":\"https:\\\/\\\/www.personasyciudad.es\\\/servicio-municipal-vivienda-alicante\\\/ayudas-alquiler\\\/bono-joven\\\/\",\"url\":\"https:\\\/\\\/www.personasyciudad.es\\\/servicio-municipal-vivienda-alicante\\\/ayudas-alquiler\\\/bono-joven\\\/\",\"name\":\"\u25b7 Bono Lloguer Jove GVA | Personas y Ciudad | Alacant\",\"isPartOf\":{\"@id\":\"https:\\\/\\\/www.personasyciudad.es\\\/#website\"},\"primaryImageOfPage\":{\"@id\":\"https:\\\/\\\/www.personasyciudad.es\\\/servicio-municipal-vivienda-alicante\\\/ayudas-alquiler\\\/bono-joven\\\/#primaryimage\"},\"image\":{\"@id\":\"https:\\\/\\\/www.personasyciudad.es\\\/servicio-municipal-vivienda-alicante\\\/ayudas-alquiler\\\/bono-joven\\\/#primaryimage\"},\"thumbnailUrl\":\"https:\\\/\\\/www.personasyciudad.es\\\/wp-content\\\/uploads\\\/2023\\\/04\\\/Logotip_de_l_Ajuntament_de_Sant_Joan_d_Alacant_COLOR-srGQhoi-f-transformed_2-300x53.png\",\"datePublished\":\"2023-04-18T09:10:16+00:00\",\"dateModified\":\"2025-05-22T10:09:21+00:00\",\"description\":\"Sol\u00b7licita el Bono Lloguer Jove a Sant Joan d'Alacant. Tramet-ho a l'Oficina Municipal d'Habitatge. Inscriu-te al llistat informatiu!\",\"breadcrumb\":{\"@id\":\"https:\\\/\\\/www.personasyciudad.es\\\/servicio-municipal-vivienda-alicante\\\/ayudas-alquiler\\\/bono-joven\\\/#breadcrumb\"},\"inLanguage\":\"ca-ES\",\"potentialAction\":[{\"@type\":\"ReadAction\",\"target\":[\"https:\\\/\\\/www.personasyciudad.es\\\/servicio-municipal-vivienda-alicante\\\/ayudas-alquiler\\\/bono-joven\\\/\"]}]},{\"@type\":\"ImageObject\",\"inLanguage\":\"ca-ES\",\"@id\":\"https:\\\/\\\/www.personasyciudad.es\\\/servicio-municipal-vivienda-alicante\\\/ayudas-alquiler\\\/bono-joven\\\/#primaryimage\",\"url\":\"https:\\\/\\\/www.personasyciudad.es\\\/wp-content\\\/uploads\\\/2023\\\/04\\\/Logotip_de_l_Ajuntament_de_Sant_Joan_d_Alacant_COLOR-srGQhoi-f-transformed_2-300x53.png\",\"contentUrl\":\"https:\\\/\\\/www.personasyciudad.es\\\/wp-content\\\/uploads\\\/2023\\\/04\\\/Logotip_de_l_Ajuntament_de_Sant_Joan_d_Alacant_COLOR-srGQhoi-f-transformed_2-300x53.png\"},{\"@type\":\"BreadcrumbList\",\"@id\":\"https:\\\/\\\/www.personasyciudad.es\\\/servicio-municipal-vivienda-alicante\\\/ayudas-alquiler\\\/bono-joven\\\/#breadcrumb\",\"itemListElement\":[{\"@type\":\"ListItem\",\"position\":1,\"name\":\"Portada\",\"item\":\"https:\\\/\\\/www.personasyciudad.es\\\/\"},{\"@type\":\"ListItem\",\"position\":2,\"name\":\"Habitatge\",\"item\":\"https:\\\/\\\/www.personasyciudad.es\\\/servicio-municipal-vivienda-alicante\\\/\"},{\"@type\":\"ListItem\",\"position\":3,\"name\":\"Ajudes Lloguer\",\"item\":\"https:\\\/\\\/www.personasyciudad.es\\\/servicio-municipal-vivienda-alicante\\\/ayudas-alquiler\\\/\"},{\"@type\":\"ListItem\",\"position\":4,\"name\":\"Bono Lloguer Jove\"}]},{\"@type\":\"WebSite\",\"@id\":\"https:\\\/\\\/www.personasyciudad.es\\\/#website\",\"url\":\"https:\\\/\\\/www.personasyciudad.es\\\/\",\"name\":\"Personas y Ciudad\",\"description\":\"Actividades del Ayuntamiento de Sant Joan d\u2019Alacant\",\"publisher\":{\"@id\":\"https:\\\/\\\/www.personasyciudad.es\\\/#organization\"},\"potentialAction\":[{\"@type\":\"SearchAction\",\"target\":{\"@type\":\"EntryPoint\",\"urlTemplate\":\"https:\\\/\\\/www.personasyciudad.es\\\/?s={search_term_string}\"},\"query-input\":{\"@type\":\"PropertyValueSpecification\",\"valueRequired\":true,\"valueName\":\"search_term_string\"}}],\"inLanguage\":\"ca-ES\"},{\"@type\":\"Organization\",\"@id\":\"https:\\\/\\\/www.personasyciudad.es\\\/#organization\",\"name\":\"personas y ciudad\",\"url\":\"https:\\\/\\\/www.personasyciudad.es\\\/\",\"logo\":{\"@type\":\"ImageObject\",\"inLanguage\":\"ca-ES\",\"@id\":\"https:\\\/\\\/www.personasyciudad.es\\\/#\\\/schema\\\/logo\\\/image\\\/\",\"url\":\"https:\\\/\\\/www.personasyciudad.es\\\/wp-content\\\/uploads\\\/2023\\\/04\\\/logo_positivo.png\",\"contentUrl\":\"https:\\\/\\\/www.personasyciudad.es\\\/wp-content\\\/uploads\\\/2023\\\/04\\\/logo_positivo.png\",\"width\":500,\"height\":510,\"caption\":\"personas y ciudad\"},\"image\":{\"@id\":\"https:\\\/\\\/www.personasyciudad.es\\\/#\\\/schema\\\/logo\\\/image\\\/\"}}]}<\/script>\n<!-- \/ Yoast SEO plugin. -->","yoast_head_json":{"title":"\u25b7 Bono Lloguer Jove GVA | Personas y Ciudad | Alacant","description":"Sol\u00b7licita el Bono Lloguer Jove a Sant Joan d'Alacant. Tramet-ho a l'Oficina Municipal d'Habitatge. Inscriu-te al llistat informatiu!","robots":{"index":"index","follow":"follow","max-snippet":"max-snippet:-1","max-image-preview":"max-image-preview:large","max-video-preview":"max-video-preview:-1"},"canonical":"https:\/\/www.personasyciudad.es\/servicio-municipal-vivienda-alicante\/ayudas-alquiler\/bono-joven\/","og_locale":"ca_ES","og_type":"article","og_title":"\u25b7 Bono Lloguer Jove GVA | Personas y Ciudad | Alacant","og_description":"Sol\u00b7licita el Bono Lloguer Jove a Sant Joan d'Alacant. Tramet-ho a l'Oficina Municipal d'Habitatge. Inscriu-te al llistat informatiu!","og_url":"https:\/\/www.personasyciudad.es\/servicio-municipal-vivienda-alicante\/ayudas-alquiler\/bono-joven\/","og_site_name":"Personas y Ciudad","article_modified_time":"2025-05-22T10:09:21+00:00","og_image":[{"width":3250,"height":573,"url":"https:\/\/www.personasyciudad.es\/wp-content\/uploads\/2023\/04\/Logotip_de_l_Ajuntament_de_Sant_Joan_d_Alacant_COLOR-srGQhoi-f-transformed_2.png","type":"image\/png"}],"twitter_card":"summary_large_image","twitter_misc":{"Est. reading time":"1 minute"},"schema":{"@context":"https:\/\/schema.org","@graph":[{"@type":"WebPage","@id":"https:\/\/www.personasyciudad.es\/servicio-municipal-vivienda-alicante\/ayudas-alquiler\/bono-joven\/","url":"https:\/\/www.personasyciudad.es\/servicio-municipal-vivienda-alicante\/ayudas-alquiler\/bono-joven\/","name":"\u25b7 Bono Lloguer Jove GVA | Personas y Ciudad | Alacant","isPartOf":{"@id":"https:\/\/www.personasyciudad.es\/#website"},"primaryImageOfPage":{"@id":"https:\/\/www.personasyciudad.es\/servicio-municipal-vivienda-alicante\/ayudas-alquiler\/bono-joven\/#primaryimage"},"image":{"@id":"https:\/\/www.personasyciudad.es\/servicio-municipal-vivienda-alicante\/ayudas-alquiler\/bono-joven\/#primaryimage"},"thumbnailUrl":"https:\/\/www.personasyciudad.es\/wp-content\/uploads\/2023\/04\/Logotip_de_l_Ajuntament_de_Sant_Joan_d_Alacant_COLOR-srGQhoi-f-transformed_2-300x53.png","datePublished":"2023-04-18T09:10:16+00:00","dateModified":"2025-05-22T10:09:21+00:00","description":"Sol\u00b7licita el Bono Lloguer Jove a Sant Joan d'Alacant. Tramet-ho a l'Oficina Municipal d'Habitatge. Inscriu-te al llistat informatiu!","breadcrumb":{"@id":"https:\/\/www.personasyciudad.es\/servicio-municipal-vivienda-alicante\/ayudas-alquiler\/bono-joven\/#breadcrumb"},"inLanguage":"ca-ES","potentialAction":[{"@type":"ReadAction","target":["https:\/\/www.personasyciudad.es\/servicio-municipal-vivienda-alicante\/ayudas-alquiler\/bono-joven\/"]}]},{"@type":"ImageObject","inLanguage":"ca-ES","@id":"https:\/\/www.personasyciudad.es\/servicio-municipal-vivienda-alicante\/ayudas-alquiler\/bono-joven\/#primaryimage","url":"https:\/\/www.personasyciudad.es\/wp-content\/uploads\/2023\/04\/Logotip_de_l_Ajuntament_de_Sant_Joan_d_Alacant_COLOR-srGQhoi-f-transformed_2-300x53.png","contentUrl":"https:\/\/www.personasyciudad.es\/wp-content\/uploads\/2023\/04\/Logotip_de_l_Ajuntament_de_Sant_Joan_d_Alacant_COLOR-srGQhoi-f-transformed_2-300x53.png"},{"@type":"BreadcrumbList","@id":"https:\/\/www.personasyciudad.es\/servicio-municipal-vivienda-alicante\/ayudas-alquiler\/bono-joven\/#breadcrumb","itemListElement":[{"@type":"ListItem","position":1,"name":"Portada","item":"https:\/\/www.personasyciudad.es\/"},{"@type":"ListItem","position":2,"name":"Habitatge","item":"https:\/\/www.personasyciudad.es\/servicio-municipal-vivienda-alicante\/"},{"@type":"ListItem","position":3,"name":"Ajudes Lloguer","item":"https:\/\/www.personasyciudad.es\/servicio-municipal-vivienda-alicante\/ayudas-alquiler\/"},{"@type":"ListItem","position":4,"name":"Bono Lloguer Jove"}]},{"@type":"WebSite","@id":"https:\/\/www.personasyciudad.es\/#website","url":"https:\/\/www.personasyciudad.es\/","name":"Personas y Ciudad","description":"Actividades del Ayuntamiento de Sant Joan d\u2019Alacant","publisher":{"@id":"https:\/\/www.personasyciudad.es\/#organization"},"potentialAction":[{"@type":"SearchAction","target":{"@type":"EntryPoint","urlTemplate":"https:\/\/www.personasyciudad.es\/?s={search_term_string}"},"query-input":{"@type":"PropertyValueSpecification","valueRequired":true,"valueName":"search_term_string"}}],"inLanguage":"ca-ES"},{"@type":"Organization","@id":"https:\/\/www.personasyciudad.es\/#organization","name":"personas y ciudad","url":"https:\/\/www.personasyciudad.es\/","logo":{"@type":"ImageObject","inLanguage":"ca-ES","@id":"https:\/\/www.personasyciudad.es\/#\/schema\/logo\/image\/","url":"https:\/\/www.personasyciudad.es\/wp-content\/uploads\/2023\/04\/logo_positivo.png","contentUrl":"https:\/\/www.personasyciudad.es\/wp-content\/uploads\/2023\/04\/logo_positivo.png","width":500,"height":510,"caption":"personas y ciudad"},"image":{"@id":"https:\/\/www.personasyciudad.es\/#\/schema\/logo\/image\/"}}]}},"_links":{"self":[{"href":"https:\/\/www.personasyciudad.es\/ca-es\/wp-json\/wp\/v2\/pages\/5592","targetHints":{"allow":["GET"]}}],"collection":[{"href":"https:\/\/www.personasyciudad.es\/ca-es\/wp-json\/wp\/v2\/pages"}],"about":[{"href":"https:\/\/www.personasyciudad.es\/ca-es\/wp-json\/wp\/v2\/types\/page"}],"author":[{"embeddable":true,"href":"https:\/\/www.personasyciudad.es\/ca-es\/wp-json\/wp\/v2\/users\/3"}],"replies":[{"embeddable":true,"href":"https:\/\/www.personasyciudad.es\/ca-es\/wp-json\/wp\/v2\/comments?post=5592"}],"version-history":[{"count":5,"href":"https:\/\/www.personasyciudad.es\/ca-es\/wp-json\/wp\/v2\/pages\/5592\/revisions"}],"predecessor-version":[{"id":5873,"href":"https:\/\/www.personasyciudad.es\/ca-es\/wp-json\/wp\/v2\/pages\/5592\/revisions\/5873"}],"up":[{"embeddable":true,"href":"https:\/\/www.personasyciudad.es\/ca-es\/wp-json\/wp\/v2\/pages\/5584"}],"wp:attachment":[{"href":"https:\/\/www.personasyciudad.es\/ca-es\/wp-json\/wp\/v2\/media?parent=5592"}],"curies":[{"name":"wp","href":"https:\/\/api.w.org\/{rel}","templated":true}]}}